{"id":76,"date":"2020-05-24T19:39:34","date_gmt":"2020-05-24T19:39:34","guid":{"rendered":"http:\/\/ponysportverein-roebel-mueritz.de\/?page_id=76"},"modified":"2026-03-28T05:24:02","modified_gmt":"2026-03-28T03:24:02","slug":"aktuelles","status":"publish","type":"page","link":"https:\/\/ponysportverein-roebel-mueritz.de\/?page_id=76","title":{"rendered":"Aktuelles"},"content":{"rendered":"\t\t<div data-elementor-type=\"wp-page\" data-elementor-id=\"76\" class=\"elementor elementor-76\">\n\t\t\t\t\t\t<section class=\"elementor-section elementor-top-section elementor-element elementor-element-40ca9ee elementor-section-boxed elementor-section-height-default elementor-section-height-default wpr-particle-no wpr-jarallax-no wpr-parallax-no wpr-sticky-section-no\" data-id=\"40ca9ee\" data-element_type=\"section\" data-e-type=\"section\">\n\t\t\t\t\t\t<div class=\"elementor-container elementor-column-gap-default\">\n\t\t\t\t\t<div class=\"elementor-column elementor-col-100 elementor-top-column elementor-element elementor-element-231083d1\" data-id=\"231083d1\" data-element_type=\"column\" data-e-type=\"column\">\n\t\t\t<div class=\"elementor-widget-wrap elementor-element-populated\">\n\t\t\t\t\t\t<div class=\"elementor-element elementor-element-d25485c elementor-widget elementor-widget-heading\" data-id=\"d25485c\" data-element_type=\"widget\" data-e-type=\"widget\" data-widget_type=\"heading.default\">\n\t\t\t\t<div class=\"elementor-widget-container\">\n\t\t\t\t\t<h2 class=\"elementor-heading-title elementor-size-default\">Was gibt\u00b4s Neues?<\/h2>\t\t\t\t<\/div>\n\t\t\t\t<\/div>\n\t\t\t\t<div class=\"elementor-element elementor-element-50885d2 elementor-widget-divider--separator-type-pattern elementor-widget-divider--no-spacing elementor-widget-divider--view-line elementor-widget elementor-widget-divider\" data-id=\"50885d2\" data-element_type=\"widget\" data-e-type=\"widget\" data-widget_type=\"divider.default\">\n\t\t\t\t<div class=\"elementor-widget-container\">\n\t\t\t\t\t\t\t<div class=\"elementor-divider\" style=\"--divider-pattern-url: url(&quot;data:image\/svg+xml,%3Csvg xmlns=&#039;http:\/\/www.w3.org\/2000\/svg&#039; preserveAspectRatio=&#039;xMidYMid meet&#039; overflow=&#039;visible&#039; height=&#039;100%&#039; viewBox=&#039;0 0 120 26&#039; fill=&#039;black&#039; stroke=&#039;none&#039;%3E%3Cpolygon points=&#039;0,14.4 0,21 11.5,12.4 21.3,20 30.4,11.1 40.3,20 51,12.4 60.6,20 69.6,11.1 79.3,20 90.1,12.4 99.6,20 109.7,11.1 120,21 120,14.4 109.7,5 99.6,13 90.1,5 79.3,14.5 71,5.7 60.6,12.4 51,5 40.3,14.5 31.1,5 21.3,13 11.5,5 \t&#039;\/%3E%3C\/svg%3E&quot;);\">\n\t\t\t<span class=\"elementor-divider-separator\">\n\t\t\t\t\t\t<\/span>\n\t\t<\/div>\n\t\t\t\t\t\t<\/div>\n\t\t\t\t<\/div>\n\t\t\t\t<div class=\"elementor-element elementor-element-606ca0c elementor-widget elementor-widget-heading\" data-id=\"606ca0c\" data-element_type=\"widget\" data-e-type=\"widget\" data-widget_type=\"heading.default\">\n\t\t\t\t<div class=\"elementor-widget-container\">\n\t\t\t\t\t<h2 class=\"elementor-heading-title elementor-size-default\">30 Jahre Speckreiten: Wir feiern Jubil\u00e4um und brauchen Sie an unserer Seite!<\/h2>\t\t\t\t<\/div>\n\t\t\t\t<\/div>\n\t\t\t\t<div class=\"elementor-element elementor-element-2be50e8 elementor-widget elementor-widget-text-editor\" data-id=\"2be50e8\" data-element_type=\"widget\" data-e-type=\"widget\" data-widget_type=\"text-editor.default\">\n\t\t\t\t<div class=\"elementor-widget-container\">\n\t\t\t\t\t\t\t\t\t<p>Wenn am Pfingstmontag die Hufe \u00fcber den Rasen donnern und der Jubel der Zuschauer in Bollewick erklingt, dann wissen wir: Es ist wieder Zeit f\u00fcr eine ganz besondere Tradition. Unser Reit- und Fahrturnier \u201eSpeckreiten\u201c j\u00e4hrt sich am 25. Mai 2026 bereits zum 30. Mal \u2013 und wir vom Ponysportverein R\u00f6bel\/M\u00fcritz e. V. stecken schon mitten in den Vorbereitungen f\u00fcr dieses gro\u00dfe Highlight.<\/p><p>Was vor drei Jahrzehnten erneut ins Leben gerufen wurde, ist heute ein fester Ankerpunkt in unserer M\u00fcritz-Region. F\u00fcr unser Jubil\u00e4um planen wir ein buntes Spektakel f\u00fcr die ganze Familie: Insgesamt 15 Wettbewerbe stehen auf dem Programm \u2013 vom geschickten Hindernisfahren \u00fcber spannende Springpr\u00fcfungen bis hin zu unserem legend\u00e4ren Namensgeber, dem \u201eSpeckreiten\u201c.<\/p><p>Ein solches Gro\u00dfereignis l\u00e4sst sich jedoch nur durch das Engagement starker Partner realisieren. Deshalb m\u00f6chten wir Sie heute herzlich einladen, unser Jubil\u00e4umsturnier zu unterst\u00fctzen \u2013 sei es durch ein Sponsoring oder eine Sachspende f\u00fcr unsere beliebte Tombola.<\/p><p><strong>Als Zeichen unserer Wertsch\u00e4tzung bieten wir Ihnen<br \/><\/strong>Sichtbarkeit: Wir platzieren Ihre Banner oder Infomaterialien werbewirksam direkt auf dem Turniergel\u00e4nde.<br \/>Online-Pr\u00e4senz: Wir binden Ihr Firmenlogo auf unserer Vereins-Webseite ein.<br \/>Ehreng\u00e4ste: Sie erhalten freien Eintritt am Turniertag f\u00fcr sich und Ihre Begleitung.<br \/>Gemeinschaft: Wir laden Sie exklusiv zu unserem Vereins- und Sponsorenfest am 4. Juli 2026 ein.<\/p><p><strong>So k\u00f6nnen Sie uns unterst\u00fctzen<\/strong><br \/>M\u00f6chten Sie uns finanziell unter die Arme greifen? Dann nutzen Sie bitte unsere Bankverbindung bei der <br \/>M\u00fcritz-Sparkasse (IBAN: DE34 1505 0100 0110 1129 97). Geben Sie als Verwendungszweck bitte \u201e30. Speckreiten\u201c sowie Ihren Namen und Ihre Adresse f\u00fcr die Quittung an.<\/p><p>Gut zu wissen: Spenden bis 300 Euro k\u00f6nnen Sie einfach mittels Kontoauszug beim Finanzamt geltend machen. Auf Wunsch stellen wir Ihnen nat\u00fcrlich gerne eine formale Spendenbescheinigung aus.<\/p><p>Haben Sie individuelle Sponsoring-Ideen oder m\u00f6chten Sie Sachpreise f\u00fcr die Tombola abstimmen? Ich stehe Ihnen jederzeit gerne unter 0174-3140852 oder per E-Mail (katharina.kroeger@ponysportverein-roebel-mueritz.de) zur Verf\u00fcgung.<\/p><p>Wir danken Ihnen schon jetzt herzlich f\u00fcr Ihre Verbundenheit zum regionalen Pferdesport und freuen uns riesig darauf, Sie zu Pfingsten in Bollewick begr\u00fc\u00dfen zu d\u00fcrfen!<\/p>\t\t\t\t\t\t\t\t<\/div>\n\t\t\t\t<\/div>\n\t\t\t\t<div class=\"elementor-element elementor-element-ec18683 elementor-widget elementor-widget-image\" data-id=\"ec18683\" data-element_type=\"widget\" data-e-type=\"widget\" data-widget_type=\"image.default\">\n\t\t\t\t<div class=\"elementor-widget-container\">\n\t\t\t\t\t\t\t\t\t\t\t\t\t\t\t<img fetchpriority=\"high\" decoding=\"async\" width=\"960\" height=\"960\" src=\"https:\/\/ponysportverein-roebel-mueritz.de\/wp-content\/uploads\/2026\/03\/post_sponsoring_30.speckreiten-1024x1024.jpg\" class=\"attachment-large size-large wp-image-3074\" alt=\"\" srcset=\"https:\/\/ponysportverein-roebel-mueritz.de\/wp-content\/uploads\/2026\/03\/post_sponsoring_30.speckreiten-1024x1024.jpg 1024w, https:\/\/ponysportverein-roebel-mueritz.de\/wp-content\/uploads\/2026\/03\/post_sponsoring_30.speckreiten-300x300.jpg 300w, https:\/\/ponysportverein-roebel-mueritz.de\/wp-content\/uploads\/2026\/03\/post_sponsoring_30.speckreiten-150x150.jpg 150w, https:\/\/ponysportverein-roebel-mueritz.de\/wp-content\/uploads\/2026\/03\/post_sponsoring_30.speckreiten-768x768.jpg 768w, https:\/\/ponysportverein-roebel-mueritz.de\/wp-content\/uploads\/2026\/03\/post_sponsoring_30.speckreiten-980x980.jpg 980w, https:\/\/ponysportverein-roebel-mueritz.de\/wp-content\/uploads\/2026\/03\/post_sponsoring_30.speckreiten-75x75.jpg 75w, https:\/\/ponysportverein-roebel-mueritz.de\/wp-content\/uploads\/2026\/03\/post_sponsoring_30.speckreiten.jpg 1200w\" sizes=\"(max-width: 960px) 100vw, 960px\" \/>\t\t\t\t\t\t\t\t\t\t\t\t\t\t\t<\/div>\n\t\t\t\t<\/div>\n\t\t\t\t<div class=\"elementor-element elementor-element-1a406ff elementor-widget elementor-widget-text-editor\" data-id=\"1a406ff\" data-element_type=\"widget\" data-e-type=\"widget\" data-widget_type=\"text-editor.default\">\n\t\t\t\t<div class=\"elementor-widget-container\">\n\t\t\t\t\t\t\t\t\t<p>28. M\u00e4rz 2026<\/p>\t\t\t\t\t\t\t\t<\/div>\n\t\t\t\t<\/div>\n\t\t\t\t<div class=\"elementor-element elementor-element-cc8a49d elementor-widget-divider--view-line elementor-widget elementor-widget-divider\" data-id=\"cc8a49d\" data-element_type=\"widget\" data-e-type=\"widget\" data-widget_type=\"divider.default\">\n\t\t\t\t<div class=\"elementor-widget-container\">\n\t\t\t\t\t\t\t<div class=\"elementor-divider\">\n\t\t\t<span class=\"elementor-divider-separator\">\n\t\t\t\t\t\t<\/span>\n\t\t<\/div>\n\t\t\t\t\t\t<\/div>\n\t\t\t\t<\/div>\n\t\t\t\t<div class=\"elementor-element elementor-element-3d40da2 elementor-widget elementor-widget-heading\" data-id=\"3d40da2\" data-element_type=\"widget\" data-e-type=\"widget\" data-widget_type=\"heading.default\">\n\t\t\t\t<div class=\"elementor-widget-container\">\n\t\t\t\t\t<h2 class=\"elementor-heading-title elementor-size-default\">3.000 Mal DANKE f\u00fcr unsere Vereinsarbeit!<\/h2>\t\t\t\t<\/div>\n\t\t\t\t<\/div>\n\t\t\t\t<div class=\"elementor-element elementor-element-b622d0f elementor-widget elementor-widget-text-editor\" data-id=\"b622d0f\" data-element_type=\"widget\" data-e-type=\"widget\" data-widget_type=\"text-editor.default\">\n\t\t\t\t<div class=\"elementor-widget-container\">\n\t\t\t\t\t\t\t\t\t<p>Was f\u00fcr ein gro\u00dfartiger Start ins Jahr! Wir freuen uns riesig: Der Ponysportverein R\u00f6bel\/M\u00fcritz e.V. geh\u00f6rt zu den gl\u00fccklichen Empf\u00e4ngern der letztj\u00e4hrigen Weihnachtslotterie vom Lions Club M\u00fcritz und Rotary Club Waren\/M\u00fcritz.\u00a0<\/p><p>Am 29. Januar durfte unser Vereinsmitglied Dierk Kroeger den symbolischen Scheck \u00fcber stolze 3.000 Euro bei der feierlichen Abschlussveranstaltung im Seehotel Ecktannen entgegennehmen.<\/p><p><b>Wof\u00fcr nutzen wir das Geld?<\/b> <br \/>Die Spende flie\u00dft direkt in unsere Herzensprojekte f\u00fcr die Kids! Wir werden das Geld f\u00fcr die Erneuerung der \u00a0<span style=\"letter-spacing: 0px;\">Tragschicht auf unserem Reitplatz einsetzen, um unseren jungen Reiterinnen und Reitern weiterhin tolle Erlebnisse mit den Ponys zu erm\u00f6glichen.\u00a0<\/span><\/p><p>Insgesamt wurden beeindruckende 55.000 Euro an 20 Projekte f\u00fcr Kinder und Jugendliche in der M\u00fcritz-Region ausgesch\u00fcttet. \u00a0\u00a0<span style=\"letter-spacing: 0px;\">Es ist Wahnsinn, was durch den Verkauf der Adventskalender alles bewegt werden kann!<\/span><\/p><p>Wir sagen von ganzem Herzen <b>DANKE<\/b> an die Lions, die Rotarier und nat\u00fcrlich an alle, die flei\u00dfig Kalender gekauft haben.\u00a0<br \/><span style=\"letter-spacing: 0px;\">Ihr seid spitze!<\/span><\/p>\t\t\t\t\t\t\t\t<\/div>\n\t\t\t\t<\/div>\n\t\t\t\t<div class=\"elementor-element elementor-element-0e6ca95 elementor-widget elementor-widget-image\" data-id=\"0e6ca95\" data-element_type=\"widget\" data-e-type=\"widget\" data-widget_type=\"image.default\">\n\t\t\t\t<div class=\"elementor-widget-container\">\n\t\t\t\t\t\t\t\t\t\t\t\t\t\t\t<img decoding=\"async\" width=\"768\" height=\"1024\" src=\"https:\/\/ponysportverein-roebel-mueritz.de\/wp-content\/uploads\/2026\/02\/IMG_1604-768x1024.jpeg\" class=\"attachment-large size-large wp-image-2941\" alt=\"\" srcset=\"https:\/\/ponysportverein-roebel-mueritz.de\/wp-content\/uploads\/2026\/02\/IMG_1604-768x1024.jpeg 768w, https:\/\/ponysportverein-roebel-mueritz.de\/wp-content\/uploads\/2026\/02\/IMG_1604-225x300.jpeg 225w, https:\/\/ponysportverein-roebel-mueritz.de\/wp-content\/uploads\/2026\/02\/IMG_1604-1152x1536.jpeg 1152w, https:\/\/ponysportverein-roebel-mueritz.de\/wp-content\/uploads\/2026\/02\/IMG_1604-1536x2048.jpeg 1536w, https:\/\/ponysportverein-roebel-mueritz.de\/wp-content\/uploads\/2026\/02\/IMG_1604-980x1307.jpeg 980w, https:\/\/ponysportverein-roebel-mueritz.de\/wp-content\/uploads\/2026\/02\/IMG_1604-scaled.jpeg 1920w\" sizes=\"(max-width: 768px) 100vw, 768px\" \/>\t\t\t\t\t\t\t\t\t\t\t\t\t\t\t<\/div>\n\t\t\t\t<\/div>\n\t\t\t\t<div class=\"elementor-element elementor-element-bc69ce2 elementor-widget elementor-widget-text-editor\" data-id=\"bc69ce2\" data-element_type=\"widget\" data-e-type=\"widget\" data-widget_type=\"text-editor.default\">\n\t\t\t\t<div class=\"elementor-widget-container\">\n\t\t\t\t\t\t\t\t\t<p>29. Januar 2026<\/p>\t\t\t\t\t\t\t\t<\/div>\n\t\t\t\t<\/div>\n\t\t\t\t<div class=\"elementor-element elementor-element-3f8026a elementor-widget-divider--view-line elementor-widget elementor-widget-divider\" data-id=\"3f8026a\" data-element_type=\"widget\" data-e-type=\"widget\" data-widget_type=\"divider.default\">\n\t\t\t\t<div class=\"elementor-widget-container\">\n\t\t\t\t\t\t\t<div class=\"elementor-divider\">\n\t\t\t<span class=\"elementor-divider-separator\">\n\t\t\t\t\t\t<\/span>\n\t\t<\/div>\n\t\t\t\t\t\t<\/div>\n\t\t\t\t<\/div>\n\t\t\t\t<div class=\"elementor-element elementor-element-33582af elementor-widget elementor-widget-heading\" data-id=\"33582af\" data-element_type=\"widget\" data-e-type=\"widget\" data-widget_type=\"heading.default\">\n\t\t\t\t<div class=\"elementor-widget-container\">\n\t\t\t\t\t<h2 class=\"elementor-heading-title elementor-size-default\">Gemeinsam stark f\u00fcr R\u00f6bel!<\/h2>\t\t\t\t<\/div>\n\t\t\t\t<\/div>\n\t\t\t\t<div class=\"elementor-element elementor-element-42b3d38 elementor-widget elementor-widget-text-editor\" data-id=\"42b3d38\" data-element_type=\"widget\" data-e-type=\"widget\" data-widget_type=\"text-editor.default\">\n\t\t\t\t<div class=\"elementor-widget-container\">\n\t\t\t\t\t\t\t\t\t<p>Am Samstag, 17. Januar, hie\u00df es bei uns: Handschuhe an und anpacken! Mit rund 40 flei\u00dfigen Helfern \u2013 von unseren j\u00fcngsten Reitern bis hin zu Eltern und Freunden \u2013 sind wir in unser gro\u00dfes Neujahrs-Projekt gestartet.<\/p><p>Was wir geschafft haben: M\u00fcll-Aktion: Wir haben die Wege rund um unsere Koppeln, vom Gotthunskamp bis zur Bahnhofstra\u00dfe und zur Umgehungsstra\u00dfe, vom Unrat befreit. Ganze 4 Kubikmeter M\u00fcll sind im Container gelandet! (Leider war wieder viel Plastik, Glas und sogar Sperrm\u00fcll dabei \u2013 wir appellieren an alle: Bitte haltet unsere Natur sauber!<\/p><p>Bau-Update: Auf dem Reitplatz wurde parallel flei\u00dfig gewerkelt! Unsere Ponykutschen haben jetzt einen brandneuen Unterstand und stehen endlich im Trockenen. Ein riesiges Dankesch\u00f6n an Steven Zander und Toni Barner, die uns f\u00fcr dieses Bauprojekt Material bzw. Dachplatten sponserten.<\/p><p>Danke, danke, danke! Ein dickes Lob an alle Helfer und danke an das Ordnungsamt R\u00f6bel\/M\u00fcritz f\u00fcr den Container. Unsere Vorsitzende Katharina Kroeger ist m\u00e4chtig stolz auf diesen Teamgeist!<\/p><p>Zum Abschluss gab es die verdiente Belohnung: Ein super geselliger Bowling- und Kegelabend im \u201eGr\u00fcnen Baum\u201c in Gotthun.<\/p><p>Wir sind bereit f\u00fcr ein tolles gemeinsames Jahr!<\/p>\t\t\t\t\t\t\t\t<\/div>\n\t\t\t\t<\/div>\n\t\t\t\t<div class=\"elementor-element elementor-element-034f43e elementor-widget elementor-widget-image\" data-id=\"034f43e\" data-element_type=\"widget\" data-e-type=\"widget\" data-widget_type=\"image.default\">\n\t\t\t\t<div class=\"elementor-widget-container\">\n\t\t\t\t\t\t\t\t\t\t\t\t\t\t\t<img decoding=\"async\" width=\"960\" height=\"720\" src=\"https:\/\/ponysportverein-roebel-mueritz.de\/wp-content\/uploads\/2026\/01\/PHOTO-2026-01-17-13-28-41-3-1024x768.jpeg\" class=\"attachment-large size-large wp-image-2923\" alt=\"\" srcset=\"https:\/\/ponysportverein-roebel-mueritz.de\/wp-content\/uploads\/2026\/01\/PHOTO-2026-01-17-13-28-41-3-1024x768.jpeg 1024w, https:\/\/ponysportverein-roebel-mueritz.de\/wp-content\/uploads\/2026\/01\/PHOTO-2026-01-17-13-28-41-3-300x225.jpeg 300w, https:\/\/ponysportverein-roebel-mueritz.de\/wp-content\/uploads\/2026\/01\/PHOTO-2026-01-17-13-28-41-3-768x576.jpeg 768w, https:\/\/ponysportverein-roebel-mueritz.de\/wp-content\/uploads\/2026\/01\/PHOTO-2026-01-17-13-28-41-3-1536x1152.jpeg 1536w, https:\/\/ponysportverein-roebel-mueritz.de\/wp-content\/uploads\/2026\/01\/PHOTO-2026-01-17-13-28-41-3-980x735.jpeg 980w, https:\/\/ponysportverein-roebel-mueritz.de\/wp-content\/uploads\/2026\/01\/PHOTO-2026-01-17-13-28-41-3.jpeg 2040w\" sizes=\"(max-width: 960px) 100vw, 960px\" \/>\t\t\t\t\t\t\t\t\t\t\t\t\t\t\t<\/div>\n\t\t\t\t<\/div>\n\t\t\t\t<div class=\"elementor-element elementor-element-4e18d17 elementor-widget elementor-widget-text-editor\" data-id=\"4e18d17\" data-element_type=\"widget\" data-e-type=\"widget\" data-widget_type=\"text-editor.default\">\n\t\t\t\t<div class=\"elementor-widget-container\">\n\t\t\t\t\t\t\t\t\t<p>17. Januar 2026<\/p>\t\t\t\t\t\t\t\t<\/div>\n\t\t\t\t<\/div>\n\t\t\t\t<div class=\"elementor-element elementor-element-1f4cfc2 elementor-widget-divider--view-line elementor-widget elementor-widget-divider\" data-id=\"1f4cfc2\" data-element_type=\"widget\" data-e-type=\"widget\" data-widget_type=\"divider.default\">\n\t\t\t\t<div class=\"elementor-widget-container\">\n\t\t\t\t\t\t\t<div class=\"elementor-divider\">\n\t\t\t<span class=\"elementor-divider-separator\">\n\t\t\t\t\t\t<\/span>\n\t\t<\/div>\n\t\t\t\t\t\t<\/div>\n\t\t\t\t<\/div>\n\t\t\t\t<div class=\"elementor-element elementor-element-fa34a3c elementor-widget elementor-widget-heading\" data-id=\"fa34a3c\" data-element_type=\"widget\" data-e-type=\"widget\" data-widget_type=\"heading.default\">\n\t\t\t\t<div class=\"elementor-widget-container\">\n\t\t\t\t\t<h2 class=\"elementor-heading-title elementor-size-default\">Liebe Mitglieder, Familien, Sponsoren, F\u00f6rderer und Freunde des Ponysportvereins R\u00f6bel\/M\u00fcritz<\/h2>\t\t\t\t<\/div>\n\t\t\t\t<\/div>\n\t\t\t\t<div class=\"elementor-element elementor-element-53252f3 elementor-widget elementor-widget-text-editor\" data-id=\"53252f3\" data-element_type=\"widget\" data-e-type=\"widget\" data-widget_type=\"text-editor.default\">\n\t\t\t\t<div class=\"elementor-widget-container\">\n\t\t\t\t\t\t\t\t\t<div class=\"x14z9mp xat24cr x1lziwak x1vvkbs xtlvy1s x126k92a\"><div dir=\"auto\">Das Jahr 2026 naht, und erneut war unser Verein gepr\u00e4gt von der Leidenschaft f\u00fcr den Reit- und Fahrsport, dem Engagement f\u00fcr den Nachwuchs und der Gemeinschaft der Pferdeliebhaber. Auf und neben dem Reitplatz haben wir viel erreicht.\u00a0<\/div><\/div><div class=\"x14z9mp xat24cr x1lziwak x1vvkbs xtlvy1s x126k92a\"><div dir=\"auto\">\u00a0<\/div><div dir=\"auto\">Wir blicken auf die vergangenen Monate zur\u00fcck: Unser 29. Pfingstturnier \u201eSpeckreiten\u201c in Bollewick war ein voller Erfolg. Wir erlebten fr\u00f6hliche Stunden beim 68. Seefest, auf dem Kinderfest und Weihnachtsmarkt der Stadt R\u00f6bel\/M\u00fcritz. Wundervolle Erinnerungen verbinden uns auch mit unserem Zeltlager, dem Vereinsfest und den gemeinsamen Arbeitseins\u00e4tzen auf unserem Reitplatz. Diese tollen Erlebnisse st\u00e4rken unsere Motivation f\u00fcr die kommenden Herausforderungen im neuen Jahr, insbesondere f\u00fcr die 30. Jubil\u00e4umsauflage unseres Reit- und Fahrturniers \u201eSpeckreiten\u201c am Pfingstmontag.<\/div><\/div><div class=\"x14z9mp xat24cr x1lziwak x1vvkbs xtlvy1s x126k92a\"><div dir=\"auto\">\u00a0<\/div><div dir=\"auto\">Gerade in der besinnlichen Weihnachtszeit erkennen wir, wie kostbar die Zeit ist. Umso mehr sch\u00e4tzen wir die unz\u00e4hligen Stunden, die viele ehrenamtliche Helfer in den Verein investieren. Ein riesiges Dankesch\u00f6n an unsere Sponsoren und Helfer f\u00fcr euren treuen Einsatz und die gro\u00dfartige Unterst\u00fctzung. Ohne euch w\u00e4re all dies nicht m\u00f6glich!<\/div><div dir=\"auto\">\u00a0<\/div><\/div><div class=\"x14z9mp xat24cr x1lziwak x1vvkbs xtlvy1s x126k92a\"><div dir=\"auto\">Wir w\u00fcnschen euch allen ein besinnliches, erholsames und frohes Weihnachtsfest sowie einen gelungenen \u00dcbergang ins neue Jahr. F\u00fcr das kommende Jahr w\u00fcnschen wir euch alles Gute, insbesondere Gesundheit, Gl\u00fcck und Zufriedenheit.<\/div><\/div><div class=\"x14z9mp xat24cr x1lziwak x1vvkbs xtlvy1s x126k92a\"><div dir=\"auto\">F\u00fcr unseren Verein hoffen wir, dem Motto \u201eUnser Leben ist ein Ponyhof\u201c treu zu bleiben und unseren Zusammenhalt, unsere famili\u00e4re Atmosph\u00e4re und unsere gemeinsamen Werte zu bewahren.<\/div><\/div>\t\t\t\t\t\t\t\t<\/div>\n\t\t\t\t<\/div>\n\t\t\t\t<div class=\"elementor-element elementor-element-d7df563 elementor-widget elementor-widget-image\" data-id=\"d7df563\" data-element_type=\"widget\" data-e-type=\"widget\" data-widget_type=\"image.default\">\n\t\t\t\t<div class=\"elementor-widget-container\">\n\t\t\t\t\t\t\t\t\t\t\t\t\t\t\t<img loading=\"lazy\" decoding=\"async\" width=\"960\" height=\"960\" src=\"https:\/\/ponysportverein-roebel-mueritz.de\/wp-content\/uploads\/2025\/12\/3_Frohe-Weihnachten_2025-1024x1024.jpg\" class=\"attachment-large size-large wp-image-2915\" alt=\"\" srcset=\"https:\/\/ponysportverein-roebel-mueritz.de\/wp-content\/uploads\/2025\/12\/3_Frohe-Weihnachten_2025-1024x1024.jpg 1024w, https:\/\/ponysportverein-roebel-mueritz.de\/wp-content\/uploads\/2025\/12\/3_Frohe-Weihnachten_2025-300x300.jpg 300w, https:\/\/ponysportverein-roebel-mueritz.de\/wp-content\/uploads\/2025\/12\/3_Frohe-Weihnachten_2025-150x150.jpg 150w, https:\/\/ponysportverein-roebel-mueritz.de\/wp-content\/uploads\/2025\/12\/3_Frohe-Weihnachten_2025-768x768.jpg 768w, https:\/\/ponysportverein-roebel-mueritz.de\/wp-content\/uploads\/2025\/12\/3_Frohe-Weihnachten_2025-980x980.jpg 980w, https:\/\/ponysportverein-roebel-mueritz.de\/wp-content\/uploads\/2025\/12\/3_Frohe-Weihnachten_2025-75x75.jpg 75w, https:\/\/ponysportverein-roebel-mueritz.de\/wp-content\/uploads\/2025\/12\/3_Frohe-Weihnachten_2025.jpg 1080w\" sizes=\"(max-width: 960px) 100vw, 960px\" \/>\t\t\t\t\t\t\t\t\t\t\t\t\t\t\t<\/div>\n\t\t\t\t<\/div>\n\t\t\t\t<div class=\"elementor-element elementor-element-17dff25 elementor-widget elementor-widget-text-editor\" data-id=\"17dff25\" data-element_type=\"widget\" data-e-type=\"widget\" data-widget_type=\"text-editor.default\">\n\t\t\t\t<div class=\"elementor-widget-container\">\n\t\t\t\t\t\t\t\t\t<p>24. Dezember 2025<\/p>\t\t\t\t\t\t\t\t<\/div>\n\t\t\t\t<\/div>\n\t\t\t\t<div class=\"elementor-element elementor-element-941dbea elementor-widget-divider--view-line elementor-widget elementor-widget-divider\" data-id=\"941dbea\" data-element_type=\"widget\" data-e-type=\"widget\" data-widget_type=\"divider.default\">\n\t\t\t\t<div class=\"elementor-widget-container\">\n\t\t\t\t\t\t\t<div class=\"elementor-divider\">\n\t\t\t<span class=\"elementor-divider-separator\">\n\t\t\t\t\t\t<\/span>\n\t\t<\/div>\n\t\t\t\t\t\t<\/div>\n\t\t\t\t<\/div>\n\t\t\t\t<div class=\"elementor-element elementor-element-b7174af elementor-widget elementor-widget-heading\" data-id=\"b7174af\" data-element_type=\"widget\" data-e-type=\"widget\" data-widget_type=\"heading.default\">\n\t\t\t\t<div class=\"elementor-widget-container\">\n\t\t\t\t\t<h2 class=\"elementor-heading-title elementor-size-default\">Selbstverteidigung macht stark \u2013 ein Samstag voller Power <\/h2>\t\t\t\t<\/div>\n\t\t\t\t<\/div>\n\t\t\t\t<div class=\"elementor-element elementor-element-b9497de elementor-widget elementor-widget-text-editor\" data-id=\"b9497de\" data-element_type=\"widget\" data-e-type=\"widget\" data-widget_type=\"text-editor.default\">\n\t\t\t\t<div class=\"elementor-widget-container\">\n\t\t\t\t\t\t\t\t\t<p>Am vergangenen Samstag hatten die Kinder und Jugendlichen unseres Vereins die fantastische Gelegenheit, an einem Selbstverteidigungs- und Selbstbehauptungskurs teilzunehmen.<\/p><p>Unter der fachkundigen Anleitung von Herrn Michael Maerten, \u00dcbungsleiter der Abteilung Karate beim TSV 90 R\u00f6bel\/M\u00fcritz, lernten sie viele spannende Techniken. Ein gro\u00dfes Dankesch\u00f6n an Herrn Maerten f\u00fcr diesen lehrreichen und spa\u00dfigen Tag!<\/p><p>Wir sind stolz auf unsere jungen Teilnehmer, die mit so viel Eifer und Freude dabei waren. Weiter so!\u00a0<\/p><p>Besonderer Dank an das Diakonie Pflegeheim R\u00f6bel f\u00fcr die Nutzung der R\u00e4umlichkeiten! Wir sch\u00e4tzen eure Unterst\u00fctzung sehr!<span class=\"Apple-converted-space\">\u00a0<\/span><\/p>\t\t\t\t\t\t\t\t<\/div>\n\t\t\t\t<\/div>\n\t\t\t\t<div class=\"elementor-element elementor-element-f18946b elementor-widget elementor-widget-image\" data-id=\"f18946b\" data-element_type=\"widget\" data-e-type=\"widget\" data-widget_type=\"image.default\">\n\t\t\t\t<div class=\"elementor-widget-container\">\n\t\t\t\t\t\t\t\t\t\t\t\t\t\t\t<img loading=\"lazy\" decoding=\"async\" width=\"960\" height=\"720\" src=\"https:\/\/ponysportverein-roebel-mueritz.de\/wp-content\/uploads\/2025\/11\/b5c93246-9a95-4467-ad49-e3ffe0eff743-1024x768.jpeg\" class=\"attachment-large size-large wp-image-2907\" alt=\"\" srcset=\"https:\/\/ponysportverein-roebel-mueritz.de\/wp-content\/uploads\/2025\/11\/b5c93246-9a95-4467-ad49-e3ffe0eff743-1024x768.jpeg 1024w, https:\/\/ponysportverein-roebel-mueritz.de\/wp-content\/uploads\/2025\/11\/b5c93246-9a95-4467-ad49-e3ffe0eff743-300x225.jpeg 300w, https:\/\/ponysportverein-roebel-mueritz.de\/wp-content\/uploads\/2025\/11\/b5c93246-9a95-4467-ad49-e3ffe0eff743-768x576.jpeg 768w, https:\/\/ponysportverein-roebel-mueritz.de\/wp-content\/uploads\/2025\/11\/b5c93246-9a95-4467-ad49-e3ffe0eff743-1536x1152.jpeg 1536w, https:\/\/ponysportverein-roebel-mueritz.de\/wp-content\/uploads\/2025\/11\/b5c93246-9a95-4467-ad49-e3ffe0eff743-980x735.jpeg 980w, https:\/\/ponysportverein-roebel-mueritz.de\/wp-content\/uploads\/2025\/11\/b5c93246-9a95-4467-ad49-e3ffe0eff743.jpeg 2040w\" sizes=\"(max-width: 960px) 100vw, 960px\" \/>\t\t\t\t\t\t\t\t\t\t\t\t\t\t\t<\/div>\n\t\t\t\t<\/div>\n\t\t\t\t<div class=\"elementor-element elementor-element-5502b77 elementor-widget elementor-widget-text-editor\" data-id=\"5502b77\" data-element_type=\"widget\" data-e-type=\"widget\" data-widget_type=\"text-editor.default\">\n\t\t\t\t<div class=\"elementor-widget-container\">\n\t\t\t\t\t\t\t\t\t<p>22. November 2025<\/p>\t\t\t\t\t\t\t\t<\/div>\n\t\t\t\t<\/div>\n\t\t\t\t<div class=\"elementor-element elementor-element-a706961 elementor-widget-divider--view-line elementor-widget elementor-widget-divider\" data-id=\"a706961\" data-element_type=\"widget\" data-e-type=\"widget\" data-widget_type=\"divider.default\">\n\t\t\t\t<div class=\"elementor-widget-container\">\n\t\t\t\t\t\t\t<div class=\"elementor-divider\">\n\t\t\t<span class=\"elementor-divider-separator\">\n\t\t\t\t\t\t<\/span>\n\t\t<\/div>\n\t\t\t\t\t\t<\/div>\n\t\t\t\t<\/div>\n\t\t\t\t<div class=\"elementor-element elementor-element-26a9954 elementor-widget elementor-widget-heading\" data-id=\"26a9954\" data-element_type=\"widget\" data-e-type=\"widget\" data-widget_type=\"heading.default\">\n\t\t\t\t<div class=\"elementor-widget-container\">\n\t\t\t\t\t<h2 class=\"elementor-heading-title elementor-size-default\">St. Martinsumzug 2025 in R\u00f6bel\/M\u00fcritz<\/h2>\t\t\t\t<\/div>\n\t\t\t\t<\/div>\n\t\t\t\t<div class=\"elementor-element elementor-element-1d6430a elementor-widget elementor-widget-text-editor\" data-id=\"1d6430a\" data-element_type=\"widget\" data-e-type=\"widget\" data-widget_type=\"text-editor.default\">\n\t\t\t\t<div class=\"elementor-widget-container\">\n\t\t\t\t\t\t\t\t\t<p>\u201eDurch die Stra\u00dfen auf und nieder, leuchten die Laternen wieder&#8230;\u201c\u00a0<\/p><p>Wir freuen uns, den St. Martinsumzug 2025 erneut mit vollem Engagement zu unterst\u00fctzen! In diesem Jahr hatten unsere Mitglieder Marla und Dierk die Ehre, als St. Martin und Bettler aufzutreten, begleitet von unserem treuen Pferd Summertime.<\/p><p>Der Abend begann mit einem wundersch\u00f6nen gemeinsamen Singen in der St. Marienkirche. Anschlie\u00dfend f\u00fchrte uns der Weg, angef\u00fchrt von St. Martin auf seinem edlen Pferd, zur St. Nicolai Kirche. Dort warteten warme Getr\u00e4nke und k\u00f6stliche H\u00f6rnchen darauf, geteilt zu werden.\u00a0<\/p><p>Es war ein unvergesslicher Abend, erf\u00fcllt von Licht, W\u00e4rme und einem starken Gemeinschaftsgef\u00fchl. Wir sind dankbar, Teil dieses besonderen Ereignisses zu sein und die Freude des Teilens zu erleben!<\/p><p>Ein gro\u00dfes Dankesch\u00f6n an alle, die vor, w\u00e4hrend und nach dem Umzug mitgeholfen haben. Ohne euch w\u00e4re dieser Abend nicht m\u00f6glich gewesen!\u00a0<\/p><p>Lasst uns die Erinnerungen an diesen wundervollen Abend bewahren und uns auf das n\u00e4chste Jahr freuen!\u00a0<\/p>\t\t\t\t\t\t\t\t<\/div>\n\t\t\t\t<\/div>\n\t\t\t\t<div class=\"elementor-element elementor-element-4dddb9e elementor-widget elementor-widget-image\" data-id=\"4dddb9e\" data-element_type=\"widget\" data-e-type=\"widget\" data-widget_type=\"image.default\">\n\t\t\t\t<div class=\"elementor-widget-container\">\n\t\t\t\t\t\t\t\t\t\t\t\t\t\t\t<img loading=\"lazy\" decoding=\"async\" width=\"768\" height=\"1024\" src=\"https:\/\/ponysportverein-roebel-mueritz.de\/wp-content\/uploads\/2025\/11\/IMG_0858-768x1024.jpeg\" class=\"attachment-large size-large wp-image-2906\" alt=\"\" srcset=\"https:\/\/ponysportverein-roebel-mueritz.de\/wp-content\/uploads\/2025\/11\/IMG_0858-768x1024.jpeg 768w, https:\/\/ponysportverein-roebel-mueritz.de\/wp-content\/uploads\/2025\/11\/IMG_0858-225x300.jpeg 225w, https:\/\/ponysportverein-roebel-mueritz.de\/wp-content\/uploads\/2025\/11\/IMG_0858-1152x1536.jpeg 1152w, https:\/\/ponysportverein-roebel-mueritz.de\/wp-content\/uploads\/2025\/11\/IMG_0858-980x1307.jpeg 980w, https:\/\/ponysportverein-roebel-mueritz.de\/wp-content\/uploads\/2025\/11\/IMG_0858.jpeg 1536w\" sizes=\"(max-width: 768px) 100vw, 768px\" \/>\t\t\t\t\t\t\t\t\t\t\t\t\t\t\t<\/div>\n\t\t\t\t<\/div>\n\t\t\t\t<div class=\"elementor-element elementor-element-9a47c31 elementor-widget elementor-widget-text-editor\" data-id=\"9a47c31\" data-element_type=\"widget\" data-e-type=\"widget\" data-widget_type=\"text-editor.default\">\n\t\t\t\t<div class=\"elementor-widget-container\">\n\t\t\t\t\t\t\t\t\t<p>11. November 2025<\/p>\t\t\t\t\t\t\t\t<\/div>\n\t\t\t\t<\/div>\n\t\t\t\t<div class=\"elementor-element elementor-element-92350f1 elementor-widget-divider--view-line elementor-widget elementor-widget-divider\" data-id=\"92350f1\" data-element_type=\"widget\" data-e-type=\"widget\" data-widget_type=\"divider.default\">\n\t\t\t\t<div class=\"elementor-widget-container\">\n\t\t\t\t\t\t\t<div class=\"elementor-divider\">\n\t\t\t<span class=\"elementor-divider-separator\">\n\t\t\t\t\t\t<\/span>\n\t\t<\/div>\n\t\t\t\t\t\t<\/div>\n\t\t\t\t<\/div>\n\t\t\t\t<div class=\"elementor-element elementor-element-3421748 elementor-widget elementor-widget-heading\" data-id=\"3421748\" data-element_type=\"widget\" data-e-type=\"widget\" data-widget_type=\"heading.default\">\n\t\t\t\t<div class=\"elementor-widget-container\">\n\t\t\t\t\t<h2 class=\"elementor-heading-title elementor-size-default\">Unser Verein ist der Beste<\/h2>\t\t\t\t<\/div>\n\t\t\t\t<\/div>\n\t\t\t\t<div class=\"elementor-element elementor-element-f801ddd elementor-widget elementor-widget-text-editor\" data-id=\"f801ddd\" data-element_type=\"widget\" data-e-type=\"widget\" data-widget_type=\"text-editor.default\">\n\t\t\t\t<div class=\"elementor-widget-container\">\n\t\t\t\t\t\t\t\t\t<div class=\"x14z9mp xat24cr x1lziwak x1vvkbs xtlvy1s x126k92a\"><div dir=\"auto\">Riesenfreude am vergangenen Donnerstag, 16. Oktober 2025, im G\u00fcterbahnhof in Neubrandenburg! Wir haben den 1. Platz im Wettbewerb \u201eKinder-und Jugendfreundlicher Sportverein\u201c 2024 in der Kategorie 1 gewonnen, und das im wundersch\u00f6nen Kreis Mecklenburgische Seenplatte!\u00a0<\/div><div dir=\"auto\">\u00a0<\/div><\/div><div class=\"x14z9mp xat24cr x1lziwak x1vvkbs xtlvy1s x126k92a\"><div dir=\"auto\">Unsere Freude k\u00f6nnte nicht gr\u00f6\u00dfer sein! Diese Auszeichnung motiviert uns, unsere Arbeit mit Kindern und Jugendlichen noch leidenschaftlicher fortzusetzen. Ein riesiges Dankesch\u00f6n an alle, die dazu beigetragen haben! Ihr seid die Besten!<\/div><div dir=\"auto\">\u00a0<\/div><div dir=\"auto\"><span class=\"html-span xexx8yu xyri2b x18d9i69 x1c1uobl x1hl2dhg x16tdsg8 x1vvkbs x3nfvp2 x1j61x8r x1fcty0u xdj266r xat24cr xm2jcoa x1mpyi22 xxymvpz xlup9mm x1kky2od\">Lasst uns weiter gemeinsam Spa\u00df haben und unvergessliche Momente erleben!<\/span><\/div><\/div>\t\t\t\t\t\t\t\t<\/div>\n\t\t\t\t<\/div>\n\t\t\t\t<div class=\"elementor-element elementor-element-8bcf446 elementor-widget elementor-widget-image\" data-id=\"8bcf446\" data-element_type=\"widget\" data-e-type=\"widget\" data-widget_type=\"image.default\">\n\t\t\t\t<div class=\"elementor-widget-container\">\n\t\t\t\t\t\t\t\t\t\t\t\t\t\t\t<img loading=\"lazy\" decoding=\"async\" width=\"960\" height=\"720\" src=\"https:\/\/ponysportverein-roebel-mueritz.de\/wp-content\/uploads\/2025\/10\/3b97792f-508a-4e6d-b1f3-c3ff9f92f29b-1024x768.jpeg\" class=\"attachment-large size-large wp-image-2894\" alt=\"\" srcset=\"https:\/\/ponysportverein-roebel-mueritz.de\/wp-content\/uploads\/2025\/10\/3b97792f-508a-4e6d-b1f3-c3ff9f92f29b-1024x768.jpeg 1024w, https:\/\/ponysportverein-roebel-mueritz.de\/wp-content\/uploads\/2025\/10\/3b97792f-508a-4e6d-b1f3-c3ff9f92f29b-300x225.jpeg 300w, https:\/\/ponysportverein-roebel-mueritz.de\/wp-content\/uploads\/2025\/10\/3b97792f-508a-4e6d-b1f3-c3ff9f92f29b-768x576.jpeg 768w, https:\/\/ponysportverein-roebel-mueritz.de\/wp-content\/uploads\/2025\/10\/3b97792f-508a-4e6d-b1f3-c3ff9f92f29b-1536x1152.jpeg 1536w, https:\/\/ponysportverein-roebel-mueritz.de\/wp-content\/uploads\/2025\/10\/3b97792f-508a-4e6d-b1f3-c3ff9f92f29b-980x735.jpeg 980w, https:\/\/ponysportverein-roebel-mueritz.de\/wp-content\/uploads\/2025\/10\/3b97792f-508a-4e6d-b1f3-c3ff9f92f29b.jpeg 2040w\" sizes=\"(max-width: 960px) 100vw, 960px\" \/>\t\t\t\t\t\t\t\t\t\t\t\t\t\t\t<\/div>\n\t\t\t\t<\/div>\n\t\t\t\t<div class=\"elementor-element elementor-element-dbfe19f elementor-widget elementor-widget-text-editor\" data-id=\"dbfe19f\" data-element_type=\"widget\" data-e-type=\"widget\" data-widget_type=\"text-editor.default\">\n\t\t\t\t<div class=\"elementor-widget-container\">\n\t\t\t\t\t\t\t\t\t<p>16. Oktober 2025<\/p>\t\t\t\t\t\t\t\t<\/div>\n\t\t\t\t<\/div>\n\t\t\t\t<div class=\"elementor-element elementor-element-52860c0 elementor-widget-divider--view-line elementor-widget elementor-widget-divider\" data-id=\"52860c0\" data-element_type=\"widget\" data-e-type=\"widget\" data-widget_type=\"divider.default\">\n\t\t\t\t<div class=\"elementor-widget-container\">\n\t\t\t\t\t\t\t<div class=\"elementor-divider\">\n\t\t\t<span class=\"elementor-divider-separator\">\n\t\t\t\t\t\t<\/span>\n\t\t<\/div>\n\t\t\t\t\t\t<\/div>\n\t\t\t\t<\/div>\n\t\t\t\t<div class=\"elementor-element elementor-element-0a98fcd elementor-widget elementor-widget-heading\" data-id=\"0a98fcd\" data-element_type=\"widget\" data-e-type=\"widget\" data-widget_type=\"heading.default\">\n\t\t\t\t<div class=\"elementor-widget-container\">\n\t\t\t\t\t<h2 class=\"elementor-heading-title elementor-size-default\">Unterst\u00fctzung f\u00fcr einen guten Zweck<\/h2>\t\t\t\t<\/div>\n\t\t\t\t<\/div>\n\t\t\t\t<div class=\"elementor-element elementor-element-5d05336 elementor-widget elementor-widget-text-editor\" data-id=\"5d05336\" data-element_type=\"widget\" data-e-type=\"widget\" data-widget_type=\"text-editor.default\">\n\t\t\t\t<div class=\"elementor-widget-container\">\n\t\t\t\t\t\t\t\t\t<div class=\"x14z9mp xat24cr x1lziwak x1vvkbs xtlvy1s x126k92a\"><div dir=\"auto\">Am Freitag, 10. Oktober 2025, hatten wir die wunderbare Gelegenheit, den Herbstmarkt im Hospiz \u201eM\u00fcritzpark\u201c in Waren (M\u00fcritz) zu unterst\u00fctzen! Mit unseren Ponys haben wir nicht nur Kinderaugen zum Strahlen gebracht, sondern auch einen Spendenerl\u00f6s von 200 \u20ac gesammelt! Diesen Betrag konnten wir stolz dem Hospiz \u00fcbergeben, um die gro\u00dfartige Arbeit, die dort t\u00e4glich geleistet wird, zu unterst\u00fctzen.<\/div><div dir=\"auto\">\u00a0<\/div><\/div><div class=\"x14z9mp xat24cr x1lziwak x1vvkbs xtlvy1s x126k92a\"><div dir=\"auto\">Ein riesiges Dankesch\u00f6n an das gesamte Team des Hospizes \u201eM\u00fcritzpark\u201c f\u00fcr ihre Hingabe und ihren unerm\u00fcdlichen Einsatz. Ihr seid wahre Helden! <span class=\"html-span xexx8yu xyri2b x18d9i69 x1c1uobl x1hl2dhg x16tdsg8 x1vvkbs x3nfvp2 x1j61x8r x1fcty0u xdj266r xat24cr xm2jcoa x1mpyi22 xxymvpz xlup9mm x1kky2od\">Lasst uns weiterhin zusammenarbeiten und gemeinsam Gutes tun!<\/span><\/div><\/div>\t\t\t\t\t\t\t\t<\/div>\n\t\t\t\t<\/div>\n\t\t\t\t<div class=\"elementor-element elementor-element-5747efb elementor-widget elementor-widget-image\" data-id=\"5747efb\" data-element_type=\"widget\" data-e-type=\"widget\" data-widget_type=\"image.default\">\n\t\t\t\t<div class=\"elementor-widget-container\">\n\t\t\t\t\t\t\t\t\t\t\t\t\t\t\t<img loading=\"lazy\" decoding=\"async\" width=\"960\" height=\"720\" src=\"https:\/\/ponysportverein-roebel-mueritz.de\/wp-content\/uploads\/2025\/10\/IMG_0076-1024x768.jpeg\" class=\"attachment-large size-large wp-image-2893\" alt=\"\" srcset=\"https:\/\/ponysportverein-roebel-mueritz.de\/wp-content\/uploads\/2025\/10\/IMG_0076-1024x768.jpeg 1024w, https:\/\/ponysportverein-roebel-mueritz.de\/wp-content\/uploads\/2025\/10\/IMG_0076-300x225.jpeg 300w, https:\/\/ponysportverein-roebel-mueritz.de\/wp-content\/uploads\/2025\/10\/IMG_0076-768x576.jpeg 768w, https:\/\/ponysportverein-roebel-mueritz.de\/wp-content\/uploads\/2025\/10\/IMG_0076-1536x1152.jpeg 1536w, https:\/\/ponysportverein-roebel-mueritz.de\/wp-content\/uploads\/2025\/10\/IMG_0076-2048x1536.jpeg 2048w, https:\/\/ponysportverein-roebel-mueritz.de\/wp-content\/uploads\/2025\/10\/IMG_0076-980x735.jpeg 980w\" sizes=\"(max-width: 960px) 100vw, 960px\" \/>\t\t\t\t\t\t\t\t\t\t\t\t\t\t\t<\/div>\n\t\t\t\t<\/div>\n\t\t\t\t<div class=\"elementor-element elementor-element-63b4512 elementor-widget elementor-widget-text-editor\" data-id=\"63b4512\" data-element_type=\"widget\" data-e-type=\"widget\" data-widget_type=\"text-editor.default\">\n\t\t\t\t<div class=\"elementor-widget-container\">\n\t\t\t\t\t\t\t\t\t<p>10. Oktober 2025<\/p>\t\t\t\t\t\t\t\t<\/div>\n\t\t\t\t<\/div>\n\t\t\t\t<div class=\"elementor-element elementor-element-a2f67b5 elementor-widget-divider--view-line elementor-widget elementor-widget-divider\" data-id=\"a2f67b5\" data-element_type=\"widget\" data-e-type=\"widget\" data-widget_type=\"divider.default\">\n\t\t\t\t<div class=\"elementor-widget-container\">\n\t\t\t\t\t\t\t<div class=\"elementor-divider\">\n\t\t\t<span class=\"elementor-divider-separator\">\n\t\t\t\t\t\t<\/span>\n\t\t<\/div>\n\t\t\t\t\t\t<\/div>\n\t\t\t\t<\/div>\n\t\t\t\t<div class=\"elementor-element elementor-element-8c0f19e elementor-widget elementor-widget-heading\" data-id=\"8c0f19e\" data-element_type=\"widget\" data-e-type=\"widget\" data-widget_type=\"heading.default\">\n\t\t\t\t<div class=\"elementor-widget-container\">\n\t\t\t\t\t<h2 class=\"elementor-heading-title elementor-size-default\">Ponysportverein gewinnt 2. Platz bei den \u201eSternen des Sports\u201c in Bronze<\/h2>\t\t\t\t<\/div>\n\t\t\t\t<\/div>\n\t\t\t\t<div class=\"elementor-element elementor-element-1b2f764 elementor-widget elementor-widget-text-editor\" data-id=\"1b2f764\" data-element_type=\"widget\" data-e-type=\"widget\" data-widget_type=\"text-editor.default\">\n\t\t\t\t<div class=\"elementor-widget-container\">\n\t\t\t\t\t\t\t\t\t<div class=\"x14z9mp xat24cr x1lziwak x1vvkbs xtlvy1s x126k92a\"><div dir=\"auto\">Wir freuen uns riesig, dass unser Verein beim Wettbewerb \u201eSterne des Sports\u201c in Bronze den hervorragenden 2. Platz belegt hat!<\/div><div dir=\"auto\">\u00a0<\/div><div dir=\"auto\"><span class=\"html-span xexx8yu xyri2b x18d9i69 x1c1uobl x1hl2dhg x16tdsg8 x1vvkbs x3nfvp2 x1j61x8r x1fcty0u xdj266r xat24cr xm2jcoa x1mpyi22 xxymvpz xlup9mm x1kky2od\">Die \u201eSterne des Sports\u201c sind Deutschlands wichtigste Auszeichnung f\u00fcr das gesellschaftliche Engagement von Sportvereinen, und es ist eine gro\u00dfe Ehre, Teil dieses Wettbewerbs zu sein. Der Deutsche Olympische Sportbund und die Volksbanken Raiffeisenbanken ehren damit Vereine, die \u00fcber das sportliche Angebot hinaus aktiv zur Gesellschaft beitragen.<\/span><\/div><div dir=\"auto\">Im vergangenen Jahr haben wir uns mit einem Antrag beworben, in dem wir unser Engagement im Kinder- und Jugendbereich, unsere gesellschaftlichen Aktivit\u00e4ten sowie die Bewahrung unserer Traditionen, wie beispielsweise das Speckreiten, beschrieben haben.\u00a0<\/div><\/div><div class=\"x14z9mp xat24cr x1lziwak x1vvkbs xtlvy1s x126k92a\"><div dir=\"auto\">\u00a0<\/div><div dir=\"auto\">Der 2. Platz ist f\u00fcr uns ein gro\u00dfartiger Erfolg, und wir sind stolz darauf! Ein gro\u00dfes Dankesch\u00f6n geht an die Jury f\u00fcr die Anerkennung unserer Arbeit und an die Raiffeisenbank Mecklenburger Seenplatte f\u00fcr ihre finanzielle Unterst\u00fctzung.\u00a0<\/div><\/div><div class=\"x14z9mp xat24cr x1lziwak x1vvkbs xtlvy1s x126k92a\"><div dir=\"auto\">Ein besonderes Lob gilt unseren vielen ehrenamtlichen Helfern, die mit ihrem Einsatz und ihrer Leidenschaft daf\u00fcr sorgen, dass der Reit- und Fahrsport in R\u00f6bel\/M\u00fcritz lebendig bleibt. Ohne euch w\u00e4re das alles nicht m\u00f6glich!\u00a0<\/div><div dir=\"auto\">\u00a0<\/div><\/div><div class=\"x14z9mp xat24cr x1lziwak x1vvkbs xtlvy1s x126k92a\"><div dir=\"auto\">Wir freuen uns auf viele weitere gemeinsame spannende Projekte und Veranstaltungen mit euch allen!<\/div><\/div>\t\t\t\t\t\t\t\t<\/div>\n\t\t\t\t<\/div>\n\t\t\t\t<div class=\"elementor-element elementor-element-2c8e10e elementor-widget elementor-widget-image\" data-id=\"2c8e10e\" data-element_type=\"widget\" data-e-type=\"widget\" data-widget_type=\"image.default\">\n\t\t\t\t<div class=\"elementor-widget-container\">\n\t\t\t\t\t\t\t\t\t\t\t\t\t\t\t<img loading=\"lazy\" decoding=\"async\" width=\"960\" height=\"960\" src=\"https:\/\/ponysportverein-roebel-mueritz.de\/wp-content\/uploads\/2025\/10\/543448781_1198231615679238_5992543825806055038_n-1024x1024.jpg\" class=\"attachment-large size-large wp-image-2888\" alt=\"\" srcset=\"https:\/\/ponysportverein-roebel-mueritz.de\/wp-content\/uploads\/2025\/10\/543448781_1198231615679238_5992543825806055038_n-1024x1024.jpg 1024w, https:\/\/ponysportverein-roebel-mueritz.de\/wp-content\/uploads\/2025\/10\/543448781_1198231615679238_5992543825806055038_n-300x300.jpg 300w, https:\/\/ponysportverein-roebel-mueritz.de\/wp-content\/uploads\/2025\/10\/543448781_1198231615679238_5992543825806055038_n-150x150.jpg 150w, https:\/\/ponysportverein-roebel-mueritz.de\/wp-content\/uploads\/2025\/10\/543448781_1198231615679238_5992543825806055038_n-768x768.jpg 768w, https:\/\/ponysportverein-roebel-mueritz.de\/wp-content\/uploads\/2025\/10\/543448781_1198231615679238_5992543825806055038_n-980x980.jpg 980w, https:\/\/ponysportverein-roebel-mueritz.de\/wp-content\/uploads\/2025\/10\/543448781_1198231615679238_5992543825806055038_n-75x75.jpg 75w, https:\/\/ponysportverein-roebel-mueritz.de\/wp-content\/uploads\/2025\/10\/543448781_1198231615679238_5992543825806055038_n.jpg 1200w\" sizes=\"(max-width: 960px) 100vw, 960px\" \/>\t\t\t\t\t\t\t\t\t\t\t\t\t\t\t<\/div>\n\t\t\t\t<\/div>\n\t\t\t\t<div class=\"elementor-element elementor-element-2a054b0 elementor-widget elementor-widget-text-editor\" data-id=\"2a054b0\" data-element_type=\"widget\" data-e-type=\"widget\" data-widget_type=\"text-editor.default\">\n\t\t\t\t<div class=\"elementor-widget-container\">\n\t\t\t\t\t\t\t\t\t<p>7. September 2025<\/p>\t\t\t\t\t\t\t\t<\/div>\n\t\t\t\t<\/div>\n\t\t\t\t<div class=\"elementor-element elementor-element-c42d914 elementor-widget-divider--view-line elementor-widget elementor-widget-divider\" data-id=\"c42d914\" data-element_type=\"widget\" data-e-type=\"widget\" data-widget_type=\"divider.default\">\n\t\t\t\t<div class=\"elementor-widget-container\">\n\t\t\t\t\t\t\t<div class=\"elementor-divider\">\n\t\t\t<span class=\"elementor-divider-separator\">\n\t\t\t\t\t\t<\/span>\n\t\t<\/div>\n\t\t\t\t\t\t<\/div>\n\t\t\t\t<\/div>\n\t\t\t\t<div class=\"elementor-element elementor-element-8acca9c elementor-widget elementor-widget-heading\" data-id=\"8acca9c\" data-element_type=\"widget\" data-e-type=\"widget\" data-widget_type=\"heading.default\">\n\t\t\t\t<div class=\"elementor-widget-container\">\n\t\t\t\t\t<h2 class=\"elementor-heading-title elementor-size-default\">Ponyf\u00fchren beim Kinderfest der Stadt R\u00f6bel\/M\u00fcritz<\/h2>\t\t\t\t<\/div>\n\t\t\t\t<\/div>\n\t\t\t\t<div class=\"elementor-element elementor-element-2434256 elementor-widget elementor-widget-text-editor\" data-id=\"2434256\" data-element_type=\"widget\" data-e-type=\"widget\" data-widget_type=\"text-editor.default\">\n\t\t\t\t<div class=\"elementor-widget-container\">\n\t\t\t\t\t\t\t\t\t<p>Am Sonntag, 24. August, waren wir zum Ponyf\u00fchren beim Kinderfest der Stadt R\u00f6bel\/M\u00fcritz und haben viele Kinder gl\u00fccklich gemacht. Vielen Dank all unseren tollen Verlassponys und allen kleinen und gro\u00dfen Helfern!<\/p>\t\t\t\t\t\t\t\t<\/div>\n\t\t\t\t<\/div>\n\t\t\t\t<div class=\"elementor-element elementor-element-c0c3096 elementor-widget elementor-widget-image\" data-id=\"c0c3096\" data-element_type=\"widget\" data-e-type=\"widget\" data-widget_type=\"image.default\">\n\t\t\t\t<div class=\"elementor-widget-container\">\n\t\t\t\t\t\t\t\t\t\t\t\t\t\t\t<img loading=\"lazy\" decoding=\"async\" width=\"960\" height=\"888\" src=\"https:\/\/ponysportverein-roebel-mueritz.de\/wp-content\/uploads\/2025\/10\/0e263896-4b7c-4474-8baf-e74b26472217-e1761666873922-1024x947.jpeg\" class=\"attachment-large size-large wp-image-2884\" alt=\"\" srcset=\"https:\/\/ponysportverein-roebel-mueritz.de\/wp-content\/uploads\/2025\/10\/0e263896-4b7c-4474-8baf-e74b26472217-e1761666873922-1024x947.jpeg 1024w, https:\/\/ponysportverein-roebel-mueritz.de\/wp-content\/uploads\/2025\/10\/0e263896-4b7c-4474-8baf-e74b26472217-e1761666873922-300x278.jpeg 300w, https:\/\/ponysportverein-roebel-mueritz.de\/wp-content\/uploads\/2025\/10\/0e263896-4b7c-4474-8baf-e74b26472217-e1761666873922-768x710.jpeg 768w, https:\/\/ponysportverein-roebel-mueritz.de\/wp-content\/uploads\/2025\/10\/0e263896-4b7c-4474-8baf-e74b26472217-e1761666873922-980x907.jpeg 980w, https:\/\/ponysportverein-roebel-mueritz.de\/wp-content\/uploads\/2025\/10\/0e263896-4b7c-4474-8baf-e74b26472217-e1761666873922.jpeg 1200w\" sizes=\"(max-width: 960px) 100vw, 960px\" \/>\t\t\t\t\t\t\t\t\t\t\t\t\t\t\t<\/div>\n\t\t\t\t<\/div>\n\t\t\t\t<div class=\"elementor-element elementor-element-b4fe7cd elementor-widget elementor-widget-text-editor\" data-id=\"b4fe7cd\" data-element_type=\"widget\" data-e-type=\"widget\" data-widget_type=\"text-editor.default\">\n\t\t\t\t<div class=\"elementor-widget-container\">\n\t\t\t\t\t\t\t\t\t<p>24. August 2025<\/p>\t\t\t\t\t\t\t\t<\/div>\n\t\t\t\t<\/div>\n\t\t\t\t<div class=\"elementor-element elementor-element-4d2df36 elementor-widget-divider--view-line elementor-widget elementor-widget-divider\" data-id=\"4d2df36\" data-element_type=\"widget\" data-e-type=\"widget\" data-widget_type=\"divider.default\">\n\t\t\t\t<div class=\"elementor-widget-container\">\n\t\t\t\t\t\t\t<div class=\"elementor-divider\">\n\t\t\t<span class=\"elementor-divider-separator\">\n\t\t\t\t\t\t<\/span>\n\t\t<\/div>\n\t\t\t\t\t\t<\/div>\n\t\t\t\t<\/div>\n\t\t\t\t<div class=\"elementor-element elementor-element-2247b93 elementor-widget elementor-widget-heading\" data-id=\"2247b93\" data-element_type=\"widget\" data-e-type=\"widget\" data-widget_type=\"heading.default\">\n\t\t\t\t<div class=\"elementor-widget-container\">\n\t\t\t\t\t<h2 class=\"elementor-heading-title elementor-size-default\">Unvergessliches Sommerabenteuer: Zeltlager des Ponysportvereins R\u00f6bel\/M\u00fcritz<\/h2>\t\t\t\t<\/div>\n\t\t\t\t<\/div>\n\t\t\t\t<div class=\"elementor-element elementor-element-6559fb9 elementor-widget elementor-widget-text-editor\" data-id=\"6559fb9\" data-element_type=\"widget\" data-e-type=\"widget\" data-widget_type=\"text-editor.default\">\n\t\t\t\t<div class=\"elementor-widget-container\">\n\t\t\t\t\t\t\t\t\t<div class=\"x14z9mp xat24cr x1lziwak x1vvkbs xtlvy1s x126k92a\"><div dir=\"auto\">Im August veranstalteten wir ein viert\u00e4giges Zeltlager. Fast 30 Kinder starteten fr\u00f6hlich vom Reitplatz am Gotthunskamp in Richtung Dambecker See, wo die Zelte schon warteten.\u00a0Nach der Pferdepflege ging es zum Schwimmen. Abends erfreute ein Grillfest mit Grillfleisch und Bratw\u00fcrsten alle hungrigen M\u00e4gen.\u00a0<\/div><div dir=\"auto\">\u00a0<\/div><\/div><div class=\"x14z9mp xat24cr x1lziwak x1vvkbs xtlvy1s x126k92a\"><div dir=\"auto\">Die Tage waren voller spannender Aktivit\u00e4ten: Pferdepflege, Ausritte, Volleyball und Baden mit Ponys. Abends versammelte sich die Gruppe um die Feuerschale.\u00a0<\/div><div dir=\"auto\">\u00a0<\/div><div dir=\"auto\">Am Samstag gestalteten die Kinder Batik-T-Shirts unter Anleitung von Babett Lindner. Abends gab es k\u00f6stliche Pute und Salate. Mutig wagten sich die Kinder auf eine gruselige Nachtwanderung mit Taschenlampen.<\/div><div dir=\"auto\">\u00a0<\/div><\/div><div class=\"x14z9mp xat24cr x1lziwak x1vvkbs xtlvy1s x126k92a\"><div dir=\"auto\">Sonntags gab es eine spannende Schnitzeljagd mit Schatztruhe. Besonders Elenor freute sich, die an diesem Tag ihren 8. Geburtstag feierte.\u00a0<\/div><div dir=\"auto\">\u00a0<\/div><\/div><div class=\"x14z9mp xat24cr x1lziwak x1vvkbs xtlvy1s x126k92a\"><div dir=\"auto\">Am Montag endete das Zeltlager. Die Erinnerungen bleiben jedoch. Im n\u00e4chsten Jahr soll es eine Fortsetzung geben! Dank geht an alle Helfer und Sponsoren, die dieses Event m\u00f6glich gemacht haben. Ein besonderer Dank an Frau Siegmund vom Amt R\u00f6bel\/M\u00fcritz und B\u00fcrgermeister Manfred Semrau aus der Gemeinde B\u00fctow sowie die Stadt R\u00f6bel\/M\u00fcritz.<\/div><div dir=\"auto\">\u00a0<\/div><\/div><div class=\"x14z9mp xat24cr x1lziwak x1vvkbs xtlvy1s x126k92a\"><div dir=\"auto\">Die Kinder freuen sich bereits auf das n\u00e4chste Jahr und neue Abenteuer.<\/div><\/div>\t\t\t\t\t\t\t\t<\/div>\n\t\t\t\t<\/div>\n\t\t\t\t<div class=\"elementor-element elementor-element-8917004 elementor-widget elementor-widget-image\" data-id=\"8917004\" data-element_type=\"widget\" data-e-type=\"widget\" data-widget_type=\"image.default\">\n\t\t\t\t<div class=\"elementor-widget-container\">\n\t\t\t\t\t\t\t\t\t\t\t\t\t\t\t<img loading=\"lazy\" decoding=\"async\" width=\"960\" height=\"720\" src=\"https:\/\/ponysportverein-roebel-mueritz.de\/wp-content\/uploads\/2025\/08\/360b0ddf-5d25-4e75-9299-901c2dfd982f-1024x768.jpeg\" class=\"attachment-large size-large wp-image-2872\" alt=\"\" srcset=\"https:\/\/ponysportverein-roebel-mueritz.de\/wp-content\/uploads\/2025\/08\/360b0ddf-5d25-4e75-9299-901c2dfd982f-1024x768.jpeg 1024w, https:\/\/ponysportverein-roebel-mueritz.de\/wp-content\/uploads\/2025\/08\/360b0ddf-5d25-4e75-9299-901c2dfd982f-300x225.jpeg 300w, https:\/\/ponysportverein-roebel-mueritz.de\/wp-content\/uploads\/2025\/08\/360b0ddf-5d25-4e75-9299-901c2dfd982f-768x576.jpeg 768w, https:\/\/ponysportverein-roebel-mueritz.de\/wp-content\/uploads\/2025\/08\/360b0ddf-5d25-4e75-9299-901c2dfd982f-980x735.jpeg 980w, https:\/\/ponysportverein-roebel-mueritz.de\/wp-content\/uploads\/2025\/08\/360b0ddf-5d25-4e75-9299-901c2dfd982f.jpeg 1280w\" sizes=\"(max-width: 960px) 100vw, 960px\" \/>\t\t\t\t\t\t\t\t\t\t\t\t\t\t\t<\/div>\n\t\t\t\t<\/div>\n\t\t\t\t<div class=\"elementor-element elementor-element-0e15297 elementor-widget elementor-widget-text-editor\" data-id=\"0e15297\" data-element_type=\"widget\" data-e-type=\"widget\" data-widget_type=\"text-editor.default\">\n\t\t\t\t<div class=\"elementor-widget-container\">\n\t\t\t\t\t\t\t\t\t<p>8. &#8211; 11. August 2025<\/p>\t\t\t\t\t\t\t\t<\/div>\n\t\t\t\t<\/div>\n\t\t\t\t<div class=\"elementor-element elementor-element-7581a8a elementor-widget-divider--view-line elementor-widget elementor-widget-divider\" data-id=\"7581a8a\" data-element_type=\"widget\" data-e-type=\"widget\" data-widget_type=\"divider.default\">\n\t\t\t\t<div class=\"elementor-widget-container\">\n\t\t\t\t\t\t\t<div class=\"elementor-divider\">\n\t\t\t<span class=\"elementor-divider-separator\">\n\t\t\t\t\t\t<\/span>\n\t\t<\/div>\n\t\t\t\t\t\t<\/div>\n\t\t\t\t<\/div>\n\t\t\t\t<div class=\"elementor-element elementor-element-5d8199f elementor-widget elementor-widget-heading\" data-id=\"5d8199f\" data-element_type=\"widget\" data-e-type=\"widget\" data-widget_type=\"heading.default\">\n\t\t\t\t<div class=\"elementor-widget-container\">\n\t\t\t\t\t<h2 class=\"elementor-heading-title elementor-size-default\">Wildwest-Atmosph\u00e4re in Rechlin<\/h2>\t\t\t\t<\/div>\n\t\t\t\t<\/div>\n\t\t\t\t<div class=\"elementor-element elementor-element-934b197 elementor-widget elementor-widget-text-editor\" data-id=\"934b197\" data-element_type=\"widget\" data-e-type=\"widget\" data-widget_type=\"text-editor.default\">\n\t\t\t\t<div class=\"elementor-widget-container\">\n\t\t\t\t\t\t\t\t\t<p>\u201eSattelt die Pferde und schnappt euch den Cowboyhut!\u201c \u2013 Das lie\u00dfen wir uns nicht zweimal sagen!<\/p><p>Am Freitag haben wir mit gro\u00dfer Freude am Umzug zum M\u00fcritzfest in Rechlin teilgenommen. Mit dabei waren einige unserer Ponys und Kinder, die den Umzug genauso sehr genossen haben wie wir. Der Umzug war gef\u00fcllt mit lachenden Gesichtern und einem Hauch von Wildwest-Atmosph\u00e4re.\u00a0<\/p><p>Unsere kleinen Cowgirls waren begeistert, als sie in ihren Cowboyh\u00fcten die Ponys sattelten und sich auf den Weg zum Umzug machten. Gemeinsam mit anderen Teilnehmern zogen wir durch die Stra\u00dfen, begleitet von Musik und Jubel der Zuschauer.<span class=\"Apple-converted-space\">\u00a0<\/span><\/p>\t\t\t\t\t\t\t\t<\/div>\n\t\t\t\t<\/div>\n\t\t\t\t<div class=\"elementor-element elementor-element-46ef702 elementor-widget elementor-widget-image\" data-id=\"46ef702\" data-element_type=\"widget\" data-e-type=\"widget\" data-widget_type=\"image.default\">\n\t\t\t\t<div class=\"elementor-widget-container\">\n\t\t\t\t\t\t\t\t\t\t\t\t\t\t\t<img loading=\"lazy\" decoding=\"async\" width=\"960\" height=\"720\" src=\"https:\/\/ponysportverein-roebel-mueritz.de\/wp-content\/uploads\/2025\/07\/af52db90-cbb4-4e5e-8bc7-20977519d2d2-1024x768.jpeg\" class=\"attachment-large size-large wp-image-2852\" alt=\"\" srcset=\"https:\/\/ponysportverein-roebel-mueritz.de\/wp-content\/uploads\/2025\/07\/af52db90-cbb4-4e5e-8bc7-20977519d2d2-1024x768.jpeg 1024w, https:\/\/ponysportverein-roebel-mueritz.de\/wp-content\/uploads\/2025\/07\/af52db90-cbb4-4e5e-8bc7-20977519d2d2-300x225.jpeg 300w, https:\/\/ponysportverein-roebel-mueritz.de\/wp-content\/uploads\/2025\/07\/af52db90-cbb4-4e5e-8bc7-20977519d2d2-768x576.jpeg 768w, https:\/\/ponysportverein-roebel-mueritz.de\/wp-content\/uploads\/2025\/07\/af52db90-cbb4-4e5e-8bc7-20977519d2d2-1536x1152.jpeg 1536w, https:\/\/ponysportverein-roebel-mueritz.de\/wp-content\/uploads\/2025\/07\/af52db90-cbb4-4e5e-8bc7-20977519d2d2-980x735.jpeg 980w, https:\/\/ponysportverein-roebel-mueritz.de\/wp-content\/uploads\/2025\/07\/af52db90-cbb4-4e5e-8bc7-20977519d2d2.jpeg 1600w\" sizes=\"(max-width: 960px) 100vw, 960px\" \/>\t\t\t\t\t\t\t\t\t\t\t\t\t\t\t<\/div>\n\t\t\t\t<\/div>\n\t\t\t\t<div class=\"elementor-element elementor-element-34b81f8 elementor-widget elementor-widget-text-editor\" data-id=\"34b81f8\" data-element_type=\"widget\" data-e-type=\"widget\" data-widget_type=\"text-editor.default\">\n\t\t\t\t<div class=\"elementor-widget-container\">\n\t\t\t\t\t\t\t\t\t<p>25. Juli 2025<\/p>\t\t\t\t\t\t\t\t<\/div>\n\t\t\t\t<\/div>\n\t\t\t\t<div class=\"elementor-element elementor-element-8d8d9ef elementor-widget-divider--view-line elementor-widget elementor-widget-divider\" data-id=\"8d8d9ef\" data-element_type=\"widget\" data-e-type=\"widget\" data-widget_type=\"divider.default\">\n\t\t\t\t<div class=\"elementor-widget-container\">\n\t\t\t\t\t\t\t<div class=\"elementor-divider\">\n\t\t\t<span class=\"elementor-divider-separator\">\n\t\t\t\t\t\t<\/span>\n\t\t<\/div>\n\t\t\t\t\t\t<\/div>\n\t\t\t\t<\/div>\n\t\t\t\t<div class=\"elementor-element elementor-element-f61fdef elementor-widget elementor-widget-heading\" data-id=\"f61fdef\" data-element_type=\"widget\" data-e-type=\"widget\" data-widget_type=\"heading.default\">\n\t\t\t\t<div class=\"elementor-widget-container\">\n\t\t\t\t\t<h2 class=\"elementor-heading-title elementor-size-default\">Hoch zu Ross bei der Seefester\u00f6ffnung<\/h2>\t\t\t\t<\/div>\n\t\t\t\t<\/div>\n\t\t\t\t<div class=\"elementor-element elementor-element-34cfe0a elementor-widget elementor-widget-text-editor\" data-id=\"34cfe0a\" data-element_type=\"widget\" data-e-type=\"widget\" data-widget_type=\"text-editor.default\">\n\t\t\t\t<div class=\"elementor-widget-container\">\n\t\t\t\t\t\t\t\t\t<p>Bei der Er\u00f6ffnung des 68. Seefestes in R\u00f6bel\/M\u00fcritz sorgten wir erneut daf\u00fcr, dass Neptun sicher und mit geb\u00fchrendem Pomp vom Marktplatz zum Hafen kam.<\/p><p>Mit insgesamt 15 prachtvoll geschm\u00fcckten Pferden und 34 enthusiastischen Mitgliedern machten wir uns auf den Weg, um die Seefester\u00f6ffnung zu einem echten Erlebnis zu machen. Die Pferde strahlten in ihrem festlichen Schmuck, w\u00e4hrend die Kutschen und Reiter sowie die Fahrer in strahlenden Farben und mit liebevoll gestalteten Kost\u00fcmen gl\u00e4nzten.<\/p>\t\t\t\t\t\t\t\t<\/div>\n\t\t\t\t<\/div>\n\t\t\t\t<div class=\"elementor-element elementor-element-da19fae elementor-widget elementor-widget-image\" data-id=\"da19fae\" data-element_type=\"widget\" data-e-type=\"widget\" data-widget_type=\"image.default\">\n\t\t\t\t<div class=\"elementor-widget-container\">\n\t\t\t\t\t\t\t\t\t\t\t\t\t\t\t<img loading=\"lazy\" decoding=\"async\" width=\"768\" height=\"1024\" src=\"https:\/\/ponysportverein-roebel-mueritz.de\/wp-content\/uploads\/2025\/07\/4840161f-aaff-4fe0-9059-b0ed58af2683-768x1024.jpeg\" class=\"attachment-large size-large wp-image-2851\" alt=\"\" srcset=\"https:\/\/ponysportverein-roebel-mueritz.de\/wp-content\/uploads\/2025\/07\/4840161f-aaff-4fe0-9059-b0ed58af2683-768x1024.jpeg 768w, https:\/\/ponysportverein-roebel-mueritz.de\/wp-content\/uploads\/2025\/07\/4840161f-aaff-4fe0-9059-b0ed58af2683-225x300.jpeg 225w, https:\/\/ponysportverein-roebel-mueritz.de\/wp-content\/uploads\/2025\/07\/4840161f-aaff-4fe0-9059-b0ed58af2683-1152x1536.jpeg 1152w, https:\/\/ponysportverein-roebel-mueritz.de\/wp-content\/uploads\/2025\/07\/4840161f-aaff-4fe0-9059-b0ed58af2683-980x1307.jpeg 980w, https:\/\/ponysportverein-roebel-mueritz.de\/wp-content\/uploads\/2025\/07\/4840161f-aaff-4fe0-9059-b0ed58af2683.jpeg 1536w\" sizes=\"(max-width: 768px) 100vw, 768px\" \/>\t\t\t\t\t\t\t\t\t\t\t\t\t\t\t<\/div>\n\t\t\t\t<\/div>\n\t\t\t\t<div class=\"elementor-element elementor-element-8daf933 elementor-widget elementor-widget-text-editor\" data-id=\"8daf933\" data-element_type=\"widget\" data-e-type=\"widget\" data-widget_type=\"text-editor.default\">\n\t\t\t\t<div class=\"elementor-widget-container\">\n\t\t\t\t\t\t\t\t\t<p>18. Juli 2025<\/p>\t\t\t\t\t\t\t\t<\/div>\n\t\t\t\t<\/div>\n\t\t\t\t<div class=\"elementor-element elementor-element-d50a898 elementor-widget-divider--view-line elementor-widget elementor-widget-divider\" data-id=\"d50a898\" data-element_type=\"widget\" data-e-type=\"widget\" data-widget_type=\"divider.default\">\n\t\t\t\t<div class=\"elementor-widget-container\">\n\t\t\t\t\t\t\t<div class=\"elementor-divider\">\n\t\t\t<span class=\"elementor-divider-separator\">\n\t\t\t\t\t\t<\/span>\n\t\t<\/div>\n\t\t\t\t\t\t<\/div>\n\t\t\t\t<\/div>\n\t\t\t\t<div class=\"elementor-element elementor-element-ea8335e elementor-widget elementor-widget-heading\" data-id=\"ea8335e\" data-element_type=\"widget\" data-e-type=\"widget\" data-widget_type=\"heading.default\">\n\t\t\t\t<div class=\"elementor-widget-container\">\n\t\t\t\t\t<h2 class=\"elementor-heading-title elementor-size-default\">Erste Hilfe-Kurs f\u00fcr unsere jungen Reiter und Fahrer<\/h2>\t\t\t\t<\/div>\n\t\t\t\t<\/div>\n\t\t\t\t<div class=\"elementor-element elementor-element-850d51e elementor-widget elementor-widget-text-editor\" data-id=\"850d51e\" data-element_type=\"widget\" data-e-type=\"widget\" data-widget_type=\"text-editor.default\">\n\t\t\t\t<div class=\"elementor-widget-container\">\n\t\t\t\t\t\t\t\t\t<div class=\"x14z9mp xat24cr x1lziwak x1vvkbs xtlvy1s x126k92a\"><div dir=\"auto\">In unserem Verein steht das Reiten und Fahren nat\u00fcrlich an erster Stelle. Doch was passiert, wenn trotz aller Vorsicht doch einmal ein Unfall passiert \u2013 sei es beim Reiten oder im Alltag? Um unsere jungen Vereinsmitglieder auf solche Situationen vorzubereiten, haben wir am letzten Samstag einen ganz besonderen Erste-Hilfe-Kurs organisiert. In Zusammenarbeit mit dem DRK Mecklenburgische Seenplatte luden wir unsere Nachwuchsreiter nach Ludorf ein, um lebensrettende Sofortma\u00dfnahmen zu erlernen.\u00a0<\/div><div dir=\"auto\">\u00a0<\/div><\/div><div class=\"x14z9mp xat24cr x1lziwak x1vvkbs xtlvy1s x126k92a\"><div dir=\"auto\">Herr Wrosch vom DRK f\u00fchrte die Jugendlichen auf spielerische und leicht verst\u00e4ndliche Weise durch den Kurs und vermittelte ihnen, wie sie im Notfall schnell und sicher handeln k\u00f6nnen. Die Kinder lernten die wichtigsten Ma\u00dfnahmen f\u00fcr die h\u00e4ufigsten Verletzungen, unter anderem die Anwendung von Verb\u00e4nden und Pflastern, die stabile Seitenlage und vor allem, wie man sich in Gefahrensituationen ruhig und besonnen verh\u00e4lt Ein gro\u00dfes Dankesch\u00f6n daf\u00fcr!\u00a0<\/div><div dir=\"auto\">\u00a0<\/div><\/div><div class=\"x14z9mp xat24cr x1lziwak x1vvkbs xtlvy1s x126k92a\"><div dir=\"auto\">Mit viel Begeisterung waren unsere Kinder und Jugendlichen bei der Sache. Sie haben wertvolles Wissen erworben und f\u00fchlen sich nun besser vorbereitet. Ein herzliches Dankesch\u00f6n gilt auch der Familie Gessulat, die uns die R\u00e4umlichkeiten in Ludorf zur Verf\u00fcgung stellte, sowie allen Eltern, die f\u00fcr das leibliche Wohl sorgten.<\/div><\/div>\t\t\t\t\t\t\t\t<\/div>\n\t\t\t\t<\/div>\n\t\t\t\t<div class=\"elementor-element elementor-element-6f34b32 elementor-widget elementor-widget-image\" data-id=\"6f34b32\" data-element_type=\"widget\" data-e-type=\"widget\" data-widget_type=\"image.default\">\n\t\t\t\t<div class=\"elementor-widget-container\">\n\t\t\t\t\t\t\t\t\t\t\t\t\t\t\t<img loading=\"lazy\" decoding=\"async\" width=\"960\" height=\"720\" src=\"https:\/\/ponysportverein-roebel-mueritz.de\/wp-content\/uploads\/2025\/07\/99ac0441-597f-4d11-b2eb-a27864802857-1024x768.jpeg\" class=\"attachment-large size-large wp-image-2847\" alt=\"\" srcset=\"https:\/\/ponysportverein-roebel-mueritz.de\/wp-content\/uploads\/2025\/07\/99ac0441-597f-4d11-b2eb-a27864802857-1024x768.jpeg 1024w, https:\/\/ponysportverein-roebel-mueritz.de\/wp-content\/uploads\/2025\/07\/99ac0441-597f-4d11-b2eb-a27864802857-300x225.jpeg 300w, https:\/\/ponysportverein-roebel-mueritz.de\/wp-content\/uploads\/2025\/07\/99ac0441-597f-4d11-b2eb-a27864802857-768x576.jpeg 768w, https:\/\/ponysportverein-roebel-mueritz.de\/wp-content\/uploads\/2025\/07\/99ac0441-597f-4d11-b2eb-a27864802857-980x735.jpeg 980w, https:\/\/ponysportverein-roebel-mueritz.de\/wp-content\/uploads\/2025\/07\/99ac0441-597f-4d11-b2eb-a27864802857.jpeg 1280w\" sizes=\"(max-width: 960px) 100vw, 960px\" \/>\t\t\t\t\t\t\t\t\t\t\t\t\t\t\t<\/div>\n\t\t\t\t<\/div>\n\t\t\t\t<div class=\"elementor-element elementor-element-748d031 elementor-widget elementor-widget-text-editor\" data-id=\"748d031\" data-element_type=\"widget\" data-e-type=\"widget\" data-widget_type=\"text-editor.default\">\n\t\t\t\t<div class=\"elementor-widget-container\">\n\t\t\t\t\t\t\t\t\t<p>12. Juli 2025<\/p>\t\t\t\t\t\t\t\t<\/div>\n\t\t\t\t<\/div>\n\t\t\t\t<div class=\"elementor-element elementor-element-193f523 elementor-widget-divider--view-line elementor-widget elementor-widget-divider\" data-id=\"193f523\" data-element_type=\"widget\" data-e-type=\"widget\" data-widget_type=\"divider.default\">\n\t\t\t\t<div class=\"elementor-widget-container\">\n\t\t\t\t\t\t\t<div class=\"elementor-divider\">\n\t\t\t<span class=\"elementor-divider-separator\">\n\t\t\t\t\t\t<\/span>\n\t\t<\/div>\n\t\t\t\t\t\t<\/div>\n\t\t\t\t<\/div>\n\t\t\t\t<div class=\"elementor-element elementor-element-f6c7303 elementor-widget elementor-widget-heading\" data-id=\"f6c7303\" data-element_type=\"widget\" data-e-type=\"widget\" data-widget_type=\"heading.default\">\n\t\t\t\t<div class=\"elementor-widget-container\">\n\t\t\t\t\t<h2 class=\"elementor-heading-title elementor-size-default\">Ein Fest der Freude: Ponys, Gemeinschaft und Gaumenfreuden beim Vereins- und Sponsorenfest in R\u00f6bel\/M\u00fcritz<\/h2>\t\t\t\t<\/div>\n\t\t\t\t<\/div>\n\t\t\t\t<div class=\"elementor-element elementor-element-a1b7a50 elementor-widget elementor-widget-text-editor\" data-id=\"a1b7a50\" data-element_type=\"widget\" data-e-type=\"widget\" data-widget_type=\"text-editor.default\">\n\t\t\t\t<div class=\"elementor-widget-container\">\n\t\t\t\t\t\t\t\t\t<p style=\"font-weight: 400;\">Am 5. Juli verwandelte sich der Reitplatz am Gotthunskamp in einen festlich geschm\u00fcckten Ort, denn der Ponysportverein R\u00f6bel\/M\u00fcritz hatte zu seinem j\u00e4hrlichen Vereins- und Sponsorenfest eingeladen. Rund 120 Mitglieder, Unterst\u00fctzer und Sponsoren folgten der Einladung und erlebten eine wundervolle Veranstaltung, die den Zusammenhalt und die Gemeinschaft des Vereins feierte.<\/p><p style=\"font-weight: 400;\">Die Vorstandsmitglieder und der Ehrenvorsitzende Wilhelm Jarchow er\u00f6ffneten das Fest mit herzlichen Worten. Ihre Ansprache reflektierte die Bedeutung des Vereinslebens und die Freude, die der Reit- und Fahrsport in die Region bringt. Anschlie\u00dfend wurden die G\u00e4ste mit Kaffee und einer beeindruckenden Auswahl an selbstgebackenem Kuchen verw\u00f6hnt. Die s\u00fc\u00dfen Leckereien boten den perfekten Auftakt f\u00fcr die darauf folgenden Darbietungen der Vereinskinder.<\/p><p style=\"font-weight: 400;\">Unter der Leitung des Jugendvorstandes, hatten die jungen Mitglieder des Vereins kreative Schaubilder einstudiert. Mit ihren Ponys und Pferden zeigten sie den Alltag und die Jahresh\u00f6hepunkte des Vereins, gekr\u00f6nt von einer einstudierten Quadrille. Der Applaus war \u00fcberw\u00e4ltigend und zeigte, wie sehr die Darbietung das Publikum begeisterte. Ein besonderer Dank gilt den erwachsenen Vereinsmitgliedern, die die Kinder bei der Vorbereitung und Durchf\u00fchrung unterst\u00fctzten.<\/p><p style=\"font-weight: 400;\">Der Nachmittag bot den G\u00e4sten die Gelegenheit, sich in entspannter Atmosph\u00e4re auszutauschen und selbst einmal die Z\u00fcgel in die Hand zu nehmen. Reiten und Sulkyfahren standen auf dem Programm und sorgten f\u00fcr viel Spa\u00df und Freude. F\u00fcr die j\u00fcngeren G\u00e4ste war das kreative Gestalten Kinderschminken, angeboten von der Animateur-Agentur Babett Lindner aus Sietow, ein echtes Highlight.<\/p><p style=\"font-weight: 400;\">Der Abend klang mit einem reichhaltigen Abendbrot und guter Musik aus. Ein besonderer Dank geht Enrico Lindner von DOCK 10 Fisch &amp; Meer, der den Bierwagen und die Technik sponserte. Der Ponysportverein m\u00f6chte sich herzlich bei allen Mitgliedern und Freunden bedanken, die mit Kuchen, Salaten und ihrer tatkr\u00e4ftigen Unterst\u00fctzung zum Erfolg dieses Tages beigetragen haben. Ohne ihre Hilfe w\u00e4re ein solch gelungenes Fest nicht m\u00f6glich gewesen.<\/p><p style=\"font-weight: 400;\">Das Vereins- und Sponsorenfest hat nicht nur den Zusammenhalt im Verein gest\u00e4rkt, sondern auch die wichtige Unterst\u00fctzung der Sponsoren und Freunde hervorgehoben. Mit Vorfreude blicken alle auf das n\u00e4chste Fest im kommenden Jahr, das sicherlich ebenso viel Freude und Gemeinschaft mit sich bringen wird.<\/p><p style=\"font-weight: 400;\">Wir danken allen Beteiligten f\u00fcr dieses unvergessliche Erlebnis und freuen uns auf viele weitere erfolgreiche Veranstaltungen im Ponysportverein R\u00f6bel\/M\u00fcritz!<\/p>\t\t\t\t\t\t\t\t<\/div>\n\t\t\t\t<\/div>\n\t\t\t\t<div class=\"elementor-element elementor-element-5c2c9da elementor-widget elementor-widget-image\" data-id=\"5c2c9da\" data-element_type=\"widget\" data-e-type=\"widget\" data-widget_type=\"image.default\">\n\t\t\t\t<div class=\"elementor-widget-container\">\n\t\t\t\t\t\t\t\t\t\t\t\t\t\t\t<img loading=\"lazy\" decoding=\"async\" width=\"960\" height=\"481\" src=\"https:\/\/ponysportverein-roebel-mueritz.de\/wp-content\/uploads\/2025\/07\/3c939018-ec9e-4b33-b1c1-81bff08783aa-1024x513.jpeg\" class=\"attachment-large size-large wp-image-2842\" alt=\"\" srcset=\"https:\/\/ponysportverein-roebel-mueritz.de\/wp-content\/uploads\/2025\/07\/3c939018-ec9e-4b33-b1c1-81bff08783aa-1024x513.jpeg 1024w, https:\/\/ponysportverein-roebel-mueritz.de\/wp-content\/uploads\/2025\/07\/3c939018-ec9e-4b33-b1c1-81bff08783aa-300x150.jpeg 300w, https:\/\/ponysportverein-roebel-mueritz.de\/wp-content\/uploads\/2025\/07\/3c939018-ec9e-4b33-b1c1-81bff08783aa-768x385.jpeg 768w, https:\/\/ponysportverein-roebel-mueritz.de\/wp-content\/uploads\/2025\/07\/3c939018-ec9e-4b33-b1c1-81bff08783aa-1536x769.jpeg 1536w, https:\/\/ponysportverein-roebel-mueritz.de\/wp-content\/uploads\/2025\/07\/3c939018-ec9e-4b33-b1c1-81bff08783aa-2048x1026.jpeg 2048w, https:\/\/ponysportverein-roebel-mueritz.de\/wp-content\/uploads\/2025\/07\/3c939018-ec9e-4b33-b1c1-81bff08783aa-980x491.jpeg 980w\" sizes=\"(max-width: 960px) 100vw, 960px\" \/>\t\t\t\t\t\t\t\t\t\t\t\t\t\t\t<\/div>\n\t\t\t\t<\/div>\n\t\t\t\t<div class=\"elementor-element elementor-element-fa1e406 elementor-widget elementor-widget-text-editor\" data-id=\"fa1e406\" data-element_type=\"widget\" data-e-type=\"widget\" data-widget_type=\"text-editor.default\">\n\t\t\t\t<div class=\"elementor-widget-container\">\n\t\t\t\t\t\t\t\t\t<p>5. Juli 2025<\/p>\t\t\t\t\t\t\t\t<\/div>\n\t\t\t\t<\/div>\n\t\t\t\t<div class=\"elementor-element elementor-element-b389ae1 elementor-widget-divider--view-line elementor-widget elementor-widget-divider\" data-id=\"b389ae1\" data-element_type=\"widget\" data-e-type=\"widget\" data-widget_type=\"divider.default\">\n\t\t\t\t<div class=\"elementor-widget-container\">\n\t\t\t\t\t\t\t<div class=\"elementor-divider\">\n\t\t\t<span class=\"elementor-divider-separator\">\n\t\t\t\t\t\t<\/span>\n\t\t<\/div>\n\t\t\t\t\t\t<\/div>\n\t\t\t\t<\/div>\n\t\t\t\t<div class=\"elementor-element elementor-element-ec1f78e elementor-widget elementor-widget-heading\" data-id=\"ec1f78e\" data-element_type=\"widget\" data-e-type=\"widget\" data-widget_type=\"heading.default\">\n\t\t\t\t<div class=\"elementor-widget-container\">\n\t\t\t\t\t<h2 class=\"elementor-heading-title elementor-size-default\">Volle Kraft voraus: Der Ponysportverein begeistert bei der 25. Badewannenregatta!<\/h2>\t\t\t\t<\/div>\n\t\t\t\t<\/div>\n\t\t\t\t<div class=\"elementor-element elementor-element-4bcdaae elementor-widget elementor-widget-text-editor\" data-id=\"4bcdaae\" data-element_type=\"widget\" data-e-type=\"widget\" data-widget_type=\"text-editor.default\">\n\t\t\t\t<div class=\"elementor-widget-container\">\n\t\t\t\t\t\t\t\t\t<div class=\"x14z9mp xat24cr x1lziwak x1vvkbs xtlvy1s x126k92a\"><div>Am vergangenen Samstag hie\u00df es: \u201eAhoi und volle Kraft voraus!\u201c Unsere jungen Wasserkapit\u00e4ne vom Ponysportverein haben bei der 25. Badewannenregatta die Fluten zum Kochen gebracht! <span class=\"html-span xexx8yu xyri2b x18d9i69 x1c1uobl x1hl2dhg x16tdsg8 x1vvkbs x3nfvp2 x1j61x8r x1fcty0u xdj266r xat24cr xm2jcoa x1mpyi22 xxymvpz xlup9mm x1kky2od\"><br \/><\/span><\/div><\/div><div class=\"x14z9mp xat24cr x1lziwak x1vvkbs xtlvy1s x126k92a\"><div>Mit gro\u00dfem Einfallsreichtum und Teamgeist pr\u00e4sentierten sie ihre Badewanne \u201eDragonyx\u201c \u2013 eine au\u00dfergew\u00f6hnliche Kombination aus Drache und Pony, die auf dem Wasser alle Blicke auf sich zog! <span class=\"html-span xexx8yu xyri2b x18d9i69 x1c1uobl x1hl2dhg x16tdsg8 x1vvkbs x3nfvp2 x1j61x8r x1fcty0u xdj266r xat24cr xm2jcoa x1mpyi22 xxymvpz xlup9mm x1kky2od\"><br \/><\/span><\/div><\/div><div class=\"x14z9mp xat24cr x1lziwak x1vvkbs xtlvy1s x126k92a\"><div>Beim Paddeln und Posieren \u2013 der unersch\u00fctterliche Pferde-Gemeinschaftssinn war stets pr\u00e4sent.<\/div><div>Ein herzliches Dankesch\u00f6n an alle engagierten Mitglieder, die diesen unvergesslichen Tag m\u00f6glich gemacht haben. Gemeinsam haben wir gelacht, gejubelt und einen fantastischen 2. Platz in der Kategorie \u201eErwachsene und Kinder\u201c erzielt!<\/div><\/div>\t\t\t\t\t\t\t\t<\/div>\n\t\t\t\t<\/div>\n\t\t\t\t<div class=\"elementor-element elementor-element-47dbf87 elementor-widget elementor-widget-image\" data-id=\"47dbf87\" data-element_type=\"widget\" data-e-type=\"widget\" data-widget_type=\"image.default\">\n\t\t\t\t<div class=\"elementor-widget-container\">\n\t\t\t\t\t\t\t\t\t\t\t\t\t\t\t<img loading=\"lazy\" decoding=\"async\" width=\"960\" height=\"720\" src=\"https:\/\/ponysportverein-roebel-mueritz.de\/wp-content\/uploads\/2025\/07\/22263db0-9c13-42a2-bb67-16d4ce483945-1024x768.jpeg\" class=\"attachment-large size-large wp-image-2836\" alt=\"\" srcset=\"https:\/\/ponysportverein-roebel-mueritz.de\/wp-content\/uploads\/2025\/07\/22263db0-9c13-42a2-bb67-16d4ce483945-1024x768.jpeg 1024w, https:\/\/ponysportverein-roebel-mueritz.de\/wp-content\/uploads\/2025\/07\/22263db0-9c13-42a2-bb67-16d4ce483945-300x225.jpeg 300w, https:\/\/ponysportverein-roebel-mueritz.de\/wp-content\/uploads\/2025\/07\/22263db0-9c13-42a2-bb67-16d4ce483945-768x576.jpeg 768w, https:\/\/ponysportverein-roebel-mueritz.de\/wp-content\/uploads\/2025\/07\/22263db0-9c13-42a2-bb67-16d4ce483945-980x735.jpeg 980w, https:\/\/ponysportverein-roebel-mueritz.de\/wp-content\/uploads\/2025\/07\/22263db0-9c13-42a2-bb67-16d4ce483945.jpeg 1280w\" sizes=\"(max-width: 960px) 100vw, 960px\" \/>\t\t\t\t\t\t\t\t\t\t\t\t\t\t\t<\/div>\n\t\t\t\t<\/div>\n\t\t\t\t<div class=\"elementor-element elementor-element-428f4fb elementor-widget elementor-widget-text-editor\" data-id=\"428f4fb\" data-element_type=\"widget\" data-e-type=\"widget\" data-widget_type=\"text-editor.default\">\n\t\t\t\t<div class=\"elementor-widget-container\">\n\t\t\t\t\t\t\t\t\t<p>21. Juni 2025<\/p>\t\t\t\t\t\t\t\t<\/div>\n\t\t\t\t<\/div>\n\t\t\t\t<div class=\"elementor-element elementor-element-96164ef elementor-widget-divider--view-line elementor-widget elementor-widget-divider\" data-id=\"96164ef\" data-element_type=\"widget\" data-e-type=\"widget\" data-widget_type=\"divider.default\">\n\t\t\t\t<div class=\"elementor-widget-container\">\n\t\t\t\t\t\t\t<div class=\"elementor-divider\">\n\t\t\t<span class=\"elementor-divider-separator\">\n\t\t\t\t\t\t<\/span>\n\t\t<\/div>\n\t\t\t\t\t\t<\/div>\n\t\t\t\t<\/div>\n\t\t\t\t<div class=\"elementor-element elementor-element-e19753b elementor-widget elementor-widget-heading\" data-id=\"e19753b\" data-element_type=\"widget\" data-e-type=\"widget\" data-widget_type=\"heading.default\">\n\t\t\t\t<div class=\"elementor-widget-container\">\n\t\t\t\t\t<h2 class=\"elementor-heading-title elementor-size-default\">Traditionelles Pfingstturnier \u201eSpeckreiten\u201c begeistert mit gro\u00dfartigen Wettk\u00e4mpfen und buntem Rahmenprogramm<\/h2>\t\t\t\t<\/div>\n\t\t\t\t<\/div>\n\t\t\t\t<div class=\"elementor-element elementor-element-4506eee elementor-widget elementor-widget-text-editor\" data-id=\"4506eee\" data-element_type=\"widget\" data-e-type=\"widget\" data-widget_type=\"text-editor.default\">\n\t\t\t\t<div class=\"elementor-widget-container\">\n\t\t\t\t\t\t\t\t\t<div><p>Bei der 29. Ausgabe des traditionellen Pfingstturniers \u201eSpeckreiten\u201c erlebten Zuschauer und Teilnehmer ein Reit- und Fahrsportereignis der Extraklasse. \u00dcber 120 Teilnehmer\u00a0 traten in 15 spannenden Disziplinen an, um den etwa 3.000 Zuschauern ein unvergessliches Erlebnis zu bieten, begleitet von strahlendem Sonnenschein und perfekten Bedingungen.<\/p><p>Der Auftakt des Turniers geh\u00f6rte den j\u00fcngsten Talenten des Ponysportvereins R\u00f6bel\/M\u00fcritz. Mit viel Geschick man\u00f6vrierten die Kinder ihre Ponys im Sulky-Hindernisfahren durch den Kegelparcours und ernteten gro\u00dfen Beifall von den begeisterten Zuschauern. Im weiteren Verlauf pr\u00e4sentierten sich die Teilnehmer in vielf\u00e4ltigen Disziplinen, darunter das spannende Tonnenreiten, das aufregende Knock-Out-Springen und das anspruchsvolle Hindernisfahren f\u00fcr Zweisp\u00e4nner. Die erfolgreichste Reiterin bzw. Fahrerin des Tages war Emma Karnatz vom Ponysportverein R\u00f6bel\/M\u00fcritz, die im Sulky- und Zweisp\u00e4nner-Hindernisfahren mit den Ponys sowie im Knock-Out-Springen (Haflinger und Kleinpferde) und im Jump &amp; Drive-Wettbewerb den Sieg davontrug.<\/p><p>Der H\u00f6hepunkt des Nachmittags war das traditionelle Pferderennen \u201eSpeckreiten\u201c. Hier konnte sich die 28-j\u00e4hrige Lena Rieckhoff aus Fincken auf ihrem Pferd Limit den Sieg sichern. Der Tradition folgend erhielt sie eine Seite Speck, welche von Hanni G\u00e4de und ihren Eltern gesponsert wurde, ein Preisgeld und einen Pokal, \u00fcberreicht durch Wilhelm Jarchow, den Ehrenvorsitzenden des Ponysportvereins.<\/p><p>Auch zwischen den Wettbewerben wurde f\u00fcr beste Unterhaltung gesorgt. Hartmut Priestaff und Tarek Wendrock begeisterten mit ihren Viersp\u00e4nner-Pr\u00e4sentationen zum Mecklenburger Heimatlied. Atemberaubende Akrobatik zeigte die Comanchen-Ranch um Karina Vandersee beim Trickreiten. F\u00fcr die kleinen G\u00e4ste sorgte eine H\u00fcpfburg des EGN-Baumarktes und die Kinderanimation der Animateur-Agentur Lindner aus Sietow f\u00fcr Spa\u00df und Freude. Am Ende des Tages wurde es bei der Tombola noch einmal spannend. Der Hauptpreis, drei \u00dcbernachtungen im Apart-Hotel \u201eAm Weststrand\u201c in K\u00fchlungsborn, ging an die gl\u00fcckliche Gewinnerin Janine Bohnsack aus Leizen.<\/p><p>Wir blicken zur\u00fcck auf einen spannenden Tag voller Freude f\u00fcr Gro\u00df und Klein. Ein herzlicher Dank gilt allen Sponsoren und Unterst\u00fctzern, die das Turnier m\u00f6glich gemacht haben. Besonders m\u00f6chten wir Heinz und Alexander Priestaff f\u00fcr die Bereitstellung der Wiese und ihre Unterst\u00fctzung bei der Herrichtung der Rennbahn und des Turnierplatzes danken.\u00a0<\/p><p>Ein besonderer Dank auch an die Tier\u00e4rztin Frau Melanie Meyer und den Rettungsdienst Wiese f\u00fcr die Absicherung der Veranstaltung sowie an Enrico Lindner und sein Team vom Dock 10 Fisch &amp; Meer f\u00fcr die Verpflegung. Vielen Dank an ML Mencwel M\u00fcritz-Logistik f\u00fcr die Bereitstellung des Trailers als B\u00fchne sowie an DJ Henry Mattes f\u00fcr die musikalische Unterhaltung und ein gro\u00dfes Dankesch\u00f6n an die Freiwillige Feuerwehr R\u00f6bel\/M\u00fcritz f\u00fcr die Parkplatzeinweisung und an die vielen flei\u00dfigen Helfer in den Vereins-Bierwagen. Herzlichen Dank an unsere Kuchenb\u00e4ckerinnen und -verk\u00e4uferinnen sowie an die engagierten Kassierer.<\/p><p>Ein ganz besonderer Dank gilt allen Mitgliedern des Ponysportvereins R\u00f6bel\/M\u00fcritz, deren Eltern, Partnern, Angeh\u00f6rigen und Freunden f\u00fcr ihre tatkr\u00e4ftige Unterst\u00fctzung. Ohne euch w\u00e4re das Speckreiten nicht das, was es ist \u2013 ein unvergessliches Erlebnis f\u00fcr alle Beteiligten!<\/p><p>Herzlichen Dank und bis zum n\u00e4chsten Jahr!<\/p><\/div><div>\u00a0<\/div>\t\t\t\t\t\t\t\t<\/div>\n\t\t\t\t<\/div>\n\t\t\t\t<div class=\"elementor-element elementor-element-727b034 elementor-widget elementor-widget-image\" data-id=\"727b034\" data-element_type=\"widget\" data-e-type=\"widget\" data-widget_type=\"image.default\">\n\t\t\t\t<div class=\"elementor-widget-container\">\n\t\t\t\t\t\t\t\t\t\t\t\t\t\t\t<img loading=\"lazy\" decoding=\"async\" width=\"768\" height=\"731\" src=\"https:\/\/ponysportverein-roebel-mueritz.de\/wp-content\/uploads\/2025\/06\/637c6372-75d4-46fc-a96c-63ecb493b92c-768x731.jpeg\" class=\"attachment-medium_large size-medium_large wp-image-2821\" alt=\"\" srcset=\"https:\/\/ponysportverein-roebel-mueritz.de\/wp-content\/uploads\/2025\/06\/637c6372-75d4-46fc-a96c-63ecb493b92c-768x731.jpeg 768w, https:\/\/ponysportverein-roebel-mueritz.de\/wp-content\/uploads\/2025\/06\/637c6372-75d4-46fc-a96c-63ecb493b92c-300x286.jpeg 300w, https:\/\/ponysportverein-roebel-mueritz.de\/wp-content\/uploads\/2025\/06\/637c6372-75d4-46fc-a96c-63ecb493b92c-1024x975.jpeg 1024w, https:\/\/ponysportverein-roebel-mueritz.de\/wp-content\/uploads\/2025\/06\/637c6372-75d4-46fc-a96c-63ecb493b92c-980x933.jpeg 980w, https:\/\/ponysportverein-roebel-mueritz.de\/wp-content\/uploads\/2025\/06\/637c6372-75d4-46fc-a96c-63ecb493b92c.jpeg 1302w\" sizes=\"(max-width: 768px) 100vw, 768px\" \/>\t\t\t\t\t\t\t\t\t\t\t\t\t\t\t<\/div>\n\t\t\t\t<\/div>\n\t\t\t\t<div class=\"elementor-element elementor-element-67a8654 elementor-widget elementor-widget-text-editor\" data-id=\"67a8654\" data-element_type=\"widget\" data-e-type=\"widget\" data-widget_type=\"text-editor.default\">\n\t\t\t\t<div class=\"elementor-widget-container\">\n\t\t\t\t\t\t\t\t\t<p>9. Juni 2025<\/p>\t\t\t\t\t\t\t\t<\/div>\n\t\t\t\t<\/div>\n\t\t\t\t<div class=\"elementor-element elementor-element-8ec2dc0 elementor-widget-divider--view-line elementor-widget elementor-widget-divider\" data-id=\"8ec2dc0\" data-element_type=\"widget\" data-e-type=\"widget\" data-widget_type=\"divider.default\">\n\t\t\t\t<div class=\"elementor-widget-container\">\n\t\t\t\t\t\t\t<div class=\"elementor-divider\">\n\t\t\t<span class=\"elementor-divider-separator\">\n\t\t\t\t\t\t<\/span>\n\t\t<\/div>\n\t\t\t\t\t\t<\/div>\n\t\t\t\t<\/div>\n\t\t\t\t<div class=\"elementor-element elementor-element-ff57d5e elementor-widget elementor-widget-heading\" data-id=\"ff57d5e\" data-element_type=\"widget\" data-e-type=\"widget\" data-widget_type=\"heading.default\">\n\t\t\t\t<div class=\"elementor-widget-container\">\n\t\t\t\t\t<h2 class=\"elementor-heading-title elementor-size-default\">Tierischer Besuch im Pflegeheim\n<\/h2>\t\t\t\t<\/div>\n\t\t\t\t<\/div>\n\t\t\t\t<div class=\"elementor-element elementor-element-aad582d elementor-widget elementor-widget-text-editor\" data-id=\"aad582d\" data-element_type=\"widget\" data-e-type=\"widget\" data-widget_type=\"text-editor.default\">\n\t\t\t\t<div class=\"elementor-widget-container\">\n\t\t\t\t\t\t\t\t\t<div class=\"x11i5rnm xat24cr x1mh8g0r x1vvkbs xtlvy1s x126k92a\"><div>Am sonnigen Mittwochvormittag vor Ostern haben wir mit sechs unserer Ponys das Diakonie-Pflegeheim in der Seebadstra\u00dfe besucht.<\/div><\/div><div class=\"x11i5rnm xat24cr x1mh8g0r x1vvkbs xtlvy1s x126k92a\"><div>Viele der Bewohner stammen aus der Landwirtschaft und konnten durch diesen Besuch sch\u00f6ne Erinnerungen wecken. Die Ponys ben\u00f6tigten nur wenige Sekunden, um das zu erreichen, was manch anderen nicht gelingt: Sie \u00f6ffneten die Herzen \u00a0der Bewohner, regten sie zum Reden an und zauberten ein L\u00e4cheln<\/div><div>auf ihre Gesichter, denn Tiere bringen einfach Freude.<\/div><\/div><div class=\"x11i5rnm xat24cr x1mh8g0r x1vvkbs xtlvy1s x126k92a\"><div>Es war ein wundervoller Besuch f\u00fcr alle Beteiligten. Die Ponys genossen die Aufmerksamkeit und die M\u00f6hren, w\u00e4hrend die Senioren sich \u00fcber die Ponys und die willkommene Abwechslung freuten.<\/div><\/div><div class=\"x11i5rnm xat24cr x1mh8g0r x1vvkbs xtlvy1s x126k92a\"><div>Wir danken herzlich f\u00fcr diesen gro\u00dfartigen Besuch und das sch\u00f6ne Erlebnis! Ein besonderes Dankesch\u00f6n geht an Jaqueline und Roberto Schulz aus Vipperow, die uns und unsere Ponys zum Pflegeheim gefahren haben.<\/div><div>\u00a0<\/div><\/div>\t\t\t\t\t\t\t\t<\/div>\n\t\t\t\t<\/div>\n\t\t\t\t<div class=\"elementor-element elementor-element-8e6ff9d elementor-widget elementor-widget-image\" data-id=\"8e6ff9d\" data-element_type=\"widget\" data-e-type=\"widget\" data-widget_type=\"image.default\">\n\t\t\t\t<div class=\"elementor-widget-container\">\n\t\t\t\t\t\t\t\t\t\t\t\t\t\t\t<img loading=\"lazy\" decoding=\"async\" width=\"768\" height=\"576\" src=\"https:\/\/ponysportverein-roebel-mueritz.de\/wp-content\/uploads\/2025\/04\/3ab48169-a403-4f6c-8f7e-f6d7dda32f6c-768x576.jpeg\" class=\"attachment-medium_large size-medium_large wp-image-2794\" alt=\"\" srcset=\"https:\/\/ponysportverein-roebel-mueritz.de\/wp-content\/uploads\/2025\/04\/3ab48169-a403-4f6c-8f7e-f6d7dda32f6c-768x576.jpeg 768w, https:\/\/ponysportverein-roebel-mueritz.de\/wp-content\/uploads\/2025\/04\/3ab48169-a403-4f6c-8f7e-f6d7dda32f6c-300x225.jpeg 300w, https:\/\/ponysportverein-roebel-mueritz.de\/wp-content\/uploads\/2025\/04\/3ab48169-a403-4f6c-8f7e-f6d7dda32f6c-1024x768.jpeg 1024w, https:\/\/ponysportverein-roebel-mueritz.de\/wp-content\/uploads\/2025\/04\/3ab48169-a403-4f6c-8f7e-f6d7dda32f6c-980x735.jpeg 980w, https:\/\/ponysportverein-roebel-mueritz.de\/wp-content\/uploads\/2025\/04\/3ab48169-a403-4f6c-8f7e-f6d7dda32f6c.jpeg 1280w\" sizes=\"(max-width: 768px) 100vw, 768px\" \/>\t\t\t\t\t\t\t\t\t\t\t\t\t\t\t<\/div>\n\t\t\t\t<\/div>\n\t\t\t\t<div class=\"elementor-element elementor-element-6a1f822 elementor-widget elementor-widget-text-editor\" data-id=\"6a1f822\" data-element_type=\"widget\" data-e-type=\"widget\" data-widget_type=\"text-editor.default\">\n\t\t\t\t<div class=\"elementor-widget-container\">\n\t\t\t\t\t\t\t\t\t<p>16. April 2025<\/p>\t\t\t\t\t\t\t\t<\/div>\n\t\t\t\t<\/div>\n\t\t\t\t<div class=\"elementor-element elementor-element-799a99e elementor-widget-divider--view-line elementor-widget elementor-widget-divider\" data-id=\"799a99e\" data-element_type=\"widget\" data-e-type=\"widget\" data-widget_type=\"divider.default\">\n\t\t\t\t<div class=\"elementor-widget-container\">\n\t\t\t\t\t\t\t<div class=\"elementor-divider\">\n\t\t\t<span class=\"elementor-divider-separator\">\n\t\t\t\t\t\t<\/span>\n\t\t<\/div>\n\t\t\t\t\t\t<\/div>\n\t\t\t\t<\/div>\n\t\t\t\t<div class=\"elementor-element elementor-element-0de4108 elementor-widget elementor-widget-heading\" data-id=\"0de4108\" data-element_type=\"widget\" data-e-type=\"widget\" data-widget_type=\"heading.default\">\n\t\t\t\t<div class=\"elementor-widget-container\">\n\t\t\t\t\t<h2 class=\"elementor-heading-title elementor-size-default\">Erfolgreicher Flohmarkt des Ponysportvereins: Ein Tag voller Freude und Tr\u00f6del<\/h2>\t\t\t\t<\/div>\n\t\t\t\t<\/div>\n\t\t\t\t<div class=\"elementor-element elementor-element-2a69574 elementor-widget elementor-widget-text-editor\" data-id=\"2a69574\" data-element_type=\"widget\" data-e-type=\"widget\" data-widget_type=\"text-editor.default\">\n\t\t\t\t<div class=\"elementor-widget-container\">\n\t\t\t\t\t\t\t\t\t<p>Am 12. April durften wir, der Ponysportverein, bei strahlendem Sonnenschein unseren dritten \u201eheimeligen\u201c Flohmarkt erleben. Der Tag war ein voller Erfolg und zog zahlreiche Besucher an, die auf der Suche nach besonderen Schn\u00e4ppchen waren. Viele kleine und gro\u00dfe Tr\u00f6dler fanden sich auf unserem Flohmarkt ein, um allerlei Sch\u00e4tze aus Keller, Dachboden und Spielkiste anzubieten. Von alten B\u00fcchern \u00fcber Vintage-Kleidung bis hin zu seltenen Spielzeugen war f\u00fcr jeden etwas dabei. Unsere Besucher durchst\u00f6berten mit Begeisterung die St\u00e4nde und fanden das eine oder andere besondere St\u00fcck f\u00fcr sich oder als Geschenk.<\/p><p>Neben dem Tr\u00f6deln bot unser Flohmarkt auch Gelegenheit zum gem\u00fctlichen Verweilen. Bei Kaffee und selbstgebackenem Kuchen, den unsere Vereinsmitglieder mit viel Liebe zubereitet hatten, kamen die Besucher miteinander ins Gespr\u00e4ch. Auch die kleinen G\u00e4ste kamen bei uns auf ihre Kosten. Sie hatten die M\u00f6glichkeit, auf unseren Ponys zu reiten, was f\u00fcr viele ein besonderes Highlight war. Die Animateur-Agentur Lindner sorgte zus\u00e4tzlich f\u00fcr kreative Unterhaltung, sodass keine Langeweile aufkam.<\/p><p>F\u00fcr das leibliche Wohl unserer G\u00e4ste war ebenfalls bestens gesorgt. Die Jugendfeuerwehr R\u00f6bel\/M\u00fcritz grillte Bratw\u00fcrste, w\u00e4hrend unsere Vereinsmitglieder k\u00fchle Getr\u00e4nke ausschenkten, Pommes frittierten und Kaffee sowie Kuchen verkauften. Au\u00dferdem boten Sch\u00fclerinnen der 11. Klasse des Schulcampus R\u00f6bel\/M\u00fcritz verschiedene Salate an und f\u00fcllten damit ihre Kasse f\u00fcr den Abiball 2026 auf. Die kulinarische Vielfalt fand gro\u00dfen Anklang bei den Besuchern.<\/p><p>Wir m\u00f6chten uns herzlich bei allen H\u00e4ndlern, Kuchenspendern und Helfern bedanken, die mit gro\u00dfem Einsatz zum Gelingen unseres Flohmarkts beigetragen haben. Dank ihrer Unterst\u00fctzung wurde der Flohmarkt zu einem unvergesslichen Erlebnis f\u00fcr alle Beteiligten. Ein herzliches Dankesch\u00f6n an Enrico Lindner vom DOCK 10, der uns nicht nur seinen Bierwagen sondern auch Fritteusen und eine Slush-Eis-Maschine zur Verf\u00fcgung stellte.<\/p><p>Der gelungene Flohmarkt hat gezeigt, wie wichtig Gemeinschaft und Engagement f\u00fcr den Erfolg einer solchen Veranstaltung sind. Wir freuen uns bereits auf den n\u00e4chsten Flohmarkt und hoffen, dass er genauso erfolgreich wird wie dieser.<\/p>\t\t\t\t\t\t\t\t<\/div>\n\t\t\t\t<\/div>\n\t\t\t\t<div class=\"elementor-element elementor-element-8bd7540 elementor-widget elementor-widget-image\" data-id=\"8bd7540\" data-element_type=\"widget\" data-e-type=\"widget\" data-widget_type=\"image.default\">\n\t\t\t\t<div class=\"elementor-widget-container\">\n\t\t\t\t\t\t\t\t\t\t\t\t\t\t\t<img loading=\"lazy\" decoding=\"async\" width=\"768\" height=\"768\" src=\"https:\/\/ponysportverein-roebel-mueritz.de\/wp-content\/uploads\/2025\/04\/Flohmarkt-768x768.jpeg\" class=\"attachment-medium_large size-medium_large wp-image-2789\" alt=\"\" srcset=\"https:\/\/ponysportverein-roebel-mueritz.de\/wp-content\/uploads\/2025\/04\/Flohmarkt-768x768.jpeg 768w, https:\/\/ponysportverein-roebel-mueritz.de\/wp-content\/uploads\/2025\/04\/Flohmarkt-300x300.jpeg 300w, https:\/\/ponysportverein-roebel-mueritz.de\/wp-content\/uploads\/2025\/04\/Flohmarkt-150x150.jpeg 150w, https:\/\/ponysportverein-roebel-mueritz.de\/wp-content\/uploads\/2025\/04\/Flohmarkt-75x75.jpeg 75w, https:\/\/ponysportverein-roebel-mueritz.de\/wp-content\/uploads\/2025\/04\/Flohmarkt.jpeg 960w\" sizes=\"(max-width: 768px) 100vw, 768px\" \/>\t\t\t\t\t\t\t\t\t\t\t\t\t\t\t<\/div>\n\t\t\t\t<\/div>\n\t\t\t\t<div class=\"elementor-element elementor-element-625e152 elementor-widget elementor-widget-text-editor\" data-id=\"625e152\" data-element_type=\"widget\" data-e-type=\"widget\" data-widget_type=\"text-editor.default\">\n\t\t\t\t<div class=\"elementor-widget-container\">\n\t\t\t\t\t\t\t\t\t<p>12. April 2025<\/p>\t\t\t\t\t\t\t\t<\/div>\n\t\t\t\t<\/div>\n\t\t\t\t<div class=\"elementor-element elementor-element-40d3e87 elementor-widget-divider--view-line elementor-widget elementor-widget-divider\" data-id=\"40d3e87\" data-element_type=\"widget\" data-e-type=\"widget\" data-widget_type=\"divider.default\">\n\t\t\t\t<div class=\"elementor-widget-container\">\n\t\t\t\t\t\t\t<div class=\"elementor-divider\">\n\t\t\t<span class=\"elementor-divider-separator\">\n\t\t\t\t\t\t<\/span>\n\t\t<\/div>\n\t\t\t\t\t\t<\/div>\n\t\t\t\t<\/div>\n\t\t\t\t<div class=\"elementor-element elementor-element-e578be1 elementor-widget elementor-widget-heading\" data-id=\"e578be1\" data-element_type=\"widget\" data-e-type=\"widget\" data-widget_type=\"heading.default\">\n\t\t\t\t<div class=\"elementor-widget-container\">\n\t\t\t\t\t<h2 class=\"elementor-heading-title elementor-size-default\">Unterst\u00fctzt unser 29. Pfingstturnier \u201eSpeckreiten\u201c am 9. Juni 2025!<\/h2>\t\t\t\t<\/div>\n\t\t\t\t<\/div>\n\t\t\t\t<div class=\"elementor-element elementor-element-9b6b141 elementor-widget elementor-widget-text-editor\" data-id=\"9b6b141\" data-element_type=\"widget\" data-e-type=\"widget\" data-widget_type=\"text-editor.default\">\n\t\t\t\t<div class=\"elementor-widget-container\">\n\t\t\t\t\t\t\t\t\t<div><div class=\"x11i5rnm xat24cr x1mh8g0r x1vvkbs xtlvy1s x126k92a\"><div>Wir planen 14 Wettbewerbe, darunter Hindernisfahren und das traditionelle Pferdeflachrennen \u201eSpeckreiten\u201c.<\/div><div>Das Pferdesportereignis ist bei Jung und Alt beliebt, aber kostenintensiv, weshalb wir auf finanzielle Unterst\u00fctzung von Euch, liebe Unternehmen und Privatpersonen, angewiesen sind.<\/div><div>Eure Unterst\u00fctzung kann in Form von Geldspenden oder tollen Preisen f\u00fcr unsere Tombola erfolgen. Im Gegenzug bieten wir Werbem\u00f6glichkeiten und freien Eintritt.<\/div><\/div><div class=\"x11i5rnm xat24cr x1mh8g0r x1vvkbs xtlvy1s x126k92a\"><div>Spenden k\u00f6nnen auf folgendes Konto \u00fcberwiesen werden:<\/div><div>\u00a0<\/div><div>M\u00fcritz-Sparkasse<\/div><div>IBAN: DE34 1505 0100 0110 1129 97<\/div><div>BIC: NOLADE21WRN<\/div><div>\u00a0<\/div><\/div><div class=\"x11i5rnm xat24cr x1mh8g0r x1vvkbs xtlvy1s x126k92a\"><div>Fragen oder weitere Ideen? Meldet Euch einfach bei uns!<\/div><div>Ein riesiges Dankesch\u00f6n f\u00fcr Eure Unterst\u00fctzung!<\/div><\/div><\/div><div>\u00a0<\/div>\t\t\t\t\t\t\t\t<\/div>\n\t\t\t\t<\/div>\n\t\t\t\t<div class=\"elementor-element elementor-element-1da3e50 elementor-widget elementor-widget-image\" data-id=\"1da3e50\" data-element_type=\"widget\" data-e-type=\"widget\" data-widget_type=\"image.default\">\n\t\t\t\t<div class=\"elementor-widget-container\">\n\t\t\t\t\t\t\t\t\t\t\t\t\t\t\t<img loading=\"lazy\" decoding=\"async\" width=\"768\" height=\"768\" src=\"https:\/\/ponysportverein-roebel-mueritz.de\/wp-content\/uploads\/2025\/04\/Unterstuetzung_29.Speckreiten-Facebook-Post-768x768.jpg\" class=\"attachment-medium_large size-medium_large wp-image-2534\" alt=\"\" srcset=\"https:\/\/ponysportverein-roebel-mueritz.de\/wp-content\/uploads\/2025\/04\/Unterstuetzung_29.Speckreiten-Facebook-Post-768x768.jpg 768w, https:\/\/ponysportverein-roebel-mueritz.de\/wp-content\/uploads\/2025\/04\/Unterstuetzung_29.Speckreiten-Facebook-Post-300x300.jpg 300w, https:\/\/ponysportverein-roebel-mueritz.de\/wp-content\/uploads\/2025\/04\/Unterstuetzung_29.Speckreiten-Facebook-Post-1024x1024.jpg 1024w, https:\/\/ponysportverein-roebel-mueritz.de\/wp-content\/uploads\/2025\/04\/Unterstuetzung_29.Speckreiten-Facebook-Post-150x150.jpg 150w, https:\/\/ponysportverein-roebel-mueritz.de\/wp-content\/uploads\/2025\/04\/Unterstuetzung_29.Speckreiten-Facebook-Post-980x980.jpg 980w, https:\/\/ponysportverein-roebel-mueritz.de\/wp-content\/uploads\/2025\/04\/Unterstuetzung_29.Speckreiten-Facebook-Post-75x75.jpg 75w, https:\/\/ponysportverein-roebel-mueritz.de\/wp-content\/uploads\/2025\/04\/Unterstuetzung_29.Speckreiten-Facebook-Post.jpg 1200w\" sizes=\"(max-width: 768px) 100vw, 768px\" \/>\t\t\t\t\t\t\t\t\t\t\t\t\t\t\t<\/div>\n\t\t\t\t<\/div>\n\t\t\t\t<div class=\"elementor-element elementor-element-34f7381 elementor-widget elementor-widget-text-editor\" data-id=\"34f7381\" data-element_type=\"widget\" data-e-type=\"widget\" data-widget_type=\"text-editor.default\">\n\t\t\t\t<div class=\"elementor-widget-container\">\n\t\t\t\t\t\t\t\t\t<p>01. April 2025<\/p>\t\t\t\t\t\t\t\t<\/div>\n\t\t\t\t<\/div>\n\t\t\t\t<div class=\"elementor-element elementor-element-dc58106 elementor-widget-divider--view-line elementor-widget elementor-widget-divider\" data-id=\"dc58106\" data-element_type=\"widget\" data-e-type=\"widget\" data-widget_type=\"divider.default\">\n\t\t\t\t<div class=\"elementor-widget-container\">\n\t\t\t\t\t\t\t<div class=\"elementor-divider\">\n\t\t\t<span class=\"elementor-divider-separator\">\n\t\t\t\t\t\t<\/span>\n\t\t<\/div>\n\t\t\t\t\t\t<\/div>\n\t\t\t\t<\/div>\n\t\t\t\t<div class=\"elementor-element elementor-element-5e43366 elementor-widget elementor-widget-heading\" data-id=\"5e43366\" data-element_type=\"widget\" data-e-type=\"widget\" data-widget_type=\"heading.default\">\n\t\t\t\t<div class=\"elementor-widget-container\">\n\t\t\t\t\t<h2 class=\"elementor-heading-title elementor-size-default\">Einladung zum dritten \"heimeligen\" Flohmarkt des Ponysportvereins R\u00f6bel\/M\u00fcritz\n<\/h2>\t\t\t\t<\/div>\n\t\t\t\t<\/div>\n\t\t\t\t<div class=\"elementor-element elementor-element-58aff21 elementor-widget elementor-widget-text-editor\" data-id=\"58aff21\" data-element_type=\"widget\" data-e-type=\"widget\" data-widget_type=\"text-editor.default\">\n\t\t\t\t<div class=\"elementor-widget-container\">\n\t\t\t\t\t\t\t\t\t<div class=\"x11i5rnm xat24cr x1mh8g0r x1vvkbs xtlvy1s x126k92a\"><div>Der Ponysportverein R\u00f6bel\/M\u00fcritz \u00f6ffnet seine T\u00fcren f\u00fcr den dritten \u201egem\u00fctlichen\u201c Flohmarkt, der am Samstag, den 12. April 2025, stattfinden wird! Ab 10:30 Uhr bis 16:00 Uhr verwandelt sich unser Vereinsgel\u00e4nde (Gotthunskamp, hinter der Feuerwehr) in ein Paradies f\u00fcr Schn\u00e4ppchenj\u00e4ger!<\/div><\/div><div class=\"x11i5rnm xat24cr x1mh8g0r x1vvkbs xtlvy1s x126k92a\"><div>Es sind noch Anmeldungen f\u00fcr Verkaufsst\u00e4nde m\u00f6glich. Interessierte k\u00f6nnen sich unter der Telefonnummer 0174 3140852 anmelden. Die Standgeb\u00fchr betr\u00e4gt 10 \u20ac.<\/div><div>F\u00fcr das leibliche Wohl wird bestens gesorgt: Die Jugendfeuerwehr R\u00f6bel\/M\u00fcritz grillt saftige Bratw\u00fcrste, w\u00e4hrend die Vereinsmitglieder und Freunde des Vereins euch mit knusprigen Pommes, leckerem Kaffee und Kuchen verw\u00f6hnen. Durst? Kein Problem! Es gibt erfrischende Slushies und ein Bierwagen wird ebenso vor Ort sein!<\/div><div>Neben dem Flohmarkt bieten wir auch spannende Aktivit\u00e4ten, wie Ponyreiten, Kinderschminken und eine kreative Bastelstra\u00dfe an, die besonders unsere kleinen G\u00e4ste erfreuen werden.<span class=\"html-span xexx8yu x4uap5 x18d9i69 xkhd6sd x1hl2dhg x16tdsg8 x1vvkbs x3nfvp2 x1j61x8r x1fcty0u xdj266r xat24cr xgzva0m xhhsvwb xxymvpz xlup9mm x1kky2od\"><br \/><\/span><\/div><\/div><div class=\"x11i5rnm xat24cr x1mh8g0r x1vvkbs xtlvy1s x126k92a\"><div>Der Ponysportverein R\u00f6bel\/M\u00fcritz kann es kaum erwarten, euch zahlreich willkommen zu hei\u00dfen und gemeinsam einen unvergesslichen Tag zu verbringen. Schaut vorbei, st\u00f6bert durch die St\u00e4nde und genie\u00dft einen entspannten Tag mit uns!<\/div><div>F\u00fcr mehr Infos ruft uns einfach unter der oben genannten Nummer an.<\/div><div>Wir freuen uns riesig auf euch!<\/div><\/div>\t\t\t\t\t\t\t\t<\/div>\n\t\t\t\t<\/div>\n\t\t\t\t<div class=\"elementor-element elementor-element-0566abd elementor-widget elementor-widget-image\" data-id=\"0566abd\" data-element_type=\"widget\" data-e-type=\"widget\" data-widget_type=\"image.default\">\n\t\t\t\t<div class=\"elementor-widget-container\">\n\t\t\t\t\t\t\t\t\t\t\t\t\t\t\t<img loading=\"lazy\" decoding=\"async\" width=\"768\" height=\"768\" src=\"https:\/\/ponysportverein-roebel-mueritz.de\/wp-content\/uploads\/2025\/03\/Flyer-Flohmarkt-2025-768x768.jpg\" class=\"attachment-medium_large size-medium_large wp-image-2458\" alt=\"\" srcset=\"https:\/\/ponysportverein-roebel-mueritz.de\/wp-content\/uploads\/2025\/03\/Flyer-Flohmarkt-2025-768x768.jpg 768w, https:\/\/ponysportverein-roebel-mueritz.de\/wp-content\/uploads\/2025\/03\/Flyer-Flohmarkt-2025-300x300.jpg 300w, https:\/\/ponysportverein-roebel-mueritz.de\/wp-content\/uploads\/2025\/03\/Flyer-Flohmarkt-2025-1024x1024.jpg 1024w, https:\/\/ponysportverein-roebel-mueritz.de\/wp-content\/uploads\/2025\/03\/Flyer-Flohmarkt-2025-150x150.jpg 150w, https:\/\/ponysportverein-roebel-mueritz.de\/wp-content\/uploads\/2025\/03\/Flyer-Flohmarkt-2025-980x980.jpg 980w, https:\/\/ponysportverein-roebel-mueritz.de\/wp-content\/uploads\/2025\/03\/Flyer-Flohmarkt-2025-75x75.jpg 75w, https:\/\/ponysportverein-roebel-mueritz.de\/wp-content\/uploads\/2025\/03\/Flyer-Flohmarkt-2025.jpg 1200w\" sizes=\"(max-width: 768px) 100vw, 768px\" \/>\t\t\t\t\t\t\t\t\t\t\t\t\t\t\t<\/div>\n\t\t\t\t<\/div>\n\t\t\t\t<div class=\"elementor-element elementor-element-4ec98b8 elementor-widget elementor-widget-text-editor\" data-id=\"4ec98b8\" data-element_type=\"widget\" data-e-type=\"widget\" data-widget_type=\"text-editor.default\">\n\t\t\t\t<div class=\"elementor-widget-container\">\n\t\t\t\t\t\t\t\t\t<p>18. M\u00e4rz 2025<\/p>\t\t\t\t\t\t\t\t<\/div>\n\t\t\t\t<\/div>\n\t\t\t\t<div class=\"elementor-element elementor-element-ab7deda elementor-widget-divider--view-line elementor-widget elementor-widget-divider\" data-id=\"ab7deda\" data-element_type=\"widget\" data-e-type=\"widget\" data-widget_type=\"divider.default\">\n\t\t\t\t<div class=\"elementor-widget-container\">\n\t\t\t\t\t\t\t<div class=\"elementor-divider\">\n\t\t\t<span class=\"elementor-divider-separator\">\n\t\t\t\t\t\t<\/span>\n\t\t<\/div>\n\t\t\t\t\t\t<\/div>\n\t\t\t\t<\/div>\n\t\t\t\t<div class=\"elementor-element elementor-element-48c5598 elementor-widget elementor-widget-heading\" data-id=\"48c5598\" data-element_type=\"widget\" data-e-type=\"widget\" data-widget_type=\"heading.default\">\n\t\t\t\t<div class=\"elementor-widget-container\">\n\t\t\t\t\t<h2 class=\"elementor-heading-title elementor-size-default\">Ehrung \"Kinder- und Jugendfreundlicher Sportverein\"\n<\/h2>\t\t\t\t<\/div>\n\t\t\t\t<\/div>\n\t\t\t\t<div class=\"elementor-element elementor-element-2d5fc75 elementor-widget elementor-widget-text-editor\" data-id=\"2d5fc75\" data-element_type=\"widget\" data-e-type=\"widget\" data-widget_type=\"text-editor.default\">\n\t\t\t\t<div class=\"elementor-widget-container\">\n\t\t\t\t\t\t\t\t\t<div class=\"x11i5rnm xat24cr x1mh8g0r x1vvkbs xtlvy1s x126k92a\"><div>Am Samstag, den 16. M\u00e4rz 2025, waren unsere Vereinsvorsitzende und der Jugendvorstand zu Gast bei der Ehrungsveranstaltung f\u00fcr die Jugend- und Juniorenmeister 2024 im Karls Erlebnis-Dorf  i<span style=\"font-family: inherit;\">n R\u00f6vershagen. Im Rahmen der Ehrungen durften wir eine besondere Auszeichnung von Ministerin Stefanie Drese, Landessportbund-Pr\u00e4sident Andreas Bluhm und Sportjugend-Vorsitzendem Theo Hadrath entgegennehmen. <\/span><\/div><div><span class=\"html-span xexx8yu x4uap5 x18d9i69 xkhd6sd x1hl2dhg x16tdsg8 x1vvkbs x3nfvp2 x1j61x8r x1fcty0u xdj266r xat24cr xgzva0m xhhsvwb xxymvpz xlup9mm x1kky2od\">\u00a0<\/span><\/div><\/div><div class=\"x11i5rnm xat24cr x1mh8g0r x1vvkbs xtlvy1s x126k92a\"><div>Die Sportjugend Mecklenburg-Vorpommern im Landessportbund M-V und das Ministerium f\u00fcr Soziales, Gesundheit und Sport M-V ehren j\u00e4hrlich engagierte Sportvereine, welche gemeinsam mit Kindern und Jugendlichen ein attraktives Vereinsleben entwickeln. Die Ausrichter unterscheiden dabei verschiedene Kategorien. In der Wertung f\u00fcr Kleinsportvereine (7 bis 149 Mitglieder) erzielten wir den 2. Platz f\u00fcr hervorragende Kinder- und Jugendarbeit und wurden mit dem Qualit\u00e4tssiegel \u201eKinder- und Jugendfreundlicher Sportverein 2024\u201c ausgezeichnet. <span class=\"html-span xexx8yu x4uap5 x18d9i69 xkhd6sd x1hl2dhg x16tdsg8 x1vvkbs x3nfvp2 x1j61x8r x1fcty0u xdj266r xat24cr xgzva0m xhhsvwb xxymvpz xlup9mm x1kky2od\"><br \/><\/span><\/div><\/div><div class=\"x11i5rnm xat24cr x1mh8g0r x1vvkbs xtlvy1s x126k92a\"><div>Wir sind sehr stolz auf diese Auszeichnung und motiviert, unsere gute Vereinsarbeit fortzusetzen. Die finanzielle Zuwendung wird vollst\u00e4ndig in die Vereinsarbeit flie\u00dfen und somit in gro\u00dfem Ma\u00dfe der Kinder- und Jugendarbeit zugutekommen.<\/div><div>\u00a0<\/div><\/div>\t\t\t\t\t\t\t\t<\/div>\n\t\t\t\t<\/div>\n\t\t\t\t<div class=\"elementor-element elementor-element-d4007bf elementor-widget elementor-widget-image\" data-id=\"d4007bf\" data-element_type=\"widget\" data-e-type=\"widget\" data-widget_type=\"image.default\">\n\t\t\t\t<div class=\"elementor-widget-container\">\n\t\t\t\t\t\t\t\t\t\t\t\t\t\t\t<img loading=\"lazy\" decoding=\"async\" width=\"768\" height=\"878\" src=\"https:\/\/ponysportverein-roebel-mueritz.de\/wp-content\/uploads\/2025\/03\/Jugendsport-2025-768x878.jpeg\" class=\"attachment-medium_large size-medium_large wp-image-2466\" alt=\"\" srcset=\"https:\/\/ponysportverein-roebel-mueritz.de\/wp-content\/uploads\/2025\/03\/Jugendsport-2025-768x878.jpeg 768w, https:\/\/ponysportverein-roebel-mueritz.de\/wp-content\/uploads\/2025\/03\/Jugendsport-2025-262x300.jpeg 262w, https:\/\/ponysportverein-roebel-mueritz.de\/wp-content\/uploads\/2025\/03\/Jugendsport-2025-895x1024.jpeg 895w, https:\/\/ponysportverein-roebel-mueritz.de\/wp-content\/uploads\/2025\/03\/Jugendsport-2025.jpeg 960w\" sizes=\"(max-width: 768px) 100vw, 768px\" \/>\t\t\t\t\t\t\t\t\t\t\t\t\t\t\t<\/div>\n\t\t\t\t<\/div>\n\t\t\t\t<div class=\"elementor-element elementor-element-137a92c elementor-widget elementor-widget-text-editor\" data-id=\"137a92c\" data-element_type=\"widget\" data-e-type=\"widget\" data-widget_type=\"text-editor.default\">\n\t\t\t\t<div class=\"elementor-widget-container\">\n\t\t\t\t\t\t\t\t\t<p>16. M\u00e4rz 2025<\/p>\t\t\t\t\t\t\t\t<\/div>\n\t\t\t\t<\/div>\n\t\t\t\t<div class=\"elementor-element elementor-element-f65145d elementor-widget-divider--view-line elementor-widget elementor-widget-divider\" data-id=\"f65145d\" data-element_type=\"widget\" data-e-type=\"widget\" data-widget_type=\"divider.default\">\n\t\t\t\t<div class=\"elementor-widget-container\">\n\t\t\t\t\t\t\t<div class=\"elementor-divider\">\n\t\t\t<span class=\"elementor-divider-separator\">\n\t\t\t\t\t\t<\/span>\n\t\t<\/div>\n\t\t\t\t\t\t<\/div>\n\t\t\t\t<\/div>\n\t\t\t\t<div class=\"elementor-element elementor-element-fe7e408 elementor-widget elementor-widget-heading\" data-id=\"fe7e408\" data-element_type=\"widget\" data-e-type=\"widget\" data-widget_type=\"heading.default\">\n\t\t\t\t<div class=\"elementor-widget-container\">\n\t\t\t\t\t<h2 class=\"elementor-heading-title elementor-size-default\">Mitgliederversammlung und Wahl des Jugendvorstandes<\/h2>\t\t\t\t<\/div>\n\t\t\t\t<\/div>\n\t\t\t\t<div class=\"elementor-element elementor-element-d9777c9 elementor-widget elementor-widget-text-editor\" data-id=\"d9777c9\" data-element_type=\"widget\" data-e-type=\"widget\" data-widget_type=\"text-editor.default\">\n\t\t\t\t<div class=\"elementor-widget-container\">\n\t\t\t\t\t\t\t\t\t<div class=\"x11i5rnm xat24cr x1mh8g0r x1vvkbs xtlvy1s x126k92a\"><div>Am vergangenen Freitag fand unsere ordentliche Mitgliederversammlung im Lindo`s statt. Nach einem R\u00fcckblick und Ausblick durch unsere Vereinsf\u00fchrung lag der Schwerpunkt der Versammlung auf der Wahl des neuen Jugendvorstandes. Neben Mitgliedern des bisherigen Vorstandes stellten sich auch einige Neuzug\u00e4nge zur Wahl.<\/div><div>Nach einstimmiger Wahl werden Franziska Jens (Jugendwartin), Hanna Kroeger (stellvertretende Jugendwartin), Marie Schulz (Jugendsprecherin) und Lia Perlick (Protokollf\u00fchrerin) k\u00fcnftig den Jugendvorstand bilden. Unsere Vereinsvorsitzende Katharina Kroeger gratulierte den neu gew\u00e4hlten Mitgliedern, die sich ihrerseits f\u00fcr das entgegengebrachte Vertrauen bedankten und sich auf die Zusammenarbeit freuen.<span class=\"html-span xexx8yu x4uap5 x18d9i69 xkhd6sd x1hl2dhg x16tdsg8 x1vvkbs x3nfvp2 x1j61x8r x1fcty0u xdj266r xat24cr xgzva0m xhhsvwb xxymvpz xlup9mm x1kky2od\"><br \/><\/span><\/div><\/div><div class=\"x11i5rnm xat24cr x1mh8g0r x1vvkbs xtlvy1s x126k92a\"><div>Insgesamt war unsere Mitgliederversammlung ein Erfolg. Wir blicken gespannt auf die kommenden Veranstaltungen, wie den Flohmarkt, die Saisoner\u00f6ffnung \u201eTag der Vereine\u201c und nat\u00fcrlich das Pfingstturnier \u201eSpeckreiten\u201c. Zudem wird in diesem Jahr ein kostenloser Erste-Hilfe-Kurs f\u00fcr die Kinder unseres Vereins angeboten.<\/div><\/div>\t\t\t\t\t\t\t\t<\/div>\n\t\t\t\t<\/div>\n\t\t\t\t<div class=\"elementor-element elementor-element-3aec800 elementor-widget elementor-widget-image\" data-id=\"3aec800\" data-element_type=\"widget\" data-e-type=\"widget\" data-widget_type=\"image.default\">\n\t\t\t\t<div class=\"elementor-widget-container\">\n\t\t\t\t\t\t\t\t\t\t\t\t\t\t\t<img loading=\"lazy\" decoding=\"async\" width=\"768\" height=\"1024\" src=\"https:\/\/ponysportverein-roebel-mueritz.de\/wp-content\/uploads\/2025\/03\/Mitglieder-2025-768x1024.jpeg\" class=\"attachment-medium_large size-medium_large wp-image-2462\" alt=\"\" srcset=\"https:\/\/ponysportverein-roebel-mueritz.de\/wp-content\/uploads\/2025\/03\/Mitglieder-2025-768x1024.jpeg 768w, https:\/\/ponysportverein-roebel-mueritz.de\/wp-content\/uploads\/2025\/03\/Mitglieder-2025-225x300.jpeg 225w, https:\/\/ponysportverein-roebel-mueritz.de\/wp-content\/uploads\/2025\/03\/Mitglieder-2025.jpeg 960w\" sizes=\"(max-width: 768px) 100vw, 768px\" \/>\t\t\t\t\t\t\t\t\t\t\t\t\t\t\t<\/div>\n\t\t\t\t<\/div>\n\t\t\t\t<div class=\"elementor-element elementor-element-26e5249 elementor-widget elementor-widget-text-editor\" data-id=\"26e5249\" data-element_type=\"widget\" data-e-type=\"widget\" data-widget_type=\"text-editor.default\">\n\t\t\t\t<div class=\"elementor-widget-container\">\n\t\t\t\t\t\t\t\t\t<p>14. M\u00e4rz 2025<\/p>\t\t\t\t\t\t\t\t<\/div>\n\t\t\t\t<\/div>\n\t\t\t\t<div class=\"elementor-element elementor-element-a6a9cde elementor-widget-divider--view-line elementor-widget elementor-widget-divider\" data-id=\"a6a9cde\" data-element_type=\"widget\" data-e-type=\"widget\" data-widget_type=\"divider.default\">\n\t\t\t\t<div class=\"elementor-widget-container\">\n\t\t\t\t\t\t\t<div class=\"elementor-divider\">\n\t\t\t<span class=\"elementor-divider-separator\">\n\t\t\t\t\t\t<\/span>\n\t\t<\/div>\n\t\t\t\t\t\t<\/div>\n\t\t\t\t<\/div>\n\t\t\t\t<div class=\"elementor-element elementor-element-8957e67 elementor-widget elementor-widget-heading\" data-id=\"8957e67\" data-element_type=\"widget\" data-e-type=\"widget\" data-widget_type=\"heading.default\">\n\t\t\t\t<div class=\"elementor-widget-container\">\n\t\t\t\t\t<h2 class=\"elementor-heading-title elementor-size-default\">Spendenkampagne f\u00fcr unseren Vereinsreitplatz\n<\/h2>\t\t\t\t<\/div>\n\t\t\t\t<\/div>\n\t\t\t\t<div class=\"elementor-element elementor-element-d6f7922 elementor-widget elementor-widget-text-editor\" data-id=\"d6f7922\" data-element_type=\"widget\" data-e-type=\"widget\" data-widget_type=\"text-editor.default\">\n\t\t\t\t<div class=\"elementor-widget-container\">\n\t\t\t\t\t\t\t\t\t<div class=\"x11i5rnm xat24cr x1mh8g0r x1vvkbs xtlvy1s x126k92a\"><div>Unser viel genutzter Reitplatz weist mittlerweile zahlreiche L\u00f6cher und Unebenheiten auf. <span class=\"html-span xexx8yu x4uap5 x18d9i69 xkhd6sd x1hl2dhg x16tdsg8 x1vvkbs x3nfvp2 x1j61x8r x1fcty0u xdj266r xat24cr xgzva0m xhhsvwb xxymvpz xlup9mm x1kky2od\"><br \/><\/span><\/div><div>Die Erneuerung der Tragschicht ist daher unumg\u00e4nglich, kostet jedoch ersten Sch\u00e4tzungen zufolge ca. 8.000,00 \u20ac.<\/div><\/div><div class=\"x11i5rnm xat24cr x1mh8g0r x1vvkbs xtlvy1s x126k92a\"><div>Wir sind \u00fcber jede noch so kleine Unterst\u00fctzung und Spende dankbar.<\/div><div><strong>Gerne auch teilen!<\/strong><\/div><\/div>\t\t\t\t\t\t\t\t<\/div>\n\t\t\t\t<\/div>\n\t\t\t\t<div class=\"elementor-element elementor-element-86b30be elementor-widget__width-initial elementor-widget elementor-widget-html\" data-id=\"86b30be\" data-element_type=\"widget\" data-e-type=\"widget\" data-widget_type=\"html.default\">\n\t\t\t\t<div class=\"elementor-widget-container\">\n\t\t\t\t\t<!-- Spendenseite Widget --> <div id=\"doneeractie_donatiemodule\" data-size=\"1\" data-donationactionid=\"91910\"><\/div> <script type=\"text\/javascript\" src=\"https:\/\/www.spendenseite.de\/widgets\/widget.js\"><\/script> <!-- Spendenseite Widget --> \t\t\t\t<\/div>\n\t\t\t\t<\/div>\n\t\t\t\t<div class=\"elementor-element elementor-element-9272e8c elementor-widget elementor-widget-text-editor\" data-id=\"9272e8c\" data-element_type=\"widget\" data-e-type=\"widget\" data-widget_type=\"text-editor.default\">\n\t\t\t\t<div class=\"elementor-widget-container\">\n\t\t\t\t\t\t\t\t\t<p>\u00a01. M\u00e4rz 2025<\/p>\t\t\t\t\t\t\t\t<\/div>\n\t\t\t\t<\/div>\n\t\t\t\t<div class=\"elementor-element elementor-element-fb29be8 elementor-widget-divider--view-line elementor-widget elementor-widget-divider\" data-id=\"fb29be8\" data-element_type=\"widget\" data-e-type=\"widget\" data-widget_type=\"divider.default\">\n\t\t\t\t<div class=\"elementor-widget-container\">\n\t\t\t\t\t\t\t<div class=\"elementor-divider\">\n\t\t\t<span class=\"elementor-divider-separator\">\n\t\t\t\t\t\t<\/span>\n\t\t<\/div>\n\t\t\t\t\t\t<\/div>\n\t\t\t\t<\/div>\n\t\t\t\t<div class=\"elementor-element elementor-element-acb135e elementor-widget elementor-widget-heading\" data-id=\"acb135e\" data-element_type=\"widget\" data-e-type=\"widget\" data-widget_type=\"heading.default\">\n\t\t\t\t<div class=\"elementor-widget-container\">\n\t\t\t\t\t<h2 class=\"elementor-heading-title elementor-size-default\">Wir sagen Danke!<\/h2>\t\t\t\t<\/div>\n\t\t\t\t<\/div>\n\t\t\t\t<div class=\"elementor-element elementor-element-8af207a elementor-widget elementor-widget-text-editor\" data-id=\"8af207a\" data-element_type=\"widget\" data-e-type=\"widget\" data-widget_type=\"text-editor.default\">\n\t\t\t\t<div class=\"elementor-widget-container\">\n\t\t\t\t\t\t\t\t\t<div class=\"x11i5rnm xat24cr x1mh8g0r x1vvkbs xtlvy1s x126k92a\"><div>Am Donnerstag durften wir uns \u00fcber eine gro\u00dfz\u00fcgige Spende aus der Weihnachtslotterie \u201eEin F\u00fcnfer f\u00fcr die Jugend\u201c des Lions-Clubs M\u00fcritz und des Rotary Clubs Waren (M\u00fcritz) freuen.<span class=\"html-span xexx8yu x4uap5 x18d9i69 xkhd6sd x1hl2dhg x16tdsg8 x1vvkbs x3nfvp2 x1j61x8r x1fcty0u xdj266r xat24cr xgzva0m xhhsvwb xxymvpz xlup9mm x1kky2od\"><br \/><\/span><\/div><\/div><div class=\"x11i5rnm xat24cr x1mh8g0r x1vvkbs xtlvy1s x126k92a\"><div>Unsere Vereinschefin und Emma, als Mitglied aus dem Jugendvorstand, nahmen an der feierlichen Spendenveranstaltung teil.<\/div><\/div><div class=\"x11i5rnm xat24cr x1mh8g0r x1vvkbs xtlvy1s x126k92a\"><div>Diese Finanzspritze hilft uns riesig bei der Finanzierung des Weidezeltes f\u00fcr unsere Ponys.<span class=\"html-span xexx8yu x4uap5 x18d9i69 xkhd6sd x1hl2dhg x16tdsg8 x1vvkbs x3nfvp2 x1j61x8r x1fcty0u xdj266r xat24cr xgzva0m xhhsvwb xxymvpz xlup9mm x1kky2od\"><br \/><\/span><\/div><div>\u00a0<\/div><div>Herzlichen Dank an den Lions Club und den Rotary Club f\u00fcr ihre wunderbare Unterst\u00fctzung unseres Projektes!<\/div><div>\u00a0<\/div><\/div>\t\t\t\t\t\t\t\t<\/div>\n\t\t\t\t<\/div>\n\t\t\t\t<div class=\"elementor-element elementor-element-ac5b253 elementor-widget elementor-widget-image\" data-id=\"ac5b253\" data-element_type=\"widget\" data-e-type=\"widget\" data-widget_type=\"image.default\">\n\t\t\t\t<div class=\"elementor-widget-container\">\n\t\t\t\t\t\t\t\t\t\t\t\t\t\t\t<img loading=\"lazy\" decoding=\"async\" width=\"768\" height=\"1191\" src=\"https:\/\/ponysportverein-roebel-mueritz.de\/wp-content\/uploads\/2025\/02\/eae9a8a3-e2a6-449a-81cd-bef3fe7bc3b1-768x1191.jpeg\" class=\"attachment-medium_large size-medium_large wp-image-2427\" alt=\"\" srcset=\"https:\/\/ponysportverein-roebel-mueritz.de\/wp-content\/uploads\/2025\/02\/eae9a8a3-e2a6-449a-81cd-bef3fe7bc3b1-768x1191.jpeg 768w, https:\/\/ponysportverein-roebel-mueritz.de\/wp-content\/uploads\/2025\/02\/eae9a8a3-e2a6-449a-81cd-bef3fe7bc3b1-193x300.jpeg 193w, https:\/\/ponysportverein-roebel-mueritz.de\/wp-content\/uploads\/2025\/02\/eae9a8a3-e2a6-449a-81cd-bef3fe7bc3b1-660x1024.jpeg 660w, https:\/\/ponysportverein-roebel-mueritz.de\/wp-content\/uploads\/2025\/02\/eae9a8a3-e2a6-449a-81cd-bef3fe7bc3b1-990x1536.jpeg 990w, https:\/\/ponysportverein-roebel-mueritz.de\/wp-content\/uploads\/2025\/02\/eae9a8a3-e2a6-449a-81cd-bef3fe7bc3b1-980x1520.jpeg 980w, https:\/\/ponysportverein-roebel-mueritz.de\/wp-content\/uploads\/2025\/02\/eae9a8a3-e2a6-449a-81cd-bef3fe7bc3b1.jpeg 1315w\" sizes=\"(max-width: 768px) 100vw, 768px\" \/>\t\t\t\t\t\t\t\t\t\t\t\t\t\t\t<\/div>\n\t\t\t\t<\/div>\n\t\t\t\t<div class=\"elementor-element elementor-element-7ed2365 elementor-widget elementor-widget-text-editor\" data-id=\"7ed2365\" data-element_type=\"widget\" data-e-type=\"widget\" data-widget_type=\"text-editor.default\">\n\t\t\t\t<div class=\"elementor-widget-container\">\n\t\t\t\t\t\t\t\t\t<p>30. Januar 2025<\/p>\t\t\t\t\t\t\t\t<\/div>\n\t\t\t\t<\/div>\n\t\t\t\t<div class=\"elementor-element elementor-element-3ab23e3 elementor-widget-divider--view-line elementor-widget elementor-widget-divider\" data-id=\"3ab23e3\" data-element_type=\"widget\" data-e-type=\"widget\" data-widget_type=\"divider.default\">\n\t\t\t\t<div class=\"elementor-widget-container\">\n\t\t\t\t\t\t\t<div class=\"elementor-divider\">\n\t\t\t<span class=\"elementor-divider-separator\">\n\t\t\t\t\t\t<\/span>\n\t\t<\/div>\n\t\t\t\t\t\t<\/div>\n\t\t\t\t<\/div>\n\t\t\t\t<div class=\"elementor-element elementor-element-15174e9 elementor-widget elementor-widget-heading\" data-id=\"15174e9\" data-element_type=\"widget\" data-e-type=\"widget\" data-widget_type=\"heading.default\">\n\t\t\t\t<div class=\"elementor-widget-container\">\n\t\t\t\t\t<h2 class=\"elementor-heading-title elementor-size-default\">Jugendvollversammlung der Sportjugend Mecklenburgische Seenplatte und Kreisreiterball<\/h2>\t\t\t\t<\/div>\n\t\t\t\t<\/div>\n\t\t\t\t<div class=\"elementor-element elementor-element-327f769 elementor-widget elementor-widget-text-editor\" data-id=\"327f769\" data-element_type=\"widget\" data-e-type=\"widget\" data-widget_type=\"text-editor.default\">\n\t\t\t\t<div class=\"elementor-widget-container\">\n\t\t\t\t\t\t\t\t\t<div class=\"x11i5rnm xat24cr x1mh8g0r x1vvkbs xtlvy1s x126k92a\"><div>Am 27. Januar fand die Jugendvollversammlung der Sportjugend Mecklenburgische Seenplatte in Penzlin statt. Hier wurden wir durch unsere Vorsitzende des Jugendvorstandes Franziska Jens vertreten.<\/div><\/div><div class=\"x11i5rnm xat24cr x1mh8g0r x1vvkbs xtlvy1s x126k92a\"><div>Am darauffolgenden Samstag ging es dann zum Kreisreiterball Mecklenburgische Seenplatte nach Kastorf.<span class=\"html-span xexx8yu x4uap5 x18d9i69 xkhd6sd x1hl2dhg x16tdsg8 x1vvkbs x3nfvp2 x1j61x8r x1fcty0u xdj266r xat24cr xgzva0m xhhsvwb xxymvpz xlup9mm x1kky2od\"><br \/><\/span><\/div><div>Unsere Franzi wurde auf dieser Veranstaltung als Kreismeisterin in der Kl. A Pony Zweisp\u00e4nner geehrt.<span class=\"html-span xexx8yu x4uap5 x18d9i69 xkhd6sd x1hl2dhg x16tdsg8 x1vvkbs x3nfvp2 x1j61x8r x1fcty0u xdj266r xat24cr xgzva0m xhhsvwb xxymvpz xlup9mm x1kky2od\"><br \/><\/span><\/div><\/div><div class=\"x11i5rnm xat24cr x1mh8g0r x1vvkbs xtlvy1s x126k92a\"><div>Unseren herzlichen Gl\u00fcckwunsch!<\/div><\/div>\t\t\t\t\t\t\t\t<\/div>\n\t\t\t\t<\/div>\n\t\t\t\t<div class=\"elementor-element elementor-element-2da1dae elementor-widget elementor-widget-image\" data-id=\"2da1dae\" data-element_type=\"widget\" data-e-type=\"widget\" data-widget_type=\"image.default\">\n\t\t\t\t<div class=\"elementor-widget-container\">\n\t\t\t\t\t\t\t\t\t\t\t\t\t\t\t<img loading=\"lazy\" decoding=\"async\" width=\"960\" height=\"720\" src=\"https:\/\/ponysportverein-roebel-mueritz.de\/wp-content\/uploads\/2025\/02\/2fea0804-4d10-4b57-aee3-2510d39c5548-1024x768.jpeg\" class=\"attachment-large size-large wp-image-2423\" alt=\"\" srcset=\"https:\/\/ponysportverein-roebel-mueritz.de\/wp-content\/uploads\/2025\/02\/2fea0804-4d10-4b57-aee3-2510d39c5548-1024x768.jpeg 1024w, https:\/\/ponysportverein-roebel-mueritz.de\/wp-content\/uploads\/2025\/02\/2fea0804-4d10-4b57-aee3-2510d39c5548-300x225.jpeg 300w, https:\/\/ponysportverein-roebel-mueritz.de\/wp-content\/uploads\/2025\/02\/2fea0804-4d10-4b57-aee3-2510d39c5548-768x576.jpeg 768w, https:\/\/ponysportverein-roebel-mueritz.de\/wp-content\/uploads\/2025\/02\/2fea0804-4d10-4b57-aee3-2510d39c5548-1536x1152.jpeg 1536w, https:\/\/ponysportverein-roebel-mueritz.de\/wp-content\/uploads\/2025\/02\/2fea0804-4d10-4b57-aee3-2510d39c5548-980x735.jpeg 980w, https:\/\/ponysportverein-roebel-mueritz.de\/wp-content\/uploads\/2025\/02\/2fea0804-4d10-4b57-aee3-2510d39c5548.jpeg 1600w\" sizes=\"(max-width: 960px) 100vw, 960px\" \/>\t\t\t\t\t\t\t\t\t\t\t\t\t\t\t<\/div>\n\t\t\t\t<\/div>\n\t\t\t\t<div class=\"elementor-element elementor-element-23fc010 elementor-widget elementor-widget-text-editor\" data-id=\"23fc010\" data-element_type=\"widget\" data-e-type=\"widget\" data-widget_type=\"text-editor.default\">\n\t\t\t\t<div class=\"elementor-widget-container\">\n\t\t\t\t\t\t\t\t\t<p>27. Januar 2025<\/p>\t\t\t\t\t\t\t\t<\/div>\n\t\t\t\t<\/div>\n\t\t\t\t<div class=\"elementor-element elementor-element-37e6744 elementor-widget-divider--view-line elementor-widget elementor-widget-divider\" data-id=\"37e6744\" data-element_type=\"widget\" data-e-type=\"widget\" data-widget_type=\"divider.default\">\n\t\t\t\t<div class=\"elementor-widget-container\">\n\t\t\t\t\t\t\t<div class=\"elementor-divider\">\n\t\t\t<span class=\"elementor-divider-separator\">\n\t\t\t\t\t\t<\/span>\n\t\t<\/div>\n\t\t\t\t\t\t<\/div>\n\t\t\t\t<\/div>\n\t\t\t\t<div class=\"elementor-element elementor-element-9c241e0 elementor-widget elementor-widget-heading\" data-id=\"9c241e0\" data-element_type=\"widget\" data-e-type=\"widget\" data-widget_type=\"heading.default\">\n\t\t\t\t<div class=\"elementor-widget-container\">\n\t\t\t\t\t<h2 class=\"elementor-heading-title elementor-size-default\">Ponysportler ergreifen die Initiative f\u00fcr eine saubere Umwelt<\/h2>\t\t\t\t<\/div>\n\t\t\t\t<\/div>\n\t\t\t\t<div class=\"elementor-element elementor-element-289d9f6 elementor-widget elementor-widget-text-editor\" data-id=\"289d9f6\" data-element_type=\"widget\" data-e-type=\"widget\" data-widget_type=\"text-editor.default\">\n\t\t\t\t<div class=\"elementor-widget-container\">\n\t\t\t\t\t\t\t\t\t<div class=\"x11i5rnm xat24cr x1mh8g0r x1vvkbs xtlvy1s x126k92a\"><div>Bereits seit vielen Jahren pflegen wir die Tradition, zu Beginn des Jahres eine M\u00fcllsammelaktion zu veranstalten. Am Samstag, 18. Januar, war es wieder an der Zeit. Rund 40 \u201ekleine\u201c und \u201egro\u00dfe\u201c Mitglieder schritten entschlossen zur Tat und befreiten die Wege rund um unsere Pferdekoppeln, den Weg vom Gotthunskamp zur Bahnhofstra\u00dfe sowie den Verbindungsweg Umgehungsstra\u00dfe in Richtung Gildekamp von unsch\u00f6nen\u00a0Hinterlassenschaften.<\/div><\/div><div class=\"x11i5rnm xat24cr x1mh8g0r x1vvkbs xtlvy1s x126k92a\"><div>Bedauerlicherweise sammelte sich auch in diesem Jahr erneut eine betr\u00e4chtliche Menge an M\u00fcll. Nach wenigen Stunden hatten wir insgesamt vier Kubikmeter an Abf\u00e4llen in den bereitgestellten M\u00fcllcontainer entsorgt. Darunter fanden sich vor allem Plastikm\u00fcll, illegal entsorgter Sperrm\u00fcll und unz\u00e4hlige Glasflaschen. Unsere Vereinskinder waren ersch\u00fcttert und traurig \u00fcber die achtlose Wegwerfkultur, die so viel Unrat in die Landschaft brachte.<\/div><\/div><div class=\"x11i5rnm xat24cr x1mh8g0r x1vvkbs xtlvy1s x126k92a\"><div>\u201eIch danke von Herzen allen flei\u00dfigen Helfern, die so tatkr\u00e4ftig bei der Aktion mitgewirkt haben, um unsere sch\u00f6ne Stadt ein wenig sauberer zu gestalten. Ein gro\u00dfes Dankesch\u00f6n an das Ordnungsamt R\u00f6bel\/M\u00fcritz f\u00fcr die Bereitstellung des Containers. Wir appellieren an jeden Einzelnen: Bitte entsorgt Euren M\u00fcll an den daf\u00fcr vorgesehenen Stellen\u201c, so unsere Vereinsvorsitzende Katharina Kroeger.<\/div><\/div><div class=\"x11i5rnm xat24cr x1mh8g0r x1vvkbs xtlvy1s x126k92a\"><div>Nach getaner Arbeit gab es noch am selben Abend als Dankesch\u00f6n f\u00fcr alle Helfer einen geselligen Bowling- und Kegelabend im \u201eGr\u00fcnen Baum\u201c in Gotthun. Ein herzliches Dankesch\u00f6n an dieser Stelle an Volker Thiel f\u00fcr den Preisnachlass. Ein gro\u00dfer Dank geht auch an Malermeister Mirko Ebel sowie Rita und Gerhard Ebel f\u00fcr das Sponsoring der Bowlingbahnen.<\/div><div>\u00a0<\/div><\/div>\t\t\t\t\t\t\t\t<\/div>\n\t\t\t\t<\/div>\n\t\t\t\t<div class=\"elementor-element elementor-element-b15fc7b elementor-widget elementor-widget-image\" data-id=\"b15fc7b\" data-element_type=\"widget\" data-e-type=\"widget\" data-widget_type=\"image.default\">\n\t\t\t\t<div class=\"elementor-widget-container\">\n\t\t\t\t\t\t\t\t\t\t\t\t\t\t\t<img loading=\"lazy\" decoding=\"async\" width=\"960\" height=\"720\" src=\"https:\/\/ponysportverein-roebel-mueritz.de\/wp-content\/uploads\/2025\/01\/fb978e83-93f4-45c6-980c-76a004ace698-1024x768.jpeg\" class=\"attachment-large size-large wp-image-2414\" alt=\"\" srcset=\"https:\/\/ponysportverein-roebel-mueritz.de\/wp-content\/uploads\/2025\/01\/fb978e83-93f4-45c6-980c-76a004ace698-1024x768.jpeg 1024w, https:\/\/ponysportverein-roebel-mueritz.de\/wp-content\/uploads\/2025\/01\/fb978e83-93f4-45c6-980c-76a004ace698-300x225.jpeg 300w, https:\/\/ponysportverein-roebel-mueritz.de\/wp-content\/uploads\/2025\/01\/fb978e83-93f4-45c6-980c-76a004ace698-768x576.jpeg 768w, https:\/\/ponysportverein-roebel-mueritz.de\/wp-content\/uploads\/2025\/01\/fb978e83-93f4-45c6-980c-76a004ace698-1536x1152.jpeg 1536w, https:\/\/ponysportverein-roebel-mueritz.de\/wp-content\/uploads\/2025\/01\/fb978e83-93f4-45c6-980c-76a004ace698-980x735.jpeg 980w, https:\/\/ponysportverein-roebel-mueritz.de\/wp-content\/uploads\/2025\/01\/fb978e83-93f4-45c6-980c-76a004ace698.jpeg 1600w\" sizes=\"(max-width: 960px) 100vw, 960px\" \/>\t\t\t\t\t\t\t\t\t\t\t\t\t\t\t<\/div>\n\t\t\t\t<\/div>\n\t\t\t\t<div class=\"elementor-element elementor-element-0dccb49 elementor-widget elementor-widget-text-editor\" data-id=\"0dccb49\" data-element_type=\"widget\" data-e-type=\"widget\" data-widget_type=\"text-editor.default\">\n\t\t\t\t<div class=\"elementor-widget-container\">\n\t\t\t\t\t\t\t\t\t<p>18. Januar 2025<\/p>\t\t\t\t\t\t\t\t<\/div>\n\t\t\t\t<\/div>\n\t\t\t\t<div class=\"elementor-element elementor-element-d780d2f elementor-widget-divider--view-line elementor-widget elementor-widget-divider\" data-id=\"d780d2f\" data-element_type=\"widget\" data-e-type=\"widget\" data-widget_type=\"divider.default\">\n\t\t\t\t<div class=\"elementor-widget-container\">\n\t\t\t\t\t\t\t<div class=\"elementor-divider\">\n\t\t\t<span class=\"elementor-divider-separator\">\n\t\t\t\t\t\t<\/span>\n\t\t<\/div>\n\t\t\t\t\t\t<\/div>\n\t\t\t\t<\/div>\n\t\t\t\t<div class=\"elementor-element elementor-element-efebaef elementor-widget elementor-widget-heading\" data-id=\"efebaef\" data-element_type=\"widget\" data-e-type=\"widget\" data-widget_type=\"heading.default\">\n\t\t\t\t<div class=\"elementor-widget-container\">\n\t\t\t\t\t<h2 class=\"elementor-heading-title elementor-size-default\">Jahresr\u00fcckblick 2024<\/h2>\t\t\t\t<\/div>\n\t\t\t\t<\/div>\n\t\t\t\t<div class=\"elementor-element elementor-element-f435018 elementor-widget elementor-widget-text-editor\" data-id=\"f435018\" data-element_type=\"widget\" data-e-type=\"widget\" data-widget_type=\"text-editor.default\">\n\t\t\t\t<div class=\"elementor-widget-container\">\n\t\t\t\t\t\t\t\t\t<p><span class=\"yt-core-attributed-string yt-core-attributed-string--white-space-pre-wrap\" dir=\"auto\" role=\"text\"><span class=\"yt-core-attributed-string--link-inherit-color\" dir=\"auto\">Wir blicken mit gro\u00dfer Freude und Dankbarkeit zur\u00fcck auf das Jahr 2024.<\/span><\/span><\/p><p>Der Ponysportverein R\u00f6bel\/M\u00fcritz e. V.<\/p>\t\t\t\t\t\t\t\t<\/div>\n\t\t\t\t<\/div>\n\t\t\t\t<div class=\"elementor-element elementor-element-c7d87c0 elementor-widget elementor-widget-video\" data-id=\"c7d87c0\" data-element_type=\"widget\" data-e-type=\"widget\" data-settings=\"{&quot;youtube_url&quot;:&quot;https:\\\/\\\/youtu.be\\\/SITxQHp7f8Q&quot;,&quot;video_type&quot;:&quot;youtube&quot;,&quot;controls&quot;:&quot;yes&quot;}\" data-widget_type=\"video.default\">\n\t\t\t\t<div class=\"elementor-widget-container\">\n\t\t\t\t\t\t\t<div class=\"elementor-wrapper elementor-open-inline\">\n\t\t\t<div class=\"elementor-video\"><\/div>\t\t<\/div>\n\t\t\t\t\t\t<\/div>\n\t\t\t\t<\/div>\n\t\t\t\t<div class=\"elementor-element elementor-element-2937eb9 elementor-widget elementor-widget-text-editor\" data-id=\"2937eb9\" data-element_type=\"widget\" data-e-type=\"widget\" data-widget_type=\"text-editor.default\">\n\t\t\t\t<div class=\"elementor-widget-container\">\n\t\t\t\t\t\t\t\t\t<p>31. Dezember 2024<\/p>\t\t\t\t\t\t\t\t<\/div>\n\t\t\t\t<\/div>\n\t\t\t\t<div class=\"elementor-element elementor-element-1dd2176 elementor-widget-divider--view-line elementor-widget elementor-widget-divider\" data-id=\"1dd2176\" data-element_type=\"widget\" data-e-type=\"widget\" data-widget_type=\"divider.default\">\n\t\t\t\t<div class=\"elementor-widget-container\">\n\t\t\t\t\t\t\t<div class=\"elementor-divider\">\n\t\t\t<span class=\"elementor-divider-separator\">\n\t\t\t\t\t\t<\/span>\n\t\t<\/div>\n\t\t\t\t\t\t<\/div>\n\t\t\t\t<\/div>\n\t\t\t\t<div class=\"elementor-element elementor-element-e08c24a elementor-widget elementor-widget-heading\" data-id=\"e08c24a\" data-element_type=\"widget\" data-e-type=\"widget\" data-widget_type=\"heading.default\">\n\t\t\t\t<div class=\"elementor-widget-container\">\n\t\t\t\t\t<h2 class=\"elementor-heading-title elementor-size-default\">Der Ponysportverein R\u00f6bel\/M\u00fcritz sendet Ihnen festliche Weihnachtsgr\u00fc\u00dfe und einen zauberhaften Start ins neue Jahr!<\/h2>\t\t\t\t<\/div>\n\t\t\t\t<\/div>\n\t\t\t\t<div class=\"elementor-element elementor-element-06c4289 elementor-widget elementor-widget-text-editor\" data-id=\"06c4289\" data-element_type=\"widget\" data-e-type=\"widget\" data-widget_type=\"text-editor.default\">\n\t\t\t\t<div class=\"elementor-widget-container\">\n\t\t\t\t\t\t\t\t\t<p>Liebe Vereinsmitglieder, Familien, Sponsoren, F\u00f6rderer und Freunde des Ponysportvereins R\u00f6bel\/M\u00fcritz e. V., das Jahr 2024 neigt sich dem Ende zu und auch in diesem Jahr pulsierte in unserem Verein das Herz f\u00fcr den Reit- und Fahrsport, f\u00fcr unseren Nachwuchs und die gro\u00dfe Gemeinschaft der Pferdeliebhaber. Auf und neben dem Reitplatz haben wir mit Leidenschaft viel bewegt.\u00a0<\/p><p>Mit gro\u00dfer Zufriedenheit blicken wir auf die vergangenen Monate zur\u00fcck. Unser 28. Pfingstturnier \u201eSpeckreiten\u201c in Bollewick war, trotz der sintflutartigen Regenf\u00e4lle, ein Erfolg. Wir erlebten fr\u00f6hliche Stunden beim 67. Seefest, auf dem Kinderfest und Weihnachtsmarkt in R\u00f6bel\/M\u00fcritz. Wundervolle Erinnerungen schm\u00fccken unser Zeltlager und Vereinsfest sowie die gemeinsamen Arbeitseins\u00e4tze auf unserem Gel\u00e4nde. Diese tollen Erlebnisse n\u00e4hren unsere Motivation f\u00fcr die kommenden Herausforderungen im neuen Jahr, wie die fortw\u00e4hrenden Arbeiten auf dem Reitplatz und nat\u00fcrlich die 29. Auflage unseres Reit- und Fahrturniers \u201eSpeckreiten\u201c am Pfingstmontag, den 9. Juni 2025.<\/p><p>Gerade in der besinnlichen Weihnachtszeit erkennen wir, wie kostbar die Zeit ist. Umso mehr sch\u00e4tzen wir die unz\u00e4hligen Stunden, die viele ehrenamtliche Helfer in den Verein investieren, um uns bunt und lebendig zu halten. Ein riesiges Dankesch\u00f6n an unsere Sponsoren und Helfer f\u00fcr euren treuen Einsatz und die tolle Unterst\u00fctzung.Ohne Euch w\u00e4re all dies nicht m\u00f6glich!<\/p><p>Wir w\u00fcnschen Ihnen allen von Herzen ein besinnliches, erholsames und frohes Weihnachtsfest sowie einen gelungenen \u00dcbergang ins neue Jahr. F\u00fcr das kommende Jahr w\u00fcnschen wir Ihnen alles Gute, insbesondere Gesundheit, Gl\u00fcck und Zufriedenheit. F\u00fcr unseren Verein hoffen wir, dem Motto \u201eUnser Leben ist ein Ponyhof\u201c treu zu bleiben und unseren Zusammenhalt, unsere famili\u00e4re Atmosph\u00e4re und unsere gemeinsamen Werte zu bewahren.<\/p><p>Ihr Ponysportverein R\u00f6bel\/M\u00fcritz w\u00fcnscht Ihnen frohe Weihnachten!<\/p>\t\t\t\t\t\t\t\t<\/div>\n\t\t\t\t<\/div>\n\t\t\t\t<div class=\"elementor-element elementor-element-20ed954 elementor-widget elementor-widget-video\" data-id=\"20ed954\" data-element_type=\"widget\" data-e-type=\"widget\" data-settings=\"{&quot;youtube_url&quot;:&quot;https:\\\/\\\/www.youtube.com\\\/watch?v=rkF_fEqgST4&quot;,&quot;video_type&quot;:&quot;youtube&quot;,&quot;controls&quot;:&quot;yes&quot;}\" data-widget_type=\"video.default\">\n\t\t\t\t<div class=\"elementor-widget-container\">\n\t\t\t\t\t\t\t<div class=\"elementor-wrapper elementor-open-inline\">\n\t\t\t<div class=\"elementor-video\"><\/div>\t\t<\/div>\n\t\t\t\t\t\t<\/div>\n\t\t\t\t<\/div>\n\t\t\t\t<div class=\"elementor-element elementor-element-6ab6e9f elementor-widget elementor-widget-text-editor\" data-id=\"6ab6e9f\" data-element_type=\"widget\" data-e-type=\"widget\" data-widget_type=\"text-editor.default\">\n\t\t\t\t<div class=\"elementor-widget-container\">\n\t\t\t\t\t\t\t\t\t<p>22. Dezember 2024<\/p>\t\t\t\t\t\t\t\t<\/div>\n\t\t\t\t<\/div>\n\t\t\t\t<div class=\"elementor-element elementor-element-f84084a elementor-widget-divider--view-line elementor-widget elementor-widget-divider\" data-id=\"f84084a\" data-element_type=\"widget\" data-e-type=\"widget\" data-widget_type=\"divider.default\">\n\t\t\t\t<div class=\"elementor-widget-container\">\n\t\t\t\t\t\t\t<div class=\"elementor-divider\">\n\t\t\t<span class=\"elementor-divider-separator\">\n\t\t\t\t\t\t<\/span>\n\t\t<\/div>\n\t\t\t\t\t\t<\/div>\n\t\t\t\t<\/div>\n\t\t\t\t<div class=\"elementor-element elementor-element-5720ee6 elementor-widget elementor-widget-heading\" data-id=\"5720ee6\" data-element_type=\"widget\" data-e-type=\"widget\" data-widget_type=\"heading.default\">\n\t\t\t\t<div class=\"elementor-widget-container\">\n\t\t\t\t\t<h2 class=\"elementor-heading-title elementor-size-default\">Gleich zwei Mal Grund zur Freude vor Weihnachten<\/h2>\t\t\t\t<\/div>\n\t\t\t\t<\/div>\n\t\t\t\t<div class=\"elementor-element elementor-element-4286041 elementor-widget elementor-widget-text-editor\" data-id=\"4286041\" data-element_type=\"widget\" data-e-type=\"widget\" data-widget_type=\"text-editor.default\">\n\t\t\t\t<div class=\"elementor-widget-container\">\n\t\t\t\t\t\t\t\t\t<div>Dank der Unterst\u00fctzung durch die Raiffeisenbank Mecklenburgische Seenplatte konnten wir mehrere neue S\u00e4ttel f\u00fcr unsere Ponys anschaffen.<\/div><div>Wir haben uns riesig dar\u00fcber gefreut und sagen herzlichen Dank an die Raiffeisenbank Mecklenburgische Seenplatte.<\/div><div>\u00a0<\/div><div>Au\u00dferdem erreichte uns in diesen Tagen die Nachricht, dass wir Sieger im Wettbewerb &#8222;Kinder- und Jugendfreundlicher Sportverein&#8220; 2024, Kategorie 1 (bis 149 Mitglieder), im Kreis Mecklenburgische Seenplatte geworden sind.<\/div><div>Dar\u00fcber freuen wir uns wahnsinnig!<\/div>\t\t\t\t\t\t\t\t<\/div>\n\t\t\t\t<\/div>\n\t\t\t\t<div class=\"elementor-element elementor-element-f6dc262 elementor-widget elementor-widget-image\" data-id=\"f6dc262\" data-element_type=\"widget\" data-e-type=\"widget\" data-widget_type=\"image.default\">\n\t\t\t\t<div class=\"elementor-widget-container\">\n\t\t\t\t\t\t\t\t\t\t\t\t\t\t\t<img loading=\"lazy\" decoding=\"async\" width=\"960\" height=\"614\" src=\"https:\/\/ponysportverein-roebel-mueritz.de\/wp-content\/uploads\/2024\/12\/Ehrung-2-22024-1024x655.jpg\" class=\"attachment-large size-large wp-image-2384\" alt=\"\" srcset=\"https:\/\/ponysportverein-roebel-mueritz.de\/wp-content\/uploads\/2024\/12\/Ehrung-2-22024-1024x655.jpg 1024w, https:\/\/ponysportverein-roebel-mueritz.de\/wp-content\/uploads\/2024\/12\/Ehrung-2-22024-300x192.jpg 300w, https:\/\/ponysportverein-roebel-mueritz.de\/wp-content\/uploads\/2024\/12\/Ehrung-2-22024-768x491.jpg 768w, https:\/\/ponysportverein-roebel-mueritz.de\/wp-content\/uploads\/2024\/12\/Ehrung-2-22024-980x627.jpg 980w, https:\/\/ponysportverein-roebel-mueritz.de\/wp-content\/uploads\/2024\/12\/Ehrung-2-22024.jpg 1123w\" sizes=\"(max-width: 960px) 100vw, 960px\" \/>\t\t\t\t\t\t\t\t\t\t\t\t\t\t\t<\/div>\n\t\t\t\t<\/div>\n\t\t\t\t<div class=\"elementor-element elementor-element-9504b7e elementor-widget elementor-widget-text-editor\" data-id=\"9504b7e\" data-element_type=\"widget\" data-e-type=\"widget\" data-widget_type=\"text-editor.default\">\n\t\t\t\t<div class=\"elementor-widget-container\">\n\t\t\t\t\t\t\t\t\t<p>13. Dezember 2024<\/p>\t\t\t\t\t\t\t\t<\/div>\n\t\t\t\t<\/div>\n\t\t\t\t<div class=\"elementor-element elementor-element-994bd58 elementor-widget-divider--view-line elementor-widget elementor-widget-divider\" data-id=\"994bd58\" data-element_type=\"widget\" data-e-type=\"widget\" data-widget_type=\"divider.default\">\n\t\t\t\t<div class=\"elementor-widget-container\">\n\t\t\t\t\t\t\t<div class=\"elementor-divider\">\n\t\t\t<span class=\"elementor-divider-separator\">\n\t\t\t\t\t\t<\/span>\n\t\t<\/div>\n\t\t\t\t\t\t<\/div>\n\t\t\t\t<\/div>\n\t\t\t\t<div class=\"elementor-element elementor-element-1798a92 elementor-widget elementor-widget-heading\" data-id=\"1798a92\" data-element_type=\"widget\" data-e-type=\"widget\" data-widget_type=\"heading.default\">\n\t\t\t\t<div class=\"elementor-widget-container\">\n\t\t\t\t\t<h2 class=\"elementor-heading-title elementor-size-default\"> Mottoparty!!!<\/h2>\t\t\t\t<\/div>\n\t\t\t\t<\/div>\n\t\t\t\t<div class=\"elementor-element elementor-element-fbdc4df elementor-widget elementor-widget-text-editor\" data-id=\"fbdc4df\" data-element_type=\"widget\" data-e-type=\"widget\" data-widget_type=\"text-editor.default\">\n\t\t\t\t<div class=\"elementor-widget-container\">\n\t\t\t\t\t\t\t\t\t<p>Am 16. November feierten wir unsere Mottoparty!<\/p><p>Das Motto der diesj\u00e4hrigen Party stand unter dem Titel \u201eFasching\u201c.\u00a0<\/p><p>Unsere Vereinsmitglieder hatten sich tolle Kost\u00fcme besorgt und jede Menge Spa\u00df an diesem Nachmittag. Leider ging das Fest wieder einmal viel zu schnell vorbei.<\/p><p>Danke an alle, die den Nachmittag unvergesslich gemacht haben.<\/p>\t\t\t\t\t\t\t\t<\/div>\n\t\t\t\t<\/div>\n\t\t\t\t<div class=\"elementor-element elementor-element-76fd854 elementor-widget elementor-widget-image\" data-id=\"76fd854\" data-element_type=\"widget\" data-e-type=\"widget\" data-widget_type=\"image.default\">\n\t\t\t\t<div class=\"elementor-widget-container\">\n\t\t\t\t\t\t\t\t\t\t\t\t\t\t\t<img loading=\"lazy\" decoding=\"async\" width=\"960\" height=\"720\" src=\"https:\/\/ponysportverein-roebel-mueritz.de\/wp-content\/uploads\/2024\/11\/Fasching-1-1024x768.jpeg\" class=\"attachment-large size-large wp-image-2359\" alt=\"\" srcset=\"https:\/\/ponysportverein-roebel-mueritz.de\/wp-content\/uploads\/2024\/11\/Fasching-1-1024x768.jpeg 1024w, https:\/\/ponysportverein-roebel-mueritz.de\/wp-content\/uploads\/2024\/11\/Fasching-1-300x225.jpeg 300w, https:\/\/ponysportverein-roebel-mueritz.de\/wp-content\/uploads\/2024\/11\/Fasching-1-768x576.jpeg 768w, https:\/\/ponysportverein-roebel-mueritz.de\/wp-content\/uploads\/2024\/11\/Fasching-1-980x735.jpeg 980w, https:\/\/ponysportverein-roebel-mueritz.de\/wp-content\/uploads\/2024\/11\/Fasching-1.jpeg 1280w\" sizes=\"(max-width: 960px) 100vw, 960px\" \/>\t\t\t\t\t\t\t\t\t\t\t\t\t\t\t<\/div>\n\t\t\t\t<\/div>\n\t\t\t\t<div class=\"elementor-element elementor-element-cac94de elementor-widget elementor-widget-text-editor\" data-id=\"cac94de\" data-element_type=\"widget\" data-e-type=\"widget\" data-widget_type=\"text-editor.default\">\n\t\t\t\t<div class=\"elementor-widget-container\">\n\t\t\t\t\t\t\t\t\t<p>16. November 2024<\/p>\t\t\t\t\t\t\t\t<\/div>\n\t\t\t\t<\/div>\n\t\t\t\t<div class=\"elementor-element elementor-element-89ff059 elementor-widget-divider--view-line elementor-widget elementor-widget-divider\" data-id=\"89ff059\" data-element_type=\"widget\" data-e-type=\"widget\" data-widget_type=\"divider.default\">\n\t\t\t\t<div class=\"elementor-widget-container\">\n\t\t\t\t\t\t\t<div class=\"elementor-divider\">\n\t\t\t<span class=\"elementor-divider-separator\">\n\t\t\t\t\t\t<\/span>\n\t\t<\/div>\n\t\t\t\t\t\t<\/div>\n\t\t\t\t<\/div>\n\t\t\t\t<div class=\"elementor-element elementor-element-c52c289 elementor-widget elementor-widget-heading\" data-id=\"c52c289\" data-element_type=\"widget\" data-e-type=\"widget\" data-widget_type=\"heading.default\">\n\t\t\t\t<div class=\"elementor-widget-container\">\n\t\t\t\t\t<h2 class=\"elementor-heading-title elementor-size-default\">St. Martinsumzug in R\u00f6bel\/M\u00fcritz<\/h2>\t\t\t\t<\/div>\n\t\t\t\t<\/div>\n\t\t\t\t<div class=\"elementor-element elementor-element-0b35146 elementor-widget elementor-widget-text-editor\" data-id=\"0b35146\" data-element_type=\"widget\" data-e-type=\"widget\" data-widget_type=\"text-editor.default\">\n\t\t\t\t<div class=\"elementor-widget-container\">\n\t\t\t\t\t\t\t\t\t<p>&#8222;Ich geh mit meiner Laterne und meine Laterne &#8230;&#8230;&#8220;<br \/>In diesem Jahr hatten wir erneut die ehrenvolle Aufgabe den traditionellen St. Martinsumzug zu unterst\u00fctzen.<\/p><p>Zwei unserer Mitglieder durften dabei die Rollen des St. Martin und des Bettlers \u00fcbernehmen, als Pferd war unsere Haflingerstute Monik dabei.<\/p><p>Die drei stellten sich dieser Herausforderung und haben die Aufgabe hervorragend gemeistert.\u00a0<\/p><p>Zun\u00e4chst wurde in der St. Marienkirche R\u00f6bel\/M\u00fcritz gemeinsam gesungen und dann ging es mit St. Martin auf dem Pferd zur St. Nicolai Kirche. Dort gab es warme Getr\u00e4nke und H\u00f6rnchen zum Teilen.<\/p><p>Es war ein unvergesslicher Abend, voller Licht, W\u00e4rme und Gemeinschaft.\u00a0<\/p><p>Vielen Dank an alle Helfer f\u00fcr die gro\u00dfartige Unterst\u00fctzung vor, w\u00e4hrend und nach dem Umzug.\u00a0<\/p><div>\u00a0<\/div>\t\t\t\t\t\t\t\t<\/div>\n\t\t\t\t<\/div>\n\t\t\t\t<div class=\"elementor-element elementor-element-0282e4a elementor-widget elementor-widget-image\" data-id=\"0282e4a\" data-element_type=\"widget\" data-e-type=\"widget\" data-widget_type=\"image.default\">\n\t\t\t\t<div class=\"elementor-widget-container\">\n\t\t\t\t\t\t\t\t\t\t\t\t\t\t\t<img loading=\"lazy\" decoding=\"async\" width=\"768\" height=\"1024\" src=\"https:\/\/ponysportverein-roebel-mueritz.de\/wp-content\/uploads\/2024\/11\/Martin-1-768x1024.jpeg\" class=\"attachment-medium_large size-medium_large wp-image-2358\" alt=\"\" srcset=\"https:\/\/ponysportverein-roebel-mueritz.de\/wp-content\/uploads\/2024\/11\/Martin-1-768x1024.jpeg 768w, https:\/\/ponysportverein-roebel-mueritz.de\/wp-content\/uploads\/2024\/11\/Martin-1-225x300.jpeg 225w, https:\/\/ponysportverein-roebel-mueritz.de\/wp-content\/uploads\/2024\/11\/Martin-1.jpeg 960w\" sizes=\"(max-width: 768px) 100vw, 768px\" \/>\t\t\t\t\t\t\t\t\t\t\t\t\t\t\t<\/div>\n\t\t\t\t<\/div>\n\t\t\t\t<div class=\"elementor-element elementor-element-769504c elementor-widget elementor-widget-text-editor\" data-id=\"769504c\" data-element_type=\"widget\" data-e-type=\"widget\" data-widget_type=\"text-editor.default\">\n\t\t\t\t<div class=\"elementor-widget-container\">\n\t\t\t\t\t\t\t\t\t<p>11. November 2024<\/p>\t\t\t\t\t\t\t\t<\/div>\n\t\t\t\t<\/div>\n\t\t\t\t<div class=\"elementor-element elementor-element-35c059d elementor-widget-divider--view-line elementor-widget elementor-widget-divider\" data-id=\"35c059d\" data-element_type=\"widget\" data-e-type=\"widget\" data-widget_type=\"divider.default\">\n\t\t\t\t<div class=\"elementor-widget-container\">\n\t\t\t\t\t\t\t<div class=\"elementor-divider\">\n\t\t\t<span class=\"elementor-divider-separator\">\n\t\t\t\t\t\t<\/span>\n\t\t<\/div>\n\t\t\t\t\t\t<\/div>\n\t\t\t\t<\/div>\n\t\t\t\t<div class=\"elementor-element elementor-element-2495f78 elementor-widget elementor-widget-heading\" data-id=\"2495f78\" data-element_type=\"widget\" data-e-type=\"widget\" data-widget_type=\"heading.default\">\n\t\t\t\t<div class=\"elementor-widget-container\">\n\t\t\t\t\t<h2 class=\"elementor-heading-title elementor-size-default\">Kameradschaftsabend der Freiwilligen Feuerwehr R\u00f6bel\/M\u00fcritz<\/h2>\t\t\t\t<\/div>\n\t\t\t\t<\/div>\n\t\t\t\t<div class=\"elementor-element elementor-element-77274f6 elementor-widget elementor-widget-text-editor\" data-id=\"77274f6\" data-element_type=\"widget\" data-e-type=\"widget\" data-widget_type=\"text-editor.default\">\n\t\t\t\t<div class=\"elementor-widget-container\">\n\t\t\t\t\t\t\t\t\t<p>Beim j\u00e4hrlichen Kameradschaftsabend unserer Freiwilligen Feuerwehr \u00fcbernahmen wir die Bewirtung.\u00a0Es hat uns gro\u00dfen Spa\u00df gemacht und es war ein toller Abend.\u00a0<\/p><p>Jedes Jahr unterst\u00fctzen uns die Kameraden beim Speckreiten, indem sie die Parkplatzeinweisung \u00fcbernehmen. Auf diese Art konnten wir uns erkenntlich zeigen.<\/p><p>Vielen Dank an unsere Kameradinnen und Kameraden f\u00fcr ihr unerm\u00fcdliches ehrenamtliches Engagement!<\/p>\t\t\t\t\t\t\t\t<\/div>\n\t\t\t\t<\/div>\n\t\t\t\t<div class=\"elementor-element elementor-element-c7e472a elementor-widget elementor-widget-image\" data-id=\"c7e472a\" data-element_type=\"widget\" data-e-type=\"widget\" data-widget_type=\"image.default\">\n\t\t\t\t<div class=\"elementor-widget-container\">\n\t\t\t\t\t\t\t\t\t\t\t\t\t\t\t<img loading=\"lazy\" decoding=\"async\" width=\"960\" height=\"956\" src=\"https:\/\/ponysportverein-roebel-mueritz.de\/wp-content\/uploads\/2024\/11\/Feuerwehr-1.jpeg\" class=\"attachment-large size-large wp-image-2357\" alt=\"\" srcset=\"https:\/\/ponysportverein-roebel-mueritz.de\/wp-content\/uploads\/2024\/11\/Feuerwehr-1.jpeg 964w, https:\/\/ponysportverein-roebel-mueritz.de\/wp-content\/uploads\/2024\/11\/Feuerwehr-1-300x300.jpeg 300w, https:\/\/ponysportverein-roebel-mueritz.de\/wp-content\/uploads\/2024\/11\/Feuerwehr-1-150x150.jpeg 150w, https:\/\/ponysportverein-roebel-mueritz.de\/wp-content\/uploads\/2024\/11\/Feuerwehr-1-768x765.jpeg 768w, https:\/\/ponysportverein-roebel-mueritz.de\/wp-content\/uploads\/2024\/11\/Feuerwehr-1-75x75.jpeg 75w\" sizes=\"(max-width: 960px) 100vw, 960px\" \/>\t\t\t\t\t\t\t\t\t\t\t\t\t\t\t<\/div>\n\t\t\t\t<\/div>\n\t\t\t\t<div class=\"elementor-element elementor-element-71115c2 elementor-widget elementor-widget-text-editor\" data-id=\"71115c2\" data-element_type=\"widget\" data-e-type=\"widget\" data-widget_type=\"text-editor.default\">\n\t\t\t\t<div class=\"elementor-widget-container\">\n\t\t\t\t\t\t\t\t\t<p>9. November 2024<\/p>\t\t\t\t\t\t\t\t<\/div>\n\t\t\t\t<\/div>\n\t\t\t\t<div class=\"elementor-element elementor-element-bb7cc18 elementor-widget-divider--view-line elementor-widget elementor-widget-divider\" data-id=\"bb7cc18\" data-element_type=\"widget\" data-e-type=\"widget\" data-widget_type=\"divider.default\">\n\t\t\t\t<div class=\"elementor-widget-container\">\n\t\t\t\t\t\t\t<div class=\"elementor-divider\">\n\t\t\t<span class=\"elementor-divider-separator\">\n\t\t\t\t\t\t<\/span>\n\t\t<\/div>\n\t\t\t\t\t\t<\/div>\n\t\t\t\t<\/div>\n\t\t\t\t<div class=\"elementor-element elementor-element-dcdc29c elementor-widget elementor-widget-heading\" data-id=\"dcdc29c\" data-element_type=\"widget\" data-e-type=\"widget\" data-widget_type=\"heading.default\">\n\t\t\t\t<div class=\"elementor-widget-container\">\n\t\t\t\t\t<h2 class=\"elementor-heading-title elementor-size-default\">Kinderfest der Stadt R\u00f6bel\/M\u00fcritz<\/h2>\t\t\t\t<\/div>\n\t\t\t\t<\/div>\n\t\t\t\t<div class=\"elementor-element elementor-element-4259d2f elementor-widget elementor-widget-text-editor\" data-id=\"4259d2f\" data-element_type=\"widget\" data-e-type=\"widget\" data-widget_type=\"text-editor.default\">\n\t\t\t\t<div class=\"elementor-widget-container\">\n\t\t\t\t\t\t\t\t\t<div>Am gestrigen Sonntag unterst\u00fctzten wir zusammen mit unseren Vierbeinern das<\/div><div>Kinderfest der Stadt R\u00f6bel\/M\u00fcritz im B\u00fcrgergarten.<\/div><div>Es hat uns gro\u00dfen Spa\u00df bereitet.\u00a0<\/div><div>Vielen Dank an alle Vereinsmitglieder, die uns dabei unterst\u00fctzt haben.<\/div>\t\t\t\t\t\t\t\t<\/div>\n\t\t\t\t<\/div>\n\t\t\t\t<div class=\"elementor-element elementor-element-0f66119 elementor-widget elementor-widget-image\" data-id=\"0f66119\" data-element_type=\"widget\" data-e-type=\"widget\" data-widget_type=\"image.default\">\n\t\t\t\t<div class=\"elementor-widget-container\">\n\t\t\t\t\t\t\t\t\t\t\t\t\t\t\t<img loading=\"lazy\" decoding=\"async\" width=\"768\" height=\"1024\" src=\"https:\/\/ponysportverein-roebel-mueritz.de\/wp-content\/uploads\/2024\/08\/f92e2aa4-01f8-4456-ad70-ae48b99285f5-768x1024.jpeg\" class=\"attachment-medium_large size-medium_large wp-image-2352\" alt=\"\" srcset=\"https:\/\/ponysportverein-roebel-mueritz.de\/wp-content\/uploads\/2024\/08\/f92e2aa4-01f8-4456-ad70-ae48b99285f5-768x1024.jpeg 768w, https:\/\/ponysportverein-roebel-mueritz.de\/wp-content\/uploads\/2024\/08\/f92e2aa4-01f8-4456-ad70-ae48b99285f5-225x300.jpeg 225w, https:\/\/ponysportverein-roebel-mueritz.de\/wp-content\/uploads\/2024\/08\/f92e2aa4-01f8-4456-ad70-ae48b99285f5-1152x1536.jpeg 1152w, https:\/\/ponysportverein-roebel-mueritz.de\/wp-content\/uploads\/2024\/08\/f92e2aa4-01f8-4456-ad70-ae48b99285f5-980x1307.jpeg 980w, https:\/\/ponysportverein-roebel-mueritz.de\/wp-content\/uploads\/2024\/08\/f92e2aa4-01f8-4456-ad70-ae48b99285f5.jpeg 1200w\" sizes=\"(max-width: 768px) 100vw, 768px\" \/>\t\t\t\t\t\t\t\t\t\t\t\t\t\t\t<\/div>\n\t\t\t\t<\/div>\n\t\t\t\t<div class=\"elementor-element elementor-element-729bebd elementor-widget elementor-widget-text-editor\" data-id=\"729bebd\" data-element_type=\"widget\" data-e-type=\"widget\" data-widget_type=\"text-editor.default\">\n\t\t\t\t<div class=\"elementor-widget-container\">\n\t\t\t\t\t\t\t\t\t<p>25. August 2024<\/p>\t\t\t\t\t\t\t\t<\/div>\n\t\t\t\t<\/div>\n\t\t\t\t<div class=\"elementor-element elementor-element-260d4c2 elementor-widget-divider--view-line elementor-widget elementor-widget-divider\" data-id=\"260d4c2\" data-element_type=\"widget\" data-e-type=\"widget\" data-widget_type=\"divider.default\">\n\t\t\t\t<div class=\"elementor-widget-container\">\n\t\t\t\t\t\t\t<div class=\"elementor-divider\">\n\t\t\t<span class=\"elementor-divider-separator\">\n\t\t\t\t\t\t<\/span>\n\t\t<\/div>\n\t\t\t\t\t\t<\/div>\n\t\t\t\t<\/div>\n\t\t\t\t<div class=\"elementor-element elementor-element-f97955b elementor-widget elementor-widget-heading\" data-id=\"f97955b\" data-element_type=\"widget\" data-e-type=\"widget\" data-widget_type=\"heading.default\">\n\t\t\t\t<div class=\"elementor-widget-container\">\n\t\t\t\t\t<h2 class=\"elementor-heading-title elementor-size-default\">ALD Run for Charity\n<\/h2>\t\t\t\t<\/div>\n\t\t\t\t<\/div>\n\t\t\t\t<div class=\"elementor-element elementor-element-d31af72 elementor-widget elementor-widget-text-editor\" data-id=\"d31af72\" data-element_type=\"widget\" data-e-type=\"widget\" data-widget_type=\"text-editor.default\">\n\t\t\t\t<div class=\"elementor-widget-container\">\n\t\t\t\t\t\t\t\t\t<div class=\"x11i5rnm xat24cr x1mh8g0r x1vvkbs xtlvy1s x126k92a\"><div>Am vergangenen Wochenende fand der ALD Run for Charity statt. Um 8:30 Uhr startete unsere \u201ePonycrew\u201c im Volksbad Waren (M\u00fcritz) und beendete diesen Lauf um die M\u00fcritz nach 7 Stunden und 43 Minuten erfolgreich.<span class=\"html-span xexx8yu x4uap5 x18d9i69 xkhd6sd x1hl2dhg x16tdsg8 x1vvkbs x3nfvp2 x1j61x8r x1fcty0u xdj266r xat24cr xgzva0m xhhsvwb xxymvpz xlup9mm x1kky2od\"><br \/><\/span><\/div><\/div><div class=\"x11i5rnm xat24cr x1mh8g0r x1vvkbs xtlvy1s x126k92a\"><div>Das &#8222;erlaufene&#8220; Geld soll unseren Kindern und Jugendlichen f\u00fcr das n\u00e4chste Zeltlager zugute kommen.<\/div><\/div><div class=\"x11i5rnm xat24cr x1mh8g0r x1vvkbs xtlvy1s x126k92a\"><div>Vielen, vielen Dank an Mia Mie\u00dfner, Marco Burchert, Steffi H\u00f6rning, Christin Meyerhoff-Hackbusch, Olaf Hahn, Martin Rodi, Robert Heilmann und Thomas Tertocha sowie aller Fahrradbegleitungen f\u00fcr Euren tollen Einsatz.<span class=\"html-span xexx8yu x4uap5 x18d9i69 xkhd6sd x1hl2dhg x16tdsg8 x1vvkbs x3nfvp2 x1j61x8r x1fcty0u xdj266r xat24cr xgzva0m xhhsvwb xxymvpz xlup9mm x1kky2od\"><br \/><\/span><\/div><div>Ihr seid wirklich gro\u00dfartig!<\/div><\/div>\t\t\t\t\t\t\t\t<\/div>\n\t\t\t\t<\/div>\n\t\t\t\t<div class=\"elementor-element elementor-element-fb3311f elementor-widget elementor-widget-image\" data-id=\"fb3311f\" data-element_type=\"widget\" data-e-type=\"widget\" data-widget_type=\"image.default\">\n\t\t\t\t<div class=\"elementor-widget-container\">\n\t\t\t\t\t\t\t\t\t\t\t\t\t\t\t<img loading=\"lazy\" decoding=\"async\" width=\"768\" height=\"1024\" src=\"https:\/\/ponysportverein-roebel-mueritz.de\/wp-content\/uploads\/2024\/08\/f73a8061-b85c-43eb-af31-ddb975cd1f3e-768x1024.jpeg\" class=\"attachment-medium_large size-medium_large wp-image-2348\" alt=\"\" srcset=\"https:\/\/ponysportverein-roebel-mueritz.de\/wp-content\/uploads\/2024\/08\/f73a8061-b85c-43eb-af31-ddb975cd1f3e-768x1024.jpeg 768w, https:\/\/ponysportverein-roebel-mueritz.de\/wp-content\/uploads\/2024\/08\/f73a8061-b85c-43eb-af31-ddb975cd1f3e-225x300.jpeg 225w, https:\/\/ponysportverein-roebel-mueritz.de\/wp-content\/uploads\/2024\/08\/f73a8061-b85c-43eb-af31-ddb975cd1f3e-1152x1536.jpeg 1152w, https:\/\/ponysportverein-roebel-mueritz.de\/wp-content\/uploads\/2024\/08\/f73a8061-b85c-43eb-af31-ddb975cd1f3e-980x1307.jpeg 980w, https:\/\/ponysportverein-roebel-mueritz.de\/wp-content\/uploads\/2024\/08\/f73a8061-b85c-43eb-af31-ddb975cd1f3e.jpeg 1536w\" sizes=\"(max-width: 768px) 100vw, 768px\" \/>\t\t\t\t\t\t\t\t\t\t\t\t\t\t\t<\/div>\n\t\t\t\t<\/div>\n\t\t\t\t<div class=\"elementor-element elementor-element-a81ff13 elementor-widget elementor-widget-text-editor\" data-id=\"a81ff13\" data-element_type=\"widget\" data-e-type=\"widget\" data-widget_type=\"text-editor.default\">\n\t\t\t\t<div class=\"elementor-widget-container\">\n\t\t\t\t\t\t\t\t\t<p>24. August 2024<\/p>\t\t\t\t\t\t\t\t<\/div>\n\t\t\t\t<\/div>\n\t\t\t\t<div class=\"elementor-element elementor-element-506a024 elementor-widget-divider--view-line elementor-widget elementor-widget-divider\" data-id=\"506a024\" data-element_type=\"widget\" data-e-type=\"widget\" data-widget_type=\"divider.default\">\n\t\t\t\t<div class=\"elementor-widget-container\">\n\t\t\t\t\t\t\t<div class=\"elementor-divider\">\n\t\t\t<span class=\"elementor-divider-separator\">\n\t\t\t\t\t\t<\/span>\n\t\t<\/div>\n\t\t\t\t\t\t<\/div>\n\t\t\t\t<\/div>\n\t\t\t\t<div class=\"elementor-element elementor-element-b426fb7 elementor-widget elementor-widget-heading\" data-id=\"b426fb7\" data-element_type=\"widget\" data-e-type=\"widget\" data-widget_type=\"heading.default\">\n\t\t\t\t<div class=\"elementor-widget-container\">\n\t\t\t\t\t<h2 class=\"elementor-heading-title elementor-size-default\">Juniortrainerausbildung abgeschlossen!<\/h2>\t\t\t\t<\/div>\n\t\t\t\t<\/div>\n\t\t\t\t<div class=\"elementor-element elementor-element-69be1ad elementor-widget elementor-widget-text-editor\" data-id=\"69be1ad\" data-element_type=\"widget\" data-e-type=\"widget\" data-widget_type=\"text-editor.default\">\n\t\t\t\t<div class=\"elementor-widget-container\">\n\t\t\t\t\t\t\t\t\t<div class=\"x11i5rnm xat24cr x1mh8g0r x1vvkbs xtlvy1s x126k92a\"><div>In der Woche vom 19.08. bis 23.08.2024 nahmen Emma, Lia und Marie in Neubrandenburg am einw\u00f6chigen Kurs des Kreissportbundes MSE zur Ausbildung als Juniortrainer erfolgreich teil.<\/div><\/div><div class=\"x11i5rnm xat24cr x1mh8g0r x1vvkbs xtlvy1s x126k92a\"><div>Unseren herzlichen Gl\u00fcckwunsch!<span class=\"html-span xexx8yu x4uap5 x18d9i69 xkhd6sd x1hl2dhg x16tdsg8 x1vvkbs x3nfvp2 x1j61x8r x1fcty0u xdj266r xat24cr xgzva0m xhhsvwb xxymvpz xlup9mm x1kky2od\"><br \/><\/span><\/div><\/div><div class=\"x11i5rnm xat24cr x1mh8g0r x1vvkbs xtlvy1s x126k92a\"><div>Sie lernten die Grundlagen zum Aufbau von Trainingseinheiten und dem Anleiten von Gruppen in Theorie und Praxis. Durch die Ausbildung zum Juniortrainer sind sie nun qualifiziert, in unserem Verein unterst\u00fctzende und begleitende Trainert\u00e4tigkeiten durchzuf\u00fchren.<\/div><div>\u00a0<\/div><\/div>\t\t\t\t\t\t\t\t<\/div>\n\t\t\t\t<\/div>\n\t\t\t\t<div class=\"elementor-element elementor-element-2450b64 elementor-widget elementor-widget-image\" data-id=\"2450b64\" data-element_type=\"widget\" data-e-type=\"widget\" data-widget_type=\"image.default\">\n\t\t\t\t<div class=\"elementor-widget-container\">\n\t\t\t\t\t\t\t\t\t\t\t\t\t\t\t<img loading=\"lazy\" decoding=\"async\" width=\"960\" height=\"958\" src=\"https:\/\/ponysportverein-roebel-mueritz.de\/wp-content\/uploads\/2024\/08\/IMG_3134-1024x1022.jpeg\" class=\"attachment-large size-large wp-image-2343\" alt=\"\" srcset=\"https:\/\/ponysportverein-roebel-mueritz.de\/wp-content\/uploads\/2024\/08\/IMG_3134-1024x1022.jpeg 1024w, https:\/\/ponysportverein-roebel-mueritz.de\/wp-content\/uploads\/2024\/08\/IMG_3134-300x300.jpeg 300w, https:\/\/ponysportverein-roebel-mueritz.de\/wp-content\/uploads\/2024\/08\/IMG_3134-150x150.jpeg 150w, https:\/\/ponysportverein-roebel-mueritz.de\/wp-content\/uploads\/2024\/08\/IMG_3134-768x767.jpeg 768w, https:\/\/ponysportverein-roebel-mueritz.de\/wp-content\/uploads\/2024\/08\/IMG_3134-980x978.jpeg 980w, https:\/\/ponysportverein-roebel-mueritz.de\/wp-content\/uploads\/2024\/08\/IMG_3134-75x75.jpeg 75w, https:\/\/ponysportverein-roebel-mueritz.de\/wp-content\/uploads\/2024\/08\/IMG_3134.jpeg 1170w\" sizes=\"(max-width: 960px) 100vw, 960px\" \/>\t\t\t\t\t\t\t\t\t\t\t\t\t\t\t<\/div>\n\t\t\t\t<\/div>\n\t\t\t\t<div class=\"elementor-element elementor-element-0034e67 elementor-widget elementor-widget-text-editor\" data-id=\"0034e67\" data-element_type=\"widget\" data-e-type=\"widget\" data-widget_type=\"text-editor.default\">\n\t\t\t\t<div class=\"elementor-widget-container\">\n\t\t\t\t\t\t\t\t\t<p>19. August 2024<\/p>\t\t\t\t\t\t\t\t<\/div>\n\t\t\t\t<\/div>\n\t\t\t\t<div class=\"elementor-element elementor-element-9c24323 elementor-widget-divider--view-line elementor-widget elementor-widget-divider\" data-id=\"9c24323\" data-element_type=\"widget\" data-e-type=\"widget\" data-widget_type=\"divider.default\">\n\t\t\t\t<div class=\"elementor-widget-container\">\n\t\t\t\t\t\t\t<div class=\"elementor-divider\">\n\t\t\t<span class=\"elementor-divider-separator\">\n\t\t\t\t\t\t<\/span>\n\t\t<\/div>\n\t\t\t\t\t\t<\/div>\n\t\t\t\t<\/div>\n\t\t\t\t<div class=\"elementor-element elementor-element-18eefae elementor-widget elementor-widget-heading\" data-id=\"18eefae\" data-element_type=\"widget\" data-e-type=\"widget\" data-widget_type=\"heading.default\">\n\t\t\t\t<div class=\"elementor-widget-container\">\n\t\t\t\t\t<h2 class=\"elementor-heading-title elementor-size-default\">Kremser-Shuttle auf der Kneipenmeile<\/h2>\t\t\t\t<\/div>\n\t\t\t\t<\/div>\n\t\t\t\t<div class=\"elementor-element elementor-element-8c2e5da elementor-widget elementor-widget-text-editor\" data-id=\"8c2e5da\" data-element_type=\"widget\" data-e-type=\"widget\" data-widget_type=\"text-editor.default\">\n\t\t\t\t<div class=\"elementor-widget-container\">\n\t\t\t\t\t\t\t\t\t<div class=\"x11i5rnm xat24cr x1mh8g0r x1vvkbs xtlvy1s x126k92a\"><div>Mit zwei zus\u00e4tzlichen PS (unsere Haflingerdamen Monik und Marjanka) vor unserem Kremser unterst\u00fctzten wir am 17. August unseren kleinen Stadtverkehr auf der R\u00f6beler Kneipenmeile (R\u00f6bel LIVE).<\/div><\/div><div class=\"x11i5rnm xat24cr x1mh8g0r x1vvkbs xtlvy1s x126k92a\"><div>Unser Kremser rollte zwischen Caf\u00e9 Stress und der M\u00fcritzterrasse. Wir hatten sehr nette G\u00e4ste und eine Menge Spa\u00df.<\/div><div>Vielen Dank an Dierk und Denny, welche diesen Shuttle-Service erm\u00f6glichten.<\/div><\/div>\t\t\t\t\t\t\t\t<\/div>\n\t\t\t\t<\/div>\n\t\t\t\t<div class=\"elementor-element elementor-element-66ea4dd elementor-widget elementor-widget-image\" data-id=\"66ea4dd\" data-element_type=\"widget\" data-e-type=\"widget\" data-widget_type=\"image.default\">\n\t\t\t\t<div class=\"elementor-widget-container\">\n\t\t\t\t\t\t\t\t\t\t\t\t\t\t\t<img loading=\"lazy\" decoding=\"async\" width=\"960\" height=\"720\" src=\"https:\/\/ponysportverein-roebel-mueritz.de\/wp-content\/uploads\/2024\/08\/daa61efd-4e19-4aae-80c3-78e4e64353fc-1024x768.jpeg\" class=\"attachment-large size-large wp-image-2339\" alt=\"\" srcset=\"https:\/\/ponysportverein-roebel-mueritz.de\/wp-content\/uploads\/2024\/08\/daa61efd-4e19-4aae-80c3-78e4e64353fc-1024x768.jpeg 1024w, https:\/\/ponysportverein-roebel-mueritz.de\/wp-content\/uploads\/2024\/08\/daa61efd-4e19-4aae-80c3-78e4e64353fc-300x225.jpeg 300w, https:\/\/ponysportverein-roebel-mueritz.de\/wp-content\/uploads\/2024\/08\/daa61efd-4e19-4aae-80c3-78e4e64353fc-768x576.jpeg 768w, https:\/\/ponysportverein-roebel-mueritz.de\/wp-content\/uploads\/2024\/08\/daa61efd-4e19-4aae-80c3-78e4e64353fc-1536x1152.jpeg 1536w, https:\/\/ponysportverein-roebel-mueritz.de\/wp-content\/uploads\/2024\/08\/daa61efd-4e19-4aae-80c3-78e4e64353fc-980x735.jpeg 980w, https:\/\/ponysportverein-roebel-mueritz.de\/wp-content\/uploads\/2024\/08\/daa61efd-4e19-4aae-80c3-78e4e64353fc.jpeg 1600w\" sizes=\"(max-width: 960px) 100vw, 960px\" \/>\t\t\t\t\t\t\t\t\t\t\t\t\t\t\t<\/div>\n\t\t\t\t<\/div>\n\t\t\t\t<div class=\"elementor-element elementor-element-250f9c3 elementor-widget elementor-widget-text-editor\" data-id=\"250f9c3\" data-element_type=\"widget\" data-e-type=\"widget\" data-widget_type=\"text-editor.default\">\n\t\t\t\t<div class=\"elementor-widget-container\">\n\t\t\t\t\t\t\t\t\t<p>17. August 2024<\/p>\t\t\t\t\t\t\t\t<\/div>\n\t\t\t\t<\/div>\n\t\t\t\t<div class=\"elementor-element elementor-element-e398d61 elementor-widget-divider--view-line elementor-widget elementor-widget-divider\" data-id=\"e398d61\" data-element_type=\"widget\" data-e-type=\"widget\" data-widget_type=\"divider.default\">\n\t\t\t\t<div class=\"elementor-widget-container\">\n\t\t\t\t\t\t\t<div class=\"elementor-divider\">\n\t\t\t<span class=\"elementor-divider-separator\">\n\t\t\t\t\t\t<\/span>\n\t\t<\/div>\n\t\t\t\t\t\t<\/div>\n\t\t\t\t<\/div>\n\t\t\t\t<div class=\"elementor-element elementor-element-0cc485a elementor-widget elementor-widget-heading\" data-id=\"0cc485a\" data-element_type=\"widget\" data-e-type=\"widget\" data-widget_type=\"heading.default\">\n\t\t\t\t<div class=\"elementor-widget-container\">\n\t\t\t\t\t<h2 class=\"elementor-heading-title elementor-size-default\">Zeltlager des Ponysportvereins - Vier Tage mit den Pferden unter dem Sternenhimmel!<\/h2>\t\t\t\t<\/div>\n\t\t\t\t<\/div>\n\t\t\t\t<div class=\"elementor-element elementor-element-c217142 elementor-widget elementor-widget-text-editor\" data-id=\"c217142\" data-element_type=\"widget\" data-e-type=\"widget\" data-widget_type=\"text-editor.default\">\n\t\t\t\t<div class=\"elementor-widget-container\">\n\t\t\t\t\t\t\t\t\t<p>Im August war es wieder soweit: Vier Tage lang wurde das Zeltlager f\u00fcr alle Reiter und Fahrer des Ponysportvereins R\u00f6bel\/M\u00fcritz aufgeschlagen! <br \/>Mit etwa 30 Kindern ging es am Freitagmittag vom Reitplatz am Gotthunskamp los, auf dem Kremser, fahrend mit Sulkys und Kutschen oder auf dem R\u00fccken ihrer treuen Ponys, zum Dambecker See, wo bereits flei\u00dfige H\u00e4nde die Zelte aufgebaut hatten.<br \/>Nachdem die Pferde versorgt waren, hie\u00df es zusammen mit den Vierbeinern ab ins k\u00fchle Nass, gefolgt von einem herzhaften Grillabend, bei dem Rita und Gerhard Ebel mit leckerem Grillfleisch und Bratw\u00fcrsten f\u00fcr den vollen Magen sorgten.<br \/><br \/>Diese viert\u00e4gige Zeltlagererfahrung wurde durch eine Vielzahl von Aktivit\u00e4ten zu einem aufregenden Abenteuer f\u00fcr unsere Kinder. Neben der Pflege der Pferde und den t\u00e4glichen Ausritten mit den Ponys wurde viel gebadet und Volleyball gespielt. Jeden Abend versammelte sich die Gruppe gem\u00fctlich um die Feuerschale. Am Samstagnachmittag ging es f\u00fcr die Kinder mit den Pferden auf eine spannende Schnitzeljagd. Am Ziel erwartete sie eine Schatztruhe. Am Abend gab es f\u00fcr alle eine unglaublich leckere Pute aus dem Backofen. Vielen Dank daf\u00fcr an Denny Bohnsack. Am Sonntagvormittag schaute Babett Lindner vorbei und die Kinder konnten unter ihrer Anleitung T-Shirts mit Batik-Muster f\u00e4rben. Vielen herzlichen Dank daf\u00fcr. Am Sonntagabend wagten sich alle tapfer auf eine gruselige Nachtwanderung, bewaffnet mit Taschenlampen und unter der Leitung von Enrico Lindner.<\/p><p>Die Zeit verflog und am Montag war es Zeit, Abschied zu nehmen. Ein spannendes Zeltlager fand sein Ende, doch eins steht fest: Im n\u00e4chsten Jahr wird es definitiv eine Fortsetzung geben! Die Gemeinschaft und der Zusammenhalt, der w\u00e4hrend des Zeltlagers entstand, werden noch lange in Erinnerung bleiben und st\u00e4rken noch mehr das Miteinander im Ponysportverein R\u00f6bel\/M\u00fcritz. Die Kinder sind stolz auf das, was sie gemeinsam erlebt und erreicht haben, und die erwachsenen Begleiter freuen sich, einen Beitrag zu solch wertvollen Erinnerungen geleistet zu haben.<br \/><br \/>Ein riesiges Dankesch\u00f6n geht an Frau Siegmund vom Amt R\u00f6bel\/M\u00fcritz, B\u00fcrgermeister Manfred Semrau aus der Gemeinde B\u00fctow und allen anderen, die diesen wundersch\u00f6nen Ort erm\u00f6glicht haben. Ebenso geb\u00fchrt allen flei\u00dfigen Helfern ein herzliches Dankesch\u00f6n f\u00fcr ihren Einsatz beim Auf- und Abbau sowie f\u00fcr die selbstgemachten Leckereien. Ein besonderer Dank geht an Sulkowski WC-Vermietung f\u00fcr das Toiletten-Sponsoring, an die K\u00fcche des Diakonie-Pflegeheims R\u00f6bel f\u00fcr das k\u00f6stliche Essen und die Stadt R\u00f6bel f\u00fcr ihre finanzielle Unterst\u00fctzung.<br \/>Ein gro\u00dfes Dankesch\u00f6n auch an alle Autofahrer, die w\u00e4hrend der An- und Abreise so r\u00fccksichtsvoll an den Pferden vorbeigefahren sind.<br \/>Zu guter Letzt, ein herzliches Dankesch\u00f6n an die Edeka Handelsgesellschaft Nord in Malchow, die erneut mit Obst, Getr\u00e4nken und Naschereien unterst\u00fctzt hat. Und nat\u00fcrlich an all die treuen Sponsoren und Unterst\u00fctzer, die dieses tolle Event m\u00f6glich gemacht haben! <br \/>Mit solch wundervollen Erinnerungen im Gep\u00e4ck, freuen sich die Kinder schon auf das n\u00e4chste Jahr. Die Vorfreude auf neue Abenteuer, das Wiedersehen mit Freunden und die geliebten Ponys lassen die Herzen der kleinen Reiter h\u00f6her schlagen.<\/p><div>\u00a0<\/div>\t\t\t\t\t\t\t\t<\/div>\n\t\t\t\t<\/div>\n\t\t\t\t<div class=\"elementor-element elementor-element-b7652eb elementor-widget elementor-widget-image\" data-id=\"b7652eb\" data-element_type=\"widget\" data-e-type=\"widget\" data-widget_type=\"image.default\">\n\t\t\t\t<div class=\"elementor-widget-container\">\n\t\t\t\t\t\t\t\t\t\t\t\t\t\t\t<img loading=\"lazy\" decoding=\"async\" width=\"960\" height=\"720\" src=\"https:\/\/ponysportverein-roebel-mueritz.de\/wp-content\/uploads\/2024\/08\/454568081_898503358985400_2653629418959506851_n-1024x768.jpg\" class=\"attachment-large size-large wp-image-2333\" alt=\"\" srcset=\"https:\/\/ponysportverein-roebel-mueritz.de\/wp-content\/uploads\/2024\/08\/454568081_898503358985400_2653629418959506851_n-1024x768.jpg 1024w, https:\/\/ponysportverein-roebel-mueritz.de\/wp-content\/uploads\/2024\/08\/454568081_898503358985400_2653629418959506851_n-300x225.jpg 300w, https:\/\/ponysportverein-roebel-mueritz.de\/wp-content\/uploads\/2024\/08\/454568081_898503358985400_2653629418959506851_n-768x576.jpg 768w, https:\/\/ponysportverein-roebel-mueritz.de\/wp-content\/uploads\/2024\/08\/454568081_898503358985400_2653629418959506851_n-1536x1152.jpg 1536w, https:\/\/ponysportverein-roebel-mueritz.de\/wp-content\/uploads\/2024\/08\/454568081_898503358985400_2653629418959506851_n-980x735.jpg 980w, https:\/\/ponysportverein-roebel-mueritz.de\/wp-content\/uploads\/2024\/08\/454568081_898503358985400_2653629418959506851_n.jpg 1600w\" sizes=\"(max-width: 960px) 100vw, 960px\" \/>\t\t\t\t\t\t\t\t\t\t\t\t\t\t\t<\/div>\n\t\t\t\t<\/div>\n\t\t\t\t<div class=\"elementor-element elementor-element-135dbac elementor-widget elementor-widget-text-editor\" data-id=\"135dbac\" data-element_type=\"widget\" data-e-type=\"widget\" data-widget_type=\"text-editor.default\">\n\t\t\t\t<div class=\"elementor-widget-container\">\n\t\t\t\t\t\t\t\t\t<p>4. August 2024<\/p>\t\t\t\t\t\t\t\t<\/div>\n\t\t\t\t<\/div>\n\t\t\t\t<div class=\"elementor-element elementor-element-736ee91 elementor-widget-divider--view-line elementor-widget elementor-widget-divider\" data-id=\"736ee91\" data-element_type=\"widget\" data-e-type=\"widget\" data-widget_type=\"divider.default\">\n\t\t\t\t<div class=\"elementor-widget-container\">\n\t\t\t\t\t\t\t<div class=\"elementor-divider\">\n\t\t\t<span class=\"elementor-divider-separator\">\n\t\t\t\t\t\t<\/span>\n\t\t<\/div>\n\t\t\t\t\t\t<\/div>\n\t\t\t\t<\/div>\n\t\t\t\t<div class=\"elementor-element elementor-element-7964c47 elementor-widget elementor-widget-heading\" data-id=\"7964c47\" data-element_type=\"widget\" data-e-type=\"widget\" data-widget_type=\"heading.default\">\n\t\t\t\t<div class=\"elementor-widget-container\">\n\t\t\t\t\t<h2 class=\"elementor-heading-title elementor-size-default\">Unser Tag bei den Sommerferiensportspielen \n\n<\/h2>\t\t\t\t<\/div>\n\t\t\t\t<\/div>\n\t\t\t\t<div class=\"elementor-element elementor-element-db4d84e elementor-widget elementor-widget-text-editor\" data-id=\"db4d84e\" data-element_type=\"widget\" data-e-type=\"widget\" data-widget_type=\"text-editor.default\">\n\t\t\t\t<div class=\"elementor-widget-container\">\n\t\t\t\t\t\t\t\t\t<div class=\"xdj266r x11i5rnm xat24cr x1mh8g0r x1vvkbs x126k92a\"><div>Auch in diesem Jahr beteiligten wir uns an den Sommerferiensportspielen des TSV 90 R\u00f6bel \/ M\u00fcritz e.V..<\/div><\/div><div class=\"x11i5rnm xat24cr x1mh8g0r x1vvkbs xtlvy1s x126k92a\"><div>Am vergangenen Donnerstag konnten die Ferienkinder auf dem Friesensportplatz Ponys putzen, reiten und Sulky fahren sowie Hufeisen werfen.<span class=\"html-span xexx8yu x4uap5 x18d9i69 xkhd6sd x1hl2dhg x16tdsg8 x1vvkbs x3nfvp2 x1j61x8r x1fcty0u xdj266r xat24cr xgzva0m xhhsvwb xxymvpz xlup9mm x1kky2od\"><br \/><\/span><\/div><\/div><div class=\"x11i5rnm xat24cr x1mh8g0r x1vvkbs xtlvy1s x126k92a\"><div>Vielen Dank an alle, die uns am Donnerstagvormittag dabei unterst\u00fctzt haben.<span class=\"html-span xexx8yu x4uap5 x18d9i69 xkhd6sd x1hl2dhg x16tdsg8 x1vvkbs x3nfvp2 x1j61x8r x1fcty0u xdj266r xat24cr xgzva0m xhhsvwb xxymvpz xlup9mm x1kky2od\"><br \/><\/span><\/div><div>\u00a0<\/div><\/div>\t\t\t\t\t\t\t\t<\/div>\n\t\t\t\t<\/div>\n\t\t\t\t<div class=\"elementor-element elementor-element-db2af35 elementor-widget elementor-widget-image\" data-id=\"db2af35\" data-element_type=\"widget\" data-e-type=\"widget\" data-widget_type=\"image.default\">\n\t\t\t\t<div class=\"elementor-widget-container\">\n\t\t\t\t\t\t\t\t\t\t\t\t\t\t\t<img loading=\"lazy\" decoding=\"async\" width=\"960\" height=\"720\" src=\"https:\/\/ponysportverein-roebel-mueritz.de\/wp-content\/uploads\/2024\/07\/IMG_2206-1024x768.jpeg\" class=\"attachment-large size-large wp-image-2327\" alt=\"\" srcset=\"https:\/\/ponysportverein-roebel-mueritz.de\/wp-content\/uploads\/2024\/07\/IMG_2206-1024x768.jpeg 1024w, https:\/\/ponysportverein-roebel-mueritz.de\/wp-content\/uploads\/2024\/07\/IMG_2206-300x225.jpeg 300w, https:\/\/ponysportverein-roebel-mueritz.de\/wp-content\/uploads\/2024\/07\/IMG_2206-768x576.jpeg 768w, https:\/\/ponysportverein-roebel-mueritz.de\/wp-content\/uploads\/2024\/07\/IMG_2206-980x735.jpeg 980w, https:\/\/ponysportverein-roebel-mueritz.de\/wp-content\/uploads\/2024\/07\/IMG_2206.jpeg 1280w\" sizes=\"(max-width: 960px) 100vw, 960px\" \/>\t\t\t\t\t\t\t\t\t\t\t\t\t\t\t<\/div>\n\t\t\t\t<\/div>\n\t\t\t\t<div class=\"elementor-element elementor-element-c33973d elementor-widget elementor-widget-text-editor\" data-id=\"c33973d\" data-element_type=\"widget\" data-e-type=\"widget\" data-widget_type=\"text-editor.default\">\n\t\t\t\t<div class=\"elementor-widget-container\">\n\t\t\t\t\t\t\t\t\t<p>24. Juli 2024<\/p>\t\t\t\t\t\t\t\t<\/div>\n\t\t\t\t<\/div>\n\t\t\t\t<div class=\"elementor-element elementor-element-59d4945 elementor-widget-divider--view-line elementor-widget elementor-widget-divider\" data-id=\"59d4945\" data-element_type=\"widget\" data-e-type=\"widget\" data-widget_type=\"divider.default\">\n\t\t\t\t<div class=\"elementor-widget-container\">\n\t\t\t\t\t\t\t<div class=\"elementor-divider\">\n\t\t\t<span class=\"elementor-divider-separator\">\n\t\t\t\t\t\t<\/span>\n\t\t<\/div>\n\t\t\t\t\t\t<\/div>\n\t\t\t\t<\/div>\n\t\t\t\t<div class=\"elementor-element elementor-element-899d247 elementor-widget elementor-widget-heading\" data-id=\"899d247\" data-element_type=\"widget\" data-e-type=\"widget\" data-widget_type=\"heading.default\">\n\t\t\t\t<div class=\"elementor-widget-container\">\n\t\t\t\t\t<h2 class=\"elementor-heading-title elementor-size-default\">67. Seefest R\u00f6bel\/M\u00fcritz<\/h2>\t\t\t\t<\/div>\n\t\t\t\t<\/div>\n\t\t\t\t<div class=\"elementor-element elementor-element-d1beecd elementor-widget elementor-widget-text-editor\" data-id=\"d1beecd\" data-element_type=\"widget\" data-e-type=\"widget\" data-widget_type=\"text-editor.default\">\n\t\t\t\t<div class=\"elementor-widget-container\">\n\t\t\t\t\t\t\t\t\t<div class=\"x11i5rnm xat24cr x1mh8g0r x1vvkbs xtlvy1s x126k92a\"><div><div class=\"xdj266r x11i5rnm xat24cr x1mh8g0r x1vvkbs x126k92a\"><div>Zum Auftakt des 67. Seefestes pr\u00e4sentierten wir uns bei strahlendem Sonnenschein mit 17 Ponys und Pferden, um Neptun sicher zum Hafen zu geleiten.<\/div><\/div><div class=\"x11i5rnm xat24cr x1mh8g0r x1vvkbs xtlvy1s x126k92a\"><div>Alle, Vier- und Zweibeiner, waren geschm\u00fcckt und rausgeputzt.<span class=\"html-span xexx8yu x4uap5 x18d9i69 xkhd6sd x1hl2dhg x16tdsg8 x1vvkbs x3nfvp2 x1j61x8r x1fcty0u xdj266r xat24cr xgzva0m xhhsvwb xxymvpz xlup9mm x1kky2od\"><br \/><\/span><\/div><div>Wir sind stolz auf unsere nervenstarken Pferde.<\/div><div>\u00a0<\/div><\/div><\/div><\/div>\t\t\t\t\t\t\t\t<\/div>\n\t\t\t\t<\/div>\n\t\t\t\t<div class=\"elementor-element elementor-element-142edce elementor-widget elementor-widget-image\" data-id=\"142edce\" data-element_type=\"widget\" data-e-type=\"widget\" data-widget_type=\"image.default\">\n\t\t\t\t<div class=\"elementor-widget-container\">\n\t\t\t\t\t\t\t\t\t\t\t\t\t\t\t<img loading=\"lazy\" decoding=\"async\" width=\"960\" height=\"720\" src=\"https:\/\/ponysportverein-roebel-mueritz.de\/wp-content\/uploads\/2024\/07\/Seefest-67-1024x768.jpeg\" class=\"attachment-large size-large wp-image-2316\" alt=\"\" srcset=\"https:\/\/ponysportverein-roebel-mueritz.de\/wp-content\/uploads\/2024\/07\/Seefest-67-1024x768.jpeg 1024w, https:\/\/ponysportverein-roebel-mueritz.de\/wp-content\/uploads\/2024\/07\/Seefest-67-300x225.jpeg 300w, https:\/\/ponysportverein-roebel-mueritz.de\/wp-content\/uploads\/2024\/07\/Seefest-67-768x576.jpeg 768w, https:\/\/ponysportverein-roebel-mueritz.de\/wp-content\/uploads\/2024\/07\/Seefest-67-980x735.jpeg 980w, https:\/\/ponysportverein-roebel-mueritz.de\/wp-content\/uploads\/2024\/07\/Seefest-67.jpeg 1280w\" sizes=\"(max-width: 960px) 100vw, 960px\" \/>\t\t\t\t\t\t\t\t\t\t\t\t\t\t\t<\/div>\n\t\t\t\t<\/div>\n\t\t\t\t<div class=\"elementor-element elementor-element-17f9a50 elementor-widget elementor-widget-text-editor\" data-id=\"17f9a50\" data-element_type=\"widget\" data-e-type=\"widget\" data-widget_type=\"text-editor.default\">\n\t\t\t\t<div class=\"elementor-widget-container\">\n\t\t\t\t\t\t\t\t\t<p>19. Juli 2024<\/p>\t\t\t\t\t\t\t\t<\/div>\n\t\t\t\t<\/div>\n\t\t\t\t<div class=\"elementor-element elementor-element-3ad0970 elementor-widget-divider--view-line elementor-widget elementor-widget-divider\" data-id=\"3ad0970\" data-element_type=\"widget\" data-e-type=\"widget\" data-widget_type=\"divider.default\">\n\t\t\t\t<div class=\"elementor-widget-container\">\n\t\t\t\t\t\t\t<div class=\"elementor-divider\">\n\t\t\t<span class=\"elementor-divider-separator\">\n\t\t\t\t\t\t<\/span>\n\t\t<\/div>\n\t\t\t\t\t\t<\/div>\n\t\t\t\t<\/div>\n\t\t\t\t<div class=\"elementor-element elementor-element-dd0282c elementor-widget elementor-widget-heading\" data-id=\"dd0282c\" data-element_type=\"widget\" data-e-type=\"widget\" data-widget_type=\"heading.default\">\n\t\t\t\t<div class=\"elementor-widget-container\">\n\t\t\t\t\t<h2 class=\"elementor-heading-title elementor-size-default\">Ein toller Tag f\u00fcr den Ponysportverein R\u00f6bel\/M\u00fcritz!\u00a0<\/h2>\t\t\t\t<\/div>\n\t\t\t\t<\/div>\n\t\t\t\t<div class=\"elementor-element elementor-element-7f12eff elementor-widget elementor-widget-text-editor\" data-id=\"7f12eff\" data-element_type=\"widget\" data-e-type=\"widget\" data-widget_type=\"text-editor.default\">\n\t\t\t\t<div class=\"elementor-widget-container\">\n\t\t\t\t\t\t\t\t\t<p>Am 6. Juli fand auf dem Reitplatz am Gotthunskamp unser allj\u00e4hrliches Vereins- und Sponsorenfest statt. Rund 140 Mitglieder, Unterst\u00fctzer und Sponsoren folgten der Einladung und erlebten eine wundervolle Veranstaltung.<\/p><p>Zu Beginn des Festes zeigten die Vereinskinder mit den Ponys und Pferden in verschiedenen Schaubildern, u. a. Fasching, Reiterball, Speckreiten, unseren Jahresr\u00fcckblick. Beeindruckt von der Kreativit\u00e4t, welche insbesondere Emma Karnatz und Lillie Schmidt an den Tag legten, gab es tosenden Applaus f\u00fcr diese wundervolle Leistung aller jungen Mitglieder.<\/p><p>Anschlie\u00dfend pr\u00e4sentierten die Jugendlichen mit ihren Vierbeinern eine ausgezeichnete Quadrille, die sie in den Wochen zuvor heimlich und eigenst\u00e4ndig einstudiert hatten. Vielen Dank an dieser Stelle auch an die erwachsenen Vereinsmitglieder f\u00fcr Ihre Unterst\u00fctzung. Es war eine grandiose Vorf\u00fchrung, f\u00fcr die sie von den Besuchern mit lautem Applaus belohnt wurden.<\/p><p>Als sich nach der Quadrille alle Kinder und Jugendlichen bei meinem Opa Wilhelm Jarchow, bei meinem Mann Dierk Kroeger und bei mir selbst mit lieben Worten, Geschenken und Umarmungen f\u00fcr unsere t\u00e4gliche Unterst\u00fctzung bedankten, war ich zu Tr\u00e4nen ger\u00fchrt. Vielen, vielen Dank daf\u00fcr!<\/p><p>Nach den Vorf\u00fchrungen gab es Kaffee und ein vielf\u00e4ltiges Angebot an selbstgebackenem Kuchen. Die G\u00e4ste hatten die Gelegenheit, miteinander ins Gespr\u00e4ch zu kommen und auch selbst einmal zu reiten. Die Kinder indessen lie\u00dfen es sich beim Kinderschminken, angeboten durch die Animateur-Agentur Babett Lindner aus Sietow, gut gehen.\u00a0<\/p><p>Der Abend wurde abgerundet durch ein reichhaltiges Abendbrot und gute Musik von Enrico Lindner. Er sorgte nicht nur f\u00fcr den Bierwagen, sondern auch f\u00fcr die tolle Stimmung auf dem Fest. Bei ihm an dieser Stelle nochmals ein herzliches Dankesch\u00f6n. Ein besonderer Dank gilt auch Tino Ollenburger von Olly-Food, der uns das leckere Abendessen mit seinem Mitarbeiter Markus Kreutzfeldt zubereitete und obendrein noch sponserte!<\/p><p>Der Ponysportverein m\u00f6chte sich ebenso bei allen Mitgliedern und Freunden bedanken, die Kuchen und Salate mitgebracht haben. Wir bedanken uns auch bei all denjenigen, die im Hintergrund zum Gelingen dieses Tages sowie vieler anderer toller Vereinstage beigetragen haben und beitragen.<\/p><p>Es war ein gelungenes Fest, das nicht nur den Zusammenhalt im Verein gest\u00e4rkt hat, sondern auch die Unterst\u00fctzung der Sponsoren und Freunde gezeigt hat. Wir freuen uns schon auf das n\u00e4chste Vereins- und Sponsorenfest im kommenden Jahr!<\/p><div>\u00a0<\/div>\t\t\t\t\t\t\t\t<\/div>\n\t\t\t\t<\/div>\n\t\t\t\t<div class=\"elementor-element elementor-element-3956539 elementor-widget elementor-widget-image\" data-id=\"3956539\" data-element_type=\"widget\" data-e-type=\"widget\" data-widget_type=\"image.default\">\n\t\t\t\t<div class=\"elementor-widget-container\">\n\t\t\t\t\t\t\t\t\t\t\t\t\t\t\t<img loading=\"lazy\" decoding=\"async\" width=\"960\" height=\"473\" src=\"https:\/\/ponysportverein-roebel-mueritz.de\/wp-content\/uploads\/2024\/07\/Gruppenbild-1024x504.jpeg\" class=\"attachment-large size-large wp-image-2315\" alt=\"\" srcset=\"https:\/\/ponysportverein-roebel-mueritz.de\/wp-content\/uploads\/2024\/07\/Gruppenbild-1024x504.jpeg 1024w, https:\/\/ponysportverein-roebel-mueritz.de\/wp-content\/uploads\/2024\/07\/Gruppenbild-300x148.jpeg 300w, https:\/\/ponysportverein-roebel-mueritz.de\/wp-content\/uploads\/2024\/07\/Gruppenbild-768x378.jpeg 768w, https:\/\/ponysportverein-roebel-mueritz.de\/wp-content\/uploads\/2024\/07\/Gruppenbild-980x482.jpeg 980w, https:\/\/ponysportverein-roebel-mueritz.de\/wp-content\/uploads\/2024\/07\/Gruppenbild.jpeg 1280w\" sizes=\"(max-width: 960px) 100vw, 960px\" \/>\t\t\t\t\t\t\t\t\t\t\t\t\t\t\t<\/div>\n\t\t\t\t<\/div>\n\t\t\t\t<div class=\"elementor-element elementor-element-2443b0b elementor-widget elementor-widget-text-editor\" data-id=\"2443b0b\" data-element_type=\"widget\" data-e-type=\"widget\" data-widget_type=\"text-editor.default\">\n\t\t\t\t<div class=\"elementor-widget-container\">\n\t\t\t\t\t\t\t\t\t<p>6. Juli 2024<\/p>\t\t\t\t\t\t\t\t<\/div>\n\t\t\t\t<\/div>\n\t\t\t\t<div class=\"elementor-element elementor-element-5372d32 elementor-widget-divider--view-line elementor-widget elementor-widget-divider\" data-id=\"5372d32\" data-element_type=\"widget\" data-e-type=\"widget\" data-widget_type=\"divider.default\">\n\t\t\t\t<div class=\"elementor-widget-container\">\n\t\t\t\t\t\t\t<div class=\"elementor-divider\">\n\t\t\t<span class=\"elementor-divider-separator\">\n\t\t\t\t\t\t<\/span>\n\t\t<\/div>\n\t\t\t\t\t\t<\/div>\n\t\t\t\t<\/div>\n\t\t\t\t<div class=\"elementor-element elementor-element-382985d elementor-widget elementor-widget-heading\" data-id=\"382985d\" data-element_type=\"widget\" data-e-type=\"widget\" data-widget_type=\"heading.default\">\n\t\t\t\t<div class=\"elementor-widget-container\">\n\t\t\t\t\t<h2 class=\"elementor-heading-title elementor-size-default\">Offener Hoftag Strameu\u00df<\/h2>\t\t\t\t<\/div>\n\t\t\t\t<\/div>\n\t\t\t\t<div class=\"elementor-element elementor-element-0e09547 elementor-widget elementor-widget-text-editor\" data-id=\"0e09547\" data-element_type=\"widget\" data-e-type=\"widget\" data-widget_type=\"text-editor.default\">\n\t\t\t\t<div class=\"elementor-widget-container\">\n\t\t\t\t\t\t\t\t\t<div class=\"xdj266r x11i5rnm xat24cr x1mh8g0r x1vvkbs x126k92a\"><div>Am 29. Juni haben unsere Pferde und Reiter am offenen Hofturnier des Reit- und Fahrvereins Strameu\u00df teilgenommen und konnten dabei zahlreiche Preise gewinnen.<span class=\"html-span xexx8yu x4uap5 x18d9i69 xkhd6sd x1hl2dhg x16tdsg8 x1vvkbs x3nfvp2 x1j61x8r x1fcty0u xdj266r xat24cr xgzva0m xhhsvwb xxymvpz xlup9mm x1kky2od\"><br \/><\/span><\/div><\/div><div class=\"x11i5rnm xat24cr x1mh8g0r x1vvkbs xtlvy1s x126k92a\"><div>Unsere Pferde zeigten sich von ihrer besten Seite und meisterten die anspruchsvollen Disziplinen. Auch die Reiter zeigten ihr K\u00f6nnen und konnten mit ihrem Geschick und ihrer Reitkunst \u00fcberzeugen. Dabei konnten wir uns gegen starke Konkurrenz behaupten und erzielten tolle Platzierungen.<\/div><\/div><div class=\"x11i5rnm xat24cr x1mh8g0r x1vvkbs xtlvy1s x126k92a\"><div>Besonders stolz sind wir auf unsere Pferde, die uns mit ihrer Leistung begeisterten. Ohne sie w\u00e4ren unsere Erfolge nicht m\u00f6glich gewesen.<\/div><\/div><div class=\"x11i5rnm xat24cr x1mh8g0r x1vvkbs xtlvy1s x126k92a\"><div>Wir m\u00f6chten uns an dieser Stelle auch bei den Organisatoren des Turniers bedanken, die eine reibungslose und professionelle Veranstaltung auf die Beine gestellt haben. Es war ein erlebnisreicher und erfolgreicher Tag, der uns allen noch lange in Erinnerung bleiben werden.<\/div><\/div><div class=\"x11i5rnm xat24cr x1mh8g0r x1vvkbs xtlvy1s x126k92a\"><div>Unsere Teilnahme am offenen Hofturnier des Reit- und Fahrvereins Strameu\u00df hat uns gezeigt, dass wir als Team unschlagbar sind und gemeinsam jede Herausforderung meistern k\u00f6nnen.<\/div><\/div>\t\t\t\t\t\t\t\t<\/div>\n\t\t\t\t<\/div>\n\t\t\t\t<div class=\"elementor-element elementor-element-c21ce8f elementor-widget elementor-widget-image\" data-id=\"c21ce8f\" data-element_type=\"widget\" data-e-type=\"widget\" data-widget_type=\"image.default\">\n\t\t\t\t<div class=\"elementor-widget-container\">\n\t\t\t\t\t\t\t\t\t\t\t\t\t\t\t<img loading=\"lazy\" decoding=\"async\" width=\"960\" height=\"720\" src=\"https:\/\/ponysportverein-roebel-mueritz.de\/wp-content\/uploads\/2024\/07\/Strameuss-1024x768.jpeg\" class=\"attachment-large size-large wp-image-2314\" alt=\"\" srcset=\"https:\/\/ponysportverein-roebel-mueritz.de\/wp-content\/uploads\/2024\/07\/Strameuss-1024x768.jpeg 1024w, https:\/\/ponysportverein-roebel-mueritz.de\/wp-content\/uploads\/2024\/07\/Strameuss-300x225.jpeg 300w, https:\/\/ponysportverein-roebel-mueritz.de\/wp-content\/uploads\/2024\/07\/Strameuss-768x576.jpeg 768w, https:\/\/ponysportverein-roebel-mueritz.de\/wp-content\/uploads\/2024\/07\/Strameuss-980x735.jpeg 980w, https:\/\/ponysportverein-roebel-mueritz.de\/wp-content\/uploads\/2024\/07\/Strameuss.jpeg 1280w\" sizes=\"(max-width: 960px) 100vw, 960px\" \/>\t\t\t\t\t\t\t\t\t\t\t\t\t\t\t<\/div>\n\t\t\t\t<\/div>\n\t\t\t\t<div class=\"elementor-element elementor-element-08b7a28 elementor-widget elementor-widget-text-editor\" data-id=\"08b7a28\" data-element_type=\"widget\" data-e-type=\"widget\" data-widget_type=\"text-editor.default\">\n\t\t\t\t<div class=\"elementor-widget-container\">\n\t\t\t\t\t\t\t\t\t<p>29. Juni 2024<\/p>\t\t\t\t\t\t\t\t<\/div>\n\t\t\t\t<\/div>\n\t\t\t\t<div class=\"elementor-element elementor-element-ed4995e elementor-widget-divider--view-line elementor-widget elementor-widget-divider\" data-id=\"ed4995e\" data-element_type=\"widget\" data-e-type=\"widget\" data-widget_type=\"divider.default\">\n\t\t\t\t<div class=\"elementor-widget-container\">\n\t\t\t\t\t\t\t<div class=\"elementor-divider\">\n\t\t\t<span class=\"elementor-divider-separator\">\n\t\t\t\t\t\t<\/span>\n\t\t<\/div>\n\t\t\t\t\t\t<\/div>\n\t\t\t\t<\/div>\n\t\t\t\t<div class=\"elementor-element elementor-element-c53f2a3 elementor-widget elementor-widget-heading\" data-id=\"c53f2a3\" data-element_type=\"widget\" data-e-type=\"widget\" data-widget_type=\"heading.default\">\n\t\t\t\t<div class=\"elementor-widget-container\">\n\t\t\t\t\t<h2 class=\"elementor-heading-title elementor-size-default\">Ponysportverein reist nach Hawaii<\/h2>\t\t\t\t<\/div>\n\t\t\t\t<\/div>\n\t\t\t\t<div class=\"elementor-element elementor-element-7777e93 elementor-widget elementor-widget-text-editor\" data-id=\"7777e93\" data-element_type=\"widget\" data-e-type=\"widget\" data-widget_type=\"text-editor.default\">\n\t\t\t\t<div class=\"elementor-widget-container\">\n\t\t\t\t\t\t\t\t\t<div class=\"html-div xe8uvvx xdj266r x11i5rnm xat24cr x1mh8g0r xexx8yu x4uap5 x18d9i69 xkhd6sd\" dir=\"auto\"><div id=\":r95:\" class=\"x1iorvi4 x1pi30zi x1l90r2v x1swvt13\" data-ad-comet-preview=\"message\" data-ad-preview=\"message\"><div class=\"x78zum5 xdt5ytf xz62fqu x16ldp7u\"><div class=\"xu06os2 x1ok221b\"><div class=\"xdj266r x11i5rnm xat24cr x1mh8g0r x1vvkbs x126k92a\"><div dir=\"auto\">Auch wenn wir am 22. Juni bei der 24. Auflage der Badewannenregatta in R\u00f6bel\/M\u00fcritz nicht auf dem R\u00fccken der Pferde, sondern auf dem Wasser unterwegs waren, hatten wir eine Menge Spa\u00df. <\/div><div dir=\"auto\">Es war ein tolles Event, bei dem wir uns mit unserer \u201eReise nach Hawaii\u201c pr\u00e4sentieren durften und sogar den 2. Platz in unserer Kategorie erringen konnten.\u00a0<\/div><div dir=\"auto\">Schon im Vorfeld hatten wir Mega viel Spa\u00df beim Schm\u00fccken unseres Bootes.<\/div><div dir=\"auto\">Vielen Dank an alle, die uns bei diesem Projekt unterst\u00fctzten, an alle Eltern und unsere Kinder, aber insbesondere an Fabian Sprick (DOMA.S)., Marko Saathoff (Tief- und Rohrleitungsbau Schmidt) und Martin Schatull (Sanit\u00e4r-Heizung-L\u00fcftung) f\u00fcr den Ponton.<\/div><div dir=\"auto\">Im n\u00e4chsten Jahr sind wir auf jeden Fall wieder dabei.<\/div><\/div><\/div><\/div><\/div><\/div>\t\t\t\t\t\t\t\t<\/div>\n\t\t\t\t<\/div>\n\t\t\t\t<div class=\"elementor-element elementor-element-78540f9 elementor-widget elementor-widget-image\" data-id=\"78540f9\" data-element_type=\"widget\" data-e-type=\"widget\" data-widget_type=\"image.default\">\n\t\t\t\t<div class=\"elementor-widget-container\">\n\t\t\t\t\t\t\t\t\t\t\t\t\t\t\t<img loading=\"lazy\" decoding=\"async\" width=\"960\" height=\"720\" src=\"https:\/\/ponysportverein-roebel-mueritz.de\/wp-content\/uploads\/2024\/07\/449823532_878416680994068_5489582595925644152_n-1024x768.jpg\" class=\"attachment-large size-large wp-image-2305\" alt=\"\" srcset=\"https:\/\/ponysportverein-roebel-mueritz.de\/wp-content\/uploads\/2024\/07\/449823532_878416680994068_5489582595925644152_n-1024x768.jpg 1024w, https:\/\/ponysportverein-roebel-mueritz.de\/wp-content\/uploads\/2024\/07\/449823532_878416680994068_5489582595925644152_n-300x225.jpg 300w, https:\/\/ponysportverein-roebel-mueritz.de\/wp-content\/uploads\/2024\/07\/449823532_878416680994068_5489582595925644152_n-768x576.jpg 768w, https:\/\/ponysportverein-roebel-mueritz.de\/wp-content\/uploads\/2024\/07\/449823532_878416680994068_5489582595925644152_n-1536x1152.jpg 1536w, https:\/\/ponysportverein-roebel-mueritz.de\/wp-content\/uploads\/2024\/07\/449823532_878416680994068_5489582595925644152_n-980x735.jpg 980w, https:\/\/ponysportverein-roebel-mueritz.de\/wp-content\/uploads\/2024\/07\/449823532_878416680994068_5489582595925644152_n.jpg 2048w\" sizes=\"(max-width: 960px) 100vw, 960px\" \/>\t\t\t\t\t\t\t\t\t\t\t\t\t\t\t<\/div>\n\t\t\t\t<\/div>\n\t\t\t\t<div class=\"elementor-element elementor-element-da88d34 elementor-widget elementor-widget-text-editor\" data-id=\"da88d34\" data-element_type=\"widget\" data-e-type=\"widget\" data-widget_type=\"text-editor.default\">\n\t\t\t\t<div class=\"elementor-widget-container\">\n\t\t\t\t\t\t\t\t\t<p>22. Juni 2024<\/p>\t\t\t\t\t\t\t\t<\/div>\n\t\t\t\t<\/div>\n\t\t\t\t<div class=\"elementor-element elementor-element-c2b124e elementor-widget-divider--view-line elementor-widget elementor-widget-divider\" data-id=\"c2b124e\" data-element_type=\"widget\" data-e-type=\"widget\" data-widget_type=\"divider.default\">\n\t\t\t\t<div class=\"elementor-widget-container\">\n\t\t\t\t\t\t\t<div class=\"elementor-divider\">\n\t\t\t<span class=\"elementor-divider-separator\">\n\t\t\t\t\t\t<\/span>\n\t\t<\/div>\n\t\t\t\t\t\t<\/div>\n\t\t\t\t<\/div>\n\t\t\t\t<div class=\"elementor-element elementor-element-41a3cc3 elementor-widget elementor-widget-heading\" data-id=\"41a3cc3\" data-element_type=\"widget\" data-e-type=\"widget\" data-widget_type=\"heading.default\">\n\t\t\t\t<div class=\"elementor-widget-container\">\n\t\t\t\t\t<h2 class=\"elementor-heading-title elementor-size-default\">Tag des offenen Hofes<\/h2>\t\t\t\t<\/div>\n\t\t\t\t<\/div>\n\t\t\t\t<div class=\"elementor-element elementor-element-e035c7c elementor-widget elementor-widget-text-editor\" data-id=\"e035c7c\" data-element_type=\"widget\" data-e-type=\"widget\" data-widget_type=\"text-editor.default\">\n\t\t\t\t<div class=\"elementor-widget-container\">\n\t\t\t\t\t\t\t\t\t<p><span class=\"x193iq5w xeuugli x13faqbe x1vvkbs x1xmvt09 x1lliihq x1s928wv xhkezso x1gmr53x x1cpjm7i x1fgarty x1943h6x xudqn12 x3x7a5m x6prxxf xvq8zen xo1l8bm xzsf02u x1yc453h\" dir=\"auto\">Am gestrigen Tag waren wir beim &#8222;Tag des offenen Hofes&#8220; des Landwirtschaftsbetriebes der Familie <span class=\"html-span xdj266r x11i5rnm xat24cr x1mh8g0r xexx8yu x4uap5 x18d9i69 xkhd6sd x1hl2dhg x16tdsg8 x1vvkbs\">#vanderahm<\/span> in Bollewick. F\u00fcr die Kinder boten wir Ponyreiten an und hatten selbst die Gelegenheit, K\u00e4lber zu streicheln, eine Tour mit dem Trecker zu machen und nat\u00fcrlich lie\u00dfen wir uns auch die Frischmilch schmecken. Es war ein wundersch\u00f6ner Tag.<\/span><\/p>\t\t\t\t\t\t\t\t<\/div>\n\t\t\t\t<\/div>\n\t\t\t\t<div class=\"elementor-element elementor-element-93a1c40 elementor-widget elementor-widget-image\" data-id=\"93a1c40\" data-element_type=\"widget\" data-e-type=\"widget\" data-widget_type=\"image.default\">\n\t\t\t\t<div class=\"elementor-widget-container\">\n\t\t\t\t\t\t\t\t\t\t\t\t\t\t\t<img loading=\"lazy\" decoding=\"async\" width=\"768\" height=\"768\" src=\"https:\/\/ponysportverein-roebel-mueritz.de\/wp-content\/uploads\/2024\/06\/1000168353-768x768.jpg\" class=\"attachment-medium_large size-medium_large wp-image-2278\" alt=\"\" srcset=\"https:\/\/ponysportverein-roebel-mueritz.de\/wp-content\/uploads\/2024\/06\/1000168353-768x768.jpg 768w, https:\/\/ponysportverein-roebel-mueritz.de\/wp-content\/uploads\/2024\/06\/1000168353-300x300.jpg 300w, https:\/\/ponysportverein-roebel-mueritz.de\/wp-content\/uploads\/2024\/06\/1000168353-1024x1024.jpg 1024w, https:\/\/ponysportverein-roebel-mueritz.de\/wp-content\/uploads\/2024\/06\/1000168353-150x150.jpg 150w, https:\/\/ponysportverein-roebel-mueritz.de\/wp-content\/uploads\/2024\/06\/1000168353-1536x1536.jpg 1536w, https:\/\/ponysportverein-roebel-mueritz.de\/wp-content\/uploads\/2024\/06\/1000168353-2048x2048.jpg 2048w, https:\/\/ponysportverein-roebel-mueritz.de\/wp-content\/uploads\/2024\/06\/1000168353-980x980.jpg 980w, https:\/\/ponysportverein-roebel-mueritz.de\/wp-content\/uploads\/2024\/06\/1000168353-75x75.jpg 75w\" sizes=\"(max-width: 768px) 100vw, 768px\" \/>\t\t\t\t\t\t\t\t\t\t\t\t\t\t\t<\/div>\n\t\t\t\t<\/div>\n\t\t\t\t<div class=\"elementor-element elementor-element-3ff1dc4 elementor-widget elementor-widget-text-editor\" data-id=\"3ff1dc4\" data-element_type=\"widget\" data-e-type=\"widget\" data-widget_type=\"text-editor.default\">\n\t\t\t\t<div class=\"elementor-widget-container\">\n\t\t\t\t\t\t\t\t\t<p>1. Juni 2024<\/p>\t\t\t\t\t\t\t\t<\/div>\n\t\t\t\t<\/div>\n\t\t\t\t<div class=\"elementor-element elementor-element-c802626 elementor-widget-divider--view-line elementor-widget elementor-widget-divider\" data-id=\"c802626\" data-element_type=\"widget\" data-e-type=\"widget\" data-widget_type=\"divider.default\">\n\t\t\t\t<div class=\"elementor-widget-container\">\n\t\t\t\t\t\t\t<div class=\"elementor-divider\">\n\t\t\t<span class=\"elementor-divider-separator\">\n\t\t\t\t\t\t<\/span>\n\t\t<\/div>\n\t\t\t\t\t\t<\/div>\n\t\t\t\t<\/div>\n\t\t\t\t<div class=\"elementor-element elementor-element-33d43b6 elementor-widget elementor-widget-heading\" data-id=\"33d43b6\" data-element_type=\"widget\" data-e-type=\"widget\" data-widget_type=\"heading.default\">\n\t\t\t\t<div class=\"elementor-widget-container\">\n\t\t\t\t\t<h2 class=\"elementor-heading-title elementor-size-default\">Tag der Vereine<\/h2>\t\t\t\t<\/div>\n\t\t\t\t<\/div>\n\t\t\t\t<div class=\"elementor-element elementor-element-d0e3dc8 elementor-widget elementor-widget-text-editor\" data-id=\"d0e3dc8\" data-element_type=\"widget\" data-e-type=\"widget\" data-widget_type=\"text-editor.default\">\n\t\t\t\t<div class=\"elementor-widget-container\">\n\t\t\t\t\t\t\t\t\t<div dir=\"auto\">Beim diesj\u00e4hrigen Saisonauftakt der Stadt R\u00f6bel\/M\u00fcritz, zum \u201eTag der Vereine\u201c, erhielten auch wir, neben PSV R\u00f6bel, Segelverein, M\u00e4nnerchor usw., die Gelegenheit, unseren Verein und unser vielf\u00e4ltiges Vereinsleben im B\u00fcrgergarten zu pr\u00e4sentieren. <\/div><div dir=\"auto\">\u00a0<\/div><div dir=\"auto\">Vielen Dank, dass wir dabei sein durften. <\/div><div dir=\"auto\">Lieben Dank an alle, die uns an diesem Tag unterst\u00fctzten.<\/div>\t\t\t\t\t\t\t\t<\/div>\n\t\t\t\t<\/div>\n\t\t\t\t<div class=\"elementor-element elementor-element-eb10895 elementor-widget elementor-widget-image\" data-id=\"eb10895\" data-element_type=\"widget\" data-e-type=\"widget\" data-widget_type=\"image.default\">\n\t\t\t\t<div class=\"elementor-widget-container\">\n\t\t\t\t\t\t\t\t\t\t\t\t\t\t\t<img loading=\"lazy\" decoding=\"async\" width=\"960\" height=\"720\" src=\"https:\/\/ponysportverein-roebel-mueritz.de\/wp-content\/uploads\/2024\/05\/Tag-der-Vereine-1024x768.jpeg\" class=\"attachment-large size-large wp-image-2218\" alt=\"\" srcset=\"https:\/\/ponysportverein-roebel-mueritz.de\/wp-content\/uploads\/2024\/05\/Tag-der-Vereine-1024x768.jpeg 1024w, https:\/\/ponysportverein-roebel-mueritz.de\/wp-content\/uploads\/2024\/05\/Tag-der-Vereine-300x225.jpeg 300w, https:\/\/ponysportverein-roebel-mueritz.de\/wp-content\/uploads\/2024\/05\/Tag-der-Vereine-768x576.jpeg 768w, https:\/\/ponysportverein-roebel-mueritz.de\/wp-content\/uploads\/2024\/05\/Tag-der-Vereine-980x735.jpeg 980w, https:\/\/ponysportverein-roebel-mueritz.de\/wp-content\/uploads\/2024\/05\/Tag-der-Vereine.jpeg 1280w\" sizes=\"(max-width: 960px) 100vw, 960px\" \/>\t\t\t\t\t\t\t\t\t\t\t\t\t\t\t<\/div>\n\t\t\t\t<\/div>\n\t\t\t\t<div class=\"elementor-element elementor-element-abb072a elementor-widget elementor-widget-text-editor\" data-id=\"abb072a\" data-element_type=\"widget\" data-e-type=\"widget\" data-widget_type=\"text-editor.default\">\n\t\t\t\t<div class=\"elementor-widget-container\">\n\t\t\t\t\t\t\t\t\t<p>1. Mai 2024<\/p>\t\t\t\t\t\t\t\t<\/div>\n\t\t\t\t<\/div>\n\t\t\t\t<div class=\"elementor-element elementor-element-0b4173d elementor-widget-divider--view-line elementor-widget elementor-widget-divider\" data-id=\"0b4173d\" data-element_type=\"widget\" data-e-type=\"widget\" data-widget_type=\"divider.default\">\n\t\t\t\t<div class=\"elementor-widget-container\">\n\t\t\t\t\t\t\t<div class=\"elementor-divider\">\n\t\t\t<span class=\"elementor-divider-separator\">\n\t\t\t\t\t\t<\/span>\n\t\t<\/div>\n\t\t\t\t\t\t<\/div>\n\t\t\t\t<\/div>\n\t\t\t\t<div class=\"elementor-element elementor-element-9a83755 elementor-widget elementor-widget-heading\" data-id=\"9a83755\" data-element_type=\"widget\" data-e-type=\"widget\" data-widget_type=\"heading.default\">\n\t\t\t\t<div class=\"elementor-widget-container\">\n\t\t\t\t\t<h2 class=\"elementor-heading-title elementor-size-default\">Ponysportverein zu Gast in Ludorf<\/h2>\t\t\t\t<\/div>\n\t\t\t\t<\/div>\n\t\t\t\t<div class=\"elementor-element elementor-element-fa827a9 elementor-widget elementor-widget-text-editor\" data-id=\"fa827a9\" data-element_type=\"widget\" data-e-type=\"widget\" data-widget_type=\"text-editor.default\">\n\t\t\t\t<div class=\"elementor-widget-container\">\n\t\t\t\t\t\t\t\t\t<p>Am Sonntagnachmittag folgten wir der Einladung des Reitvereins Ludorf zum Sponsorenfest, anl\u00e4sslich der Einweihung eines neuen Geb\u00e4udes. Unsere Kinder durften sich mit ihren Ponys im Sulky-Hindernisfahren pr\u00e4sentieren. Es war eine gute Generalprobe f\u00fcr das bald stattfindende \u201e28. Speckreiten\u201c.<\/p><p>Vielen Dank f\u00fcr die Einladung und einen wirklich sch\u00f6nen Sonntagnachmittag.<\/p>\t\t\t\t\t\t\t\t<\/div>\n\t\t\t\t<\/div>\n\t\t\t\t<div class=\"elementor-element elementor-element-5b76645 elementor-widget elementor-widget-image\" data-id=\"5b76645\" data-element_type=\"widget\" data-e-type=\"widget\" data-widget_type=\"image.default\">\n\t\t\t\t<div class=\"elementor-widget-container\">\n\t\t\t\t\t\t\t\t\t\t\t\t\t\t\t<img loading=\"lazy\" decoding=\"async\" width=\"960\" height=\"687\" src=\"https:\/\/ponysportverein-roebel-mueritz.de\/wp-content\/uploads\/2024\/05\/Ludorf-1024x733.jpeg\" class=\"attachment-large size-large wp-image-2216\" alt=\"\" srcset=\"https:\/\/ponysportverein-roebel-mueritz.de\/wp-content\/uploads\/2024\/05\/Ludorf-1024x733.jpeg 1024w, https:\/\/ponysportverein-roebel-mueritz.de\/wp-content\/uploads\/2024\/05\/Ludorf-300x215.jpeg 300w, https:\/\/ponysportverein-roebel-mueritz.de\/wp-content\/uploads\/2024\/05\/Ludorf-768x550.jpeg 768w, https:\/\/ponysportverein-roebel-mueritz.de\/wp-content\/uploads\/2024\/05\/Ludorf-980x701.jpeg 980w, https:\/\/ponysportverein-roebel-mueritz.de\/wp-content\/uploads\/2024\/05\/Ludorf.jpeg 1280w\" sizes=\"(max-width: 960px) 100vw, 960px\" \/>\t\t\t\t\t\t\t\t\t\t\t\t\t\t\t<\/div>\n\t\t\t\t<\/div>\n\t\t\t\t<div class=\"elementor-element elementor-element-c60ba64 elementor-widget elementor-widget-text-editor\" data-id=\"c60ba64\" data-element_type=\"widget\" data-e-type=\"widget\" data-widget_type=\"text-editor.default\">\n\t\t\t\t<div class=\"elementor-widget-container\">\n\t\t\t\t\t\t\t\t\t<p>28. April 2024<\/p>\t\t\t\t\t\t\t\t<\/div>\n\t\t\t\t<\/div>\n\t\t\t\t<div class=\"elementor-element elementor-element-ca78e10 elementor-widget-divider--view-line elementor-widget elementor-widget-divider\" data-id=\"ca78e10\" data-element_type=\"widget\" data-e-type=\"widget\" data-widget_type=\"divider.default\">\n\t\t\t\t<div class=\"elementor-widget-container\">\n\t\t\t\t\t\t\t<div class=\"elementor-divider\">\n\t\t\t<span class=\"elementor-divider-separator\">\n\t\t\t\t\t\t<\/span>\n\t\t<\/div>\n\t\t\t\t\t\t<\/div>\n\t\t\t\t<\/div>\n\t\t\t\t<div class=\"elementor-element elementor-element-4e80985 elementor-widget elementor-widget-heading\" data-id=\"4e80985\" data-element_type=\"widget\" data-e-type=\"widget\" data-widget_type=\"heading.default\">\n\t\t\t\t<div class=\"elementor-widget-container\">\n\t\t\t\t\t<h2 class=\"elementor-heading-title elementor-size-default\">Ponysportverein gratuliert zum 90. Geburtstag<\/h2>\t\t\t\t<\/div>\n\t\t\t\t<\/div>\n\t\t\t\t<div class=\"elementor-element elementor-element-524b522 elementor-widget elementor-widget-text-editor\" data-id=\"524b522\" data-element_type=\"widget\" data-e-type=\"widget\" data-widget_type=\"text-editor.default\">\n\t\t\t\t<div class=\"elementor-widget-container\">\n\t\t\t\t\t\t\t\t\t<p>Am vergangenen Sonntag konnten wir unserem Vereinsmitglied Horst Vendt zu seinem 90. Geburtstag gratulieren.<\/p><p>Horst Vendt ist seit \u00fcber 50 Jahren Mitglied unseres Vereines und 1981 baute er die ersten Sulkys\u2026mit diesen Sulkys fahren unsere Kinder heute noch.<\/p><p>F\u00fcr seine langj\u00e4hrigen Verdienste im Ponysportverein verlieh ihm unserer Vorstand die Ehrenmitgliedschaft. \u00dcberreicht wurden die Blumen und die Ehrenurkunde durch unseren Ehrenvorsitzenden Wilhelm Jarchow.<\/p><p>\u201eDie Sulkys und die Kinder des Vereins waren erfolgreich auf vielen Turnieren. So waren sie mehrere Jahre auf der Trabrennbahn Berlin-Karlshorst und auf der Landwirtschaftsausstellung in M\u00fchlengeez. Zur 750-Jahr-Feier in Berlin waren wir mit 16 Gespannen dabei und stellten auch die gro\u00dfe Quadrille vor. Die Zuschauer waren begeistert. Ohne das Wirken von Horst Vendt w\u00e4ren diese H\u00f6hepunkte in der Vereinsgeschichte undenkbar gewesen\u201c, so unser Ehrenvorsitzender in einer Pressemitteilung von 2011.\u00a0<\/p><p>Wir w\u00fcnschen Herrn Vendt ganz viele Gl\u00fccksmomente und vor allem allerbeste Gesundheit f\u00fcr das neue Lebensjahr!<\/p>\t\t\t\t\t\t\t\t<\/div>\n\t\t\t\t<\/div>\n\t\t\t\t<div class=\"elementor-element elementor-element-857d9ab elementor-widget elementor-widget-image\" data-id=\"857d9ab\" data-element_type=\"widget\" data-e-type=\"widget\" data-widget_type=\"image.default\">\n\t\t\t\t<div class=\"elementor-widget-container\">\n\t\t\t\t\t\t\t\t\t\t\t\t\t\t\t<img loading=\"lazy\" decoding=\"async\" width=\"768\" height=\"1024\" src=\"https:\/\/ponysportverein-roebel-mueritz.de\/wp-content\/uploads\/2024\/05\/Horst-768x1024.jpeg\" class=\"attachment-large size-large wp-image-2212\" alt=\"\" srcset=\"https:\/\/ponysportverein-roebel-mueritz.de\/wp-content\/uploads\/2024\/05\/Horst-768x1024.jpeg 768w, https:\/\/ponysportverein-roebel-mueritz.de\/wp-content\/uploads\/2024\/05\/Horst-225x300.jpeg 225w, https:\/\/ponysportverein-roebel-mueritz.de\/wp-content\/uploads\/2024\/05\/Horst.jpeg 960w\" sizes=\"(max-width: 768px) 100vw, 768px\" \/>\t\t\t\t\t\t\t\t\t\t\t\t\t\t\t<\/div>\n\t\t\t\t<\/div>\n\t\t\t\t<div class=\"elementor-element elementor-element-358e8d1 elementor-widget elementor-widget-text-editor\" data-id=\"358e8d1\" data-element_type=\"widget\" data-e-type=\"widget\" data-widget_type=\"text-editor.default\">\n\t\t\t\t<div class=\"elementor-widget-container\">\n\t\t\t\t\t\t\t\t\t<p>28. April 2024<\/p>\t\t\t\t\t\t\t\t<\/div>\n\t\t\t\t<\/div>\n\t\t\t\t<div class=\"elementor-element elementor-element-e31842e elementor-widget-divider--view-line elementor-widget elementor-widget-divider\" data-id=\"e31842e\" data-element_type=\"widget\" data-e-type=\"widget\" data-widget_type=\"divider.default\">\n\t\t\t\t<div class=\"elementor-widget-container\">\n\t\t\t\t\t\t\t<div class=\"elementor-divider\">\n\t\t\t<span class=\"elementor-divider-separator\">\n\t\t\t\t\t\t<\/span>\n\t\t<\/div>\n\t\t\t\t\t\t<\/div>\n\t\t\t\t<\/div>\n\t\t\t\t<div class=\"elementor-element elementor-element-adbca0b elementor-widget elementor-widget-heading\" data-id=\"adbca0b\" data-element_type=\"widget\" data-e-type=\"widget\" data-widget_type=\"heading.default\">\n\t\t\t\t<div class=\"elementor-widget-container\">\n\t\t\t\t\t<h2 class=\"elementor-heading-title elementor-size-default\">Traditionelle Bannerwerbung<\/h2>\t\t\t\t<\/div>\n\t\t\t\t<\/div>\n\t\t\t\t<div class=\"elementor-element elementor-element-88e9f51 elementor-widget elementor-widget-text-editor\" data-id=\"88e9f51\" data-element_type=\"widget\" data-e-type=\"widget\" data-widget_type=\"text-editor.default\">\n\t\t\t\t<div class=\"elementor-widget-container\">\n\t\t\t\t\t\t\t\t\t<p>Die Vorbereitungen f\u00fcr unser Reit- und Fahrturnier &#8222;Speckreiten&#8220; laufen auf Hochtouren. Am Sonntag brachten wir unsere Bannerwerbung an.<\/p>\t\t\t\t\t\t\t\t<\/div>\n\t\t\t\t<\/div>\n\t\t\t\t<div class=\"elementor-element elementor-element-036df34 elementor-widget elementor-widget-image\" data-id=\"036df34\" data-element_type=\"widget\" data-e-type=\"widget\" data-widget_type=\"image.default\">\n\t\t\t\t<div class=\"elementor-widget-container\">\n\t\t\t\t\t\t\t\t\t\t\t\t\t\t\t<img loading=\"lazy\" decoding=\"async\" width=\"960\" height=\"938\" src=\"https:\/\/ponysportverein-roebel-mueritz.de\/wp-content\/uploads\/2024\/04\/Bannerwerbung-1024x1001.jpeg\" class=\"attachment-large size-large wp-image-2203\" alt=\"\" srcset=\"https:\/\/ponysportverein-roebel-mueritz.de\/wp-content\/uploads\/2024\/04\/Bannerwerbung-1024x1001.jpeg 1024w, https:\/\/ponysportverein-roebel-mueritz.de\/wp-content\/uploads\/2024\/04\/Bannerwerbung-300x293.jpeg 300w, https:\/\/ponysportverein-roebel-mueritz.de\/wp-content\/uploads\/2024\/04\/Bannerwerbung-768x751.jpeg 768w, https:\/\/ponysportverein-roebel-mueritz.de\/wp-content\/uploads\/2024\/04\/Bannerwerbung-980x958.jpeg 980w, https:\/\/ponysportverein-roebel-mueritz.de\/wp-content\/uploads\/2024\/04\/Bannerwerbung.jpeg 1280w\" sizes=\"(max-width: 960px) 100vw, 960px\" \/>\t\t\t\t\t\t\t\t\t\t\t\t\t\t\t<\/div>\n\t\t\t\t<\/div>\n\t\t\t\t<div class=\"elementor-element elementor-element-c7e735e elementor-widget elementor-widget-text-editor\" data-id=\"c7e735e\" data-element_type=\"widget\" data-e-type=\"widget\" data-widget_type=\"text-editor.default\">\n\t\t\t\t<div class=\"elementor-widget-container\">\n\t\t\t\t\t\t\t\t\t<p>21. April 2024<\/p>\t\t\t\t\t\t\t\t<\/div>\n\t\t\t\t<\/div>\n\t\t\t\t<div class=\"elementor-element elementor-element-0f19138 elementor-widget-divider--view-line elementor-widget elementor-widget-divider\" data-id=\"0f19138\" data-element_type=\"widget\" data-e-type=\"widget\" data-widget_type=\"divider.default\">\n\t\t\t\t<div class=\"elementor-widget-container\">\n\t\t\t\t\t\t\t<div class=\"elementor-divider\">\n\t\t\t<span class=\"elementor-divider-separator\">\n\t\t\t\t\t\t<\/span>\n\t\t<\/div>\n\t\t\t\t\t\t<\/div>\n\t\t\t\t<\/div>\n\t\t\t\t<div class=\"elementor-element elementor-element-9e8d7d7 elementor-widget elementor-widget-heading\" data-id=\"9e8d7d7\" data-element_type=\"widget\" data-e-type=\"widget\" data-widget_type=\"heading.default\">\n\t\t\t\t<div class=\"elementor-widget-container\">\n\t\t\t\t\t<h2 class=\"elementor-heading-title elementor-size-default\">Wissenswertes zum Tierschutz bei Pferden<\/h2>\t\t\t\t<\/div>\n\t\t\t\t<\/div>\n\t\t\t\t<div class=\"elementor-element elementor-element-b65f555 elementor-widget elementor-widget-text-editor\" data-id=\"b65f555\" data-element_type=\"widget\" data-e-type=\"widget\" data-widget_type=\"text-editor.default\">\n\t\t\t\t<div class=\"elementor-widget-container\">\n\t\t\t\t\t\t\t\t\t<div>Im April unterst\u00fctzten wir das Tierschutzprojekt des <span class=\"xt0psk2\">Tierschutzvereins R\u00f6bel\/M\u00fcritz <\/span>mit dem Schulcampus R\u00f6bel<span class=\"xt0psk2\">\/M\u00fcritz. <\/span>Bei zwei zweist\u00fcndigen Veranstaltungen mit jeweils 20 Kindern aus den 5. und 6. Klassen erz\u00e4hlte unser Stallbursche Dierk Kroeger Wissenswertes zum Tierschutz bei Pferden.<\/div>\t\t\t\t\t\t\t\t<\/div>\n\t\t\t\t<\/div>\n\t\t\t\t<div class=\"elementor-element elementor-element-c9a9d45 elementor-widget elementor-widget-image\" data-id=\"c9a9d45\" data-element_type=\"widget\" data-e-type=\"widget\" data-widget_type=\"image.default\">\n\t\t\t\t<div class=\"elementor-widget-container\">\n\t\t\t\t\t\t\t\t\t\t\t\t\t\t\t<img loading=\"lazy\" decoding=\"async\" width=\"768\" height=\"1024\" src=\"https:\/\/ponysportverein-roebel-mueritz.de\/wp-content\/uploads\/2024\/04\/IMG_7282-768x1024.jpeg\" class=\"attachment-medium_large size-medium_large wp-image-2202\" alt=\"\" srcset=\"https:\/\/ponysportverein-roebel-mueritz.de\/wp-content\/uploads\/2024\/04\/IMG_7282-768x1024.jpeg 768w, https:\/\/ponysportverein-roebel-mueritz.de\/wp-content\/uploads\/2024\/04\/IMG_7282-225x300.jpeg 225w, https:\/\/ponysportverein-roebel-mueritz.de\/wp-content\/uploads\/2024\/04\/IMG_7282.jpeg 960w\" sizes=\"(max-width: 768px) 100vw, 768px\" \/>\t\t\t\t\t\t\t\t\t\t\t\t\t\t\t<\/div>\n\t\t\t\t<\/div>\n\t\t\t\t<div class=\"elementor-element elementor-element-352edd7 elementor-widget elementor-widget-text-editor\" data-id=\"352edd7\" data-element_type=\"widget\" data-e-type=\"widget\" data-widget_type=\"text-editor.default\">\n\t\t\t\t<div class=\"elementor-widget-container\">\n\t\t\t\t\t\t\t\t\t<p>18. April 2024<\/p>\t\t\t\t\t\t\t\t<\/div>\n\t\t\t\t<\/div>\n\t\t\t\t<div class=\"elementor-element elementor-element-1269243 elementor-widget-divider--view-line elementor-widget elementor-widget-divider\" data-id=\"1269243\" data-element_type=\"widget\" data-e-type=\"widget\" data-widget_type=\"divider.default\">\n\t\t\t\t<div class=\"elementor-widget-container\">\n\t\t\t\t\t\t\t<div class=\"elementor-divider\">\n\t\t\t<span class=\"elementor-divider-separator\">\n\t\t\t\t\t\t<\/span>\n\t\t<\/div>\n\t\t\t\t\t\t<\/div>\n\t\t\t\t<\/div>\n\t\t\t\t<div class=\"elementor-element elementor-element-c73ec2c elementor-widget elementor-widget-heading\" data-id=\"c73ec2c\" data-element_type=\"widget\" data-e-type=\"widget\" data-widget_type=\"heading.default\">\n\t\t\t\t<div class=\"elementor-widget-container\">\n\t\t\t\t\t<h2 class=\"elementor-heading-title elementor-size-default\">Unser Bauwagenprojekt<\/h2>\t\t\t\t<\/div>\n\t\t\t\t<\/div>\n\t\t\t\t<div class=\"elementor-element elementor-element-9af1491 elementor-widget elementor-widget-text-editor\" data-id=\"9af1491\" data-element_type=\"widget\" data-e-type=\"widget\" data-widget_type=\"text-editor.default\">\n\t\t\t\t<div class=\"elementor-widget-container\">\n\t\t\t\t\t\t\t\t\t<p>Mit unserem Bauwagenprojekt geht es voran\u00a0sowohl drinnen als auch drau\u00dfen&#8230;vielen Dank an dieser Stelle an Rolf Wernecke und Wolfgang Schulz f\u00fcr die Au\u00dfenarbeiten, an Mirko Ebel f\u00fcr die Innenarbeiten und an Familie Bergholz f\u00fcr die M\u00f6bel.<span class=\"x3nfvp2 x1j61x8r x1fcty0u xdj266r xhhsvwb xat24cr xgzva0m xxymvpz xlup9mm x1kky2od\"><br \/><\/span><\/p>\t\t\t\t\t\t\t\t<\/div>\n\t\t\t\t<\/div>\n\t\t\t\t<div class=\"elementor-element elementor-element-c649776 elementor-widget elementor-widget-image\" data-id=\"c649776\" data-element_type=\"widget\" data-e-type=\"widget\" data-widget_type=\"image.default\">\n\t\t\t\t<div class=\"elementor-widget-container\">\n\t\t\t\t\t\t\t\t\t\t\t\t\t\t\t<img loading=\"lazy\" decoding=\"async\" width=\"768\" height=\"768\" src=\"https:\/\/ponysportverein-roebel-mueritz.de\/wp-content\/uploads\/2024\/04\/1000154053-768x768.jpg\" class=\"attachment-medium_large size-medium_large wp-image-2197\" alt=\"\" srcset=\"https:\/\/ponysportverein-roebel-mueritz.de\/wp-content\/uploads\/2024\/04\/1000154053-768x768.jpg 768w, https:\/\/ponysportverein-roebel-mueritz.de\/wp-content\/uploads\/2024\/04\/1000154053-300x300.jpg 300w, https:\/\/ponysportverein-roebel-mueritz.de\/wp-content\/uploads\/2024\/04\/1000154053-1024x1024.jpg 1024w, https:\/\/ponysportverein-roebel-mueritz.de\/wp-content\/uploads\/2024\/04\/1000154053-150x150.jpg 150w, https:\/\/ponysportverein-roebel-mueritz.de\/wp-content\/uploads\/2024\/04\/1000154053-980x980.jpg 980w, https:\/\/ponysportverein-roebel-mueritz.de\/wp-content\/uploads\/2024\/04\/1000154053-75x75.jpg 75w, https:\/\/ponysportverein-roebel-mueritz.de\/wp-content\/uploads\/2024\/04\/1000154053.jpg 1080w\" sizes=\"(max-width: 768px) 100vw, 768px\" \/>\t\t\t\t\t\t\t\t\t\t\t\t\t\t\t<\/div>\n\t\t\t\t<\/div>\n\t\t\t\t<div class=\"elementor-element elementor-element-1d10979 elementor-widget elementor-widget-text-editor\" data-id=\"1d10979\" data-element_type=\"widget\" data-e-type=\"widget\" data-widget_type=\"text-editor.default\">\n\t\t\t\t<div class=\"elementor-widget-container\">\n\t\t\t\t\t\t\t\t\t<p>17. April 2024<\/p>\t\t\t\t\t\t\t\t<\/div>\n\t\t\t\t<\/div>\n\t\t\t\t<div class=\"elementor-element elementor-element-00b35d3 elementor-widget-divider--view-line elementor-widget elementor-widget-divider\" data-id=\"00b35d3\" data-element_type=\"widget\" data-e-type=\"widget\" data-widget_type=\"divider.default\">\n\t\t\t\t<div class=\"elementor-widget-container\">\n\t\t\t\t\t\t\t<div class=\"elementor-divider\">\n\t\t\t<span class=\"elementor-divider-separator\">\n\t\t\t\t\t\t<\/span>\n\t\t<\/div>\n\t\t\t\t\t\t<\/div>\n\t\t\t\t<\/div>\n\t\t\t\t<div class=\"elementor-element elementor-element-9378787 elementor-widget elementor-widget-heading\" data-id=\"9378787\" data-element_type=\"widget\" data-e-type=\"widget\" data-widget_type=\"heading.default\">\n\t\t\t\t<div class=\"elementor-widget-container\">\n\t\t\t\t\t<h2 class=\"elementor-heading-title elementor-size-default\">Ostern auf dem Ponyhof <\/h2>\t\t\t\t<\/div>\n\t\t\t\t<\/div>\n\t\t\t\t<div class=\"elementor-element elementor-element-c72d3de elementor-widget elementor-widget-text-editor\" data-id=\"c72d3de\" data-element_type=\"widget\" data-e-type=\"widget\" data-widget_type=\"text-editor.default\">\n\t\t\t\t<div class=\"elementor-widget-container\">\n\t\t\t\t\t\t\t\t\t<p>Beim (Oster)samst\u00e4glichen Training gab es noch eine kleine Oster\u00fcberraschung f\u00fcr unsere \u201ekleinen\u201c Reiter. Herzlichen Dank an Oma Agnes und Opa Heiko f\u00fcr die liebevolle Gestaltung des Osterk\u00f6rbchens und vielen, vielen Dank an alle flei\u00dfigen Eltern f\u00fcr die Leckereien!\u00a0Wir w\u00fcnschen all unseren Mitgliedern, Freunden und Unterst\u00fctzern ein frohes Osterfest mit vielen bunten Eiern und entspannten Stunden im Kreise Eurer Lieben. Herzlichen Dank an alle unsere Unterst\u00fctzer und Helfer. Wir sch\u00e4tzen Eure Unterst\u00fctzung und Eure Treue sehr und m\u00f6chten uns auf diesem Wege bei euch bedanken.<\/p><p>Genie\u00dft die Feiertage und lasst es euch gut gehen!\u00a0<\/p>\t\t\t\t\t\t\t\t<\/div>\n\t\t\t\t<\/div>\n\t\t\t\t<div class=\"elementor-element elementor-element-6a4518f elementor-widget elementor-widget-image\" data-id=\"6a4518f\" data-element_type=\"widget\" data-e-type=\"widget\" data-widget_type=\"image.default\">\n\t\t\t\t<div class=\"elementor-widget-container\">\n\t\t\t\t\t\t\t\t\t\t\t\t\t\t\t<img loading=\"lazy\" decoding=\"async\" width=\"960\" height=\"542\" src=\"https:\/\/ponysportverein-roebel-mueritz.de\/wp-content\/uploads\/2024\/04\/433864514_814798430689227_2016350546511987254_n-1024x578.jpg\" class=\"attachment-large size-large wp-image-2189\" alt=\"\" srcset=\"https:\/\/ponysportverein-roebel-mueritz.de\/wp-content\/uploads\/2024\/04\/433864514_814798430689227_2016350546511987254_n-1024x578.jpg 1024w, https:\/\/ponysportverein-roebel-mueritz.de\/wp-content\/uploads\/2024\/04\/433864514_814798430689227_2016350546511987254_n-300x169.jpg 300w, https:\/\/ponysportverein-roebel-mueritz.de\/wp-content\/uploads\/2024\/04\/433864514_814798430689227_2016350546511987254_n-768x433.jpg 768w, https:\/\/ponysportverein-roebel-mueritz.de\/wp-content\/uploads\/2024\/04\/433864514_814798430689227_2016350546511987254_n-1536x866.jpg 1536w, https:\/\/ponysportverein-roebel-mueritz.de\/wp-content\/uploads\/2024\/04\/433864514_814798430689227_2016350546511987254_n-980x553.jpg 980w, https:\/\/ponysportverein-roebel-mueritz.de\/wp-content\/uploads\/2024\/04\/433864514_814798430689227_2016350546511987254_n.jpg 2048w\" sizes=\"(max-width: 960px) 100vw, 960px\" \/>\t\t\t\t\t\t\t\t\t\t\t\t\t\t\t<\/div>\n\t\t\t\t<\/div>\n\t\t\t\t<div class=\"elementor-element elementor-element-685a1b0 elementor-widget elementor-widget-text-editor\" data-id=\"685a1b0\" data-element_type=\"widget\" data-e-type=\"widget\" data-widget_type=\"text-editor.default\">\n\t\t\t\t<div class=\"elementor-widget-container\">\n\t\t\t\t\t\t\t\t\t<p>30. M\u00e4rz 2024<\/p>\t\t\t\t\t\t\t\t<\/div>\n\t\t\t\t<\/div>\n\t\t\t\t<div class=\"elementor-element elementor-element-8a59856 elementor-widget-divider--view-line elementor-widget elementor-widget-divider\" data-id=\"8a59856\" data-element_type=\"widget\" data-e-type=\"widget\" data-widget_type=\"divider.default\">\n\t\t\t\t<div class=\"elementor-widget-container\">\n\t\t\t\t\t\t\t<div class=\"elementor-divider\">\n\t\t\t<span class=\"elementor-divider-separator\">\n\t\t\t\t\t\t<\/span>\n\t\t<\/div>\n\t\t\t\t\t\t<\/div>\n\t\t\t\t<\/div>\n\t\t\t\t<div class=\"elementor-element elementor-element-ed4d715 elementor-widget elementor-widget-heading\" data-id=\"ed4d715\" data-element_type=\"widget\" data-e-type=\"widget\" data-widget_type=\"heading.default\">\n\t\t\t\t<div class=\"elementor-widget-container\">\n\t\t\t\t\t<h2 class=\"elementor-heading-title elementor-size-default\">Es gibt immer etwas zu tun!<\/h2>\t\t\t\t<\/div>\n\t\t\t\t<\/div>\n\t\t\t\t<div class=\"elementor-element elementor-element-237b5ee elementor-widget elementor-widget-text-editor\" data-id=\"237b5ee\" data-element_type=\"widget\" data-e-type=\"widget\" data-widget_type=\"text-editor.default\">\n\t\t\t\t<div class=\"elementor-widget-container\">\n\t\t\t\t\t\t\t\t\t<div dir=\"auto\">Die Renovierung unseres Bauwagens geht weiter. Am Karfreitag wurde flei\u00dfig gemalert.<\/div><div dir=\"auto\">Vielen, vielen Dank an Maler Mirko Ebel f\u00fcr die Farben.\u00a0<\/div>\t\t\t\t\t\t\t\t<\/div>\n\t\t\t\t<\/div>\n\t\t\t\t<div class=\"elementor-element elementor-element-8d89f56 elementor-widget elementor-widget-image\" data-id=\"8d89f56\" data-element_type=\"widget\" data-e-type=\"widget\" data-widget_type=\"image.default\">\n\t\t\t\t<div class=\"elementor-widget-container\">\n\t\t\t\t\t\t\t\t\t\t\t\t\t\t\t<img loading=\"lazy\" decoding=\"async\" width=\"960\" height=\"720\" src=\"https:\/\/ponysportverein-roebel-mueritz.de\/wp-content\/uploads\/2024\/04\/434019244_814790260690044_1973607256172933775_n-1024x768.jpg\" class=\"attachment-large size-large wp-image-2188\" alt=\"\" srcset=\"https:\/\/ponysportverein-roebel-mueritz.de\/wp-content\/uploads\/2024\/04\/434019244_814790260690044_1973607256172933775_n-1024x768.jpg 1024w, https:\/\/ponysportverein-roebel-mueritz.de\/wp-content\/uploads\/2024\/04\/434019244_814790260690044_1973607256172933775_n-300x225.jpg 300w, https:\/\/ponysportverein-roebel-mueritz.de\/wp-content\/uploads\/2024\/04\/434019244_814790260690044_1973607256172933775_n-768x576.jpg 768w, https:\/\/ponysportverein-roebel-mueritz.de\/wp-content\/uploads\/2024\/04\/434019244_814790260690044_1973607256172933775_n-1536x1152.jpg 1536w, https:\/\/ponysportverein-roebel-mueritz.de\/wp-content\/uploads\/2024\/04\/434019244_814790260690044_1973607256172933775_n-980x735.jpg 980w, https:\/\/ponysportverein-roebel-mueritz.de\/wp-content\/uploads\/2024\/04\/434019244_814790260690044_1973607256172933775_n.jpg 2048w\" sizes=\"(max-width: 960px) 100vw, 960px\" \/>\t\t\t\t\t\t\t\t\t\t\t\t\t\t\t<\/div>\n\t\t\t\t<\/div>\n\t\t\t\t<div class=\"elementor-element elementor-element-ebe37fa elementor-widget elementor-widget-text-editor\" data-id=\"ebe37fa\" data-element_type=\"widget\" data-e-type=\"widget\" data-widget_type=\"text-editor.default\">\n\t\t\t\t<div class=\"elementor-widget-container\">\n\t\t\t\t\t\t\t\t\t<p>29. M\u00e4rz 2024<\/p>\t\t\t\t\t\t\t\t<\/div>\n\t\t\t\t<\/div>\n\t\t\t\t<div class=\"elementor-element elementor-element-dd321d1 elementor-widget-divider--view-line elementor-widget elementor-widget-divider\" data-id=\"dd321d1\" data-element_type=\"widget\" data-e-type=\"widget\" data-widget_type=\"divider.default\">\n\t\t\t\t<div class=\"elementor-widget-container\">\n\t\t\t\t\t\t\t<div class=\"elementor-divider\">\n\t\t\t<span class=\"elementor-divider-separator\">\n\t\t\t\t\t\t<\/span>\n\t\t<\/div>\n\t\t\t\t\t\t<\/div>\n\t\t\t\t<\/div>\n\t\t\t\t<div class=\"elementor-element elementor-element-4b128e9 elementor-widget elementor-widget-heading\" data-id=\"4b128e9\" data-element_type=\"widget\" data-e-type=\"widget\" data-widget_type=\"heading.default\">\n\t\t\t\t<div class=\"elementor-widget-container\">\n\t\t\t\t\t<h2 class=\"elementor-heading-title elementor-size-default\">Besuch des AWO Kinderhortes R\u00f6bel\/M\u00fcritz am ersten Osterferientag<\/h2>\t\t\t\t<\/div>\n\t\t\t\t<\/div>\n\t\t\t\t<div class=\"elementor-element elementor-element-84007f4 elementor-widget elementor-widget-text-editor\" data-id=\"84007f4\" data-element_type=\"widget\" data-e-type=\"widget\" data-widget_type=\"text-editor.default\">\n\t\t\t\t<div class=\"elementor-widget-container\">\n\t\t\t\t\t\t\t\t\t<p>Am Vormittag des 25. M\u00e4rz besuchten uns Kinder des AWO Kinderhortes R\u00f6bel\/M\u00fcritz. Unter Anleitung wurden mit den Kindern zusammen die Ponys geputzt und dann ging es zum Ponyf\u00fchren und Reiten.\u00a0Nochmal herzlichen Dank an alle flei\u00dfigen Helfer!\u00a0<\/p>\t\t\t\t\t\t\t\t<\/div>\n\t\t\t\t<\/div>\n\t\t\t\t<div class=\"elementor-element elementor-element-41109c3 elementor-widget elementor-widget-image\" data-id=\"41109c3\" data-element_type=\"widget\" data-e-type=\"widget\" data-widget_type=\"image.default\">\n\t\t\t\t<div class=\"elementor-widget-container\">\n\t\t\t\t\t\t\t\t\t\t\t\t\t\t\t<img loading=\"lazy\" decoding=\"async\" width=\"960\" height=\"437\" src=\"https:\/\/ponysportverein-roebel-mueritz.de\/wp-content\/uploads\/2024\/04\/434458279_814787714023632_535175351327718916_n-1024x466.jpg\" class=\"attachment-large size-large wp-image-2186\" alt=\"\" srcset=\"https:\/\/ponysportverein-roebel-mueritz.de\/wp-content\/uploads\/2024\/04\/434458279_814787714023632_535175351327718916_n-1024x466.jpg 1024w, https:\/\/ponysportverein-roebel-mueritz.de\/wp-content\/uploads\/2024\/04\/434458279_814787714023632_535175351327718916_n-300x136.jpg 300w, https:\/\/ponysportverein-roebel-mueritz.de\/wp-content\/uploads\/2024\/04\/434458279_814787714023632_535175351327718916_n-768x349.jpg 768w, https:\/\/ponysportverein-roebel-mueritz.de\/wp-content\/uploads\/2024\/04\/434458279_814787714023632_535175351327718916_n-1536x698.jpg 1536w, https:\/\/ponysportverein-roebel-mueritz.de\/wp-content\/uploads\/2024\/04\/434458279_814787714023632_535175351327718916_n-980x445.jpg 980w, https:\/\/ponysportverein-roebel-mueritz.de\/wp-content\/uploads\/2024\/04\/434458279_814787714023632_535175351327718916_n.jpg 2048w\" sizes=\"(max-width: 960px) 100vw, 960px\" \/>\t\t\t\t\t\t\t\t\t\t\t\t\t\t\t<\/div>\n\t\t\t\t<\/div>\n\t\t\t\t<div class=\"elementor-element elementor-element-7aeab19 elementor-widget elementor-widget-text-editor\" data-id=\"7aeab19\" data-element_type=\"widget\" data-e-type=\"widget\" data-widget_type=\"text-editor.default\">\n\t\t\t\t<div class=\"elementor-widget-container\">\n\t\t\t\t\t\t\t\t\t<p>25. M\u00e4rz 2024<\/p>\t\t\t\t\t\t\t\t<\/div>\n\t\t\t\t<\/div>\n\t\t\t\t<div class=\"elementor-element elementor-element-a8332d3 elementor-widget-divider--view-line elementor-widget elementor-widget-divider\" data-id=\"a8332d3\" data-element_type=\"widget\" data-e-type=\"widget\" data-widget_type=\"divider.default\">\n\t\t\t\t<div class=\"elementor-widget-container\">\n\t\t\t\t\t\t\t<div class=\"elementor-divider\">\n\t\t\t<span class=\"elementor-divider-separator\">\n\t\t\t\t\t\t<\/span>\n\t\t<\/div>\n\t\t\t\t\t\t<\/div>\n\t\t\t\t<\/div>\n\t\t\t\t<div class=\"elementor-element elementor-element-c967bbd elementor-widget elementor-widget-heading\" data-id=\"c967bbd\" data-element_type=\"widget\" data-e-type=\"widget\" data-widget_type=\"heading.default\">\n\t\t\t\t<div class=\"elementor-widget-container\">\n\t\t\t\t\t<h2 class=\"elementor-heading-title elementor-size-default\">Mitgliederversammlung und Ehrung<\/h2>\t\t\t\t<\/div>\n\t\t\t\t<\/div>\n\t\t\t\t<div class=\"elementor-element elementor-element-f191306 elementor-widget elementor-widget-text-editor\" data-id=\"f191306\" data-element_type=\"widget\" data-e-type=\"widget\" data-widget_type=\"text-editor.default\">\n\t\t\t\t<div class=\"elementor-widget-container\">\n\t\t\t\t\t\t\t\t\t<p>Vor kurzem fand unsere allj\u00e4hrliche ordentliche Mitgliederversammlung im Lindo\u2018s Eiscaf\u00e9 statt.\u00a0<\/p><p>Nach der Begr\u00fc\u00dfung und einem Res\u00fcmee 2023 sowie einem Ausblick auf Vorhaben im Jahr 2024 durch unsere Vorsitzende Katharina Kroeger gab es weitere Berichte unserer Kassenw\u00e4rtin Britta Christoph und unseres Jugendvorstandes Franziska Jens.<\/p><p>Zum Ende unserer Veranstaltung gab es dann noch eine Ehrung.<\/p><p>Auf Vorschlag des Vereinsvorstandes \u00fcberreichte Steffen Westerkamp, stellv. Vorsitzender des Kreissportbundes Mecklenburgische Seenplatte,\u00a0 unserem \u201eStallburschen\u201c und Pressesprecher Dierk Kroeger die Ehrennadel in Silber des KSB in Anerkennung f\u00fcr seinen besonderen und unerm\u00fcdlichen Einsatz f\u00fcr unseren Verein. Danke.<\/p>\t\t\t\t\t\t\t\t<\/div>\n\t\t\t\t<\/div>\n\t\t\t\t<div class=\"elementor-element elementor-element-e47a027 elementor-widget elementor-widget-image\" data-id=\"e47a027\" data-element_type=\"widget\" data-e-type=\"widget\" data-widget_type=\"image.default\">\n\t\t\t\t<div class=\"elementor-widget-container\">\n\t\t\t\t\t\t\t\t\t\t\t\t\t\t\t<img loading=\"lazy\" decoding=\"async\" width=\"640\" height=\"480\" src=\"https:\/\/ponysportverein-roebel-mueritz.de\/wp-content\/uploads\/2024\/04\/IMG_1689.jpeg\" class=\"attachment-large size-large wp-image-2185\" alt=\"\" srcset=\"https:\/\/ponysportverein-roebel-mueritz.de\/wp-content\/uploads\/2024\/04\/IMG_1689.jpeg 640w, https:\/\/ponysportverein-roebel-mueritz.de\/wp-content\/uploads\/2024\/04\/IMG_1689-300x225.jpeg 300w\" sizes=\"(max-width: 640px) 100vw, 640px\" \/>\t\t\t\t\t\t\t\t\t\t\t\t\t\t\t<\/div>\n\t\t\t\t<\/div>\n\t\t\t\t<div class=\"elementor-element elementor-element-5d4a910 elementor-widget elementor-widget-text-editor\" data-id=\"5d4a910\" data-element_type=\"widget\" data-e-type=\"widget\" data-widget_type=\"text-editor.default\">\n\t\t\t\t<div class=\"elementor-widget-container\">\n\t\t\t\t\t\t\t\t\t<p>18. M\u00e4rz 2024<\/p>\t\t\t\t\t\t\t\t<\/div>\n\t\t\t\t<\/div>\n\t\t\t\t<div class=\"elementor-element elementor-element-dbd6718 elementor-widget-divider--view-line elementor-widget elementor-widget-divider\" data-id=\"dbd6718\" data-element_type=\"widget\" data-e-type=\"widget\" data-widget_type=\"divider.default\">\n\t\t\t\t<div class=\"elementor-widget-container\">\n\t\t\t\t\t\t\t<div class=\"elementor-divider\">\n\t\t\t<span class=\"elementor-divider-separator\">\n\t\t\t\t\t\t<\/span>\n\t\t<\/div>\n\t\t\t\t\t\t<\/div>\n\t\t\t\t<\/div>\n\t\t\t\t<div class=\"elementor-element elementor-element-51b9942 elementor-widget elementor-widget-heading\" data-id=\"51b9942\" data-element_type=\"widget\" data-e-type=\"widget\" data-widget_type=\"heading.default\">\n\t\t\t\t<div class=\"elementor-widget-container\">\n\t\t\t\t\t<h2 class=\"elementor-heading-title elementor-size-default\">Neue Vereins-Hoodies<\/h2>\t\t\t\t<\/div>\n\t\t\t\t<\/div>\n\t\t\t\t<div class=\"elementor-element elementor-element-46fc9d3 elementor-widget elementor-widget-text-editor\" data-id=\"46fc9d3\" data-element_type=\"widget\" data-e-type=\"widget\" data-widget_type=\"text-editor.default\">\n\t\t\t\t<div class=\"elementor-widget-container\">\n\t\t\t\t\t\t\t\t\t<p><span class=\"x193iq5w xeuugli x13faqbe x1vvkbs x1xmvt09 x1lliihq x1s928wv xhkezso x1gmr53x x1cpjm7i x1fgarty x1943h6x xudqn12 x3x7a5m x6prxxf xvq8zen xo1l8bm xzsf02u x1yc453h\" dir=\"auto\">Seit langer Zeit w\u00fcnschen sich unsere Kinder bedruckte Hoodies mit Glitzerschrift. Dank der Spende aus der Weihnachtslotterie des Rotary Club und Lions Club Waren (M\u00fcritz) konnte dieses Vorhaben jetzt verwirklicht werden.<\/span><\/p>\t\t\t\t\t\t\t\t<\/div>\n\t\t\t\t<\/div>\n\t\t\t\t<div class=\"elementor-element elementor-element-efb09f5 elementor-widget elementor-widget-image\" data-id=\"efb09f5\" data-element_type=\"widget\" data-e-type=\"widget\" data-widget_type=\"image.default\">\n\t\t\t\t<div class=\"elementor-widget-container\">\n\t\t\t\t\t\t\t\t\t\t\t\t\t\t\t<img loading=\"lazy\" decoding=\"async\" width=\"960\" height=\"720\" src=\"https:\/\/ponysportverein-roebel-mueritz.de\/wp-content\/uploads\/2024\/03\/FB_IMG_1710180046433-1024x768.jpg\" class=\"attachment-large size-large wp-image-1985\" alt=\"\" srcset=\"https:\/\/ponysportverein-roebel-mueritz.de\/wp-content\/uploads\/2024\/03\/FB_IMG_1710180046433-1024x768.jpg 1024w, https:\/\/ponysportverein-roebel-mueritz.de\/wp-content\/uploads\/2024\/03\/FB_IMG_1710180046433-300x225.jpg 300w, https:\/\/ponysportverein-roebel-mueritz.de\/wp-content\/uploads\/2024\/03\/FB_IMG_1710180046433-768x576.jpg 768w, https:\/\/ponysportverein-roebel-mueritz.de\/wp-content\/uploads\/2024\/03\/FB_IMG_1710180046433-980x735.jpg 980w, https:\/\/ponysportverein-roebel-mueritz.de\/wp-content\/uploads\/2024\/03\/FB_IMG_1710180046433.jpg 1080w\" sizes=\"(max-width: 960px) 100vw, 960px\" \/>\t\t\t\t\t\t\t\t\t\t\t\t\t\t\t<\/div>\n\t\t\t\t<\/div>\n\t\t\t\t<div class=\"elementor-element elementor-element-8d6b75e elementor-widget elementor-widget-text-editor\" data-id=\"8d6b75e\" data-element_type=\"widget\" data-e-type=\"widget\" data-widget_type=\"text-editor.default\">\n\t\t\t\t<div class=\"elementor-widget-container\">\n\t\t\t\t\t\t\t\t\t<p>4. M\u00e4rz 2024<\/p>\t\t\t\t\t\t\t\t<\/div>\n\t\t\t\t<\/div>\n\t\t\t\t<div class=\"elementor-element elementor-element-3182a7c elementor-widget-divider--view-line elementor-widget elementor-widget-divider\" data-id=\"3182a7c\" data-element_type=\"widget\" data-e-type=\"widget\" data-widget_type=\"divider.default\">\n\t\t\t\t<div class=\"elementor-widget-container\">\n\t\t\t\t\t\t\t<div class=\"elementor-divider\">\n\t\t\t<span class=\"elementor-divider-separator\">\n\t\t\t\t\t\t<\/span>\n\t\t<\/div>\n\t\t\t\t\t\t<\/div>\n\t\t\t\t<\/div>\n\t\t\t\t<div class=\"elementor-element elementor-element-87c1a97 elementor-widget elementor-widget-heading\" data-id=\"87c1a97\" data-element_type=\"widget\" data-e-type=\"widget\" data-widget_type=\"heading.default\">\n\t\t\t\t<div class=\"elementor-widget-container\">\n\t\t\t\t\t<h2 class=\"elementor-heading-title elementor-size-default\">F\u00fcr eine saubere Umwelt: Ponysportler r\u00e4umen auf<\/h2>\t\t\t\t<\/div>\n\t\t\t\t<\/div>\n\t\t\t\t<div class=\"elementor-element elementor-element-a91ea1e elementor-widget elementor-widget-text-editor\" data-id=\"a91ea1e\" data-element_type=\"widget\" data-e-type=\"widget\" data-widget_type=\"text-editor.default\">\n\t\t\t\t<div class=\"elementor-widget-container\">\n\t\t\t\t\t\t\t\t\t<div class=\"x11i5rnm xat24cr x1mh8g0r x1vvkbs xtlvy1s x126k92a\"><div dir=\"auto\">Seit Jahren ist es Tradition, dass wir am Anfang des Jahres eine M\u00fcllsammelaktion durchf\u00fchren. Am Samstag, 2. M\u00e4rz, war es wieder soweit. Etwa 40 \u201ekleine\u201c und \u201egro\u00dfe\u201c Mitglieder befreiten den Gotthunskamp und den Weg von diesem zur Bahnhofstra\u00dfe sowie den Verbindungsweg Umgehungsstra\u00dfe in Richtung Gildekamp vom M\u00fcll.<\/div><\/div><div class=\"x11i5rnm xat24cr x1mh8g0r x1vvkbs xtlvy1s x126k92a\"><div dir=\"auto\">Leider ist auch in diesem Jahr wieder einiges zusammen gekommen. Nach wenigen Stunden wurden insgesamt vier Kubikmeter an Hinterlassenschaften von den Pferdefreunden in den bereitgestellten M\u00fcllcontainer entsorgt. Darunter vor allem Plastikm\u00fcll, eine Menge Zigarettenstummel, illegal entsorgte Reifen und Sperrm\u00fcll. Unsere Vereinskinder waren entsetzt und traurig, dass so viel M\u00fcll einfach achtlos in die Landschaft geworfen wird.<\/div><\/div><div class=\"x11i5rnm xat24cr x1mh8g0r x1vvkbs xtlvy1s x126k92a\"><div dir=\"auto\">\u201eIch bedanke mich ganz herzlich bei allen flei\u00dfigen Helfern, die so tatkr\u00e4ftig bei der Aktion mitgeholfen haben, unsere sch\u00f6ne Stadt ein wenig sauberer zu machen. Vielen Dank an das Ordnungsamt R\u00f6bel\/M\u00fcritz f\u00fcr die Bereitstellung des Containers. Wir appellieren an jeden Einzelnen: Bitte entsorgt Euren M\u00fcll an den daf\u00fcr vorgesehenen Stellen\u201c, so unsere Vereinsvorsitzende Katharina Kroeger.<\/div><\/div><div class=\"x11i5rnm xat24cr x1mh8g0r x1vvkbs xtlvy1s x126k92a\"><div dir=\"auto\">Nach getaner Arbeit gab es noch am selben Abend als Dankesch\u00f6n f\u00fcr alle Helfer einen Bowling- und Kegelabend im \u201eGr\u00fcnen Baum\u201c in Gotthun. Vielen, vielen Dank an dieser Stelle an Volker Thiel f\u00fcr den Preisnachlass. Herzlichen Dank an Rita und Gerhard Ebel f\u00fcr das Sponsoring der Bowlingbahnen und an die Animateur Agentur Babett Lindner f\u00fcr die gro\u00dfz\u00fcgige Spende.<\/div><\/div>\t\t\t\t\t\t\t\t<\/div>\n\t\t\t\t<\/div>\n\t\t\t\t<div class=\"elementor-element elementor-element-61f01ed elementor-widget elementor-widget-image\" data-id=\"61f01ed\" data-element_type=\"widget\" data-e-type=\"widget\" data-widget_type=\"image.default\">\n\t\t\t\t<div class=\"elementor-widget-container\">\n\t\t\t\t\t\t\t\t\t\t\t\t\t\t\t<img loading=\"lazy\" decoding=\"async\" width=\"960\" height=\"720\" src=\"https:\/\/ponysportverein-roebel-mueritz.de\/wp-content\/uploads\/2024\/03\/FB_IMG_1710179779354-1024x768.jpg\" class=\"attachment-large size-large wp-image-1984\" alt=\"\" srcset=\"https:\/\/ponysportverein-roebel-mueritz.de\/wp-content\/uploads\/2024\/03\/FB_IMG_1710179779354-1024x768.jpg 1024w, https:\/\/ponysportverein-roebel-mueritz.de\/wp-content\/uploads\/2024\/03\/FB_IMG_1710179779354-300x225.jpg 300w, https:\/\/ponysportverein-roebel-mueritz.de\/wp-content\/uploads\/2024\/03\/FB_IMG_1710179779354-768x576.jpg 768w, https:\/\/ponysportverein-roebel-mueritz.de\/wp-content\/uploads\/2024\/03\/FB_IMG_1710179779354-980x735.jpg 980w, https:\/\/ponysportverein-roebel-mueritz.de\/wp-content\/uploads\/2024\/03\/FB_IMG_1710179779354.jpg 1080w\" sizes=\"(max-width: 960px) 100vw, 960px\" \/>\t\t\t\t\t\t\t\t\t\t\t\t\t\t\t<\/div>\n\t\t\t\t<\/div>\n\t\t\t\t<div class=\"elementor-element elementor-element-e2a3a63 elementor-widget elementor-widget-text-editor\" data-id=\"e2a3a63\" data-element_type=\"widget\" data-e-type=\"widget\" data-widget_type=\"text-editor.default\">\n\t\t\t\t<div class=\"elementor-widget-container\">\n\t\t\t\t\t\t\t\t\t<p>2. M\u00e4rz 2024<\/p>\t\t\t\t\t\t\t\t<\/div>\n\t\t\t\t<\/div>\n\t\t\t\t<div class=\"elementor-element elementor-element-9074d81 elementor-widget-divider--view-line elementor-widget elementor-widget-divider\" data-id=\"9074d81\" data-element_type=\"widget\" data-e-type=\"widget\" data-widget_type=\"divider.default\">\n\t\t\t\t<div class=\"elementor-widget-container\">\n\t\t\t\t\t\t\t<div class=\"elementor-divider\">\n\t\t\t<span class=\"elementor-divider-separator\">\n\t\t\t\t\t\t<\/span>\n\t\t<\/div>\n\t\t\t\t\t\t<\/div>\n\t\t\t\t<\/div>\n\t\t\t\t<div class=\"elementor-element elementor-element-1d3874b elementor-widget elementor-widget-heading\" data-id=\"1d3874b\" data-element_type=\"widget\" data-e-type=\"widget\" data-widget_type=\"heading.default\">\n\t\t\t\t<div class=\"elementor-widget-container\">\n\t\t\t\t\t<h2 class=\"elementor-heading-title elementor-size-default\">Mitglieder des Ponysportvereins geehrt<\/h2>\t\t\t\t<\/div>\n\t\t\t\t<\/div>\n\t\t\t\t<div class=\"elementor-element elementor-element-fbdcd9f elementor-widget elementor-widget-text-editor\" data-id=\"fbdcd9f\" data-element_type=\"widget\" data-e-type=\"widget\" data-widget_type=\"text-editor.default\">\n\t\t\t\t<div class=\"elementor-widget-container\">\n\t\t\t\t\t\t\t\t\t<div class=\"xdj266r x11i5rnm xat24cr x1mh8g0r x1vvkbs x126k92a\"><div dir=\"auto\">Wir bedanken uns ganz herzlich f\u00fcr die Ehrung.<\/div><div dir=\"auto\">Wir haben uns riesig dar\u00fcber gefreut. F\u00fcr uns ist dies Ansporn zugleich, weiterhin mit unseren Vierbeinern\u00a0alles zu geben, um das Leben in unserer bunten Stadt am kleinen Meer zu bereichern.<\/div><\/div>\t\t\t\t\t\t\t\t<\/div>\n\t\t\t\t<\/div>\n\t\t\t\t<div class=\"elementor-element elementor-element-c29a232 elementor-widget elementor-widget-image\" data-id=\"c29a232\" data-element_type=\"widget\" data-e-type=\"widget\" data-widget_type=\"image.default\">\n\t\t\t\t<div class=\"elementor-widget-container\">\n\t\t\t\t\t\t\t\t\t\t\t\t\t\t\t<img loading=\"lazy\" decoding=\"async\" width=\"960\" height=\"720\" src=\"https:\/\/ponysportverein-roebel-mueritz.de\/wp-content\/uploads\/2024\/01\/Ponymaedels-1024x768.jpg\" class=\"attachment-large size-large wp-image-1891\" alt=\"\" srcset=\"https:\/\/ponysportverein-roebel-mueritz.de\/wp-content\/uploads\/2024\/01\/Ponymaedels-1024x768.jpg 1024w, https:\/\/ponysportverein-roebel-mueritz.de\/wp-content\/uploads\/2024\/01\/Ponymaedels-300x225.jpg 300w, https:\/\/ponysportverein-roebel-mueritz.de\/wp-content\/uploads\/2024\/01\/Ponymaedels-768x576.jpg 768w, https:\/\/ponysportverein-roebel-mueritz.de\/wp-content\/uploads\/2024\/01\/Ponymaedels-1536x1152.jpg 1536w, https:\/\/ponysportverein-roebel-mueritz.de\/wp-content\/uploads\/2024\/01\/Ponymaedels-980x735.jpg 980w, https:\/\/ponysportverein-roebel-mueritz.de\/wp-content\/uploads\/2024\/01\/Ponymaedels.jpg 2016w\" sizes=\"(max-width: 960px) 100vw, 960px\" \/>\t\t\t\t\t\t\t\t\t\t\t\t\t\t\t<\/div>\n\t\t\t\t<\/div>\n\t\t\t\t<div class=\"elementor-element elementor-element-aacb2a0 elementor-widget elementor-widget-text-editor\" data-id=\"aacb2a0\" data-element_type=\"widget\" data-e-type=\"widget\" data-widget_type=\"text-editor.default\">\n\t\t\t\t<div class=\"elementor-widget-container\">\n\t\t\t\t\t\t\t\t\t<p>19. Januar 2024<\/p>\t\t\t\t\t\t\t\t<\/div>\n\t\t\t\t<\/div>\n\t\t\t\t<div class=\"elementor-element elementor-element-9dda1f0 elementor-widget-divider--view-line elementor-widget elementor-widget-divider\" data-id=\"9dda1f0\" data-element_type=\"widget\" data-e-type=\"widget\" data-widget_type=\"divider.default\">\n\t\t\t\t<div class=\"elementor-widget-container\">\n\t\t\t\t\t\t\t<div class=\"elementor-divider\">\n\t\t\t<span class=\"elementor-divider-separator\">\n\t\t\t\t\t\t<\/span>\n\t\t<\/div>\n\t\t\t\t\t\t<\/div>\n\t\t\t\t<\/div>\n\t\t\t\t<div class=\"elementor-element elementor-element-b51e0f8 elementor-widget elementor-widget-heading\" data-id=\"b51e0f8\" data-element_type=\"widget\" data-e-type=\"widget\" data-widget_type=\"heading.default\">\n\t\t\t\t<div class=\"elementor-widget-container\">\n\t\t\t\t\t<h2 class=\"elementor-heading-title elementor-size-default\">Geldsegen f\u00fcr Ponysportverein <\/h2>\t\t\t\t<\/div>\n\t\t\t\t<\/div>\n\t\t\t\t<div class=\"elementor-element elementor-element-fbf0853 elementor-widget elementor-widget-text-editor\" data-id=\"fbf0853\" data-element_type=\"widget\" data-e-type=\"widget\" data-widget_type=\"text-editor.default\">\n\t\t\t\t<div class=\"elementor-widget-container\">\n\t\t\t\t\t\t\t\t\t<p><span class=\"x193iq5w xeuugli x13faqbe x1vvkbs x1xmvt09 x1lliihq x1s928wv xhkezso x1gmr53x x1cpjm7i x1fgarty x1943h6x xudqn12 x3x7a5m x6prxxf xvq8zen xo1l8bm xzsf02u x1yc453h\" dir=\"auto\">Kurz vor Weihnachten gab es einen warmen Geldsegen f\u00fcr unseren Verein. Wir bedanken uns ganz herzlich bei der Firma Landmaschinen Schr\u00f6der aus Leizen.<\/span><\/p>\t\t\t\t\t\t\t\t<\/div>\n\t\t\t\t<\/div>\n\t\t\t\t<div class=\"elementor-element elementor-element-a8dd762 elementor-widget elementor-widget-image\" data-id=\"a8dd762\" data-element_type=\"widget\" data-e-type=\"widget\" data-widget_type=\"image.default\">\n\t\t\t\t<div class=\"elementor-widget-container\">\n\t\t\t\t\t\t\t\t\t\t\t\t\t\t\t<img loading=\"lazy\" decoding=\"async\" width=\"960\" height=\"720\" src=\"https:\/\/ponysportverein-roebel-mueritz.de\/wp-content\/uploads\/2024\/03\/Schroeder-1024x768.jpg\" class=\"attachment-large size-large wp-image-1967\" alt=\"\" srcset=\"https:\/\/ponysportverein-roebel-mueritz.de\/wp-content\/uploads\/2024\/03\/Schroeder-1024x768.jpg 1024w, https:\/\/ponysportverein-roebel-mueritz.de\/wp-content\/uploads\/2024\/03\/Schroeder-300x225.jpg 300w, https:\/\/ponysportverein-roebel-mueritz.de\/wp-content\/uploads\/2024\/03\/Schroeder-768x576.jpg 768w, https:\/\/ponysportverein-roebel-mueritz.de\/wp-content\/uploads\/2024\/03\/Schroeder-1536x1152.jpg 1536w, https:\/\/ponysportverein-roebel-mueritz.de\/wp-content\/uploads\/2024\/03\/Schroeder-980x735.jpg 980w, https:\/\/ponysportverein-roebel-mueritz.de\/wp-content\/uploads\/2024\/03\/Schroeder.jpg 2048w\" sizes=\"(max-width: 960px) 100vw, 960px\" \/>\t\t\t\t\t\t\t\t\t\t\t\t\t\t\t<\/div>\n\t\t\t\t<\/div>\n\t\t\t\t<div class=\"elementor-element elementor-element-71da4c9 elementor-widget elementor-widget-text-editor\" data-id=\"71da4c9\" data-element_type=\"widget\" data-e-type=\"widget\" data-widget_type=\"text-editor.default\">\n\t\t\t\t<div class=\"elementor-widget-container\">\n\t\t\t\t\t\t\t\t\t<p>4. Januar 2024<\/p>\t\t\t\t\t\t\t\t<\/div>\n\t\t\t\t<\/div>\n\t\t\t\t<div class=\"elementor-element elementor-element-36d5674 elementor-widget-divider--view-line elementor-widget elementor-widget-divider\" data-id=\"36d5674\" data-element_type=\"widget\" data-e-type=\"widget\" data-widget_type=\"divider.default\">\n\t\t\t\t<div class=\"elementor-widget-container\">\n\t\t\t\t\t\t\t<div class=\"elementor-divider\">\n\t\t\t<span class=\"elementor-divider-separator\">\n\t\t\t\t\t\t<\/span>\n\t\t<\/div>\n\t\t\t\t\t\t<\/div>\n\t\t\t\t<\/div>\n\t\t\t\t<div class=\"elementor-element elementor-element-bbf31ea elementor-widget elementor-widget-heading\" data-id=\"bbf31ea\" data-element_type=\"widget\" data-e-type=\"widget\" data-widget_type=\"heading.default\">\n\t\t\t\t<div class=\"elementor-widget-container\">\n\t\t\t\t\t<h2 class=\"elementor-heading-title elementor-size-default\">Neujahrsgr\u00fc\u00dfe<\/h2>\t\t\t\t<\/div>\n\t\t\t\t<\/div>\n\t\t\t\t<div class=\"elementor-element elementor-element-7aa845b elementor-widget elementor-widget-text-editor\" data-id=\"7aa845b\" data-element_type=\"widget\" data-e-type=\"widget\" data-widget_type=\"text-editor.default\">\n\t\t\t\t<div class=\"elementor-widget-container\">\n\t\t\t\t\t\t\t\t\t<p>Wir blicken noch einmal auf das Jahr 2023 zur\u00fcck und freuen uns auf ebenso sch\u00f6ne Momente in 2024.<\/p><p>F\u00fcr das neue Jahr w\u00fcnschen wir allen von ganzem Herzen alles Gute, vor allem Gesundheit, Gl\u00fcck und Zufriedenheit.<\/p>\t\t\t\t\t\t\t\t<\/div>\n\t\t\t\t<\/div>\n\t\t\t\t<div class=\"elementor-element elementor-element-6d01f5a elementor-widget elementor-widget-video\" data-id=\"6d01f5a\" data-element_type=\"widget\" data-e-type=\"widget\" data-settings=\"{&quot;video_type&quot;:&quot;hosted&quot;,&quot;controls&quot;:&quot;yes&quot;}\" data-widget_type=\"video.default\">\n\t\t\t\t<div class=\"elementor-widget-container\">\n\t\t\t\t\t\t\t<div class=\"e-hosted-video elementor-wrapper elementor-open-inline\">\n\t\t\t\t\t<video class=\"elementor-video\" src=\"https:\/\/ponysportverein-roebel-mueritz.de\/wp-content\/uploads\/2024\/01\/Fotos_Animiert_Jahresrueckblick_Momente_Reisen_Glueck_Instagram_Reel.mp4\" controls=\"\" preload=\"metadata\" controlsList=\"nodownload\"><\/video>\n\t\t\t\t<\/div>\n\t\t\t\t\t\t<\/div>\n\t\t\t\t<\/div>\n\t\t\t\t<div class=\"elementor-element elementor-element-3740e54 elementor-widget elementor-widget-text-editor\" data-id=\"3740e54\" data-element_type=\"widget\" data-e-type=\"widget\" data-widget_type=\"text-editor.default\">\n\t\t\t\t<div class=\"elementor-widget-container\">\n\t\t\t\t\t\t\t\t\t<p>01. Januar 2024<\/p>\t\t\t\t\t\t\t\t<\/div>\n\t\t\t\t<\/div>\n\t\t\t\t<div class=\"elementor-element elementor-element-a7e85f8 elementor-widget-divider--view-line elementor-widget elementor-widget-divider\" data-id=\"a7e85f8\" data-element_type=\"widget\" data-e-type=\"widget\" data-widget_type=\"divider.default\">\n\t\t\t\t<div class=\"elementor-widget-container\">\n\t\t\t\t\t\t\t<div class=\"elementor-divider\">\n\t\t\t<span class=\"elementor-divider-separator\">\n\t\t\t\t\t\t<\/span>\n\t\t<\/div>\n\t\t\t\t\t\t<\/div>\n\t\t\t\t<\/div>\n\t\t\t\t<div class=\"elementor-element elementor-element-4a7d10d elementor-widget elementor-widget-heading\" data-id=\"4a7d10d\" data-element_type=\"widget\" data-e-type=\"widget\" data-widget_type=\"heading.default\">\n\t\t\t\t<div class=\"elementor-widget-container\">\n\t\t\t\t\t<h2 class=\"elementor-heading-title elementor-size-default\">Ponysportverein singt Weihnachtssong ein<\/h2>\t\t\t\t<\/div>\n\t\t\t\t<\/div>\n\t\t\t\t<div class=\"elementor-element elementor-element-01dfab4 elementor-widget elementor-widget-text-editor\" data-id=\"01dfab4\" data-element_type=\"widget\" data-e-type=\"widget\" data-widget_type=\"text-editor.default\">\n\t\t\t\t<div class=\"elementor-widget-container\">\n\t\t\t\t\t\t\t\t\t<p>Mit unserem diesj\u00e4hrigen Weihnachtslied\u201eGlockenklang\u201c (einem eigens geschriebenen Text zur Melodie des bekannten Liedes \u201eJingle Bells\u201c\u00a0von\u00a0James Lord Pierpon)\u00a0w\u00fcnschen wir Euch allen ein frohes, besinnliches und friedvolles\u00a0Weihnachtsfest!<\/p><div>\u00a0<\/div><div>P.S. Jingle Bells\u201d war 1965 \u00fcbrigens der erste gespielte Song im Weltall. Die beiden US-Astronauten Schirra und Stafford erlaubten sich kurz vor dem Wiedereintritt in die Erdatmosph\u00e4re einen Scherz und spielten mit Mundharmonika und Schellen, die sie vorher an Bord geschmuggelt hatten, die Melodie von &#8222;Jingle Bells\u201d \ud83d\ude42<\/div>\t\t\t\t\t\t\t\t<\/div>\n\t\t\t\t<\/div>\n\t\t\t\t<div class=\"elementor-element elementor-element-bbea7f7 elementor-widget elementor-widget-video\" data-id=\"bbea7f7\" data-element_type=\"widget\" data-e-type=\"widget\" data-settings=\"{&quot;video_type&quot;:&quot;hosted&quot;,&quot;controls&quot;:&quot;yes&quot;}\" data-widget_type=\"video.default\">\n\t\t\t\t<div class=\"elementor-widget-container\">\n\t\t\t\t\t\t\t<div class=\"e-hosted-video elementor-wrapper elementor-open-inline\">\n\t\t\t\t\t<video class=\"elementor-video\" src=\"https:\/\/ponysportverein-roebel-mueritz.de\/wp-content\/uploads\/2023\/12\/Weihnachtssong-2023-final-1.mp4\" controls=\"\" preload=\"metadata\" controlsList=\"nodownload\"><\/video>\n\t\t\t\t<\/div>\n\t\t\t\t\t\t<\/div>\n\t\t\t\t<\/div>\n\t\t\t\t<div class=\"elementor-element elementor-element-d24f2e3 elementor-widget elementor-widget-text-editor\" data-id=\"d24f2e3\" data-element_type=\"widget\" data-e-type=\"widget\" data-widget_type=\"text-editor.default\">\n\t\t\t\t<div class=\"elementor-widget-container\">\n\t\t\t\t\t\t\t\t\t<p>15. Dezember 2023<\/p>\t\t\t\t\t\t\t\t<\/div>\n\t\t\t\t<\/div>\n\t\t\t\t<div class=\"elementor-element elementor-element-8c3b62c elementor-widget-divider--view-line elementor-widget elementor-widget-divider\" data-id=\"8c3b62c\" data-element_type=\"widget\" data-e-type=\"widget\" data-widget_type=\"divider.default\">\n\t\t\t\t<div class=\"elementor-widget-container\">\n\t\t\t\t\t\t\t<div class=\"elementor-divider\">\n\t\t\t<span class=\"elementor-divider-separator\">\n\t\t\t\t\t\t<\/span>\n\t\t<\/div>\n\t\t\t\t\t\t<\/div>\n\t\t\t\t<\/div>\n\t\t\t\t<div class=\"elementor-element elementor-element-0e0aba2 elementor-widget elementor-widget-heading\" data-id=\"0e0aba2\" data-element_type=\"widget\" data-e-type=\"widget\" data-widget_type=\"heading.default\">\n\t\t\t\t<div class=\"elementor-widget-container\">\n\t\t\t\t\t<h1 class=\"elementor-heading-title elementor-size-default\">Bescherung f\u00fcr unsere J\u00fcngsten<\/h1>\t\t\t\t<\/div>\n\t\t\t\t<\/div>\n\t\t\t\t<div class=\"elementor-element elementor-element-ee0db05 elementor-widget elementor-widget-text-editor\" data-id=\"ee0db05\" data-element_type=\"widget\" data-e-type=\"widget\" data-widget_type=\"text-editor.default\">\n\t\t\t\t<div class=\"elementor-widget-container\">\n\t\t\t\t\t\t\t\t\t<div class=\"x11i5rnm xat24cr x1mh8g0r x1vvkbs xtlvy1s x126k92a\"><div dir=\"auto\">Am vergangenen Samstag war auf dem Reitplatz Nikolaus-Bescherung f\u00fcr unsere J\u00fcngsten.<\/div><div dir=\"auto\">Vielen Dank an &#8222;Oma Agnes&#8220;, welche die Geschenke als Assistentin des Nikolaus so liebevoll gestaltet und verpackt hat.<\/div><\/div><div class=\"x11i5rnm xat24cr x1mh8g0r x1vvkbs xtlvy1s x126k92a\"><div dir=\"auto\">Der Jugendvorstand nutzte die Gelegenheit, um der &#8222;Chefin&#8220; alles Gute nachtr\u00e4glich zum Geburtstag zu w\u00fcnschen <span class=\"x3nfvp2 x1j61x8r x1fcty0u xdj266r xhhsvwb xat24cr xgzva0m xxymvpz xlup9mm x1kky2od\">.<\/span><\/div><\/div>\t\t\t\t\t\t\t\t<\/div>\n\t\t\t\t<\/div>\n\t\t\t\t<div class=\"elementor-element elementor-element-91d8836 elementor-widget elementor-widget-image\" data-id=\"91d8836\" data-element_type=\"widget\" data-e-type=\"widget\" data-widget_type=\"image.default\">\n\t\t\t\t<div class=\"elementor-widget-container\">\n\t\t\t\t\t\t\t\t\t\t\t\t\t\t\t<img loading=\"lazy\" decoding=\"async\" width=\"960\" height=\"960\" src=\"https:\/\/ponysportverein-roebel-mueritz.de\/wp-content\/uploads\/2023\/12\/Picsart_23-12-15_06-37-15-620-min-1024x1024.jpg\" class=\"attachment-large size-large wp-image-1844\" alt=\"\" srcset=\"https:\/\/ponysportverein-roebel-mueritz.de\/wp-content\/uploads\/2023\/12\/Picsart_23-12-15_06-37-15-620-min-1024x1024.jpg 1024w, https:\/\/ponysportverein-roebel-mueritz.de\/wp-content\/uploads\/2023\/12\/Picsart_23-12-15_06-37-15-620-min-300x300.jpg 300w, https:\/\/ponysportverein-roebel-mueritz.de\/wp-content\/uploads\/2023\/12\/Picsart_23-12-15_06-37-15-620-min-150x150.jpg 150w, https:\/\/ponysportverein-roebel-mueritz.de\/wp-content\/uploads\/2023\/12\/Picsart_23-12-15_06-37-15-620-min-768x768.jpg 768w, https:\/\/ponysportverein-roebel-mueritz.de\/wp-content\/uploads\/2023\/12\/Picsart_23-12-15_06-37-15-620-min-980x980.jpg 980w, https:\/\/ponysportverein-roebel-mueritz.de\/wp-content\/uploads\/2023\/12\/Picsart_23-12-15_06-37-15-620-min-75x75.jpg 75w, https:\/\/ponysportverein-roebel-mueritz.de\/wp-content\/uploads\/2023\/12\/Picsart_23-12-15_06-37-15-620-min.jpg 1080w\" sizes=\"(max-width: 960px) 100vw, 960px\" \/>\t\t\t\t\t\t\t\t\t\t\t\t\t\t\t<\/div>\n\t\t\t\t<\/div>\n\t\t\t\t<div class=\"elementor-element elementor-element-d35bf7a elementor-widget elementor-widget-text-editor\" data-id=\"d35bf7a\" data-element_type=\"widget\" data-e-type=\"widget\" data-widget_type=\"text-editor.default\">\n\t\t\t\t<div class=\"elementor-widget-container\">\n\t\t\t\t\t\t\t\t\t<p>9. Dezember 2023<\/p>\t\t\t\t\t\t\t\t<\/div>\n\t\t\t\t<\/div>\n\t\t\t\t<div class=\"elementor-element elementor-element-2683ba1 elementor-widget-divider--view-line elementor-widget elementor-widget-divider\" data-id=\"2683ba1\" data-element_type=\"widget\" data-e-type=\"widget\" data-widget_type=\"divider.default\">\n\t\t\t\t<div class=\"elementor-widget-container\">\n\t\t\t\t\t\t\t<div class=\"elementor-divider\">\n\t\t\t<span class=\"elementor-divider-separator\">\n\t\t\t\t\t\t<\/span>\n\t\t<\/div>\n\t\t\t\t\t\t<\/div>\n\t\t\t\t<\/div>\n\t\t\t\t<div class=\"elementor-element elementor-element-eced1c6 elementor-widget elementor-widget-heading\" data-id=\"eced1c6\" data-element_type=\"widget\" data-e-type=\"widget\" data-widget_type=\"heading.default\">\n\t\t\t\t<div class=\"elementor-widget-container\">\n\t\t\t\t\t<h2 class=\"elementor-heading-title elementor-size-default\">R\u00f6welscher Wiehnachtsmarkt<\/h2>\t\t\t\t<\/div>\n\t\t\t\t<\/div>\n\t\t\t\t<div class=\"elementor-element elementor-element-c415530 elementor-widget elementor-widget-text-editor\" data-id=\"c415530\" data-element_type=\"widget\" data-e-type=\"widget\" data-widget_type=\"text-editor.default\">\n\t\t\t\t<div class=\"elementor-widget-container\">\n\t\t\t\t\t\t\t\t\t<div class=\"x11i5rnm xat24cr x1mh8g0r x1vvkbs xtlvy1s x126k92a\"><div dir=\"auto\">Gestern schm\u00fcckten wir mit unseren kleinen Vereinsmitgliedern den wundersch\u00f6nen R\u00f6beler Weihnachtsbaum.<\/div><\/div><div class=\"x11i5rnm xat24cr x1mh8g0r x1vvkbs xtlvy1s x126k92a\"><div dir=\"auto\">Heute hatten wir die gro\u00dfe Freude, die wichtigste Person \u00fcberhaupt (HoHoHo) zur Er\u00f6ffnung des Weihnachtsmarktes zu fahren <span class=\"x3nfvp2 x1j61x8r x1fcty0u xdj266r xhhsvwb xat24cr xgzva0m xxymvpz xlup9mm x1kky2od\">.<\/span><\/div><\/div>\t\t\t\t\t\t\t\t<\/div>\n\t\t\t\t<\/div>\n\t\t\t\t<div class=\"elementor-element elementor-element-9d2ecd1 elementor-widget elementor-widget-image\" data-id=\"9d2ecd1\" data-element_type=\"widget\" data-e-type=\"widget\" data-widget_type=\"image.default\">\n\t\t\t\t<div class=\"elementor-widget-container\">\n\t\t\t\t\t\t\t\t\t\t\t\t\t\t\t<img loading=\"lazy\" decoding=\"async\" width=\"960\" height=\"960\" src=\"https:\/\/ponysportverein-roebel-mueritz.de\/wp-content\/uploads\/2023\/12\/Picsart_23-12-15_06-47-49-974-min-1024x1024.jpg\" class=\"attachment-large size-large wp-image-1845\" alt=\"\" srcset=\"https:\/\/ponysportverein-roebel-mueritz.de\/wp-content\/uploads\/2023\/12\/Picsart_23-12-15_06-47-49-974-min-1024x1024.jpg 1024w, https:\/\/ponysportverein-roebel-mueritz.de\/wp-content\/uploads\/2023\/12\/Picsart_23-12-15_06-47-49-974-min-300x300.jpg 300w, https:\/\/ponysportverein-roebel-mueritz.de\/wp-content\/uploads\/2023\/12\/Picsart_23-12-15_06-47-49-974-min-150x150.jpg 150w, https:\/\/ponysportverein-roebel-mueritz.de\/wp-content\/uploads\/2023\/12\/Picsart_23-12-15_06-47-49-974-min-768x768.jpg 768w, https:\/\/ponysportverein-roebel-mueritz.de\/wp-content\/uploads\/2023\/12\/Picsart_23-12-15_06-47-49-974-min-980x980.jpg 980w, https:\/\/ponysportverein-roebel-mueritz.de\/wp-content\/uploads\/2023\/12\/Picsart_23-12-15_06-47-49-974-min-75x75.jpg 75w, https:\/\/ponysportverein-roebel-mueritz.de\/wp-content\/uploads\/2023\/12\/Picsart_23-12-15_06-47-49-974-min.jpg 1080w\" sizes=\"(max-width: 960px) 100vw, 960px\" \/>\t\t\t\t\t\t\t\t\t\t\t\t\t\t\t<\/div>\n\t\t\t\t<\/div>\n\t\t\t\t<div class=\"elementor-element elementor-element-5754a4a elementor-widget elementor-widget-text-editor\" data-id=\"5754a4a\" data-element_type=\"widget\" data-e-type=\"widget\" data-widget_type=\"text-editor.default\">\n\t\t\t\t<div class=\"elementor-widget-container\">\n\t\t\t\t\t\t\t\t\t<p>01. Dezember 2023<\/p>\t\t\t\t\t\t\t\t<\/div>\n\t\t\t\t<\/div>\n\t\t\t\t<div class=\"elementor-element elementor-element-7985d2a elementor-widget-divider--view-line elementor-widget elementor-widget-divider\" data-id=\"7985d2a\" data-element_type=\"widget\" data-e-type=\"widget\" data-widget_type=\"divider.default\">\n\t\t\t\t<div class=\"elementor-widget-container\">\n\t\t\t\t\t\t\t<div class=\"elementor-divider\">\n\t\t\t<span class=\"elementor-divider-separator\">\n\t\t\t\t\t\t<\/span>\n\t\t<\/div>\n\t\t\t\t\t\t<\/div>\n\t\t\t\t<\/div>\n\t\t\t\t<div class=\"elementor-element elementor-element-6da7bd3 elementor-widget elementor-widget-heading\" data-id=\"6da7bd3\" data-element_type=\"widget\" data-e-type=\"widget\" data-widget_type=\"heading.default\">\n\t\t\t\t<div class=\"elementor-widget-container\">\n\t\t\t\t\t<h1 class=\"elementor-heading-title elementor-size-default\">Jugendvorstand hei\u00dft neuen Clubraum herzlich Willkommen<\/h1>\t\t\t\t<\/div>\n\t\t\t\t<\/div>\n\t\t\t\t<div class=\"elementor-element elementor-element-20f24c3 elementor-widget elementor-widget-text-editor\" data-id=\"20f24c3\" data-element_type=\"widget\" data-e-type=\"widget\" data-widget_type=\"text-editor.default\">\n\t\t\t\t<div class=\"elementor-widget-container\">\n\t\t\t\t\t\t\t\t\t<div class=\"x11i5rnm xat24cr x1mh8g0r x1vvkbs xtlvy1s x126k92a\"><div dir=\"auto\">Ein gro\u00dfer Kindheitstraum unserer Vereinsvorsitzenden Katharina Kroeger wird wahr. Seit dem 21.10.2023 befindet sich ein neues cooles Jugendquartier auf unserem vereinseigenen Reitplatz. Dank Denis Ostwald, der uns seinen tollen Bauwagen \u00fcberlie\u00df, haben unsere Kinder und Jugendlichen jetzt einen au\u00dfergew\u00f6hnlichen Aufenthaltsraum auf einer Pferdekoppel mit \u00fcberdachter Terrasse. Unser gro\u00dfer Dank gilt allen helfenden H\u00e4nden und vor allem unserem Bautrupp: Denis Ostwald, Fabian Sprick (DOM.A.S Bauunternehmung), Marko Saathoff (Tief- und Rohrleitungsbau Schmidt GmbH), Maik Losch (Dachdeckerei Losch), Patrick und Werner Losch, Christoph Augustin, Michael Steger, Martin Schwenn, Mike Christoph, Dierk Kroeger, Marko Burchert, Ernst Heinemann, Rolf Wernecke, Eckhard Kr\u00fcger, Heiko Schmidt und Max Perlick.<\/div><\/div><div class=\"x11i5rnm xat24cr x1mh8g0r x1vvkbs xtlvy1s x126k92a\"><div dir=\"auto\">Am Samstag, den 21.10.2023, ging es auf dem Dauer-Campingplatz Hirschberg in Gotthun mit vollem K\u00f6rper- und Maschineneinsatz an die Bergung unseres Bauwagens. Im Vorfeld wurden schon viele Vorarbeiten geleistet, so dass es an diesem Samstagmorgen darum ging, den Bauwagen an seinen neuen Standort umzuziehen. Gesagt, getan, da wurde der alte Vorbau demontiert und die R\u00e4der gewechselt, wie beim Boxenstopp in der Formel 1. Wie gerufen kam Christoph Augustin mit seinem John Deere, um den Bauwagen vorsichtig aus der Campinganlage zu bugsieren. Alle schauten gespannt zu und dr\u00fcckten die<\/div><div dir=\"auto\">Daumen. Nach einer halben Stunde Spannung und Aktion rollte der Bauwagen dann mit Begleitfahrzeugen und Rundumleuchten Richtung Reitplatz, wo er bereits sehns\u00fcchtig von seinen neuen Besitzern erwartet wurde.<\/div><\/div><div class=\"x11i5rnm xat24cr x1mh8g0r x1vvkbs xtlvy1s x126k92a\"><div dir=\"auto\">Die Spannung stieg, als der neue Clubraum angerollt kam\u2026und dann nicht durch das Vereinstor passte. Ganz nach dem Motto: Was nicht passt, wird passend gemacht, wurde unser Vereinsschild um einige Zentimeter h\u00f6her gesetzt, so dass der Bauwagen problemlos hinunter durch fahren konnte. Jetzt nur noch an der gew\u00fcnschten Stelle positionieren und aufbocken. Gesagt, getan, mit geballter Manpower wurde der Bauwagen fixiert. So war das Ziel des Tages erreicht.<\/div><\/div><div class=\"x11i5rnm xat24cr x1mh8g0r x1vvkbs xtlvy1s x126k92a\"><div dir=\"auto\">Vom Jugendvorstand in Augenschein genommen und f\u00fcr super befunden, kann<\/div><div dir=\"auto\">man zuk\u00fcnftig beim gem\u00fctlichen Zusammensitzen aus dem Fenster unsere<\/div><div dir=\"auto\">geliebten Vierbeiner beim Fressen und Toben beobachten. Ein \u00fcberdachter Terrassenanbau wurde eine Woche sp\u00e4ter durch unseren flei\u00dfigen Bautrupp vor dem Bauwagen aufgebaut.<\/div><\/div><div class=\"x11i5rnm xat24cr x1mh8g0r x1vvkbs xtlvy1s x126k92a\"><div dir=\"auto\">Vielen lieben Dank an alle, die immer Alles f\u00fcr unseren Verein tun. DANKE im Namen aller Kinder und Jugendlichen.<\/div><div dir=\"auto\">\u00a0<\/div><\/div><div class=\"x11i5rnm xat24cr x1mh8g0r x1vvkbs xtlvy1s x126k92a\"><div dir=\"auto\">Euer Jugendvorstand<\/div><\/div>\t\t\t\t\t\t\t\t<\/div>\n\t\t\t\t<\/div>\n\t\t\t\t<div class=\"elementor-element elementor-element-05b7d8c elementor-widget elementor-widget-image\" data-id=\"05b7d8c\" data-element_type=\"widget\" data-e-type=\"widget\" data-widget_type=\"image.default\">\n\t\t\t\t<div class=\"elementor-widget-container\">\n\t\t\t\t\t\t\t\t\t\t\t\t\t\t\t<img loading=\"lazy\" decoding=\"async\" width=\"960\" height=\"960\" src=\"https:\/\/ponysportverein-roebel-mueritz.de\/wp-content\/uploads\/2023\/11\/Picsart_23-11-14_07-37-41-054-1024x1024.jpg\" class=\"attachment-large size-large wp-image-1818\" alt=\"\" srcset=\"https:\/\/ponysportverein-roebel-mueritz.de\/wp-content\/uploads\/2023\/11\/Picsart_23-11-14_07-37-41-054-1024x1024.jpg 1024w, https:\/\/ponysportverein-roebel-mueritz.de\/wp-content\/uploads\/2023\/11\/Picsart_23-11-14_07-37-41-054-300x300.jpg 300w, https:\/\/ponysportverein-roebel-mueritz.de\/wp-content\/uploads\/2023\/11\/Picsart_23-11-14_07-37-41-054-150x150.jpg 150w, https:\/\/ponysportverein-roebel-mueritz.de\/wp-content\/uploads\/2023\/11\/Picsart_23-11-14_07-37-41-054-768x768.jpg 768w, https:\/\/ponysportverein-roebel-mueritz.de\/wp-content\/uploads\/2023\/11\/Picsart_23-11-14_07-37-41-054-980x980.jpg 980w, https:\/\/ponysportverein-roebel-mueritz.de\/wp-content\/uploads\/2023\/11\/Picsart_23-11-14_07-37-41-054-75x75.jpg 75w, https:\/\/ponysportverein-roebel-mueritz.de\/wp-content\/uploads\/2023\/11\/Picsart_23-11-14_07-37-41-054.jpg 1080w\" sizes=\"(max-width: 960px) 100vw, 960px\" \/>\t\t\t\t\t\t\t\t\t\t\t\t\t\t\t<\/div>\n\t\t\t\t<\/div>\n\t\t\t\t<div class=\"elementor-element elementor-element-3448c8b elementor-widget elementor-widget-text-editor\" data-id=\"3448c8b\" data-element_type=\"widget\" data-e-type=\"widget\" data-widget_type=\"text-editor.default\">\n\t\t\t\t<div class=\"elementor-widget-container\">\n\t\t\t\t\t\t\t\t\t<p>13. November 2023<\/p>\t\t\t\t\t\t\t\t<\/div>\n\t\t\t\t<\/div>\n\t\t\t\t<div class=\"elementor-element elementor-element-8bb1f34 elementor-widget-divider--view-line elementor-widget elementor-widget-divider\" data-id=\"8bb1f34\" data-element_type=\"widget\" data-e-type=\"widget\" data-widget_type=\"divider.default\">\n\t\t\t\t<div class=\"elementor-widget-container\">\n\t\t\t\t\t\t\t<div class=\"elementor-divider\">\n\t\t\t<span class=\"elementor-divider-separator\">\n\t\t\t\t\t\t<\/span>\n\t\t<\/div>\n\t\t\t\t\t\t<\/div>\n\t\t\t\t<\/div>\n\t\t\t\t<div class=\"elementor-element elementor-element-b8d0c05 elementor-widget elementor-widget-heading\" data-id=\"b8d0c05\" data-element_type=\"widget\" data-e-type=\"widget\" data-widget_type=\"heading.default\">\n\t\t\t\t<div class=\"elementor-widget-container\">\n\t\t\t\t\t<h1 class=\"elementor-heading-title elementor-size-default\">Ponysportverein R\u00f6bel\/M\u00fcritz bewirbt sich f\u00fcr \nKinder- und jugendfreundlicher Sportverein<\/h1>\t\t\t\t<\/div>\n\t\t\t\t<\/div>\n\t\t\t\t<div class=\"elementor-element elementor-element-7c0ee92 elementor-widget elementor-widget-text-editor\" data-id=\"7c0ee92\" data-element_type=\"widget\" data-e-type=\"widget\" data-widget_type=\"text-editor.default\">\n\t\t\t\t<div class=\"elementor-widget-container\">\n\t\t\t\t\t\t\t\t\t<p align=\"CENTER\">Die Sportjugend M-V und das Ministerium f\u00fcr Soziales, Gesundheit und Sport Mecklenburg-Vorpommern m\u00f6chten mit dem Wettbewerb ,,KINDER- UND JUGENDFREUNDLICHER SPORTVEREIN\u201c die Sportvereine und -verb\u00e4nde im Land auszeichnen, die gemeinsam mit Kindern und Jugendlichen eine attraktive Freizeitgestaltung f\u00fcr Heranwachsende entwickeln und realisieren. Neben dem Preisgeld erhalten die Preistr\u00e4ger einen Pokal sowie eine Urkunde der Ministerin f\u00fcr Soziales, Gesundheit und Sport Mecklenburg-Vorpommern, Frau Stefanie Drese.<\/p><p align=\"CENTER\">F\u00fcr die Bewerbung haben wir uns ein kleines Video \u00fcberlegt, wof\u00fcr sich viele Vereinsmitglieder an der W\u00fcnnow in R\u00f6bel getroffen haben. Es war ein toller Drehtag.<\/p><p align=\"CENTER\">Klicke auf das Bild und gelange zum Clip.<\/p>\t\t\t\t\t\t\t\t<\/div>\n\t\t\t\t<\/div>\n\t\t\t\t<div class=\"elementor-element elementor-element-0b1a90b elementor-widget elementor-widget-image\" data-id=\"0b1a90b\" data-element_type=\"widget\" data-e-type=\"widget\" data-widget_type=\"image.default\">\n\t\t\t\t<div class=\"elementor-widget-container\">\n\t\t\t\t\t\t\t\t\t\t\t\t\t\t\t\t<a href=\"https:\/\/youtu.be\/FCTgCjKG39c\">\n\t\t\t\t\t\t\t<img loading=\"lazy\" decoding=\"async\" width=\"787\" height=\"503\" src=\"https:\/\/ponysportverein-roebel-mueritz.de\/wp-content\/uploads\/2023\/11\/Ponysportverein-Internet.jpg\" class=\"attachment-large size-large wp-image-1713\" alt=\"\" srcset=\"https:\/\/ponysportverein-roebel-mueritz.de\/wp-content\/uploads\/2023\/11\/Ponysportverein-Internet.jpg 787w, https:\/\/ponysportverein-roebel-mueritz.de\/wp-content\/uploads\/2023\/11\/Ponysportverein-Internet-300x192.jpg 300w, https:\/\/ponysportverein-roebel-mueritz.de\/wp-content\/uploads\/2023\/11\/Ponysportverein-Internet-768x491.jpg 768w\" sizes=\"(max-width: 787px) 100vw, 787px\" \/>\t\t\t\t\t\t\t\t<\/a>\n\t\t\t\t\t\t\t\t\t\t\t\t\t\t\t<\/div>\n\t\t\t\t<\/div>\n\t\t\t\t<div class=\"elementor-element elementor-element-8b8d7a0 elementor-widget elementor-widget-text-editor\" data-id=\"8b8d7a0\" data-element_type=\"widget\" data-e-type=\"widget\" data-widget_type=\"text-editor.default\">\n\t\t\t\t<div class=\"elementor-widget-container\">\n\t\t\t\t\t\t\t\t\t<p>04. November 2023<\/p>\t\t\t\t\t\t\t\t<\/div>\n\t\t\t\t<\/div>\n\t\t\t\t<div class=\"elementor-element elementor-element-da50c33 elementor-widget-divider--view-line elementor-widget elementor-widget-divider\" data-id=\"da50c33\" data-element_type=\"widget\" data-e-type=\"widget\" data-widget_type=\"divider.default\">\n\t\t\t\t<div class=\"elementor-widget-container\">\n\t\t\t\t\t\t\t<div class=\"elementor-divider\">\n\t\t\t<span class=\"elementor-divider-separator\">\n\t\t\t\t\t\t<\/span>\n\t\t<\/div>\n\t\t\t\t\t\t<\/div>\n\t\t\t\t<\/div>\n\t\t\t\t<div class=\"elementor-element elementor-element-cab0dce elementor-widget elementor-widget-heading\" data-id=\"cab0dce\" data-element_type=\"widget\" data-e-type=\"widget\" data-widget_type=\"heading.default\">\n\t\t\t\t<div class=\"elementor-widget-container\">\n\t\t\t\t\t<h1 class=\"elementor-heading-title elementor-size-default\">Ponysportverein R\u00f6bel\/M\u00fcritz registriert sich bei  \"SCH\u20acINE F\u00dcR VEREINE\"<\/h1>\t\t\t\t<\/div>\n\t\t\t\t<\/div>\n\t\t\t\t<div class=\"elementor-element elementor-element-5622eac elementor-widget elementor-widget-text-editor\" data-id=\"5622eac\" data-element_type=\"widget\" data-e-type=\"widget\" data-widget_type=\"text-editor.default\">\n\t\t\t\t<div class=\"elementor-widget-container\">\n\t\t\t\t\t\t\t\t\t<p>Ab Montag, 04.09.23, gibt Ostseewelle im &#8222;Guten Morgen&#8220; mit Andrea Sparmann und Uwe &#8222;1,69einhalb&#8220; Worlitzer <strong>immer zwischen 6 und 7 Uhr <\/strong>einen Verein bekannt, der sich bei Ostseewelle um eine Finanzspritze beworben hat. Auch wir haben es getan! Ruft am besten all eure Freunde, Bekannten und Verwandten auf, Ostseewelle zu h\u00f6ren. Wenn sich mindestens ein Mitglied des ausgerufenen Vereins innerhalb von zwei Musiktiteln auf der <strong>Gewinn-Hotline 0381\u201349 78 110<\/strong> meldet, haben wir 1.000 Euro f\u00fcr unsere Vereinskasse sicher. In einer Bonus-Runde am Montagnachmittag, k\u00f6nnen wir die Finanzspritze vor Ort auf bis zu 2.000 Euro verdoppeln.<\/p><p><strong>Also alle bitte flei\u00dfig Osteewelle Hit-Radio h\u00f6ren!<\/strong><\/p><p>Quelle: www.ostseewelle.de<\/p>\t\t\t\t\t\t\t\t<\/div>\n\t\t\t\t<\/div>\n\t\t\t\t<div class=\"elementor-element elementor-element-030606a elementor-invisible elementor-widget elementor-widget-image\" data-id=\"030606a\" data-element_type=\"widget\" data-e-type=\"widget\" data-settings=\"{&quot;_animation&quot;:&quot;rotateIn&quot;}\" data-widget_type=\"image.default\">\n\t\t\t\t<div class=\"elementor-widget-container\">\n\t\t\t\t\t\t\t\t\t\t\t\t\t\t\t<img loading=\"lazy\" decoding=\"async\" width=\"638\" height=\"300\" src=\"https:\/\/ponysportverein-roebel-mueritz.de\/wp-content\/uploads\/2023\/09\/scheine.png\" class=\"attachment-large size-large wp-image-1661\" alt=\"\" srcset=\"https:\/\/ponysportverein-roebel-mueritz.de\/wp-content\/uploads\/2023\/09\/scheine.png 638w, https:\/\/ponysportverein-roebel-mueritz.de\/wp-content\/uploads\/2023\/09\/scheine-300x141.png 300w\" sizes=\"(max-width: 638px) 100vw, 638px\" \/>\t\t\t\t\t\t\t\t\t\t\t\t\t\t\t<\/div>\n\t\t\t\t<\/div>\n\t\t\t\t<div class=\"elementor-element elementor-element-c0408cd elementor-widget elementor-widget-text-editor\" data-id=\"c0408cd\" data-element_type=\"widget\" data-e-type=\"widget\" data-widget_type=\"text-editor.default\">\n\t\t\t\t<div class=\"elementor-widget-container\">\n\t\t\t\t\t\t\t\t\t<p>04. September 2023<\/p>\t\t\t\t\t\t\t\t<\/div>\n\t\t\t\t<\/div>\n\t\t\t\t<div class=\"elementor-element elementor-element-63c17bb elementor-widget-divider--view-line elementor-widget elementor-widget-divider\" data-id=\"63c17bb\" data-element_type=\"widget\" data-e-type=\"widget\" data-widget_type=\"divider.default\">\n\t\t\t\t<div class=\"elementor-widget-container\">\n\t\t\t\t\t\t\t<div class=\"elementor-divider\">\n\t\t\t<span class=\"elementor-divider-separator\">\n\t\t\t\t\t\t<\/span>\n\t\t<\/div>\n\t\t\t\t\t\t<\/div>\n\t\t\t\t<\/div>\n\t\t\t\t<div class=\"elementor-element elementor-element-af3ffed elementor-widget elementor-widget-heading\" data-id=\"af3ffed\" data-element_type=\"widget\" data-e-type=\"widget\" data-widget_type=\"heading.default\">\n\t\t\t\t<div class=\"elementor-widget-container\">\n\t\t\t\t\t<h1 class=\"elementor-heading-title elementor-size-default\">Ponysportverein R\u00f6bel\/M\u00fcritz bewirbt sich beim Rotary Club<\/h1>\t\t\t\t<\/div>\n\t\t\t\t<\/div>\n\t\t\t\t<div class=\"elementor-element elementor-element-3098d76 elementor-widget elementor-widget-text-editor\" data-id=\"3098d76\" data-element_type=\"widget\" data-e-type=\"widget\" data-widget_type=\"text-editor.default\">\n\t\t\t\t<div class=\"elementor-widget-container\">\n\t\t\t\t\t\t\t\t\t<p>Der gro\u00dfe Traum vom eigenen Vereinshoodie k\u00f6nnte Wirklichkeit werden. Mit viel Hoffnung und eigenem Video, ging es am Donnerstag nach Waren zum Rotary Club. Dort wurden wir herzlich vom Vorstand des Rotary Club empfangen und konnten so unseren Wunsch zur Anschaffung toller Vereinshoodies vorbringen. Unsere Kinder und Jugendlichen haben n\u00e4mlich ganz spezielle Vorstellungen vom Design. Nun dr\u00fccken wir alle gemeinsam die Daumen.<\/p>\t\t\t\t\t\t\t\t<\/div>\n\t\t\t\t<\/div>\n\t\t\t\t<div class=\"elementor-element elementor-element-1cc660d elementor-widget elementor-widget-video\" data-id=\"1cc660d\" data-element_type=\"widget\" data-e-type=\"widget\" data-settings=\"{&quot;video_type&quot;:&quot;hosted&quot;,&quot;controls&quot;:&quot;yes&quot;}\" data-widget_type=\"video.default\">\n\t\t\t\t<div class=\"elementor-widget-container\">\n\t\t\t\t\t\t\t<div class=\"e-hosted-video elementor-wrapper elementor-open-inline\">\n\t\t\t\t\t<video class=\"elementor-video\" src=\"https:\/\/ponysportverein-roebel-mueritz.de\/wp-content\/uploads\/2023\/09\/Ponysportverein.mp4\" controls=\"\" preload=\"metadata\" controlsList=\"nodownload\"><\/video>\n\t\t\t\t<\/div>\n\t\t\t\t\t\t<\/div>\n\t\t\t\t<\/div>\n\t\t\t\t<div class=\"elementor-element elementor-element-fbbc66b elementor-widget elementor-widget-text-editor\" data-id=\"fbbc66b\" data-element_type=\"widget\" data-e-type=\"widget\" data-widget_type=\"text-editor.default\">\n\t\t\t\t<div class=\"elementor-widget-container\">\n\t\t\t\t\t\t\t\t\t<p>31. August 2023<\/p>\t\t\t\t\t\t\t\t<\/div>\n\t\t\t\t<\/div>\n\t\t\t\t<div class=\"elementor-element elementor-element-5a80db8 elementor-widget-divider--view-line elementor-widget elementor-widget-divider\" data-id=\"5a80db8\" data-element_type=\"widget\" data-e-type=\"widget\" data-widget_type=\"divider.default\">\n\t\t\t\t<div class=\"elementor-widget-container\">\n\t\t\t\t\t\t\t<div class=\"elementor-divider\">\n\t\t\t<span class=\"elementor-divider-separator\">\n\t\t\t\t\t\t<\/span>\n\t\t<\/div>\n\t\t\t\t\t\t<\/div>\n\t\t\t\t<\/div>\n\t\t\t\t<div class=\"elementor-element elementor-element-664bfb5 elementor-widget elementor-widget-heading\" data-id=\"664bfb5\" data-element_type=\"widget\" data-e-type=\"widget\" data-widget_type=\"heading.default\">\n\t\t\t\t<div class=\"elementor-widget-container\">\n\t\t\t\t\t<h1 class=\"elementor-heading-title elementor-size-default\">Junge Pferdefreunde hatten viel Spa\u00df beim diesj\u00e4hrigen Zeltlager<\/h1>\t\t\t\t<\/div>\n\t\t\t\t<\/div>\n\t\t\t\t<div class=\"elementor-element elementor-element-895416c elementor-widget elementor-widget-text-editor\" data-id=\"895416c\" data-element_type=\"widget\" data-e-type=\"widget\" data-widget_type=\"text-editor.default\">\n\t\t\t\t<div class=\"elementor-widget-container\">\n\t\t\t\t\t\t\t\t\t<p>Am letzten Juli- Wochenende fand f\u00fcr die gro\u00dfen sowie kleinen Reiter und Fahrer des Ponysportvereins R\u00f6bel\/M\u00fcritz das viert\u00e4gige Zeltlager statt. Etwa 30 Kinder trafen sich Freitagvormittag auf dem Reitplatz am Gotthunskamp und startet von dort aus mit der Kutsche und auf dem R\u00fccken ihrer Ponys zum Dambecker See, wo bereits etliche flei\u00dfige Helfer die Zelte aufgebaut hatten.<\/p>\t\t\t\t\t\t\t\t<\/div>\n\t\t\t\t<\/div>\n\t\t\t\t<div class=\"elementor-element elementor-element-5e6f13a elementor-widget elementor-widget-image\" data-id=\"5e6f13a\" data-element_type=\"widget\" data-e-type=\"widget\" data-widget_type=\"image.default\">\n\t\t\t\t<div class=\"elementor-widget-container\">\n\t\t\t\t\t\t\t\t\t\t\t\t\t\t\t<img loading=\"lazy\" decoding=\"async\" width=\"960\" height=\"720\" src=\"https:\/\/ponysportverein-roebel-mueritz.de\/wp-content\/uploads\/2023\/08\/IMG-20230730-WA0044-1024x768.jpg\" class=\"attachment-large size-large wp-image-1637\" alt=\"\" srcset=\"https:\/\/ponysportverein-roebel-mueritz.de\/wp-content\/uploads\/2023\/08\/IMG-20230730-WA0044-1024x768.jpg 1024w, https:\/\/ponysportverein-roebel-mueritz.de\/wp-content\/uploads\/2023\/08\/IMG-20230730-WA0044-300x225.jpg 300w, https:\/\/ponysportverein-roebel-mueritz.de\/wp-content\/uploads\/2023\/08\/IMG-20230730-WA0044-768x576.jpg 768w, https:\/\/ponysportverein-roebel-mueritz.de\/wp-content\/uploads\/2023\/08\/IMG-20230730-WA0044-1536x1152.jpg 1536w, https:\/\/ponysportverein-roebel-mueritz.de\/wp-content\/uploads\/2023\/08\/IMG-20230730-WA0044-1100x825.jpg 1100w, https:\/\/ponysportverein-roebel-mueritz.de\/wp-content\/uploads\/2023\/08\/IMG-20230730-WA0044.jpg 2048w\" sizes=\"(max-width: 960px) 100vw, 960px\" \/>\t\t\t\t\t\t\t\t\t\t\t\t\t\t\t<\/div>\n\t\t\t\t<\/div>\n\t\t\t\t<div class=\"elementor-element elementor-element-9f48681 elementor-widget elementor-widget-text-editor\" data-id=\"9f48681\" data-element_type=\"widget\" data-e-type=\"widget\" data-widget_type=\"text-editor.default\">\n\t\t\t\t<div class=\"elementor-widget-container\">\n\t\t\t\t\t\t\t\t\t<p>30. Juli 2023<\/p>\t\t\t\t\t\t\t\t<\/div>\n\t\t\t\t<\/div>\n\t\t\t\t<div class=\"elementor-element elementor-element-b8772e5 elementor-widget-divider--view-line elementor-widget elementor-widget-divider\" data-id=\"b8772e5\" data-element_type=\"widget\" data-e-type=\"widget\" data-widget_type=\"divider.default\">\n\t\t\t\t<div class=\"elementor-widget-container\">\n\t\t\t\t\t\t\t<div class=\"elementor-divider\">\n\t\t\t<span class=\"elementor-divider-separator\">\n\t\t\t\t\t\t<\/span>\n\t\t<\/div>\n\t\t\t\t\t\t<\/div>\n\t\t\t\t<\/div>\n\t\t\t\t<div class=\"elementor-element elementor-element-ea9c818 elementor-widget elementor-widget-heading\" data-id=\"ea9c818\" data-element_type=\"widget\" data-e-type=\"widget\" data-widget_type=\"heading.default\">\n\t\t\t\t<div class=\"elementor-widget-container\">\n\t\t\t\t\t<h1 class=\"elementor-heading-title elementor-size-default\">Mitglieder bringen gemeinsam Banner f\u00fcr das 27. Speckreiten an<\/h1>\t\t\t\t<\/div>\n\t\t\t\t<\/div>\n\t\t\t\t<div class=\"elementor-element elementor-element-2eeddf8 elementor-widget elementor-widget-text-editor\" data-id=\"2eeddf8\" data-element_type=\"widget\" data-e-type=\"widget\" data-widget_type=\"text-editor.default\">\n\t\t\t\t<div class=\"elementor-widget-container\">\n\t\t\t\t\t\t\t\t\t<p>F\u00fcr das 27. Speckreiten haben wir erstmals und gemeinsam ein gro\u00dfes Banner an der Kreuzung zum Gildekamp in R\u00f6bel angebracht. Die Freude war riesig. Spreckreiten kann kommen!<\/p>\t\t\t\t\t\t\t\t<\/div>\n\t\t\t\t<\/div>\n\t\t\t\t<div class=\"elementor-element elementor-element-ddb1d3d elementor-widget elementor-widget-image\" data-id=\"ddb1d3d\" data-element_type=\"widget\" data-e-type=\"widget\" data-widget_type=\"image.default\">\n\t\t\t\t<div class=\"elementor-widget-container\">\n\t\t\t\t\t\t\t\t\t\t\t\t\t\t\t<img loading=\"lazy\" decoding=\"async\" width=\"960\" height=\"432\" src=\"https:\/\/ponysportverein-roebel-mueritz.de\/wp-content\/uploads\/2023\/05\/20230512_185117-1024x461.jpg\" class=\"attachment-large size-large wp-image-1407\" alt=\"\" srcset=\"https:\/\/ponysportverein-roebel-mueritz.de\/wp-content\/uploads\/2023\/05\/20230512_185117-1024x461.jpg 1024w, https:\/\/ponysportverein-roebel-mueritz.de\/wp-content\/uploads\/2023\/05\/20230512_185117-300x135.jpg 300w, https:\/\/ponysportverein-roebel-mueritz.de\/wp-content\/uploads\/2023\/05\/20230512_185117-768x345.jpg 768w, https:\/\/ponysportverein-roebel-mueritz.de\/wp-content\/uploads\/2023\/05\/20230512_185117-1536x691.jpg 1536w, https:\/\/ponysportverein-roebel-mueritz.de\/wp-content\/uploads\/2023\/05\/20230512_185117-2048x921.jpg 2048w, https:\/\/ponysportverein-roebel-mueritz.de\/wp-content\/uploads\/2023\/05\/20230512_185117-1100x495.jpg 1100w\" sizes=\"(max-width: 960px) 100vw, 960px\" \/>\t\t\t\t\t\t\t\t\t\t\t\t\t\t\t<\/div>\n\t\t\t\t<\/div>\n\t\t\t\t<div class=\"elementor-element elementor-element-0be920e elementor-widget elementor-widget-text-editor\" data-id=\"0be920e\" data-element_type=\"widget\" data-e-type=\"widget\" data-widget_type=\"text-editor.default\">\n\t\t\t\t<div class=\"elementor-widget-container\">\n\t\t\t\t\t\t\t\t\t<p>12. Mai 2023<\/p>\t\t\t\t\t\t\t\t<\/div>\n\t\t\t\t<\/div>\n\t\t\t\t<div class=\"elementor-element elementor-element-0a971a4 elementor-widget-divider--view-line elementor-widget elementor-widget-divider\" data-id=\"0a971a4\" data-element_type=\"widget\" data-e-type=\"widget\" data-widget_type=\"divider.default\">\n\t\t\t\t<div class=\"elementor-widget-container\">\n\t\t\t\t\t\t\t<div class=\"elementor-divider\">\n\t\t\t<span class=\"elementor-divider-separator\">\n\t\t\t\t\t\t<\/span>\n\t\t<\/div>\n\t\t\t\t\t\t<\/div>\n\t\t\t\t<\/div>\n\t\t\t\t<div class=\"elementor-element elementor-element-88f9a0c elementor-widget elementor-widget-heading\" data-id=\"88f9a0c\" data-element_type=\"widget\" data-e-type=\"widget\" data-widget_type=\"heading.default\">\n\t\t\t\t<div class=\"elementor-widget-container\">\n\t\t\t\t\t<h1 class=\"elementor-heading-title elementor-size-default\">Zeitmessanlage kommt Ponysportverein R\u00f6bel\/M\u00fcritz zugute<\/h1>\t\t\t\t<\/div>\n\t\t\t\t<\/div>\n\t\t\t\t<div class=\"elementor-element elementor-element-ffd89c9 elementor-widget elementor-widget-text-editor\" data-id=\"ffd89c9\" data-element_type=\"widget\" data-e-type=\"widget\" data-widget_type=\"text-editor.default\">\n\t\t\t\t<div class=\"elementor-widget-container\">\n\t\t\t\t\t\t\t\t\t<p>Nach langen \u00dcberlegungen haben wir uns im <br \/>Januar 2023 zur Anschaffung einer Zeitmessanlage entschieden.<br \/>Diese soll den Verein an Trainingstagen sowie bei Turnieren<br \/>ein aussagekr\u00e4ftiges Ergebnis liefern.<\/p><p>Die Anschaffung dieser Anlage verdanken wir zum Gro\u00dfteil<br \/>unseren treuen Sponsoren aus dem gewerblichen sowie privaten<br \/>Bereich und sind dar\u00fcber sehr dankbar.<\/p><p>Die Zeitmessanlage kommt aus dem Hause Wiebrock<br \/>(WPC Timing) aus Herford und wurde nach 2- monatiger Bauzeit <br \/>fertiggestellt und an uns \u00fcbergeben.<\/p><p>Wir freuen uns riesig \u00fcber unseren technischen Helfer.<\/p>\t\t\t\t\t\t\t\t<\/div>\n\t\t\t\t<\/div>\n\t\t\t\t<div class=\"elementor-element elementor-element-12c7ca8 elementor-widget elementor-widget-image\" data-id=\"12c7ca8\" data-element_type=\"widget\" data-e-type=\"widget\" data-widget_type=\"image.default\">\n\t\t\t\t<div class=\"elementor-widget-container\">\n\t\t\t\t\t\t\t\t\t\t\t\t\t\t\t<img loading=\"lazy\" decoding=\"async\" width=\"960\" height=\"640\" src=\"https:\/\/ponysportverein-roebel-mueritz.de\/wp-content\/uploads\/2023\/04\/wpc-1024x683.jpg\" class=\"attachment-large size-large wp-image-1261\" alt=\"\" srcset=\"https:\/\/ponysportverein-roebel-mueritz.de\/wp-content\/uploads\/2023\/04\/wpc-1024x683.jpg 1024w, https:\/\/ponysportverein-roebel-mueritz.de\/wp-content\/uploads\/2023\/04\/wpc-300x200.jpg 300w, https:\/\/ponysportverein-roebel-mueritz.de\/wp-content\/uploads\/2023\/04\/wpc-768x512.jpg 768w, https:\/\/ponysportverein-roebel-mueritz.de\/wp-content\/uploads\/2023\/04\/wpc.jpg 1080w\" sizes=\"(max-width: 960px) 100vw, 960px\" \/>\t\t\t\t\t\t\t\t\t\t\t\t\t\t\t<\/div>\n\t\t\t\t<\/div>\n\t\t\t\t<div class=\"elementor-element elementor-element-4631768 elementor-widget elementor-widget-text-editor\" data-id=\"4631768\" data-element_type=\"widget\" data-e-type=\"widget\" data-widget_type=\"text-editor.default\">\n\t\t\t\t<div class=\"elementor-widget-container\">\n\t\t\t\t\t\t\t\t\t<p>9. April 2023<\/p>\t\t\t\t\t\t\t\t<\/div>\n\t\t\t\t<\/div>\n\t\t\t\t<div class=\"elementor-element elementor-element-9857960 elementor-widget-divider--view-line elementor-widget elementor-widget-divider\" data-id=\"9857960\" data-element_type=\"widget\" data-e-type=\"widget\" data-widget_type=\"divider.default\">\n\t\t\t\t<div class=\"elementor-widget-container\">\n\t\t\t\t\t\t\t<div class=\"elementor-divider\">\n\t\t\t<span class=\"elementor-divider-separator\">\n\t\t\t\t\t\t<\/span>\n\t\t<\/div>\n\t\t\t\t\t\t<\/div>\n\t\t\t\t<\/div>\n\t\t\t\t<div class=\"elementor-element elementor-element-f355af5 elementor-widget elementor-widget-heading\" data-id=\"f355af5\" data-element_type=\"widget\" data-e-type=\"widget\" data-widget_type=\"heading.default\">\n\t\t\t\t<div class=\"elementor-widget-container\">\n\t\t\t\t\t<h1 class=\"elementor-heading-title elementor-size-default\">Tierischer Besuch im Diakonie-Pflegeheim R\u00f6bel\/M\u00fcritz<\/h1>\t\t\t\t<\/div>\n\t\t\t\t<\/div>\n\t\t\t\t<div class=\"elementor-element elementor-element-33d1188 elementor-widget elementor-widget-text-editor\" data-id=\"33d1188\" data-element_type=\"widget\" data-e-type=\"widget\" data-widget_type=\"text-editor.default\">\n\t\t\t\t<div class=\"elementor-widget-container\">\n\t\t\t\t\t\t\t\t\t<p><span class=\"x193iq5w xeuugli x13faqbe x1vvkbs x1xmvt09 x1lliihq x1s928wv xhkezso x1gmr53x x1cpjm7i x1fgarty x1943h6x xudqn12 x3x7a5m x6prxxf xvq8zen xo1l8bm xzsf02u x1yc453h\" dir=\"auto\">Emma, Hanna, Leonie und Marie waren mit drei Ponys zu Gast im Diakonie-Pflegeheim R\u00f6bel und zauberten den Bewohnerinnen und Bewohnern ein L\u00e4cheln ins Gesicht. <\/span><span class=\"x193iq5w xeuugli x13faqbe x1vvkbs x1xmvt09 x1lliihq x1s928wv xhkezso x1gmr53x x1cpjm7i x1fgarty x1943h6x xudqn12 x3x7a5m x6prxxf xvq8zen xo1l8bm xzsf02u x1yc453h\" dir=\"auto\">Es war nicht der erste und letzte Besuch dieser Art. <\/span><\/p>\t\t\t\t\t\t\t\t<\/div>\n\t\t\t\t<\/div>\n\t\t\t\t<div class=\"elementor-element elementor-element-e6bf2bd elementor-widget elementor-widget-image\" data-id=\"e6bf2bd\" data-element_type=\"widget\" data-e-type=\"widget\" data-widget_type=\"image.default\">\n\t\t\t\t<div class=\"elementor-widget-container\">\n\t\t\t\t\t\t\t\t\t\t\t\t\t\t\t<img loading=\"lazy\" decoding=\"async\" width=\"960\" height=\"540\" src=\"https:\/\/ponysportverein-roebel-mueritz.de\/wp-content\/uploads\/2023\/04\/facebook_1681016582003_7050694573965464430-1024x576.jpg\" class=\"attachment-large size-large wp-image-1253\" alt=\"\" srcset=\"https:\/\/ponysportverein-roebel-mueritz.de\/wp-content\/uploads\/2023\/04\/facebook_1681016582003_7050694573965464430-1024x576.jpg 1024w, https:\/\/ponysportverein-roebel-mueritz.de\/wp-content\/uploads\/2023\/04\/facebook_1681016582003_7050694573965464430-300x169.jpg 300w, https:\/\/ponysportverein-roebel-mueritz.de\/wp-content\/uploads\/2023\/04\/facebook_1681016582003_7050694573965464430-768x432.jpg 768w, https:\/\/ponysportverein-roebel-mueritz.de\/wp-content\/uploads\/2023\/04\/facebook_1681016582003_7050694573965464430.jpg 1080w\" sizes=\"(max-width: 960px) 100vw, 960px\" \/>\t\t\t\t\t\t\t\t\t\t\t\t\t\t\t<\/div>\n\t\t\t\t<\/div>\n\t\t\t\t<div class=\"elementor-element elementor-element-0e25c95 elementor-widget elementor-widget-text-editor\" data-id=\"0e25c95\" data-element_type=\"widget\" data-e-type=\"widget\" data-widget_type=\"text-editor.default\">\n\t\t\t\t<div class=\"elementor-widget-container\">\n\t\t\t\t\t\t\t\t\t<p>5. April 2023<\/p>\t\t\t\t\t\t\t\t<\/div>\n\t\t\t\t<\/div>\n\t\t\t\t<div class=\"elementor-element elementor-element-a6d3ba0 elementor-widget-divider--view-line elementor-widget elementor-widget-divider\" data-id=\"a6d3ba0\" data-element_type=\"widget\" data-e-type=\"widget\" data-widget_type=\"divider.default\">\n\t\t\t\t<div class=\"elementor-widget-container\">\n\t\t\t\t\t\t\t<div class=\"elementor-divider\">\n\t\t\t<span class=\"elementor-divider-separator\">\n\t\t\t\t\t\t<\/span>\n\t\t<\/div>\n\t\t\t\t\t\t<\/div>\n\t\t\t\t<\/div>\n\t\t\t\t<div class=\"elementor-element elementor-element-e2eecb7 elementor-widget elementor-widget-heading\" data-id=\"e2eecb7\" data-element_type=\"widget\" data-e-type=\"widget\" data-widget_type=\"heading.default\">\n\t\t\t\t<div class=\"elementor-widget-container\">\n\t\t\t\t\t<h1 class=\"elementor-heading-title elementor-size-default\">Frauen-Quartett bleibt Spitze beim Ponysportverein R\u00f6bel\/M\u00fcritz <\/h1>\t\t\t\t<\/div>\n\t\t\t\t<\/div>\n\t\t\t\t<div class=\"elementor-element elementor-element-f249b9d elementor-widget elementor-widget-text-editor\" data-id=\"f249b9d\" data-element_type=\"widget\" data-e-type=\"widget\" data-widget_type=\"text-editor.default\">\n\t\t\t\t<div class=\"elementor-widget-container\">\n\t\t\t\t\t\t\t\t\t<div class=\"x11i5rnm xat24cr x1mh8g0r x1vvkbs xtlvy1s x126k92a\"><div dir=\"auto\">Am letzten M\u00e4rztag fand in Lindo`s Eiscaf\u00e9 unsere ordentliche Mitgliederversammlung statt. Neben R\u00fcck- und Ausblicken standen besonders die Wahlen des neuen Vorstandes und des Jugendvorstandes im Fokus der Versammlung.<\/div><\/div><div class=\"x11i5rnm xat24cr x1mh8g0r x1vvkbs xtlvy1s x126k92a\"><div dir=\"auto\">Frau Katharina Kroeger bleibt die Vorsitzende des Vereins. Im Vorstand wird sie weiterhin von Britta Christoph, Franziska Jens und Kathrin Sch\u00e4fer unterst\u00fctzt. Alle Mitglieder zeigten sich mit der Vorstandsarbeit der vergangenen vier Jahre sehr zufrieden und so wurde der bestehende Vorstand einstimmig wiedergew\u00e4hlt.<\/div><\/div><div class=\"x11i5rnm xat24cr x1mh8g0r x1vvkbs xtlvy1s x126k92a\"><div dir=\"auto\">Erstmalig in der Geschichte des Ponysportvereins wurde an diesem Abend ein Jugendvorstand gew\u00e4hlt. Mit diesem neuen Gremium wollen wir die Interessen des Nachwuchses weiter st\u00e4rken, getreu dem Motto: Die Jugendlichen von heute sind die Verantwortlichen von morgen. Franziska Jens (Jugendwartin), Emma Karnatz (stellv. Jugendwartin), Hanna Kroeger (Jugendsprecherin) und Merit Sander (Protokollf\u00fchrerin) bilden zuk\u00fcnftig zusammen den Jugendvorstand und wurden ebenso einstimmig gew\u00e4hlt. Die Vorstandsmitglieder bedanken sich f\u00fcr das Ihnen entgegengebrachte Vertrauen und freuen sich auf die Fortf\u00fchrung bzw. den Beginn der Zusammenarbeit.<\/div><\/div><div class=\"x11i5rnm xat24cr x1mh8g0r x1vvkbs xtlvy1s x126k92a\"><div dir=\"auto\">Die Mitgliederversammlung verlief insgesamt erfolgreich f\u00fcr uns und wir freuen uns auf ein sch\u00f6nes und erfolgreiches Jahr unseres Vereines!<\/div><\/div>\t\t\t\t\t\t\t\t<\/div>\n\t\t\t\t<\/div>\n\t\t\t\t<div class=\"elementor-element elementor-element-e9d6e37 elementor-widget elementor-widget-image\" data-id=\"e9d6e37\" data-element_type=\"widget\" data-e-type=\"widget\" data-widget_type=\"image.default\">\n\t\t\t\t<div class=\"elementor-widget-container\">\n\t\t\t\t\t\t\t\t\t\t\t\t\t\t\t<img loading=\"lazy\" decoding=\"async\" width=\"960\" height=\"540\" src=\"https:\/\/ponysportverein-roebel-mueritz.de\/wp-content\/uploads\/2023\/04\/facebook_1681014594552_7050686237991524425.jpg\" class=\"attachment-large size-large wp-image-1248\" alt=\"\" srcset=\"https:\/\/ponysportverein-roebel-mueritz.de\/wp-content\/uploads\/2023\/04\/facebook_1681014594552_7050686237991524425.jpg 1024w, https:\/\/ponysportverein-roebel-mueritz.de\/wp-content\/uploads\/2023\/04\/facebook_1681014594552_7050686237991524425-300x169.jpg 300w, https:\/\/ponysportverein-roebel-mueritz.de\/wp-content\/uploads\/2023\/04\/facebook_1681014594552_7050686237991524425-768x432.jpg 768w\" sizes=\"(max-width: 960px) 100vw, 960px\" \/>\t\t\t\t\t\t\t\t\t\t\t\t\t\t\t<\/div>\n\t\t\t\t<\/div>\n\t\t\t\t<div class=\"elementor-element elementor-element-1d1f816 elementor-widget elementor-widget-text-editor\" data-id=\"1d1f816\" data-element_type=\"widget\" data-e-type=\"widget\" data-widget_type=\"text-editor.default\">\n\t\t\t\t<div class=\"elementor-widget-container\">\n\t\t\t\t\t\t\t\t\t<p>31. M\u00e4rz 2023<\/p>\t\t\t\t\t\t\t\t<\/div>\n\t\t\t\t<\/div>\n\t\t\t\t<div class=\"elementor-element elementor-element-a39df1a elementor-widget-divider--view-line elementor-widget elementor-widget-divider\" data-id=\"a39df1a\" data-element_type=\"widget\" data-e-type=\"widget\" data-widget_type=\"divider.default\">\n\t\t\t\t<div class=\"elementor-widget-container\">\n\t\t\t\t\t\t\t<div class=\"elementor-divider\">\n\t\t\t<span class=\"elementor-divider-separator\">\n\t\t\t\t\t\t<\/span>\n\t\t<\/div>\n\t\t\t\t\t\t<\/div>\n\t\t\t\t<\/div>\n\t\t\t\t<div class=\"elementor-element elementor-element-c4e626f elementor-widget elementor-widget-heading\" data-id=\"c4e626f\" data-element_type=\"widget\" data-e-type=\"widget\" data-widget_type=\"heading.default\">\n\t\t\t\t<div class=\"elementor-widget-container\">\n\t\t\t\t\t<h1 class=\"elementor-heading-title elementor-size-default\">Reiterball 2023<\/h1>\t\t\t\t<\/div>\n\t\t\t\t<\/div>\n\t\t\t\t<div class=\"elementor-element elementor-element-51392cd elementor-widget elementor-widget-text-editor\" data-id=\"51392cd\" data-element_type=\"widget\" data-e-type=\"widget\" data-widget_type=\"text-editor.default\">\n\t\t\t\t<div class=\"elementor-widget-container\">\n\t\t\t\t\t\t\t\t\t<div class=\"x11i5rnm xat24cr x1mh8g0r x1vvkbs xtlvy1s x126k92a\"><div dir=\"auto\">Zusammen mit den Reit- und Fahrvereinen aus Bollewick, Ludorf und Malchow sowie dem Verband der Pferdez\u00fcchter Mecklenburg-Vorpommern hatten wir im M\u00e4rz zum Reiterball in die Feldsteinscheune Bollewick geladen. Mit \u00fcber 200 G\u00e4sten lie\u00df der Abend keine W\u00fcnsche offen.<\/div><\/div><div class=\"x11i5rnm xat24cr x1mh8g0r x1vvkbs xtlvy1s x126k92a\"><div dir=\"auto\">Alle G\u00e4ste erlebten einen rundum gelungenen Abend: Tolles Essen, super Stimmung, nette Gespr\u00e4che und ganz viel Spa\u00df bei Geselligkeit und Tanz! Eine besondere Ehrung wurde an diesem Abend zwei M\u00e4nnern zuteil, welche sich in den letzten Jahrzehnten besonders um den Reit- und Fahrsport verdient gemacht haben: Heinz Priestaff vom Reit- und Fahrverein Bollewick und Wilhelm Jarchow vom Ponysportverein R\u00f6bel\/M\u00fcritz e.V..<\/div><\/div><div class=\"x11i5rnm xat24cr x1mh8g0r x1vvkbs xtlvy1s x126k92a\"><div dir=\"auto\">Vielen, vielen Dank an das Landhotel \u201eZur Scheune\u201c f\u00fcr die R\u00e4umlichkeiten und herzlichen Dank an das Restaurant-Team der Scheune Bollewick f\u00fcr das hervorragende Buffet und die tolle Bewirtung. Herzlichen Dank ebenso an DJ Norbert Kr\u00fcger, der mit seiner mitrei\u00dfenden Musik f\u00fcr die gute Stimmung sorgte.<\/div><\/div><div class=\"x11i5rnm xat24cr x1mh8g0r x1vvkbs xtlvy1s x126k92a\"><div dir=\"auto\">Es war ein gro\u00dfartiger Abend und fr\u00f6hlicher Auftakt in die Saison 2023!<\/div><\/div>\t\t\t\t\t\t\t\t<\/div>\n\t\t\t\t<\/div>\n\t\t\t\t<div class=\"elementor-element elementor-element-9d8c1f0 elementor-widget elementor-widget-image\" data-id=\"9d8c1f0\" data-element_type=\"widget\" data-e-type=\"widget\" data-widget_type=\"image.default\">\n\t\t\t\t<div class=\"elementor-widget-container\">\n\t\t\t\t\t\t\t\t\t\t\t\t\t\t\t<img loading=\"lazy\" decoding=\"async\" width=\"960\" height=\"505\" src=\"https:\/\/ponysportverein-roebel-mueritz.de\/wp-content\/uploads\/2023\/04\/facebook_1681014557992_7050686084644251520-1024x539.jpg\" class=\"attachment-large size-large wp-image-1247\" alt=\"\" srcset=\"https:\/\/ponysportverein-roebel-mueritz.de\/wp-content\/uploads\/2023\/04\/facebook_1681014557992_7050686084644251520-1024x539.jpg 1024w, https:\/\/ponysportverein-roebel-mueritz.de\/wp-content\/uploads\/2023\/04\/facebook_1681014557992_7050686084644251520-300x158.jpg 300w, https:\/\/ponysportverein-roebel-mueritz.de\/wp-content\/uploads\/2023\/04\/facebook_1681014557992_7050686084644251520-768x405.jpg 768w, https:\/\/ponysportverein-roebel-mueritz.de\/wp-content\/uploads\/2023\/04\/facebook_1681014557992_7050686084644251520.jpg 1080w\" sizes=\"(max-width: 960px) 100vw, 960px\" \/>\t\t\t\t\t\t\t\t\t\t\t\t\t\t\t<\/div>\n\t\t\t\t<\/div>\n\t\t\t\t<div class=\"elementor-element elementor-element-37bf82a elementor-widget elementor-widget-text-editor\" data-id=\"37bf82a\" data-element_type=\"widget\" data-e-type=\"widget\" data-widget_type=\"text-editor.default\">\n\t\t\t\t<div class=\"elementor-widget-container\">\n\t\t\t\t\t\t\t\t\t<p>17. M\u00e4rz 2023<\/p>\t\t\t\t\t\t\t\t<\/div>\n\t\t\t\t<\/div>\n\t\t\t\t<div class=\"elementor-element elementor-element-8f17e5e elementor-widget-divider--view-line elementor-widget elementor-widget-divider\" data-id=\"8f17e5e\" data-element_type=\"widget\" data-e-type=\"widget\" data-widget_type=\"divider.default\">\n\t\t\t\t<div class=\"elementor-widget-container\">\n\t\t\t\t\t\t\t<div class=\"elementor-divider\">\n\t\t\t<span class=\"elementor-divider-separator\">\n\t\t\t\t\t\t<\/span>\n\t\t<\/div>\n\t\t\t\t\t\t<\/div>\n\t\t\t\t<\/div>\n\t\t\t\t<div class=\"elementor-element elementor-element-a6030a1 elementor-widget elementor-widget-heading\" data-id=\"a6030a1\" data-element_type=\"widget\" data-e-type=\"widget\" data-widget_type=\"heading.default\">\n\t\t\t\t<div class=\"elementor-widget-container\">\n\t\t\t\t\t<h1 class=\"elementor-heading-title elementor-size-default\">Wir begr\u00fc\u00dfen R\u00f6bels B\u00fcrgermeister als 100. Mitglied<\/h1>\t\t\t\t<\/div>\n\t\t\t\t<\/div>\n\t\t\t\t<div class=\"elementor-element elementor-element-b5dede4 elementor-widget elementor-widget-text-editor\" data-id=\"b5dede4\" data-element_type=\"widget\" data-e-type=\"widget\" data-widget_type=\"text-editor.default\">\n\t\t\t\t<div class=\"elementor-widget-container\">\n\t\t\t\t\t\t\t\t\t<p>Zu Beginn des Jahres knackten wir die Marke von 100 Mitgliedern.\u00a0<span style=\"letter-spacing: 0px; -webkit-text-stroke-color: #000000; -webkit-text-stroke-width: initial;\">Das 100. Mitglied ist nicht irgendwer, sondern R\u00f6bels B\u00fcrgermeister Andreas Sprick, der ein langj\u00e4hriger Wegbegleiter des Vereins ist. Als Privatperson sponsert er uns seit vielen Jahren und in seiner Funktion als leitender Verwaltungsbeamter der Stadt hat er immer ein offenes Ohr f\u00fcr die Belange des Ponysportvereins. Dass er ausgerechnet die Mitgliedsnummer 100 erhalte, freue den B\u00fcrgermeister besonders. Er versprach, auch zuk\u00fcnftig die Arbeit des Vereines in allen Belangen zu unterst\u00fctzen. Als 100. Mitglied bekam der B\u00fcrgermeister einen Blumenstrau\u00df vom Ehrenvorsitzenden Wilhelm Jarchow \u00fcberreicht.<\/span><\/p><p>Wir sind sehr gl\u00fccklich, dass wir einen so guten Zulauf haben und sind stolz auf die vielen neuen Mitglieder im Verein.\u00a0<\/p>\t\t\t\t\t\t\t\t<\/div>\n\t\t\t\t<\/div>\n\t\t\t\t<div class=\"elementor-element elementor-element-6639007 elementor-widget elementor-widget-image\" data-id=\"6639007\" data-element_type=\"widget\" data-e-type=\"widget\" data-widget_type=\"image.default\">\n\t\t\t\t<div class=\"elementor-widget-container\">\n\t\t\t\t\t\t\t\t\t\t\t\t\t\t\t<img loading=\"lazy\" decoding=\"async\" width=\"960\" height=\"640\" src=\"https:\/\/ponysportverein-roebel-mueritz.de\/wp-content\/uploads\/2023\/03\/IMG_3237-1024x683.jpeg\" class=\"attachment-large size-large wp-image-1056\" alt=\"\" srcset=\"https:\/\/ponysportverein-roebel-mueritz.de\/wp-content\/uploads\/2023\/03\/IMG_3237-1024x683.jpeg 1024w, https:\/\/ponysportverein-roebel-mueritz.de\/wp-content\/uploads\/2023\/03\/IMG_3237-300x200.jpeg 300w, https:\/\/ponysportverein-roebel-mueritz.de\/wp-content\/uploads\/2023\/03\/IMG_3237-768x512.jpeg 768w, https:\/\/ponysportverein-roebel-mueritz.de\/wp-content\/uploads\/2023\/03\/IMG_3237-1536x1024.jpeg 1536w, https:\/\/ponysportverein-roebel-mueritz.de\/wp-content\/uploads\/2023\/03\/IMG_3237-2048x1365.jpeg 2048w, https:\/\/ponysportverein-roebel-mueritz.de\/wp-content\/uploads\/2023\/03\/IMG_3237-1100x733.jpeg 1100w\" sizes=\"(max-width: 960px) 100vw, 960px\" \/>\t\t\t\t\t\t\t\t\t\t\t\t\t\t\t<\/div>\n\t\t\t\t<\/div>\n\t\t\t\t<div class=\"elementor-element elementor-element-ff7b825 elementor-widget elementor-widget-text-editor\" data-id=\"ff7b825\" data-element_type=\"widget\" data-e-type=\"widget\" data-widget_type=\"text-editor.default\">\n\t\t\t\t<div class=\"elementor-widget-container\">\n\t\t\t\t\t\t\t\t\t<p>1. M\u00e4rz 2023<\/p>\t\t\t\t\t\t\t\t<\/div>\n\t\t\t\t<\/div>\n\t\t\t\t<div class=\"elementor-element elementor-element-e74a81d elementor-widget-divider--view-line elementor-widget elementor-widget-divider\" data-id=\"e74a81d\" data-element_type=\"widget\" data-e-type=\"widget\" data-widget_type=\"divider.default\">\n\t\t\t\t<div class=\"elementor-widget-container\">\n\t\t\t\t\t\t\t<div class=\"elementor-divider\">\n\t\t\t<span class=\"elementor-divider-separator\">\n\t\t\t\t\t\t<\/span>\n\t\t<\/div>\n\t\t\t\t\t\t<\/div>\n\t\t\t\t<\/div>\n\t\t\t\t<div class=\"elementor-element elementor-element-248de31 elementor-widget elementor-widget-heading\" data-id=\"248de31\" data-element_type=\"widget\" data-e-type=\"widget\" data-widget_type=\"heading.default\">\n\t\t\t\t<div class=\"elementor-widget-container\">\n\t\t\t\t\t<h1 class=\"elementor-heading-title elementor-size-default\">Vereinsf\u00f6rderung der M\u00fcritz-Sparkasse<\/h1>\t\t\t\t<\/div>\n\t\t\t\t<\/div>\n\t\t\t\t<div class=\"elementor-element elementor-element-7c8d960 elementor-widget elementor-widget-text-editor\" data-id=\"7c8d960\" data-element_type=\"widget\" data-e-type=\"widget\" data-widget_type=\"text-editor.default\">\n\t\t\t\t<div class=\"elementor-widget-container\">\n\t\t\t\t\t\t\t\t\t<p>\u201eDie Entscheidung, welcher Verein unterst\u00fctzt werden soll, haben wir uns nicht leicht gemacht. Es waren viele \u00fcberzeugende und interessante Projekte wie Vorhaben dabei. Nach einigen Diskussionen und Abw\u00e4gungen freuen wir uns, dass wir nunmehr 64 Vereinen bei der Umsetzung ihrer Ideen und W\u00fcnsche helfen k\u00f6nnen,\u201c merkte Maren Melzer vom Vorstandsstab der M\u00fcritz-Sparkasse Waren (M\u00fcritz) an. \u201eF\u00fcr uns geh\u00f6rt ein aktives, funktionierendes Vereinsleben zu einer lebenswerten Region. Es tr\u00e4gt zur Lebensqualit\u00e4t bei und erf\u00fcllt dar\u00fcber hinaus wichtige soziale Funktionen. Daf\u00fcr engagieren wir uns gern,\u201c erg\u00e4nzte Andrea Perlick.<\/p><p>Der gesamte Ponysportverein R\u00f6bel\/M\u00fcritz e. V. sagt Dankesch\u00f6n. Wir freuen uns riesig \u00fcber die Unterst\u00fctzung.<\/p>\t\t\t\t\t\t\t\t<\/div>\n\t\t\t\t<\/div>\n\t\t\t\t<div class=\"elementor-element elementor-element-ac20448 elementor-widget elementor-widget-image\" data-id=\"ac20448\" data-element_type=\"widget\" data-e-type=\"widget\" data-widget_type=\"image.default\">\n\t\t\t\t<div class=\"elementor-widget-container\">\n\t\t\t\t\t\t\t\t\t\t\t\t\t\t\t<img loading=\"lazy\" decoding=\"async\" width=\"871\" height=\"487\" src=\"https:\/\/ponysportverein-roebel-mueritz.de\/wp-content\/uploads\/2023\/02\/Ponysportverein-Sparkasse.jpg\" class=\"attachment-large size-large wp-image-944\" alt=\"\" srcset=\"https:\/\/ponysportverein-roebel-mueritz.de\/wp-content\/uploads\/2023\/02\/Ponysportverein-Sparkasse.jpg 871w, https:\/\/ponysportverein-roebel-mueritz.de\/wp-content\/uploads\/2023\/02\/Ponysportverein-Sparkasse-300x168.jpg 300w, https:\/\/ponysportverein-roebel-mueritz.de\/wp-content\/uploads\/2023\/02\/Ponysportverein-Sparkasse-768x429.jpg 768w\" sizes=\"(max-width: 871px) 100vw, 871px\" \/>\t\t\t\t\t\t\t\t\t\t\t\t\t\t\t<\/div>\n\t\t\t\t<\/div>\n\t\t\t\t<div class=\"elementor-element elementor-element-892a0a1 elementor-widget elementor-widget-text-editor\" data-id=\"892a0a1\" data-element_type=\"widget\" data-e-type=\"widget\" data-widget_type=\"text-editor.default\">\n\t\t\t\t<div class=\"elementor-widget-container\">\n\t\t\t\t\t\t\t\t\t<p>24. Februar 2023<\/p>\t\t\t\t\t\t\t\t<\/div>\n\t\t\t\t<\/div>\n\t\t\t\t<div class=\"elementor-element elementor-element-e3e3298 elementor-widget-divider--view-line elementor-widget elementor-widget-divider\" data-id=\"e3e3298\" data-element_type=\"widget\" data-e-type=\"widget\" data-widget_type=\"divider.default\">\n\t\t\t\t<div class=\"elementor-widget-container\">\n\t\t\t\t\t\t\t<div class=\"elementor-divider\">\n\t\t\t<span class=\"elementor-divider-separator\">\n\t\t\t\t\t\t<\/span>\n\t\t<\/div>\n\t\t\t\t\t\t<\/div>\n\t\t\t\t<\/div>\n\t\t\t\t<div class=\"elementor-element elementor-element-0a9471f elementor-widget elementor-widget-heading\" data-id=\"0a9471f\" data-element_type=\"widget\" data-e-type=\"widget\" data-widget_type=\"heading.default\">\n\t\t\t\t<div class=\"elementor-widget-container\">\n\t\t\t\t\t<h1 class=\"elementor-heading-title elementor-size-default\">Mitglieder des Ponysportvereins R\u00f6bel sammeln M\u00fcll<\/h1>\t\t\t\t<\/div>\n\t\t\t\t<\/div>\n\t\t\t\t\t<\/div>\n\t\t<\/div>\n\t\t\t\t\t<\/div>\n\t\t<\/section>\n\t\t\t\t<section class=\"elementor-section elementor-top-section elementor-element elementor-element-0dd56c7 elementor-section-boxed elementor-section-height-default elementor-section-height-default wpr-particle-no wpr-jarallax-no wpr-parallax-no wpr-sticky-section-no\" data-id=\"0dd56c7\" data-element_type=\"section\" data-e-type=\"section\">\n\t\t\t\t\t\t<div class=\"elementor-container elementor-column-gap-default\">\n\t\t\t\t\t<div class=\"elementor-column elementor-col-100 elementor-top-column elementor-element elementor-element-8df129f\" data-id=\"8df129f\" data-element_type=\"column\" data-e-type=\"column\">\n\t\t\t<div class=\"elementor-widget-wrap elementor-element-populated\">\n\t\t\t\t\t\t<div class=\"elementor-element elementor-element-aa0693f elementor-widget elementor-widget-text-editor\" data-id=\"aa0693f\" data-element_type=\"widget\" data-e-type=\"widget\" data-widget_type=\"text-editor.default\">\n\t\t\t\t<div class=\"elementor-widget-container\">\n\t\t\t\t\t\t\t\t\t<p>Die erste gro\u00dfe gemeinsame Aktion des Ponysportvereins R\u00f6bel\/M\u00fcritz e. V.\u00a0 in diesem Jahr war eine Aufr\u00e4umaktion. Und so trafen sich am Wochenende mehr als 40 Mitglieder, Angeh\u00f6rige und Freunde des Vereins, um M\u00fcll in der Landschaft zu sammeln. In wenigen Stunden wurden zwei H\u00e4nger voller Unrat am Verbindungsweg Umgehungstra\u00dfe in Richtung Gildekamp zusammengetragen. Eine Menge M\u00fcll \u2013 illegal entsorgt oder achtlos hingeworfen. Darunter ein Badspiegelschrank, ein Tisch, Schirme, Teller sowie jede Menge Plastikm\u00fcll.<\/p><p><span id=\"more-226248\"><\/span>Alle Helfer waren sehr eifrig dabei. Als Dankesch\u00f6n daf\u00fcr gab es noch am selben Abend einen Bowling- und Kegelabend im \u201eGr\u00fcnen Baum\u201c in Gotthun. Ein Dank geht an dieser Stelle an den Inhaber Volker Thiel.<\/p><p>Danken will der Ponysportverein auch der Stadt R\u00f6bel, insbesondere B\u00fcrgermeister Herr Andreas Sprick, Ordnungsamtsleiterin Marlen Siegmund und den Mitarbeitern des Bauhofes. Sie organisierten und stellten einen Container bereit, in dem der M\u00fcll ordnungsgem\u00e4\u00df entsorgt werden konnte.<\/p><p>\u201eDer Ponysportverein f\u00fchrt jedes Jahr mindestens eine Umweltaktion durch, damit insbesondere die Kinder lernen, dass es wichtig ist, Verantwortung f\u00fcr unsere Umwelt und unser sch\u00f6nes R\u00f6bel zu \u00fcbernehmen\u201c, hei\u00dft es vom Verein.<\/p>\t\t\t\t\t\t\t\t<\/div>\n\t\t\t\t<\/div>\n\t\t\t\t\t<\/div>\n\t\t<\/div>\n\t\t\t\t\t<\/div>\n\t\t<\/section>\n\t\t\t\t<section class=\"elementor-section elementor-top-section elementor-element elementor-element-7e8378d elementor-section-boxed elementor-section-height-default elementor-section-height-default wpr-particle-no wpr-jarallax-no wpr-parallax-no wpr-sticky-section-no\" data-id=\"7e8378d\" data-element_type=\"section\" data-e-type=\"section\">\n\t\t\t\t\t\t<div class=\"elementor-container elementor-column-gap-default\">\n\t\t\t\t\t<div class=\"elementor-column elementor-col-100 elementor-top-column elementor-element elementor-element-8fe9658\" data-id=\"8fe9658\" data-element_type=\"column\" data-e-type=\"column\">\n\t\t\t<div class=\"elementor-widget-wrap elementor-element-populated\">\n\t\t\t\t\t\t<div class=\"elementor-element elementor-element-5d94ee8 elementor-widget elementor-widget-image\" data-id=\"5d94ee8\" data-element_type=\"widget\" data-e-type=\"widget\" data-widget_type=\"image.default\">\n\t\t\t\t<div class=\"elementor-widget-container\">\n\t\t\t\t\t\t\t\t\t\t\t\t\t\t\t<img loading=\"lazy\" decoding=\"async\" width=\"960\" height=\"488\" src=\"https:\/\/ponysportverein-roebel-mueritz.de\/wp-content\/uploads\/2023\/02\/Pony2-1024x521.jpeg\" class=\"attachment-large size-large wp-image-672\" alt=\"\" srcset=\"https:\/\/ponysportverein-roebel-mueritz.de\/wp-content\/uploads\/2023\/02\/Pony2-1024x521.jpeg 1024w, https:\/\/ponysportverein-roebel-mueritz.de\/wp-content\/uploads\/2023\/02\/Pony2-300x153.jpeg 300w, https:\/\/ponysportverein-roebel-mueritz.de\/wp-content\/uploads\/2023\/02\/Pony2-768x391.jpeg 768w, https:\/\/ponysportverein-roebel-mueritz.de\/wp-content\/uploads\/2023\/02\/Pony2-1100x560.jpeg 1100w, https:\/\/ponysportverein-roebel-mueritz.de\/wp-content\/uploads\/2023\/02\/Pony2.jpeg 1157w\" sizes=\"(max-width: 960px) 100vw, 960px\" \/>\t\t\t\t\t\t\t\t\t\t\t\t\t\t\t<\/div>\n\t\t\t\t<\/div>\n\t\t\t\t\t<\/div>\n\t\t<\/div>\n\t\t\t\t\t<\/div>\n\t\t<\/section>\n\t\t\t\t<section class=\"elementor-section elementor-top-section elementor-element elementor-element-308b854 elementor-section-boxed elementor-section-height-default elementor-section-height-default wpr-particle-no wpr-jarallax-no wpr-parallax-no wpr-sticky-section-no\" data-id=\"308b854\" data-element_type=\"section\" data-e-type=\"section\">\n\t\t\t\t\t\t<div class=\"elementor-container elementor-column-gap-default\">\n\t\t\t\t\t<div class=\"elementor-column elementor-col-100 elementor-top-column elementor-element elementor-element-5d2572b\" data-id=\"5d2572b\" data-element_type=\"column\" data-e-type=\"column\">\n\t\t\t<div class=\"elementor-widget-wrap\">\n\t\t\t\t\t\t\t<\/div>\n\t\t<\/div>\n\t\t\t\t\t<\/div>\n\t\t<\/section>\n\t\t\t\t<section class=\"elementor-section elementor-top-section elementor-element elementor-element-b3c8d3c elementor-section-boxed elementor-section-height-default elementor-section-height-default wpr-particle-no wpr-jarallax-no wpr-parallax-no wpr-sticky-section-no\" data-id=\"b3c8d3c\" data-element_type=\"section\" data-e-type=\"section\">\n\t\t\t\t\t\t<div class=\"elementor-container elementor-column-gap-default\">\n\t\t\t\t\t<div class=\"elementor-column elementor-col-100 elementor-top-column elementor-element elementor-element-93634ef\" data-id=\"93634ef\" data-element_type=\"column\" data-e-type=\"column\">\n\t\t\t<div class=\"elementor-widget-wrap elementor-element-populated\">\n\t\t\t\t\t\t<div class=\"elementor-element elementor-element-857a382 elementor-widget elementor-widget-text-editor\" data-id=\"857a382\" data-element_type=\"widget\" data-e-type=\"widget\" data-widget_type=\"text-editor.default\">\n\t\t\t\t<div class=\"elementor-widget-container\">\n\t\t\t\t\t\t\t\t\t<p><span class=\"metainfo\">25. Januar 2023<\/span><\/p>\t\t\t\t\t\t\t\t<\/div>\n\t\t\t\t<\/div>\n\t\t\t\t<div class=\"elementor-element elementor-element-aeb9c0d elementor-widget-divider--view-line elementor-widget elementor-widget-divider\" data-id=\"aeb9c0d\" data-element_type=\"widget\" data-e-type=\"widget\" data-widget_type=\"divider.default\">\n\t\t\t\t<div class=\"elementor-widget-container\">\n\t\t\t\t\t\t\t<div class=\"elementor-divider\">\n\t\t\t<span class=\"elementor-divider-separator\">\n\t\t\t\t\t\t<\/span>\n\t\t<\/div>\n\t\t\t\t\t\t<\/div>\n\t\t\t\t<\/div>\n\t\t\t\t\t<\/div>\n\t\t<\/div>\n\t\t\t\t\t<\/div>\n\t\t<\/section>\n\t\t\t\t<section class=\"elementor-section elementor-top-section elementor-element elementor-element-c7e0e33 elementor-section-boxed elementor-section-height-default elementor-section-height-default wpr-particle-no wpr-jarallax-no wpr-parallax-no wpr-sticky-section-no\" data-id=\"c7e0e33\" data-element_type=\"section\" data-e-type=\"section\">\n\t\t\t\t\t\t<div class=\"elementor-container elementor-column-gap-default\">\n\t\t\t\t\t<div class=\"elementor-column elementor-col-100 elementor-top-column elementor-element elementor-element-51bde72\" data-id=\"51bde72\" data-element_type=\"column\" data-e-type=\"column\">\n\t\t\t<div class=\"elementor-widget-wrap elementor-element-populated\">\n\t\t\t\t\t\t<div class=\"elementor-element elementor-element-56e49fa elementor-widget elementor-widget-heading\" data-id=\"56e49fa\" data-element_type=\"widget\" data-e-type=\"widget\" data-widget_type=\"heading.default\">\n\t\t\t\t<div class=\"elementor-widget-container\">\n\t\t\t\t\t<h1 class=\"elementor-heading-title elementor-size-large\">Unser Weihnachtsprojekt 2022<\/h1>\t\t\t\t<\/div>\n\t\t\t\t<\/div>\n\t\t\t\t<div class=\"elementor-element elementor-element-2ec2ae7 elementor-widget elementor-widget-text-editor\" data-id=\"2ec2ae7\" data-element_type=\"widget\" data-e-type=\"widget\" data-widget_type=\"text-editor.default\">\n\t\t\t\t<div class=\"elementor-widget-container\">\n\t\t\t\t\t\t\t\t\t<p>Am Adventssonntag, den 04.12.2022 haben sich Mitglieder des Ponysportvereins R\u00f6bel zur Aufnahme eines Weihnachtssongs eingetroffen. Die Liedauswahl fiel auf Bibi &amp; Tina mit dem Titel -Tanzen unterm Weihnachtsbaum- aus dem Album: Bibi &amp; Tina &#8211; Das Weihnachtsalbum.<\/p><p>Mit viel Spa\u00df und anschlie\u00dfendem Videodreh auf dem R\u00f6beler Marktplatz, wurde mal wieder eine tolle Idee in die Tat umgesetzt. Wir freuen uns schon jetzt auf die vielen tollen Projekte f\u00fcr das Jahr 2023.<\/p><p>Der Ponysportverein R\u00f6bel\/M\u00fcritz w\u00fcnscht allen eine frohe und besinnliche Weihnachtszeit.<\/p>\t\t\t\t\t\t\t\t<\/div>\n\t\t\t\t<\/div>\n\t\t\t\t\t<\/div>\n\t\t<\/div>\n\t\t\t\t\t<\/div>\n\t\t<\/section>\n\t\t\t\t<section class=\"elementor-section elementor-top-section elementor-element elementor-element-ac03dfe elementor-section-boxed elementor-section-height-default elementor-section-height-default wpr-particle-no wpr-jarallax-no wpr-parallax-no wpr-sticky-section-no\" data-id=\"ac03dfe\" data-element_type=\"section\" data-e-type=\"section\">\n\t\t\t\t\t\t<div class=\"elementor-container elementor-column-gap-default\">\n\t\t\t\t\t<div class=\"elementor-column elementor-col-100 elementor-top-column elementor-element elementor-element-c069a47\" data-id=\"c069a47\" data-element_type=\"column\" data-e-type=\"column\">\n\t\t\t<div class=\"elementor-widget-wrap elementor-element-populated\">\n\t\t\t\t\t\t<div class=\"elementor-element elementor-element-98b0d89 elementor-widget elementor-widget-spacer\" data-id=\"98b0d89\" data-element_type=\"widget\" data-e-type=\"widget\" data-widget_type=\"spacer.default\">\n\t\t\t\t<div class=\"elementor-widget-container\">\n\t\t\t\t\t\t\t<div class=\"elementor-spacer\">\n\t\t\t<div class=\"elementor-spacer-inner\"><\/div>\n\t\t<\/div>\n\t\t\t\t\t\t<\/div>\n\t\t\t\t<\/div>\n\t\t\t\t\t<\/div>\n\t\t<\/div>\n\t\t\t\t\t<\/div>\n\t\t<\/section>\n\t\t\t\t<section class=\"elementor-section elementor-top-section elementor-element elementor-element-de0890f elementor-section-boxed elementor-section-height-default elementor-section-height-default wpr-particle-no wpr-jarallax-no wpr-parallax-no wpr-sticky-section-no\" data-id=\"de0890f\" data-element_type=\"section\" data-e-type=\"section\">\n\t\t\t\t\t\t<div class=\"elementor-container elementor-column-gap-default\">\n\t\t\t\t\t<div class=\"elementor-column elementor-col-100 elementor-top-column elementor-element elementor-element-62e1862\" data-id=\"62e1862\" data-element_type=\"column\" data-e-type=\"column\">\n\t\t\t<div class=\"elementor-widget-wrap elementor-element-populated\">\n\t\t\t\t\t\t<div class=\"elementor-element elementor-element-1acf298 elementor-widget elementor-widget-video\" data-id=\"1acf298\" data-element_type=\"widget\" data-e-type=\"widget\" data-settings=\"{&quot;video_type&quot;:&quot;hosted&quot;,&quot;controls&quot;:&quot;yes&quot;}\" data-widget_type=\"video.default\">\n\t\t\t\t<div class=\"elementor-widget-container\">\n\t\t\t\t\t\t\t<div class=\"e-hosted-video elementor-wrapper elementor-open-inline\">\n\t\t\t\t\t<video class=\"elementor-video\" src=\"https:\/\/ponysportverein-roebel-mueritz.de\/wp-content\/uploads\/2023\/02\/Tanzen3.mp4\" controls=\"\" preload=\"metadata\" controlsList=\"nodownload\"><\/video>\n\t\t\t\t<\/div>\n\t\t\t\t\t\t<\/div>\n\t\t\t\t<\/div>\n\t\t\t\t<div class=\"elementor-element elementor-element-39efc5c elementor-widget elementor-widget-text-editor\" data-id=\"39efc5c\" data-element_type=\"widget\" data-e-type=\"widget\" data-widget_type=\"text-editor.default\">\n\t\t\t\t<div class=\"elementor-widget-container\">\n\t\t\t\t\t\t\t\t\t<p>4. Dezember 2022<\/p>\t\t\t\t\t\t\t\t<\/div>\n\t\t\t\t<\/div>\n\t\t\t\t<div class=\"elementor-element elementor-element-3f00935 elementor-widget-divider--view-line elementor-widget elementor-widget-divider\" data-id=\"3f00935\" data-element_type=\"widget\" data-e-type=\"widget\" data-widget_type=\"divider.default\">\n\t\t\t\t<div class=\"elementor-widget-container\">\n\t\t\t\t\t\t\t<div class=\"elementor-divider\">\n\t\t\t<span class=\"elementor-divider-separator\">\n\t\t\t\t\t\t<\/span>\n\t\t<\/div>\n\t\t\t\t\t\t<\/div>\n\t\t\t\t<\/div>\n\t\t\t\t\t<\/div>\n\t\t<\/div>\n\t\t\t\t\t<\/div>\n\t\t<\/section>\n\t\t\t\t<section class=\"elementor-section elementor-top-section elementor-element elementor-element-d2db840 elementor-section-boxed elementor-section-height-default elementor-section-height-default wpr-particle-no wpr-jarallax-no wpr-parallax-no wpr-sticky-section-no\" data-id=\"d2db840\" data-element_type=\"section\" data-e-type=\"section\">\n\t\t\t\t\t\t<div class=\"elementor-container elementor-column-gap-default\">\n\t\t\t\t\t<div class=\"elementor-column elementor-col-100 elementor-top-column elementor-element elementor-element-ab53e76\" data-id=\"ab53e76\" data-element_type=\"column\" data-e-type=\"column\">\n\t\t\t<div class=\"elementor-widget-wrap\">\n\t\t\t\t\t\t\t<\/div>\n\t\t<\/div>\n\t\t\t\t\t<\/div>\n\t\t<\/section>\n\t\t\t\t<section class=\"elementor-section elementor-top-section elementor-element elementor-element-089214c elementor-section-boxed elementor-section-height-default elementor-section-height-default wpr-particle-no wpr-jarallax-no wpr-parallax-no wpr-sticky-section-no\" data-id=\"089214c\" data-element_type=\"section\" data-e-type=\"section\">\n\t\t\t\t\t\t<div class=\"elementor-container elementor-column-gap-default\">\n\t\t\t\t\t<div class=\"elementor-column elementor-col-100 elementor-top-column elementor-element elementor-element-fe83771\" data-id=\"fe83771\" data-element_type=\"column\" data-e-type=\"column\">\n\t\t\t<div class=\"elementor-widget-wrap\">\n\t\t\t\t\t\t\t<\/div>\n\t\t<\/div>\n\t\t\t\t\t<\/div>\n\t\t<\/section>\n\t\t\t\t<section class=\"elementor-section elementor-top-section elementor-element elementor-element-e434077 elementor-section-boxed elementor-section-height-default elementor-section-height-default wpr-particle-no wpr-jarallax-no wpr-parallax-no wpr-sticky-section-no\" data-id=\"e434077\" data-element_type=\"section\" data-e-type=\"section\">\n\t\t\t\t\t\t<div class=\"elementor-container elementor-column-gap-default\">\n\t\t\t\t\t<div class=\"elementor-column elementor-col-100 elementor-top-column elementor-element elementor-element-231d0df\" data-id=\"231d0df\" data-element_type=\"column\" data-e-type=\"column\">\n\t\t\t<div class=\"elementor-widget-wrap\">\n\t\t\t\t\t\t\t<\/div>\n\t\t<\/div>\n\t\t\t\t\t<\/div>\n\t\t<\/section>\n\t\t\t\t<section class=\"elementor-section elementor-top-section elementor-element elementor-element-2880654 elementor-section-boxed elementor-section-height-default elementor-section-height-default wpr-particle-no wpr-jarallax-no wpr-parallax-no wpr-sticky-section-no\" data-id=\"2880654\" data-element_type=\"section\" data-e-type=\"section\">\n\t\t\t\t\t\t<div class=\"elementor-container elementor-column-gap-default\">\n\t\t\t\t\t<div class=\"elementor-column elementor-col-100 elementor-top-column elementor-element elementor-element-3fcd0a4\" data-id=\"3fcd0a4\" data-element_type=\"column\" data-e-type=\"column\">\n\t\t\t<div class=\"elementor-widget-wrap\">\n\t\t\t\t\t\t\t<\/div>\n\t\t<\/div>\n\t\t\t\t\t<\/div>\n\t\t<\/section>\n\t\t\t\t<section class=\"elementor-section elementor-top-section elementor-element elementor-element-994e129 elementor-section-boxed elementor-section-height-default elementor-section-height-default wpr-particle-no wpr-jarallax-no wpr-parallax-no wpr-sticky-section-no\" data-id=\"994e129\" data-element_type=\"section\" data-e-type=\"section\">\n\t\t\t\t\t\t<div class=\"elementor-container elementor-column-gap-default\">\n\t\t\t\t\t<div class=\"elementor-column elementor-col-100 elementor-top-column elementor-element elementor-element-dbbfe50\" data-id=\"dbbfe50\" data-element_type=\"column\" data-e-type=\"column\">\n\t\t\t<div class=\"elementor-widget-wrap\">\n\t\t\t\t\t\t\t<\/div>\n\t\t<\/div>\n\t\t\t\t\t<\/div>\n\t\t<\/section>\n\t\t\t\t<section class=\"elementor-section elementor-top-section elementor-element elementor-element-5dc81cb elementor-section-boxed elementor-section-height-default elementor-section-height-default wpr-particle-no wpr-jarallax-no wpr-parallax-no wpr-sticky-section-no\" data-id=\"5dc81cb\" data-element_type=\"section\" data-e-type=\"section\">\n\t\t\t\t\t\t<div class=\"elementor-container elementor-column-gap-default\">\n\t\t\t\t\t<div class=\"elementor-column elementor-col-100 elementor-top-column elementor-element elementor-element-fd0b47f\" data-id=\"fd0b47f\" data-element_type=\"column\" data-e-type=\"column\">\n\t\t\t<div class=\"elementor-widget-wrap\">\n\t\t\t\t\t\t\t<\/div>\n\t\t<\/div>\n\t\t\t\t\t<\/div>\n\t\t<\/section>\n\t\t\t\t<\/div>\n\t\t","protected":false},"excerpt":{"rendered":"<p>Was gibt\u00b4s Neues? 30 Jahre Speckreiten: Wir feiern Jubil\u00e4um und brauchen Sie an unserer Seite! Wenn am Pfingstmontag die Hufe \u00fcber den Rasen donnern und der Jubel der Zuschauer in Bollewick erklingt, dann wissen wir: Es ist wieder Zeit f\u00fcr eine ganz besondere Tradition. Unser Reit- und Fahrturnier \u201eSpeckreiten\u201c j\u00e4hrt sich am 25. Mai 2026 bereits zum 30. Mal \u2013 und wir vom Ponysportverein R\u00f6bel\/M\u00fcritz e. V. stecken schon mitten in den Vorbereitungen f\u00fcr dieses gro\u00dfe Highlight. Was vor drei Jahrzehnten erneut ins Leben gerufen wurde, ist heute ein fester Ankerpunkt in unserer M\u00fcritz-Region. F\u00fcr unser Jubil\u00e4um planen wir ein buntes Spektakel f\u00fcr die ganze Familie: Insgesamt 15 Wettbewerbe stehen auf dem Programm \u2013 vom geschickten Hindernisfahren \u00fcber spannende Springpr\u00fcfungen bis hin zu unserem legend\u00e4ren Namensgeber, dem \u201eSpeckreiten\u201c. Ein solches Gro\u00dfereignis l\u00e4sst sich jedoch nur durch das Engagement starker Partner realisieren. Deshalb m\u00f6chten wir Sie heute herzlich einladen, unser Jubil\u00e4umsturnier zu unterst\u00fctzen \u2013 sei es durch ein Sponsoring oder eine Sachspende f\u00fcr unsere beliebte Tombola. Als Zeichen unserer Wertsch\u00e4tzung bieten wir IhnenSichtbarkeit: Wir platzieren Ihre Banner oder Infomaterialien werbewirksam direkt auf dem Turniergel\u00e4nde.Online-Pr\u00e4senz: Wir binden Ihr Firmenlogo auf unserer Vereins-Webseite ein.Ehreng\u00e4ste: Sie erhalten freien Eintritt am Turniertag f\u00fcr sich und Ihre Begleitung.Gemeinschaft: Wir laden Sie exklusiv zu unserem Vereins- und Sponsorenfest am 4. Juli 2026 ein. So k\u00f6nnen Sie uns unterst\u00fctzenM\u00f6chten Sie uns finanziell unter die Arme greifen? Dann nutzen Sie bitte unsere Bankverbindung bei der M\u00fcritz-Sparkasse (IBAN: DE34 1505 0100 0110 1129 97). Geben Sie als Verwendungszweck bitte \u201e30. Speckreiten\u201c sowie Ihren Namen und Ihre Adresse f\u00fcr die Quittung an. Gut zu wissen: Spenden bis 300 Euro k\u00f6nnen Sie einfach mittels Kontoauszug beim Finanzamt geltend machen. Auf Wunsch stellen wir Ihnen nat\u00fcrlich gerne eine formale Spendenbescheinigung aus. Haben Sie individuelle Sponsoring-Ideen oder m\u00f6chten Sie Sachpreise f\u00fcr die Tombola abstimmen? Ich stehe Ihnen jederzeit gerne unter 0174-3140852 oder per E-Mail (katharina.kroeger@ponysportverein-roebel-mueritz.de) zur Verf\u00fcgung. Wir danken Ihnen schon jetzt herzlich f\u00fcr Ihre Verbundenheit zum regionalen Pferdesport und freuen uns riesig darauf, Sie zu Pfingsten in Bollewick begr\u00fc\u00dfen zu d\u00fcrfen! 28. M\u00e4rz 2026 3.000 Mal DANKE f\u00fcr unsere Vereinsarbeit! Was f\u00fcr ein gro\u00dfartiger Start ins Jahr! Wir freuen uns riesig: Der Ponysportverein R\u00f6bel\/M\u00fcritz e.V. geh\u00f6rt zu den gl\u00fccklichen Empf\u00e4ngern der letztj\u00e4hrigen Weihnachtslotterie vom Lions Club M\u00fcritz und Rotary Club Waren\/M\u00fcritz.\u00a0 Am 29. Januar durfte unser Vereinsmitglied Dierk Kroeger den symbolischen Scheck \u00fcber stolze 3.000 Euro bei der feierlichen Abschlussveranstaltung im Seehotel Ecktannen entgegennehmen. Wof\u00fcr nutzen wir das Geld? Die Spende flie\u00dft direkt in unsere Herzensprojekte f\u00fcr die Kids! Wir werden das Geld f\u00fcr die Erneuerung der \u00a0Tragschicht auf unserem Reitplatz einsetzen, um unseren jungen Reiterinnen und Reitern weiterhin tolle Erlebnisse mit den Ponys zu erm\u00f6glichen.\u00a0 Insgesamt wurden beeindruckende 55.000 Euro an 20 Projekte f\u00fcr Kinder und Jugendliche in der M\u00fcritz-Region ausgesch\u00fcttet. \u00a0\u00a0Es ist Wahnsinn, was durch den Verkauf der Adventskalender alles bewegt werden kann! Wir sagen von ganzem Herzen DANKE an die Lions, die Rotarier und nat\u00fcrlich an alle, die flei\u00dfig Kalender gekauft haben.\u00a0Ihr seid spitze! 29. Januar 2026 Gemeinsam stark f\u00fcr R\u00f6bel! Am Samstag, 17. Januar, hie\u00df es bei uns: Handschuhe an und anpacken! Mit rund 40 flei\u00dfigen Helfern \u2013 von unseren j\u00fcngsten Reitern bis hin zu Eltern und Freunden \u2013 sind wir in unser gro\u00dfes Neujahrs-Projekt gestartet. Was wir geschafft haben: M\u00fcll-Aktion: Wir haben die Wege rund um unsere Koppeln, vom Gotthunskamp bis zur Bahnhofstra\u00dfe und zur Umgehungsstra\u00dfe, vom Unrat befreit. Ganze 4 Kubikmeter M\u00fcll sind im Container gelandet! (Leider war wieder viel Plastik, Glas und sogar Sperrm\u00fcll dabei \u2013 wir appellieren an alle: Bitte haltet unsere Natur sauber! Bau-Update: Auf dem Reitplatz wurde parallel flei\u00dfig gewerkelt! Unsere Ponykutschen haben jetzt einen brandneuen Unterstand und stehen endlich im Trockenen. Ein riesiges Dankesch\u00f6n an Steven Zander und Toni Barner, die uns f\u00fcr dieses Bauprojekt Material bzw. Dachplatten sponserten. Danke, danke, danke! Ein dickes Lob an alle Helfer und danke an das Ordnungsamt R\u00f6bel\/M\u00fcritz f\u00fcr den Container. Unsere Vorsitzende Katharina Kroeger ist m\u00e4chtig stolz auf diesen Teamgeist! Zum Abschluss gab es die verdiente Belohnung: Ein super geselliger Bowling- und Kegelabend im \u201eGr\u00fcnen Baum\u201c in Gotthun. Wir sind bereit f\u00fcr ein tolles gemeinsames Jahr! 17. Januar 2026 Liebe Mitglieder, Familien, Sponsoren, F\u00f6rderer und Freunde des Ponysportvereins R\u00f6bel\/M\u00fcritz Das Jahr 2026 naht, und erneut war unser Verein gepr\u00e4gt von der Leidenschaft f\u00fcr den Reit- und Fahrsport, dem Engagement f\u00fcr den Nachwuchs und der Gemeinschaft der Pferdeliebhaber. Auf und neben dem Reitplatz haben wir viel erreicht.\u00a0\u00a0Wir blicken auf die vergangenen Monate zur\u00fcck: Unser 29. Pfingstturnier \u201eSpeckreiten\u201c in Bollewick war ein voller Erfolg. Wir erlebten fr\u00f6hliche Stunden beim 68. Seefest, auf dem Kinderfest und Weihnachtsmarkt der Stadt R\u00f6bel\/M\u00fcritz. Wundervolle Erinnerungen verbinden uns auch mit unserem Zeltlager, dem Vereinsfest und den gemeinsamen Arbeitseins\u00e4tzen auf unserem Reitplatz. Diese tollen Erlebnisse st\u00e4rken unsere Motivation f\u00fcr die kommenden Herausforderungen im neuen Jahr, insbesondere f\u00fcr die 30. Jubil\u00e4umsauflage unseres Reit- und Fahrturniers \u201eSpeckreiten\u201c am Pfingstmontag.\u00a0Gerade in der besinnlichen Weihnachtszeit erkennen wir, wie kostbar die Zeit ist. Umso mehr sch\u00e4tzen wir die unz\u00e4hligen Stunden, die viele ehrenamtliche Helfer in den Verein investieren. Ein riesiges Dankesch\u00f6n an unsere Sponsoren und Helfer f\u00fcr euren treuen Einsatz und die gro\u00dfartige Unterst\u00fctzung. Ohne euch w\u00e4re all dies nicht m\u00f6glich!\u00a0Wir w\u00fcnschen euch allen ein besinnliches, erholsames und frohes Weihnachtsfest sowie einen gelungenen \u00dcbergang ins neue Jahr. F\u00fcr das kommende Jahr w\u00fcnschen wir euch alles Gute, insbesondere Gesundheit, Gl\u00fcck und Zufriedenheit.F\u00fcr unseren Verein hoffen wir, dem Motto \u201eUnser Leben ist ein Ponyhof\u201c treu zu bleiben und unseren Zusammenhalt, unsere famili\u00e4re Atmosph\u00e4re und unsere gemeinsamen Werte zu bewahren. 24. Dezember 2025 Selbstverteidigung macht stark \u2013 ein Samstag voller Power Am vergangenen Samstag hatten die Kinder und Jugendlichen unseres Vereins die fantastische Gelegenheit, an einem Selbstverteidigungs- und Selbstbehauptungskurs teilzunehmen. Unter der fachkundigen Anleitung von Herrn Michael Maerten, \u00dcbungsleiter der Abteilung Karate beim TSV 90 R\u00f6bel\/M\u00fcritz, lernten sie viele spannende Techniken. Ein gro\u00dfes Dankesch\u00f6n an Herrn Maerten f\u00fcr diesen lehrreichen und spa\u00dfigen Tag! Wir sind stolz auf unsere jungen Teilnehmer, die mit so viel Eifer und Freude dabei waren. Weiter so!\u00a0 Besonderer Dank an das Diakonie Pflegeheim R\u00f6bel f\u00fcr die Nutzung der R\u00e4umlichkeiten! Wir sch\u00e4tzen eure Unterst\u00fctzung sehr!\u00a0 22. November 2025 St. Martinsumzug 2025 in R\u00f6bel\/M\u00fcritz \u201eDurch die Stra\u00dfen auf und nieder, leuchten die Laternen wieder&#8230;\u201c\u00a0 Wir freuen uns, den St. Martinsumzug 2025 erneut mit vollem Engagement zu unterst\u00fctzen! In diesem Jahr hatten unsere Mitglieder Marla und Dierk die Ehre, als St. Martin und Bettler aufzutreten, begleitet von unserem treuen Pferd Summertime. Der Abend begann mit einem wundersch\u00f6nen gemeinsamen Singen in der St. Marienkirche. Anschlie\u00dfend f\u00fchrte uns der Weg, angef\u00fchrt von St. Martin auf seinem edlen Pferd, zur St. Nicolai Kirche. Dort warteten warme Getr\u00e4nke und k\u00f6stliche H\u00f6rnchen darauf, geteilt zu werden.\u00a0 Es war ein unvergesslicher Abend, erf\u00fcllt von Licht, W\u00e4rme und einem starken Gemeinschaftsgef\u00fchl. Wir sind dankbar, Teil dieses besonderen Ereignisses zu sein und die Freude des Teilens zu erleben! Ein gro\u00dfes Dankesch\u00f6n an alle, die vor, w\u00e4hrend und nach dem Umzug mitgeholfen haben. Ohne euch w\u00e4re dieser Abend nicht m\u00f6glich gewesen!\u00a0 Lasst uns die Erinnerungen an diesen wundervollen Abend bewahren und uns auf das n\u00e4chste Jahr freuen!\u00a0 11. November 2025 Unser Verein ist der Beste Riesenfreude am vergangenen Donnerstag, 16. Oktober 2025, im G\u00fcterbahnhof in Neubrandenburg! Wir haben den 1. Platz im Wettbewerb \u201eKinder-und Jugendfreundlicher Sportverein\u201c 2024 in der Kategorie 1 gewonnen, und das im wundersch\u00f6nen Kreis Mecklenburgische Seenplatte!\u00a0\u00a0Unsere Freude k\u00f6nnte nicht gr\u00f6\u00dfer sein! Diese Auszeichnung motiviert uns, unsere Arbeit mit Kindern und Jugendlichen noch leidenschaftlicher fortzusetzen. Ein riesiges Dankesch\u00f6n an alle, die dazu beigetragen haben! Ihr seid die Besten!\u00a0Lasst uns weiter gemeinsam Spa\u00df haben und unvergessliche Momente erleben! 16. Oktober 2025 Unterst\u00fctzung f\u00fcr einen guten Zweck Am Freitag, 10. Oktober 2025, hatten wir die wunderbare Gelegenheit, den Herbstmarkt im Hospiz \u201eM\u00fcritzpark\u201c in Waren (M\u00fcritz) zu unterst\u00fctzen! Mit unseren Ponys haben wir nicht nur Kinderaugen zum Strahlen gebracht, sondern auch einen Spendenerl\u00f6s von 200 \u20ac gesammelt! Diesen Betrag konnten wir stolz dem Hospiz \u00fcbergeben, um die gro\u00dfartige Arbeit, die dort t\u00e4glich geleistet wird, zu unterst\u00fctzen.\u00a0Ein riesiges Dankesch\u00f6n an das gesamte Team des Hospizes \u201eM\u00fcritzpark\u201c f\u00fcr ihre Hingabe und ihren unerm\u00fcdlichen Einsatz. Ihr seid wahre Helden! Lasst uns weiterhin zusammenarbeiten und gemeinsam Gutes tun! 10. Oktober 2025 Ponysportverein gewinnt 2. Platz bei den \u201eSternen des Sports\u201c in Bronze Wir freuen uns riesig, dass unser Verein beim Wettbewerb \u201eSterne des Sports\u201c in Bronze den hervorragenden 2. Platz belegt hat!\u00a0Die \u201eSterne des Sports\u201c sind Deutschlands wichtigste Auszeichnung f\u00fcr das gesellschaftliche Engagement von Sportvereinen, und es ist eine gro\u00dfe Ehre, Teil dieses Wettbewerbs zu sein. Der Deutsche Olympische Sportbund und die Volksbanken Raiffeisenbanken ehren damit Vereine, die \u00fcber das sportliche Angebot hinaus aktiv zur Gesellschaft beitragen.Im vergangenen Jahr haben wir uns mit einem Antrag beworben, in dem wir unser Engagement im Kinder- und Jugendbereich, unsere gesellschaftlichen Aktivit\u00e4ten sowie die Bewahrung unserer Traditionen, wie beispielsweise das Speckreiten, beschrieben haben.\u00a0\u00a0Der 2. Platz ist f\u00fcr uns ein gro\u00dfartiger Erfolg, und wir sind stolz darauf! Ein gro\u00dfes Dankesch\u00f6n geht an die Jury f\u00fcr die Anerkennung unserer Arbeit und an die Raiffeisenbank Mecklenburger Seenplatte f\u00fcr ihre finanzielle Unterst\u00fctzung.\u00a0Ein besonderes Lob gilt unseren vielen ehrenamtlichen Helfern, die mit ihrem Einsatz und ihrer Leidenschaft daf\u00fcr sorgen, dass der Reit- und Fahrsport in R\u00f6bel\/M\u00fcritz lebendig bleibt. Ohne euch w\u00e4re das alles nicht m\u00f6glich!\u00a0\u00a0Wir freuen uns auf viele weitere gemeinsame spannende Projekte und Veranstaltungen mit euch allen! 7. September 2025 Ponyf\u00fchren beim Kinderfest der Stadt R\u00f6bel\/M\u00fcritz Am Sonntag, 24. August, waren wir zum Ponyf\u00fchren beim Kinderfest der Stadt R\u00f6bel\/M\u00fcritz und haben viele Kinder gl\u00fccklich gemacht. Vielen Dank all unseren tollen Verlassponys und allen kleinen und gro\u00dfen Helfern! 24. August 2025 Unvergessliches Sommerabenteuer: Zeltlager des Ponysportvereins R\u00f6bel\/M\u00fcritz Im August veranstalteten wir ein viert\u00e4giges Zeltlager. Fast 30 Kinder starteten fr\u00f6hlich vom Reitplatz am Gotthunskamp in Richtung Dambecker See, wo die Zelte schon warteten.\u00a0Nach der Pferdepflege ging es zum Schwimmen. Abends erfreute ein Grillfest mit Grillfleisch und Bratw\u00fcrsten alle hungrigen M\u00e4gen.\u00a0\u00a0Die Tage waren voller spannender Aktivit\u00e4ten: Pferdepflege, Ausritte, Volleyball und Baden mit Ponys. Abends versammelte sich die Gruppe um die Feuerschale.\u00a0\u00a0Am Samstag gestalteten die Kinder Batik-T-Shirts unter Anleitung von Babett Lindner. Abends gab es k\u00f6stliche Pute und Salate. Mutig wagten sich die Kinder auf eine gruselige Nachtwanderung mit Taschenlampen.\u00a0Sonntags gab es eine spannende Schnitzeljagd mit Schatztruhe. Besonders Elenor freute sich, die an diesem Tag ihren 8. Geburtstag feierte.\u00a0\u00a0Am Montag endete das Zeltlager. Die Erinnerungen bleiben jedoch. Im n\u00e4chsten Jahr soll es eine Fortsetzung geben! Dank geht an alle Helfer und Sponsoren, die dieses Event m\u00f6glich gemacht haben. Ein besonderer Dank an Frau Siegmund vom Amt R\u00f6bel\/M\u00fcritz und B\u00fcrgermeister Manfred Semrau aus der Gemeinde B\u00fctow sowie die Stadt R\u00f6bel\/M\u00fcritz.\u00a0Die Kinder freuen sich bereits auf das n\u00e4chste Jahr und neue Abenteuer. 8. &#8211; 11. August 2025 Wildwest-Atmosph\u00e4re in Rechlin \u201eSattelt die Pferde und schnappt euch den Cowboyhut!\u201c \u2013 Das lie\u00dfen wir uns nicht zweimal sagen! Am Freitag haben wir mit gro\u00dfer Freude am Umzug zum M\u00fcritzfest in Rechlin teilgenommen. Mit dabei waren einige unserer Ponys und Kinder, die den Umzug genauso sehr genossen haben wie wir. Der Umzug war gef\u00fcllt mit lachenden Gesichtern und einem Hauch von Wildwest-Atmosph\u00e4re.\u00a0 Unsere kleinen Cowgirls waren begeistert, als sie in ihren Cowboyh\u00fcten die Ponys sattelten und sich auf den Weg zum Umzug machten. Gemeinsam mit anderen Teilnehmern zogen wir durch die Stra\u00dfen, begleitet von Musik und Jubel der Zuschauer.\u00a0 25. Juli 2025 Hoch zu Ross bei der Seefester\u00f6ffnung Bei der Er\u00f6ffnung des 68. Seefestes in R\u00f6bel\/M\u00fcritz sorgten wir erneut daf\u00fcr, dass Neptun sicher und mit geb\u00fchrendem Pomp vom Marktplatz zum Hafen kam. Mit insgesamt 15 prachtvoll geschm\u00fcckten Pferden und 34 enthusiastischen Mitgliedern machten wir uns auf den Weg, um die Seefester\u00f6ffnung zu einem echten Erlebnis zu machen. Die Pferde strahlten in ihrem festlichen Schmuck, w\u00e4hrend die Kutschen und Reiter sowie die Fahrer in strahlenden Farben und mit liebevoll gestalteten Kost\u00fcmen gl\u00e4nzten. 18. Juli 2025 Erste Hilfe-Kurs f\u00fcr unsere jungen Reiter und Fahrer In unserem Verein steht das Reiten und Fahren nat\u00fcrlich an erster Stelle. Doch was passiert, wenn trotz aller Vorsicht doch einmal ein Unfall passiert \u2013 sei es beim Reiten oder im Alltag? Um unsere jungen Vereinsmitglieder auf solche Situationen vorzubereiten, haben wir am letzten Samstag einen ganz besonderen Erste-Hilfe-Kurs&#8230;<\/p>\n","protected":false},"author":1,"featured_media":0,"parent":0,"menu_order":0,"comment_status":"closed","ping_status":"closed","template":"","meta":{"footnotes":""},"class_list":["post-76","page","type-page","status-publish","hentry"],"acf":[],"_links":{"self":[{"href":"https:\/\/ponysportverein-roebel-mueritz.de\/index.php?rest_route=\/wp\/v2\/pages\/76","targetHints":{"allow":["GET"]}}],"collection":[{"href":"https:\/\/ponysportverein-roebel-mueritz.de\/index.php?rest_route=\/wp\/v2\/pages"}],"about":[{"href":"https:\/\/ponysportverein-roebel-mueritz.de\/index.php?rest_route=\/wp\/v2\/types\/page"}],"author":[{"embeddable":true,"href":"https:\/\/ponysportverein-roebel-mueritz.de\/index.php?rest_route=\/wp\/v2\/users\/1"}],"replies":[{"embeddable":true,"href":"https:\/\/ponysportverein-roebel-mueritz.de\/index.php?rest_route=%2Fwp%2Fv2%2Fcomments&post=76"}],"version-history":[{"count":371,"href":"https:\/\/ponysportverein-roebel-mueritz.de\/index.php?rest_route=\/wp\/v2\/pages\/76\/revisions"}],"predecessor-version":[{"id":3085,"href":"https:\/\/ponysportverein-roebel-mueritz.de\/index.php?rest_route=\/wp\/v2\/pages\/76\/revisions\/3085"}],"wp:attachment":[{"href":"https:\/\/ponysportverein-roebel-mueritz.de\/index.php?rest_route=%2Fwp%2Fv2%2Fmedia&parent=76"}],"curies":[{"name":"wp","href":"https:\/\/api.w.org\/{rel}","templated":true}]}}